{"id":842,"date":"2019-01-02T14:39:19","date_gmt":"2019-01-02T13:39:19","guid":{"rendered":"http:\/\/lisarose-moonpearl.com\/?post_type=project&#038;p=842"},"modified":"2019-03-02T14:41:28","modified_gmt":"2019-03-02T13:41:28","slug":"mon-experience-de-lallaitement-partie-ii-tire-allaitement-et-diversification-6-12-mois","status":"publish","type":"project","link":"https:\/\/lisarose-moonpearl.com\/index.php\/project\/mon-experience-de-lallaitement-partie-ii-tire-allaitement-et-diversification-6-12-mois\/","title":{"rendered":"MON EXPERIENCE DE L&rsquo;ALLAITEMENT PARTIE II : tire-allaitement et diversification (6-12 mois)"},"content":{"rendered":"\n<h2 class=\"wp-block-heading\"><strong>MON EXPERIENCE DE L&rsquo;ALLAITEMENT <\/strong><\/h2>\n\n\n\n<h2 class=\"wp-block-heading\"><strong>PARTIE II&nbsp;:&nbsp;tire-allaitement et diversification&nbsp;                            (de&nbsp;6&nbsp;mois \u00e0&nbsp;1&nbsp;an)<\/strong><\/h2>\n\n\n\n<h2 class=\"wp-block-heading\">(tire-allaitement, diversification, redonner au lactarium, accident de parcours, lait de jument ?)\ufeff<\/h2>\n\n\n\n<h2 class=\"wp-block-heading\"><br><\/h2>\n\n\n\n<p><\/p>\n\n\n\n<p><br><\/p>\n\n\n\n<h2 class=\"wp-block-heading\"><strong>I. Le tire-allaitement<\/strong><br><\/h2>\n\n\n\n<p><strong>Revenons un peu en arri\u00e8re, aux d\u00e9but du tire-lait<\/strong><\/p>\n\n\n\n<p>D\u00e9but juillet. Nous voil\u00e0 presqu&rsquo;aux six mois d&rsquo;Angelo. Il n&rsquo;a \u00e9t\u00e9 nourri pour le moment qu&rsquo;avec du lait maternel, que ce soit en direct, au sein, ou au biberon, le lait ayant \u00e9t\u00e9 tir\u00e9 au tire-lait, puis stock\u00e9 au cong\u00e9lateur. Je conc\u00e8de que ne l&rsquo;ai pas \u00ab&nbsp;allait\u00e9&nbsp;\u00bb, \u00e0 proprement parl\u00e9, pendant six mois, mais ce n&rsquo;\u00e9tait pas possible pour plusieurs raisons. (Et malgr\u00e9 tout, j&rsquo;ai suivi les recommandations de l&rsquo;OMS.)<\/p>\n\n\n\n<p>Je savais, tout d&rsquo;abord, que je devais retravailler avant ses six mois. Mais je tenais \u00e0 ce qu&rsquo;il ne prenne pas de lait industriel.&nbsp;<\/p>\n\n\n\n<p>La seconde raison, ce sont mes chevaux (avant m\u00eame la reprise du travail, si je devais faire un r\u00e9cit chronologique). Je suis retourn\u00e9e les voir en sortant de l&rsquo;h\u00f4pital, d\u00e9but f\u00e9vrier. Je ne pouvais pas encore remonter (cicatrice de c\u00e9sarienne trop douloureuse). Mais je n&rsquo;\u00e9tais pas zen, mes visites \u00e9tant chronom\u00e9tr\u00e9es. Apr\u00e8s une t\u00e9t\u00e9e, je me changeais, vite, vite, vite, jetant presque Angelo dans les bras de sa m\u00e8re de substitution (son papa ou ma maman). Une fois l\u00e0-bas, je ne pouvais pas me d\u00e9connecter de mon t\u00e9l\u00e9phone et de mon b\u00e9b\u00e9. S&rsquo;il avait faim, je devais rentrer au plus vite. C&rsquo;\u00e9tait difficile. Pour moi et pour ma relation avec Kolina et Duende. J&rsquo;avais pass\u00e9 tout plusieurs semaines coup\u00e9 compl\u00e8tement d&rsquo;eux (maternit\u00e9 et h\u00f4pital). Quant aux semaines avant la naissance, lorsque j&rsquo;y allais, je ne pouvais que difficilement rester debout, je n&rsquo;\u00e9tais que l&rsquo;ombre de moi-m\u00eame. Maintenant que je pouvais enfin renouer le lien, que j&rsquo;\u00e9tais physiquement plus apte, et seule, j&rsquo;avais ces menottes mentales, et affectives aussi&#8230; J&rsquo;\u00e9tais la maman d&rsquo;Angelo avant d&rsquo;\u00eatre celle de mes chevaux. C&rsquo;\u00e9tait normal, mais ce n&rsquo;\u00e9tait pas possible. Je ne me sentais plus moi-m\u00eame, coup\u00e9e \u00e0 ce point de mes autres amours. J&rsquo;avais besoin de me reconnecter \u00e0 eux et, \u00e0 travers eux, \u00e0 la nature, au grand-air, \u00e0 la terre, aux \u00e9l\u00e9ments. Bref&nbsp;: \u00e0 ma vie d&rsquo;avant. J&rsquo;en avais besoin pour retrouver un \u00e9quilibre et \u00eatre une maman \u00e9panouie et zen.<\/p>\n\n\n\n<p>Alors, avant la reprise du travail, alors que le papa \u00e9tait absent pour raison professionnelles pendant un mois, et que ma maman vint deux fois une semaine m&rsquo;aider, je commen\u00e7ais \u00e0 utiliser avec bonheur le tire-lait. Au d\u00e9but, je tirais pour vider mes seins avant de partir voir les chevaux (afin qu&rsquo;ils soient moins tendus et douloureux) et faire du stock pour que ma maman puisse nourrir Titounet avant mon retour, si besoin.&nbsp;<\/p>\n\n\n\n<p>Nous avions, malgr\u00e9 nous, exp\u00e9riment\u00e9 le tire-lait \u00e0 l&rsquo;h\u00f4pital (mais c&rsquo;est une autre histoire) et nous savions qu&rsquo;Angelo buvait parfaitement dans un biberon, sans repousser le sein pour autant. C&rsquo;est l\u00e0 un des probl\u00e8mes soulev\u00e9 par les pro-allaitement au sein exclusif. Au biberon, \u00e7a coule plus vite et \u00e7a rend le b\u00e9b\u00e9 paresseux, il ne veux alors souvent plus t\u00e9ter au sein. Angelo nous a montr\u00e9, une fois de plus, \u00e0 quel point il s&rsquo;adaptait parfaitement aux exigences ext\u00e9rieures&nbsp;!<\/p>\n\n\n\n<p>Je pus ainsi aller voir mes chevaux et prendre mon temps, oubliant, quelques instants, le nouveau r\u00f4le principal de ma vie&#8230; Sept semaines apr\u00e8s la naissance, d\u00e9but mars, je remontais Kolina. Je me fichais des recommandations, des probl\u00e8mes de p\u00e9rin\u00e9e et autre. Avant cette date, j&rsquo;avais peur que la cicatrice ne soit pas assez solide et qu&rsquo;en qu&rsquo;en cas de coup de rein \u00e0 donner (si le cheval faisait un \u00e9cart par exemple), cela ne tire trop sur les tissus encore fragiles. Mais le 4 mars, je suis remont\u00e9e officiellement \u00e0 cheval, 18 semaines exactement apr\u00e8s la derni\u00e8re balade (le 29 octobre).<\/p>\n\n\n\n<p>Voil\u00e0 donc pourquoi et comment le tire-lait s&rsquo;est impos\u00e9 dans nos vies.&nbsp;<\/p>\n\n\n\n<p>Nous avons essay\u00e9 de ne donner le biberon que lorsque je n&rsquo;\u00e9tais pas l\u00e0. Mais, parfois, on lui donnait aussi lorsque j&rsquo;\u00e9tais \u00e0 la maison et que je n&rsquo;\u00e9tais pas disponible, afin de me soulager un peu. Encore une fois, pour \u00eatre une bonne maman, je devais accepter de penser \u00e0 moi aussi, de ne pas m&rsquo;oublier.&nbsp;<\/p>\n\n\n\n<p>Car malgr\u00e9 tout, j&rsquo;\u00e9tais d\u00e9vou\u00e9e corps et \u00e2me, jour et nuit, \u00e0 mon petit bonhomme. Surtout la nuit&nbsp;! Afin de ne pas faire baisser la lactation, le papa n&rsquo;a jamais donn\u00e9 de biberon la nuit, ce qui aurait pu me permettre de dormir un peu plus&nbsp;! Je tenais \u00e0 assurer, toutes les nuits, la mission que je m&rsquo;\u00e9tais fix\u00e9e&nbsp;! La nuit, allaiter \u00e9tait plus simple pour tous que de tirer mon lait&nbsp;! Imaginez si je devais me lever, tirer mon lait, pendant que le papa donnait un biberon&nbsp;! Que de fatigue et de d\u00e9rangements inutiles&nbsp;!&nbsp;<\/p>\n\n\n\n<p>La nuit, c&rsquo;\u00e9tait moi \u00e0 100%, Angelo le savait. Mais, il n&rsquo;en abusait pas. Je m&rsquo;installais dans sa chambre (dans le lit en 90, pr\u00e9vu \u00e0 cet effet), il t\u00e9tait 30 minutes environ, lov\u00e9 entre le coussin d&rsquo;allaitement et mon ventre. Je m&rsquo;endormais \u00e0 moiti\u00e9, bien cal\u00e9e dans les coussins. J&rsquo;attendais alors encore environ 30 minutes de plus, qu&rsquo;il soit profond\u00e9ment endormi, puis je le remettais d\u00e9licatement dans son lit (ou plut\u00f4t dans son couffin, bien cal\u00e9 dans son lit de b\u00e9b\u00e9 \u00e0 barreaux). Il ne se r\u00e9veillait pas. Je retrouvais alors le lit conjugal et me rendormais souvent tr\u00e8s rapidement, gr\u00e2ce aux vertus apaisantes de l&rsquo;ocytocine (hormone produite par la m\u00e8re lors de l&rsquo;allaitement).<\/p>\n\n\n\n<p><strong>Le d\u00e9but de la garde par la \u00ab&nbsp;nounou&nbsp;\u00bb<\/strong><\/p>\n\n\n\n<p>Evidemment, pour commencer \u00e0 retravailler, il fallait qu&rsquo;Angelo soit gard\u00e9 par une personne qui pourrait jouer le r\u00f4le de seconde maman. Il \u00e9tait important pour moi que mon Titou soit gard\u00e9 par une seule et m\u00eame personne, en laquelle j&rsquo;aurais une confiance totale et qui prendrait le relais \u00e0 la fois affectif, mais aussi alimentaire et comportemental, suivant mes valeurs et mes souhaits.&nbsp;<\/p>\n\n\n\n<p>Le destin mit sur ma route une jeune femme formidable. J&rsquo;avais commenc\u00e9 mes recherches tr\u00e8s t\u00f4t (\u00e0 quatre mois de grossesse). Nous nous sommes vues plusieurs fois pendant ma grossesse, puis lorsqu&rsquo;Angelo \u00e9tait encore tout petit. J&rsquo;ai tenu \u00e0 ce qu&rsquo;elle lui donne le biberon chez nous, afin qu&rsquo;il s&rsquo;habitue \u00e0 elle, \u00e0 sa fa\u00e7on de faire, son odeur, ses gestes, sa voix&#8230; Je suis aussi all\u00e9e avec lui chez elle, avant qu&rsquo;elle le garde, afin qu&rsquo;il connaisse sa maison, les odeurs, l&rsquo;ambiance, etc&#8230;&nbsp;<\/p>\n\n\n\n<p>Nous avons commenc\u00e9 la garde graduellement. Deux heures la premi\u00e8re fois, puis trois, pas tous les jours. Cela s&rsquo;est pass\u00e9 \u00e0 merveille. La\u00ebticia \u00e9tait la deuxi\u00e8me maman d&rsquo;Angelo dont je r\u00eavais, aucun doute. Il s&rsquo;adopt\u00e8rent mutuellement, sans le moindre probl\u00e8me, et la fille de La\u00ebticia devint accro \u00e0 ce joli poupon, qu&rsquo;elle voyait un peu comme son petit fr\u00e8re. Bref, le bonheur :-).<\/p>\n\n\n\n<p>La\u00ebticia fut tout \u00e0 fait d&rsquo;accord pour les biberons de lait congel\u00e9. C&rsquo;\u00e9tait un plus compliqu\u00e9 que le lait en poudre, mais ce n&rsquo;\u00e9tait pas ing\u00e9rable non plus. Angelo buvait sans jamais rechigner ses biberons avec elle.<\/p>\n\n\n\n<p>Elle parvint, petit \u00e0 petit, \u00e0 augmenter les doses et espacer les repas, au fur et \u00e0 mesure que la taille de l&rsquo;estomac du petit loulou grandissait aussi. A part les soucis de r\u00e9gurgitation (voir partie I), tout se passa parfaitement bien.<\/p>\n\n\n\n<p><strong>Trop de biberons tuent le sein&nbsp;?<\/strong><\/p>\n\n\n\n<p>Comme je travaillais beaucoup au troisi\u00e8me trimestre (du fait de mon m\u00e9tier), Angelo passa plusieurs journ\u00e9es compl\u00e8tes par semaine chez sa&nbsp;\u00ab&nbsp;nounou&nbsp;\u00bb. Le soir, c&rsquo;\u00e9tait souvent le papa qui donnait le biberon avant mon retour. Du coup, pendant plusieurs semaines, Angelo eut le sein surtout la nuit et le matin, parfois \u00e0 midi et parfois le soir, lorsqu&rsquo;il se r\u00e9veillait \u00e0 mon retour, avant de se rendormir pour de bon.&nbsp;<\/p>\n\n\n\n<p>Il s&rsquo;habitua de plus en plus \u00e0 avoir le biberon le jour et le sein la nuit. Cela peut en partie expliquer la \u00ab&nbsp;gr\u00e8ve du sein&nbsp;\u00bb qu&rsquo;il fit fin mai-d\u00e9but juin (voir partie I). Pour lui, t\u00e9ter en journ\u00e9e ne faisait pas partie des rituels, des \u00ab&nbsp;tableaux&nbsp;\u00bb usuels et il \u00e9tait perdu lorsque je le prenais au sein en plein jour. Parfois il acceptait, parfois il refusait.&nbsp;<\/p>\n\n\n\n<p>Un autre facteur qui favorisa la gr\u00e8ve du sein fut son habitude \u00e0 avoir de gros biberons (250 ml vers 5 mois). Mon sein gauche ne produisait plus beaucoup depuis des mois. Angelo ne le voulait plus du tout. Ce qui ne favorisait pas la reprise de sa production&nbsp;! Et mon sein droit n&rsquo;\u00e9tait pas capable de fournir 250 ml \u00e0 n&rsquo;importe quel moment de la journ\u00e9e. Du coup, parfois, lorsque je mettais Angelo au sein, il buvait, puis constatant que le sein \u00e9tait vide, il hurlait. Je devais faire un biberon. Super&nbsp;! Stress pour lui et pour moi&#8230; D&rsquo;autres fois, je pensais qu&rsquo;il tiendrait jusqu&rsquo;au retour du papa ou jusqu&rsquo;\u00e0 ce que je l&rsquo;am\u00e8ne chez la nounou, je tirais donc mon lait, et hop, il criait famine. J&rsquo;\u00e9tais donc oblig\u00e9e, l\u00e0 aussi, de lui faire moi-m\u00eame un biberon.<\/p>\n\n\n\n<p>C&rsquo;\u00e9tait donc de plus en plus compliqu\u00e9 de le faire t\u00e9ter en journ\u00e9e&#8230;<\/p>\n\n\n\n<p><strong>Apr\u00e8s 6 mois&nbsp;: encore une t\u00e9t\u00e9e le matin<\/strong><\/p>\n\n\n\n<p>Apr\u00e8s la gr\u00e8ve du sein (donc \u00e0 ses cinq mois), j&rsquo;ai pens\u00e9 qu&rsquo;on allait r\u00e9ussir \u00e0 refaire des t\u00e9t\u00e9es la journ\u00e9e quand je serais davantage pr\u00e9sente. Je savais qu&rsquo;en juillet-ao\u00fbt, je serais plus dispo. J&rsquo;avais alors envie de relancer l&rsquo;allaitement simple, sans machine.<\/p>\n\n\n\n<p>Mais ce ne fut pas possible. Je me suis litt\u00e9ralement battue plusieurs fois avec Angelo, au go\u00fbter notamment, pour qu&rsquo;il t\u00e8te \u00ab&nbsp;le bon lait frais juste fait pour lui&nbsp;\u00bb. Je m&rsquo;\u00e9puisais, lui aussi. Donner le sein \u00e0 tout prix, rentrer dans un rapport de force avec lui, quel int\u00e9r\u00eat&nbsp;??? S&rsquo;alimenter devait rester pour lui un moment agr\u00e9able, le moyen d&rsquo;apaiser la tension provoqu\u00e9e par la faim. L&rsquo;id\u00e9al \u00e9tait qu&rsquo;il puisse manger dans une atmosph\u00e8re d\u00e9tendue, afin de bien dig\u00e9rer et de bien dormir ensuite. Et moi je devais reste zen aussi, afin que ma production de lait se poursuive sans heurt.&nbsp;<\/p>\n\n\n\n<p>En plus du fait de le d\u00e9stabiliser en lui proposant de t\u00e9ter le jour, un autre probl\u00e8me subsistait&nbsp;: ma production ne s&rsquo;accordait pas forc\u00e9ment \u00e0 ses besoins. S&rsquo;il t\u00e9tait \u00e0 midi et au go\u00fbter, mon sein n&rsquo;avait pas le temps de recharger entre les deux. J&rsquo;ai essay\u00e9 de ne pas tirer sur le sein droit \u00e0 midi pour qu&rsquo;il y en ait assez \u00e0 16 heures. Mais cela enlevait une stimulation et diminuait la production totale du sein droit sur 24 heures. Je vous rappelle que c&rsquo;est la fr\u00e9quence des stimulations qui conditionne la production totale.<\/p>\n\n\n\n<p>Quel casse t\u00eate&nbsp;! Essayer de revenir au plus naturel devenait totalement artificiel et ultra compliqu\u00e9&#8230;<\/p>\n\n\n\n<p>D\u00e9but juillet, face \u00e0 l&rsquo;\u00e9chec de l&rsquo;allaitement dans la journ\u00e9e, je d\u00e9cidais de n&rsquo;allaiter Angelo que le matin au r\u00e9veil. J&rsquo;\u00e9tais s\u00fbre d&rsquo;avoir du lait apr\u00e8s la nuit sans t\u00e9t\u00e9e (notre Titounet fait ses nuits depuis d\u00e9but juin, ses 5 mois) et cela lui permettait un r\u00e9veil en douceur. C&rsquo;\u00e9tait notre petit moment d&rsquo;intimit\u00e9, le seul qu&rsquo;on conservait tous les jours.&nbsp;<\/p>\n\n\n\n<h2 class=\"wp-block-heading\"><strong>\ufeffII. La diversification<\/strong><br><\/h2>\n\n\n\n<p><strong>D\u00e9but de diversification alimentaire<\/strong><\/p>\n\n\n\n<p>D\u00e9but juillet, je d\u00e9cidais aussi de commencer la diversification. Depuis plusieurs semaines, Angelo avait envie de nous piquer la cuill\u00e8re ou la fourchette quand il \u00e9tait assis sur nos genoux et que nous mangions. Son sixi\u00e8me mois \u00e9tait bien entam\u00e9, j&rsquo;\u00e9tais enfin en vacances. Tout \u00e9tait pr\u00eat pour commencer&nbsp;!<\/p>\n\n\n\n<p>Je profitais d&rsquo;un s\u00e9jour chez mes parents pour r\u00e9cup\u00e9rer de bonnes courgettes du jardin. J&rsquo;en fis ses premi\u00e8res pur\u00e9es maison&nbsp;!&nbsp;<\/p>\n\n\n\n<p><strong>Premi\u00e8re semaine de diversification (2-8 juillet)<\/strong><\/p>\n\n\n\n<p>Le lundi, je testai la courgette. Il mit la cuill\u00e8re dans sa bouche sans h\u00e9siter. Pas de surprise, il amenait tout ce qui l&rsquo;int\u00e9ressait et qu&rsquo;il pouvait saisir \u00e0 sa bouche&nbsp;! Mais il n&rsquo;avala pas tout de suite. Il bougea les m\u00e2choires (comme lorsque qu&rsquo;on fait \u00ab&nbsp;ma-ma-ma-ma-ma&nbsp;\u00bb, mais sans son), testant probablement ce nouveau go\u00fbt. Il \u00ab&nbsp;mangea&nbsp;\u00bb ainsi l&rsquo;\u00e9quivalent de trois petites cuill\u00e8res.<\/p>\n\n\n\n<p>Idem le lendemain.<\/p>\n\n\n\n<p>Pour le moment, je voulais que la nourriture non lact\u00e9e vienne de moi. Chez la nounou, cette semaine l\u00e0, il resta encore au biberon seul.<\/p>\n\n\n\n<p>On recommen\u00e7a vendredi et samedi, j&rsquo;\u00e9tais dispo \u00e0 midi. M\u00eame comportement de sa part&nbsp;: pas de grimace, beaucoup d&rsquo;int\u00e9r\u00eat, plus de mastication que de d\u00e9glutition. Un tr\u00e8s bon d\u00e9but&nbsp;!<\/p>\n\n\n\n<p><strong>Deuxi\u00e8me semaine de diversification (9-15 juillet)<\/strong><\/p>\n\n\n\n<p>Le lundi suivant, sur les conseils de ma maman (qui a eu trois enfants et d\u00e9j\u00e0 trois petits enfants, avant Angelo), j&rsquo;essayais des morceaux de chair de p\u00eache crue, l\u00e9g\u00e8rement \u00e9cras\u00e9s \u00e0 la fourchette. Impossible qu&rsquo;Angelo les saisissent \u00e0 la main pour les mettre \u00e0 sa bouche. Il \u00e9crabouillait tout&nbsp;! J&rsquo;essayais donc de nouveau \u00e0 la cuill\u00e8re. Il s&rsquo;agit d&rsquo;une cuill\u00e8re courte, en plastique, expr\u00e8s pour les tous-petits. J&rsquo;eus plus de succ\u00e8s qu&rsquo;avec la courgette, il su\u00e7ait le jus sucr\u00e9 de la pulpe, comme il t\u00e9tait un t\u00e9ton ou une t\u00e9tine. \u00c7a lui plaisait&nbsp;! Il a mang\u00e9 une p\u00eache enti\u00e8re en en jours (un peu aid\u00e9 par Maman !).<\/p>\n\n\n\n<p>La nounou m&rsquo;avait conseill\u00e9e de tester le m\u00eame l\u00e9gume ou fruit au moins deux ou trois jours de suite. En cas d&rsquo;allergie ou de r\u00e9action quelconque, il est ainsi plus simple d&rsquo;identifier un allerg\u00e8ne potentiel.<\/p>\n\n\n\n<p>Ensuite, nous avons fait deux jours de pur\u00e9e de pomme de terre maison. Il se comporta un peu comme avec la pur\u00e9e de courgettes, avalant une partie de ce qu&rsquo;il enfournait dans sa bouche.<\/p>\n\n\n\n<p>En fin de cette deuxi\u00e8me semaine de diversification, nous sommes pass\u00e9s aux pommes cuites, sans la peau, \u00e9cras\u00e9es ensuite \u00e0 la fourchette. Il a beaucoup aim\u00e9. C&rsquo;\u00e9tait mou, tr\u00e8s juteux et sucr\u00e9, il en a mang\u00e9 l&rsquo;\u00e9quivalent d&rsquo;un quartier.&nbsp;<\/p>\n\n\n\n<p><strong>Troisi\u00e8me semaine de diversification (16-22 juillet)<\/strong><\/p>\n\n\n\n<p>J&rsquo;ai fait de la pur\u00e9e de carottes \u00e9pluch\u00e9es. Comme j&rsquo;ai rajout\u00e9 de l&rsquo;eau, c&rsquo;\u00e9tait un peu liquide. Il en avalait mais jouait aussi beaucoup avec, en soufflant et en en mettant partout.&nbsp;<\/p>\n\n\n\n<p>Il pr\u00e9f\u00e9rait visiblement les vrais morceaux d&rsquo;o\u00f9 sortait du jus. Cela ressemblait davantage \u00e0 une t\u00e9tine ou un t\u00e9ton. D&rsquo;ailleurs, il n&rsquo;arrivait \u00e0 avaler qu&rsquo;avec la cuill\u00e8re dans la bouche, aspirant dessus comme sur le biberon. Il ne savait pas encore avaler ce qui est dans sa bouche. Sans cuill\u00e8re, il recrachait en repoussant avec sa langue.&nbsp;<\/p>\n\n\n\n<p>En fin de semaine, j&rsquo;ai sorti un pot de pommes cuites du cong\u00e9lateur, il en mangea \u00bc deux fois par jour pendant deux jours.<\/p>\n\n\n\n<p>Dimanche, je d\u00e9cidais de mettre en place mon objectif&nbsp;initial : du sucr\u00e9 le matin et au go\u00fbter et du sal\u00e9 \u00e0 midi et le soir. Il eut donc de la pur\u00e9e de pommes de terre \u00e0 midi et le soir et de la pulpe d&rsquo;abricot cru \u00e0 16h. Il adora ce nouveau fruit&nbsp;! Comme son papa&nbsp;!&nbsp;<\/p>\n\n\n\n<p>Le matin, il t\u00e9ta au r\u00e9veil, mais cria famine \u00e0 peine deux heures apr\u00e8s, ce qui nous obligea \u00e0 faire un biberon \u00e0 10h&#8230; Le bordel&nbsp;!<\/p>\n\n\n\n<p><strong>4\u00e8me semaine de diversification (23-29 juillet)&nbsp;: j&rsquo;arr\u00eate d\u00e9finitivement le sein&nbsp;!<\/strong><\/p>\n\n\n\n<p>Je pris la d\u00e9cision difficile, mais raisonnable, de ne plus l&rsquo;allaiter le matin, notamment lorsque j&rsquo;avais des rendez-vous dans la matin\u00e9e et ne pouvais pas lui redonner \u00e0 manger une heure ou deux heures apr\u00e8s la t\u00e9t\u00e9e. La famine en cours de matin\u00e9e \u00e9tait devenue fr\u00e9quente ces derniers temps. Pourquoi&nbsp;? Ne prenait-il pas assez le matin&nbsp;? Souvent, il s&rsquo;endormait au sein, ou alors, distrait, il gigotait comme un beau diable&nbsp;! La t\u00e9t\u00e9e pouvait durer une heure. Il me fallait alors presqu&rsquo;une heure encore pour tirer le reste du lait. S&rsquo;il redemandait un biberon&nbsp;apr\u00e8s, je ne faisais rien d&rsquo;autre de la matin\u00e9e&nbsp;!&nbsp;<\/p>\n\n\n\n<p>Encore une fois, je veux bien tout faire pour son bien-\u00eatre physique et psychologique, mais je refuse d&rsquo;\u00eatre stress\u00e9e, \u00e9cras\u00e9e par une trop lourde charge mentale. Si je n&rsquo;ai plus une minute pour remplir mes autres obligations, je monte en pression. Et je le stresse en retour&nbsp;!<\/p>\n\n\n\n<p>Du coup, lundi 23 juillet, j&rsquo;ai tir\u00e9 mon lait t\u00f4t, avant son r\u00e9veil. J&rsquo;avais kin\u00e9 de bonne heure et voulais prendre de la marge pour pouvoir \u00eatre relax. Au petit d\u00e9jeuner, il mangea de la pulpe d&rsquo;abricot crue (l&rsquo;\u00e9quivalent de deux abricots, dont un finit dans la serviette !) puis un biberon de 330 ml (dont 30 ml d&rsquo;eau de Volvic). Il faisait tr\u00e8s chaud, Angelo suait souvent, mais ne voulait pas boire d&rsquo;eau seule, au biberon. Du coup, je diluais un peu le biberon, en rin\u00e7ant le sachet avec de d&rsquo;eau min\u00e9rale. A midi, pur\u00e9e de pommes de terre et rebibi de 330 ml (dont 30 ml d&rsquo;eau). Go\u00fbter&nbsp;: abricots et biberon, dont il laissa la moiti\u00e9. Soir&nbsp;: pur\u00e9e de pommes de terre, 200 ml de biberon.&nbsp;<\/p>\n\n\n\n<p>La semaine passa sans aucun souci. Il mangea des portions de plus en plus grandes. Par exemples&nbsp;: une banane enti\u00e8re le matin, un demi pot de courgette le midi, \u00be de pot de pommes cuites au go\u00fbter, 1 p\u00eache enti\u00e8re le matin, 5 abricots au go\u00fbter, etc.<\/p>\n\n\n\n<p>Le week-end du 29 juillet, ce fut son bapt\u00eame. Rien de neuf au niveau alimentaire. Il finissait un peu moins ses biberons depuis quelques jours, en buvant plut\u00f4t 200ml que 300. Sans doute le fait de manger beaucoup en d\u00e9but de repas lui remplissait bien l&rsquo;estomac. Pour qu&rsquo;il s&rsquo;hydrate assez, je mettais toujours 10 \u00e0 20% d&rsquo;eau min\u00e9rale dans son biberon.&nbsp;<\/p>\n\n\n\n<p><strong>5\u00e8me semaine de diversification (30 juillet-5 ao\u00fbt)<\/strong><\/p>\n\n\n\n<p>Je commen\u00e7ais \u00e0 retrouver espoir dans le fait que mon lait seul suffise \u00e0 le nourrir. Ces derni\u00e8res semaines, il buvait 4 sachets de 250 ml environ par jour et je n&rsquo;en produisait que 3. L\u00e0, il en buvait plut\u00f4t 3 (ou m\u00eame moins) et je produisais de nouveau entre 3 et 4&nbsp;! Je n&rsquo;avais plus qu&rsquo;\u00e0 continuer ainsi&nbsp;!<\/p>\n\n\n\n<p>En cette fin de 5\u00e8me semaine de diversification, nous avons en tout d\u00e9j\u00e0 test\u00e9 4 l\u00e9gumes (courgette, pomme de terre, carotte et chou-rave) et 4 fruits (abricot, p\u00eache, banane et pomme cuite).<\/p>\n\n\n\n<p><strong>6\u00e8me semaine de diversification (6-12 ao\u00fbt)<\/strong><\/p>\n\n\n\n<p>J&rsquo;ai test\u00e9 la tomate (cuite, sans peau) et le melon (cru), nickel&nbsp;! Il a ador\u00e9, d\u00e8s les premi\u00e8res cuill\u00e8res&nbsp;!<\/p>\n\n\n\n<p>Par contre, moi, j&rsquo;\u00e9tais totalement \u00e9puis\u00e9e. J&rsquo;avais l&rsquo;impression que c&rsquo;\u00e9tait li\u00e9 \u00e0 ma forte production de lait qui avait repris la semaine pr\u00e9c\u00e9dente&#8230; Je me sentais vid\u00e9e, physiquement et moralement.&nbsp;<\/p>\n\n\n\n<p>Il me semblait que c&rsquo;\u00e9tait hormonal, cela me rappelait le syndrome pr\u00e9-menstruel. Du moins ce dont je me souvenais&nbsp;! Car j&rsquo;attendais toujours mon retour de couches&nbsp;! L&rsquo;allaitement semblait totalement bloquer mes cycles, m\u00eame au-del\u00e0 du 6\u00e8me mois. Cela prouvait bien \u00e0 quel point la production de lait avait un impact sur les taux d&rsquo;hormones&#8230; J&rsquo;aurais aim\u00e9 comprendre ces m\u00e9canismes de fa\u00e7on plus claire&#8230; Mais pas \u00e9vident de trouver des articles sur le sujet. Ils expliquaient le r\u00f4le de l&rsquo;ocytocine et de la prolactine dans la production et l&rsquo;\u00e9jection du lait. Et tout le jeu hormonal qui mettait la maman dans un \u00e9tat de relaxation, de d\u00e9tente et de bien-\u00eatre, favorisant le retour rapide au sommeil apr\u00e8s la t\u00e9t\u00e9e. Mais rien sur la fatigue de l&rsquo;allaitement au long cours&#8230;<\/p>\n\n\n\n<p>Samedi, Titou a test\u00e9 la poire et a ador\u00e9&nbsp;!<\/p>\n\n\n\n<p><strong>R\u00e9sum\u00e9 de l&rsquo;\u00e9t\u00e9<\/strong><\/p>\n\n\n\n<p>Je vais vous faire un catalogue rapide de ce qu&rsquo;il a test\u00e9 depuis le d\u00e9but de la diversification, donc en deux mois. Au premier septembre, il avait gout\u00e9&nbsp;:<\/p>\n\n\n\n<p>&#8211; comme fruits&nbsp;: banane, abricot, p\u00eache, pomme, prune, melon, kiwi.<\/p>\n\n\n\n<p>&#8211; comme l\u00e9gumes&nbsp;: courgette, carotte, pomme de terre, haricot vert, chou-rave, tomate, poireau.<\/p>\n\n\n\n<p><strong>Merci au cuiseur b\u00e9b\u00e9&nbsp;!<\/strong><\/p>\n\n\n\n<p>Je ne vous ai pas encore parl\u00e9 du c\u00e9l\u00e8bre \u00ab&nbsp;babycook&nbsp;\u00bb, super pratique pour la diversification. Beaucoup d&rsquo;avantages&nbsp;par rapport \u00e0 la cuisine classique. La cuisson se fait \u00e0 la vapeur, c&rsquo;est rapide et pas besoin de surveiller par crainte que \u00e7a attache. Il suffit de mettre de l&rsquo;eau au d\u00e9part, puis plus besoin d&rsquo;en rajouter en cours de cuisson.<\/p>\n\n\n\n<p>Tout au long de l&rsquo;\u00e9t\u00e9, je l&rsquo;ai abondamment utilis\u00e9&nbsp;: presque chaque jour ou au moins un jour sur deux. Je mixais directement les fruits frais, souvent m\u00e9lang\u00e9s (banane, poire, p\u00eache, kiwi, etc). Je gardais deux portions pour la journ\u00e9e et le reste allait au cong\u00e9lateur dans des bocaux en verre (type bocal de confiture). Idem pour les l\u00e9gumes, que je faisais cuire \u00e0 la vapeur avant (tomate, pomme de terre, courgette, carotte, poireau, haricot vert etc&#8230;). Comme \u00e7a, au cong\u00e9lateur, j&rsquo;avais une r\u00e9serve vari\u00e9e. Il me suffisait de sortir ce dont j&rsquo;avais besoin la veille pour le lendemain, si je n&rsquo;avais pas le temps de cuisiner le jour J.<\/p>\n\n\n\n<p><strong>Besoin des conseils d&rsquo;une di\u00e9t\u00e9ticienne<\/strong><\/p>\n\n\n\n<p>Fin ao\u00fbt, j&rsquo;ai appel\u00e9 une di\u00e9t\u00e9ticienne (dont j&rsquo;ai trouv\u00e9les coordonn\u00e9es \u00e9taient dans le cabinet de sage-femme). J&rsquo;avais besoins de conseils dans 2 domaines&nbsp;:<\/p>\n\n\n\n<p>&#8211; Mon alimentation.N&rsquo;\u00e9tais-je pas carenc\u00e9e \u00e0 force de tirer 1 litre de lait par jour&nbsp;? Ma m\u00e8re et ma belle-soeur qui avaient allait\u00e9 leurs trois enfants \u00e0 la demande trouvaient que je tirais trop et que je risquais d&rsquo;avoir des carences et d&rsquo;\u00eatre tr\u00e8s fatigu\u00e9e. La fatigue, cet \u00e9t\u00e9, c&rsquo;est s\u00fbr que je l&rsquo;avais senti beaucoup et souvent&#8230; Alors je pr\u00e9f\u00e8rais \u00eatre s\u00fbre&#8230;<\/p>\n\n\n\n<p>&#8211; La suite de la diversification d&rsquo;Angelo.J&rsquo;avais besoin de savoir ce que je pouvais lui donner de nouveau dans les prochains mois, tout en continuant l&rsquo;allaitement (en quantit\u00e9 d\u00e9croissante). Quels fruits et l\u00e9gumes (d\u00e9conseill\u00e9s au tout d\u00e9but)&nbsp;? Et \u00e0 quand le reste&nbsp;(prot\u00e9ines, f\u00e9culents, etc)? A quel rythme effectuer ces nouvelles introductions, pour limiter au maximum le risque d&rsquo;allergie&nbsp;? Comment amener le sevrage petit \u00e0 petit&nbsp;? Pour vous donner une id\u00e9e des quantit\u00e9s&nbsp;de lait dont il avait encore besoin : avant la diversification, fin juin, il buvait plus de 4 sachets de 260 ml par jour. Maintenant, fin ao\u00fbt, c&rsquo;\u00e9tait 3, voir 2 et demi. On \u00e9tait donc encore tr\u00e8s loin de la notion de sevrage&nbsp;!<\/p>\n\n\n\n<p><strong>Rendez-vous avec Amandine, la di\u00e9t\u00e9ticienne, lundi 10 septembre&nbsp;:<\/strong><\/p>\n\n\n\n<p>Elle vint \u00e0 la maison.&nbsp;<\/p>\n\n\n\n<p>J&rsquo;avais, la semaine pr\u00e9c\u00e9dente, fait une prise de sang sur ordonnance de mon m\u00e9decin pour d\u00e9tecter toute trace de carence. Mais mes r\u00e9sultats \u00e9taient nickel, tant pour le fer que pour tout le reste. Pas de carence, malgr\u00e9 ma production journali\u00e8re de 1 litre et mon r\u00e9gime v\u00e9g\u00e9tarien. J&rsquo;\u00e9tais heureuse et rassur\u00e9e. Ma fatigue ne venait pas de carences, ma sant\u00e9 n&rsquo;\u00e9tait pas en danger. Nous avons d\u00e9cortiqu\u00e9 mon alimentation. Mais ce n&rsquo;est pas le th\u00e8me de cet article. Je mangeais de fa\u00e7on atypique, mais parfaitement \u00e9quilibr\u00e9e.&nbsp;<\/p>\n\n\n\n<p>Nous avons essentiellement parl\u00e9 de l&rsquo;alimentation d&rsquo;Angelo dans les semaines et mois \u00e0 venir. En tant que b\u00e9b\u00e9 allait\u00e9 et aux parents pr\u00e9sentant des terrain atopiques, je ne pouvais pas me contenter de recommandations standards&nbsp;!<\/p>\n\n\n\n<p>Alors pour le mois \u00e0 venir, son 9\u00e8me mois, deux nouveaut\u00e9s essentielles&nbsp;: l&rsquo;introduction de f\u00e9culents sans gluten et le changement de texture. Possibilit\u00e9, si je le souhaitais, de commencer les prot\u00e9ines animales. Pas d&rsquo;obligation de peler les fruits et l\u00e9gumes bios.<\/p>\n\n\n\n<p>Pour le mois suivant, le 10\u00e8me&nbsp;: introduction de prot\u00e9ines animales, de f\u00e9culents avec gluten et de bonnes mati\u00e8res grasses<\/p>\n\n\n\n<p>Le reste, c&rsquo;\u00e9tait apr\u00e8s un an, ou m\u00eame 18 mois.<\/p>\n\n\n\n<h2 class=\"wp-block-heading\"><strong>R\u00e9capitulatif de la Diversification Alimentaire d&rsquo;Angelo:\ufeff<\/strong><br><\/h2>\n\n\n\n<p><strong>7\u00e8me et 8\u00e8me mois (juillet \u2013 ao\u00fbt 2018)<\/strong><\/p>\n\n\n\n<p>l\u00e9gumes cuits et mix\u00e9s (midi et soir)<\/p>\n\n\n\n<p>courgette (pel\u00e9e)<\/p>\n\n\n\n<p>pomme de terre (pel\u00e9e)<\/p>\n\n\n\n<p>carotte (pel\u00e9e)<\/p>\n\n\n\n<p>chou-rave (pel\u00e9)<\/p>\n\n\n\n<p>tomate (pel\u00e9e le premier mois, puis non car bio)<\/p>\n\n\n\n<p>haricots verts<\/p>\n\n\n\n<p>poireau (que le blanc)<\/p>\n\n\n\n<p>fruits crus et pel\u00e9s pour la plupart (mix\u00e9s ou \u00e9cras\u00e9s \u00e0 la fourchette) (matin et go\u00fbter)<\/p>\n\n\n\n<p>p\u00eache (morceaux bien murs)<\/p>\n\n\n\n<p>pomme (cuite le premier mois, puis crue aussi )<\/p>\n\n\n\n<p>abricot (pulpe)<\/p>\n\n\n\n<p>banane<\/p>\n\n\n\n<p>melon<\/p>\n\n\n\n<p>poire (crue)<\/p>\n\n\n\n<p>kiwi<\/p>\n\n\n\n<p>prune (cuite non pel\u00e9e)<\/p>\n\n\n\n<p>mirabelle (cuite non pel\u00e9e)<\/p>\n\n\n\n<p><strong>9\u00e8me mois (septembre 2018)<\/strong><\/p>\n\n\n\n<p>fruits et l\u00e9gumes moins mix\u00e9s<\/p>\n\n\n\n<p>(texture moins lisse, il peut mastiquer car ses gencives ont durci)<\/p>\n\n\n\n<p>aubergine<\/p>\n\n\n\n<p>betterave rouge<\/p>\n\n\n\n<p>patate douce<\/p>\n\n\n\n<p>raisins sans p\u00e9pins<\/p>\n\n\n\n<p>potimarron<\/p>\n\n\n\n<p>f\u00e9culents sans gluten&nbsp;<\/p>\n\n\n\n<p>(cuits \u00e0 l&rsquo;eau ou dans du lait maternel, sans sucre, sans sel, m\u00e9lang\u00e9s aux fruits ou au l\u00e9gumes)<\/p>\n\n\n\n<p>tapioca<\/p>\n\n\n\n<p>riz (bien cuit, \u00e9cras\u00e9 \u00e0 la fourchette)<\/p>\n\n\n\n<p>polenta (semoule de ma\u00efs fine)<\/p>\n\n\n\n<p>ma\u00efzena<\/p>\n\n\n\n<p>possibilit\u00e9 de cro\u00fbton de pain pour les gencives (m\u00eame si pr\u00e9sence de gluten)<\/p>\n\n\n\n<p>\u00e9pices (pour changer les saveurs)<\/p>\n\n\n\n<p>vanille<\/p>\n\n\n\n<p>cannelle<\/p>\n\n\n\n<p>curry<\/p>\n\n\n\n<p>paprika<\/p>\n\n\n\n<p>cumin<\/p>\n\n\n\n<p>lait<\/p>\n\n\n\n<p>il boit moins de lait \u00e0 midi et au go\u00fbter. Toujours un gros bibi le matin au r\u00e9veil et le soir au coucher.<\/p>\n\n\n\n<p><strong>10\u00e8me mois (octobre 2018)<\/strong><\/p>\n\n\n\n<p>fruits et l\u00e9gumes moins mix\u00e9s<\/p>\n\n\n\n<p>brocoli<\/p>\n\n\n\n<p>chou vert<\/p>\n\n\n\n<p>oignons (m\u00e9lang\u00e9s \u00e0 d&rsquo;autres l\u00e9gumes)<\/p>\n\n\n\n<p>raisins secs r\u00e9hydrat\u00e9s (bio) (m\u00e9lang\u00e9s au yaourt par exemple)<\/p>\n\n\n\n<p>figues s\u00e8ches r\u00e9hydrat\u00e9es (bio) mix\u00e9es<\/p>\n\n\n\n<p>figues s\u00e8ches&nbsp;\u00e0 la main tout seul<\/p>\n\n\n\n<p>f\u00e9culents avec gluten&nbsp;<\/p>\n\n\n\n<p>(cuits \u00e0 l&rsquo;eau ou dans du lait maternel, sans sucre, sans sel, m\u00e9lang\u00e9 aux fruits ou au l\u00e9gumes)<\/p>\n\n\n\n<p>p\u00e2tes de bl\u00e9 (bien cuites et mix\u00e9es)<\/p>\n\n\n\n<p>flocons avoine (cuits dans mon lait)<\/p>\n\n\n\n<p>farine de bl\u00e9 (cuits dans mon lait)<\/p>\n\n\n\n<p>semoule de bl\u00e9 (cuite dans mon lait)<\/p>\n\n\n\n<p>pain&nbsp;: quignon surtout pour se faire les m\u00e2choires&nbsp;\u00e0 la main tout seul&nbsp;<\/p>\n\n\n\n<p>biscottes&nbsp;: pour se faire les m\u00e2choires&nbsp;\u00e0 la main tout seul<\/p>\n\n\n\n<p>mati\u00e8re grasse v\u00e9g\u00e9tale de bonne qualit\u00e9<\/p>\n\n\n\n<p>huile d&rsquo;olive&nbsp;<\/p>\n\n\n\n<p>prot\u00e9ines animales<\/p>\n\n\n\n<p>fromages au lait pasteuris\u00e9 de brebis ou de ch\u00e8vre&nbsp;(bio) : \u00e0 faire fondre dans les l\u00e9gumes ou \u00e0 donner&nbsp;\u00e0 la main tout seul(quand le fromage est assez dur pour faire des batonnets&nbsp;: cabecou, istara)<\/p>\n\n\n\n<p>jaune d&rsquo;oeuf cuit (bien m\u00e9lang\u00e9 dans les l\u00e9gumes, car grumeleux)<\/p>\n\n\n\n<p>yaourts de ch\u00e8vre et de brebis (bio) (entier, demi-\u00e9cr\u00e9m\u00e9 ou \u00e0 z\u00e9ro %)<\/p>\n\n\n\n<p><strong>11\u00e8me mois (novembre 2018)<\/strong><\/p>\n\n\n\n<p>fruits et l\u00e9gumes<\/p>\n\n\n\n<p>dattes en petits morceaux (dans yaourt, banane, semoule) (aime bien)<\/p>\n\n\n\n<p>chou-fleur (avec pommes de terre et oignon) (aime bien)<\/p>\n\n\n\n<p>morceaux de carottes cuites, \u00e0 la main (aime pas trop)<\/p>\n\n\n\n<p>cl\u00e9mentines douces (aime que chez nounou)<\/p>\n\n\n\n<p>f\u00e9culents<\/p>\n\n\n\n<p>p\u00e2tes bien cuites non mix\u00e9es (avec fromage de ch\u00e8vre) (aime bien)<\/p>\n\n\n\n<p>b\u00e2tonnets de p\u00e2te \u00e0 tarte faite maison (aime bcp, \u00e0 manger tout seul \u00e0 la main)<\/p>\n\n\n\n<p>riz au lait avec ma\u00efzena et dattes (n&rsquo;aime pas du tout)<\/p>\n\n\n\n<p>vermicelles cuits \u00e0 l&rsquo;eau avec carottes (aime bien)<\/p>\n\n\n\n<p><strong>12\u00e8me mois (d\u00e9cembre 2018)<\/strong><\/p>\n\n\n\n<p>fruits et l\u00e9gumes<\/p>\n\n\n\n<p>poivrons cuits avec p\u00e2tes (aime bien)<\/p>\n\n\n\n<p>dattes mix\u00e9es lisses (aime bien)<\/p>\n\n\n\n<p>f\u00e9culents<\/p>\n\n\n\n<p>galettes de ma\u00efs souffl\u00e9 (aime bien, \u00e0 manger tout seul \u00e0 la main )<\/p>\n\n\n\n<p><strong>Remarques&nbsp;:<\/strong><\/p>\n\n\n\n<p>10 \u00e8me mois:<\/p>\n\n\n\n<p>Au gouter et au dessert, je m\u00e9langeais d\u00e9sormais yaourt, f\u00e9culent (cuit dans mon lait) et fruits (crus ou cuits mix\u00e9s). Il aimait la texture lisse et le go\u00fbt frais, moins acide que les fruits purs, consistant gr\u00e2ce aux f\u00e9culents<\/p>\n\n\n\n<p>Comme il avait de plus en plus envie de manger avec ses mains tout seul, il avait \u00e0 chaque repas soit un quignon de pain, soit une biscotte, soit une figue s\u00e8che, ou de grosses p\u00e2tes al dente.&nbsp;<\/p>\n\n\n\n<p>M&rsquo;inspirant de vid\u00e9os que j&rsquo;ai vues sur la DME (diversification men\u00e9e par l&rsquo;enfant), je lui ai propos\u00e9 les pommes de terres et autres l\u00e9gumes (pas trop cuits pour rester croquants). J&rsquo;eus aussi l&rsquo;id\u00e9e de faire des cr\u00eapes ou de l&rsquo;omelette fine, \u00e0 d\u00e9couper en lamelles (qu&rsquo;au jaune d&rsquo;oeuf pour le moment, avec farine ou ma\u00efzena, lait maternel et\/ou eau).&nbsp;<\/p>\n\n\n\n<p>En fait, Angelo n&rsquo;eut pas vraiment envie de manger tout \u00e7a \u00e0 la main. La seule chose qui lui plaisait, c&rsquo;\u00e9taient mes petits pains maison que je lui faisais avec la p\u00e2te \u00e0 tarte (pour nos propres tartes). Ingr\u00e9dients&nbsp;: farine bio semi-compl\u00e8te, huile d&rsquo;olive, eau, une peu de levure de bi\u00e8re.<\/p>\n\n\n\n<p>11\u00e8me mois\t<\/p>\n\n\n\n<p>Avec l&rsquo;arriv\u00e9e des premi\u00e8res dents, fin octobre-d\u00e9but novembre, Angelo mangea moins et devint plus difficile. Les aliments lui faisaient pour la plupart mal aux gencives. Du coup, je suis revenue \u00e0 des textures tr\u00e8s lisses. Au go\u00fbter, j&rsquo;ai s\u00e9par\u00e9 yaourt et compote. Et les bouillies, je les ai gard\u00e9 pour le matin.<\/p>\n\n\n\n<h2 class=\"wp-block-heading\"><strong>III. Donner de nouveau au lactarium\ufeff<\/strong><br><\/h2>\n\n\n\n<p>Depuis mon retour de vacances, le 25 ao\u00fbt, j&rsquo;avais d\u00e9cid\u00e9 de redonner au lactarium. Je produisais en moyenne un sachet de lait de plus par jour que ce que buvait Titou, donc 260 ml, soit 2 flacons du lactarium.<\/p>\n\n\n\n<p>Au 1er septembre, j&rsquo;en avait rempli une vingtaine. Je n&rsquo;en faisais pas chaque jour. Comme il fallait st\u00e9riliser le mat\u00e9riel, c&rsquo;\u00e9tait contraignant. Du coup, je consacrais une traite tous les deux jours au lactarium. Le mieux, c&rsquo;\u00e9tait celle du matin, la plus abondante (500 ml en moyenne). Au 20 septembre, j&rsquo;avais tout rempli, les 52 flacons. Le lactarium passa le 24. J&rsquo;\u00e9tais heureuse. Il fallait, d&rsquo;apr\u00e8s ce que j&rsquo;avais lu quelque part, 7 L pour sauver 1 pr\u00e9matur\u00e9. J&rsquo;aurais au moins sauv\u00e9 une vie, peut-\u00eatre plus &lt;3<\/p>\n\n\n\n<p>Je recommen\u00e7ai pour octobre. Au 19 octobre, lors du passage de la collectrice, j&rsquo;avais rempli de nouveau une vingtaine de flacons de 130 ml.<\/p>\n\n\n\n<p>Lors de la collecte du 21 novembre, j&rsquo;ai pr\u00e9f\u00e9r\u00e9 renoncer. Je n&rsquo;avais rempli qu&rsquo;une dizaine de flacons. En r\u00e9alit\u00e9, depuis fin octobre, Angelo buvait beaucoup de lait. Il eut tr\u00e8s mal aux dents, elles ont perc\u00e9s d&rsquo;ailleurs&nbsp;! Quatre en deux semaines&#8230; Deux en haut, deux en bas&nbsp;! Angelo avait tellement mal dans la bouche qu&rsquo;il refusait souvent de manger. Il se rattrapait alors sur le biberon&#8230; Je lui fait aussi beaucoup de bouillies avec mon lait (tapioca, ma\u00efzena, flocons d&rsquo;avoine, semoule de bl\u00e9, de ma\u00efs&#8230;), ce qui m&rsquo;a fait piocher dans ma r\u00e9serve. D&rsquo;autant, qu&rsquo;avec le mal aux dents, les bouillies bien douces, au bon go\u00fbt du lait de Maman, passaient tr\u00e8s bien. En tout cas bien mieux que d&rsquo;autres pur\u00e9es de fruits ou de l\u00e9gumes dont l&rsquo;acidit\u00e9 devait piquer les plaies de la bouche de notre petit ange.<\/p>\n\n\n\n<p>Je tiens \u00e0 pr\u00e9ciser que depuis mi-octobre environ, certains jours je n&rsquo;avais pas la possibilit\u00e9 de faire trois tirages de lait par jour. A midi, il m&rsquo;arrivait de ne pas avoir de pause. Du coup, pas possible de tirer le lait entre le matin et le soir. Ces jours-l\u00e0, la quantit\u00e9 de lait totale est plus r\u00e9duite que les jours o\u00f9 je pouvais (et m&rsquo;astreignais) \u00e0 mon tirage suppl\u00e9mentaire de mi-journ\u00e9e. Je voulais, au d\u00e9part, cesser de tirer \u00e0 midi, \u00e0 partir de la rentr\u00e9e de la Toussaint. Mais face \u00e0 la forte consommation d&rsquo;Angelo, j&rsquo;ai repouss\u00e9 cette \u00e9ch\u00e9ance \u00e0 plus tard. Ses un an&nbsp;?<\/p>\n\n\n\n<p>La collecte de d\u00e9cembre a \u00e9t\u00e9 annul\u00e9e \u00e0 cause des blocages des sorties d&rsquo;autoroute des gilets jaunes. Du coup, elle a \u00e9t\u00e9 report\u00e9e au7 janvier&nbsp;: j&rsquo;avais rempli 29 flacons. (et En tout, entre mai 2018 et janvier 2019, j&rsquo;avais rempli le contenu de 3 cartons&nbsp;de 48 flacons de 130 ml, soit 144 flacons, presque 19 L de lait&nbsp;! Je suis vraiment extr\u00eamement heureuse que ma production g\u00e9n\u00e9reuse ait pu nourrir d&rsquo;autres b\u00e9b\u00e9s en plus du mien. Vraiment, c&rsquo;est un beau cadeau que m&rsquo;a fait la nature et qu&rsquo;elle a fait, si l&rsquo;on peut dire, \u00e0 une infime part de l&rsquo;humanit\u00e9, \u00e0 la g\u00e9n\u00e9ration qui me survivra&#8230;<\/p>\n\n\n\n<h2 class=\"wp-block-heading\"><strong>IV. Deux incidents de parcours<\/strong><br><\/h2>\n\n\n\n<p>L&rsquo;allaitement n&rsquo;est pas un long fleuve tranquille&#8230; Il peut \u00eatre sem\u00e9 de certains emb\u00fbches. Je ne me plains pas. Mais pendant ce second semestre d&rsquo;allaitement (d\u00e9sormais au tire-lait exclusif), et plus pr\u00e9cis\u00e9ment au cours du mois d&rsquo;octobre, le dixi\u00e8me mois de lactation, il m&rsquo;est arriv\u00e9 de nouveaux d\u00e9sagr\u00e9ments, vite d\u00e9pass\u00e9s heureusement.<\/p>\n\n\n\n<p><strong>Du sang dans le lait&nbsp;!<\/strong><\/p>\n\n\n\n<p>1er octobre&nbsp;2018 : je tire mon lait comme d&rsquo;habitude \u00e0 midi. Ma maman est l\u00e0 pour garder Angelo trois jours, car la nounou est absente. D&rsquo;un coup, je vois que le lait du flacon, attach\u00e9 au tire-lait, n&rsquo;est plus blanc mais rose&nbsp;! Incr\u00e9dule, je scrute ce liquide \u00e9trange&#8230; C&rsquo;est du sang qui sort en m\u00eame temps que le lait. Paniqu\u00e9e, j&rsquo;appelle ma sage femme. Elle me r\u00e9pond par sms quelques minutes plus tard, que ce n&rsquo;est pas grave, que le lait est quand m\u00eame propre \u00e0 la consommation d&rsquo;Angelo.&nbsp;<\/p>\n\n\n\n<p>J&rsquo;avais d&rsquo;abord peur d&rsquo;avoir une infection dans le sein qui aurait cr\u00e9\u00e9 un saignement. En fait, en regardant de plus pr\u00e8s, le sang venait d&rsquo;un des orifices du t\u00e9ton qui \u00e9tait en sang. Peut-\u00eatre du fait d&rsquo;un passage de liquide trop longtemps, trop fort, trop souvent&#8230; Je n&rsquo;avais pas mal et un seul \u00ab&nbsp;petit trou&nbsp;\u00bb du t\u00e9ton \u00e9tait touch\u00e9. Donc no stress. Mais \u00e7a fait quand m\u00eame bizarre de voir du sang se m\u00ealer \u00e0 l&rsquo;aliment qu&rsquo;on destine \u00e0 son b\u00e9b\u00e9.&nbsp;<\/p>\n\n\n\n<p>Le sang, \u00e7a renvoie tellement souvent \u00e0 l&rsquo;accident, \u00e0 la blessure, \u00e0 la maladie, voire \u00e0 la mort&#8230; Alors que le sang, c&rsquo;est aussi un liquide de la vie. Mais, en temps que femme, on pense plus souvent \u00e0 la mort en voyant du sang. Peut-\u00eatre \u00e0 cause des r\u00e8gles, qui sont le signe qu&rsquo;une nouvelle vie n&rsquo;a pas commenc\u00e9&#8230; Le corps fait le m\u00e9nage, d\u00e9blaye les d\u00e9chets&#8230;<\/p>\n\n\n\n<p>Lors de la traite du soir, c&rsquo;\u00e9tait pass\u00e9. L&rsquo;orifice est rest\u00e9 rouge sang quelques jours, sans doute le temps de cicatriser. Avec le recul, je me suis dit que \u00e7a venait du fait que je laissais parfois le tire-lait m\u00eame quand il n&rsquo;y avait plus beaucoup de lait qui sortait, au cas o\u00f9 une nouvelle phase d&rsquo;\u00e9jection arriverait. Je dois arr\u00eater \u00e7a, ce n&rsquo;est pas bon. Je tire trop sur la corde. D\u00e9sormais, d\u00e8s que \u00e7a ne sort plus \u00e0 grand jet, je vais cesser le tire-lait. Cela r\u00e9duira en plus le temps de traite, ce qui m&rsquo;arrange. Car rester branch\u00e9e trois fois une heure par jour, \u00e7a commence \u00e0 \u00eatre pesant.&nbsp;<\/p>\n\n\n\n<p>Cet incident est un signe de mon corps que je dois \u00e9couter.<\/p>\n\n\n\n<p><strong>Un engorgement<\/strong><\/p>\n\n\n\n<p>Dimanche 28 octobre, le matin, mon sein droit est gonfl\u00e9 comme il ne l&rsquo;a pas \u00e9t\u00e9 depuis longtemps. Je n&rsquo;y fais pas plus attention que \u00e7a. A midi, je n&rsquo;ai pas regard\u00e9 particuli\u00e8rement mes seins lors de la traite, ni le soir d&rsquo;ailleurs. Par contre, une fois la traite finie, j&rsquo;ai remarqu\u00e9 que mon sein droit \u00e9tait toujours dur et avec l&rsquo;aspect gonfl\u00e9 et grumeleux&#8230; Zut&nbsp;! Je n&rsquo;avais pas fait une traite correct&nbsp;! Le soutien-gorge que je mets lors de la traite est un peu grand d\u00e9sormais car mes seins reprennent peu \u00e0 peu leur taille normale. Je me dis, sur coup, que \u00e7a vient s\u00fbrement de \u00e7a. Mes seins ne sont pas assez comprim\u00e9s pendant la traite, du coup le lait ne sort pas bien, il ne se vident pas suffisamment&#8230; Alors je m&rsquo;y remets. Mais rien \u00e0 faire&nbsp;: plus grand chose ne sort, pour ainsi dire plus une goutte&nbsp;! M\u00eame en appuyant fort sur la partie congestionn\u00e9e&#8230; Je suis inqui\u00e8te&#8230;<\/p>\n\n\n\n<p>Mais nous sommes \u00e9puis\u00e9s, alors je me dis que le mieux est de dormir. A minuit, on est r\u00e9veill\u00e9 par Angelo (comme toujours ces temps-ci&nbsp;: les dents&#8230;). Le sein est encore plus dur. Un tiers du sein est un bloc&#8230; Pas douloureux, cependant. Le fait qu&rsquo;il soit dur et gonfl\u00e9 m&rsquo;inqui\u00e8te. Mais l&rsquo;absence de douleur me rassure. Il ne doit y avoir ni inflammation, ni infection&#8230;pour le moment.&nbsp;<\/p>\n\n\n\n<p>A 4 h, le lundi matin donc, je me r\u00e9veille. J&rsquo;ai mal. Sur le c\u00f4t\u00e9, vers le bras droit&#8230; Je me mets \u00e0 gamberger&#8230; Impossible de me rendormir. Je suis all\u00e9e voir sur internet. \u00ab&nbsp;Mammite&nbsp;\u00bb, \u00ab&nbsp;sein gonfl\u00e9 et dur&nbsp;\u00bb&#8230; Ils parlent de \u00ab&nbsp;mastite&nbsp;\u00bb. Terme que je ne connaissais pas. Pour y rem\u00e9dier, tous les sites conseillent de vider, vider, vider le sein touch\u00e9 le plus souvent possible&#8230; Du coup, \u00e0 4h30 je commence une traite du sain droit&nbsp;! Youpi&nbsp;!!! Je sort presqu&rsquo;un flacon complet. Mais le sein est toujours aussi dur et douloureux. Inqui\u00e9tant. Je me rendors tant bien que mal.<\/p>\n\n\n\n<p>Le matin, j&rsquo;envoie un sms d&rsquo;urgence \u00e0 ma sage-femme, un appel \u00e0 l&rsquo;aide. En attendant sa r\u00e9ponse, je retourne sur internet. Un conseil m&rsquo;avait \u00e9chapp\u00e9 \u00e0 4 h du matin. De nombreux sites conseillent la chaleur pour stimuler le r\u00e9flexe d&rsquo;\u00e9jection du lait. Bains, douches, compresses chaudes etc&#8230; Du coup, je prends une petite serviette de bain, la mouille avec de l&rsquo;eau bien chaude et la coince sous le soutien-gorge, du c\u00f4t\u00e9 de l&rsquo;engorgement, pendant ma traite habituelle du matin (\u00e0 la table du petit-d\u00e9j, en donnant \u00e0 manger \u00e0 Angelo). La traite se passe bien, beaucoup de lait, bien que j&rsquo;ai tir\u00e9 trois heures plus t\u00f4t, \u00e0 peine. Et MIRACLE&nbsp;! Le sein se d\u00e9gonfle et devient tout mou&nbsp;! Internet m&rsquo;a bien aid\u00e9. On y explique que la chaleur stimule la production d&rsquo;ocytocine, l&rsquo;hormone d&rsquo;\u00e9jection du lait. En cas d&rsquo;engorgement, il y a comme un blocage de l&rsquo;\u00e9jection&#8230; Merci internet&nbsp;!<\/p>\n\n\n\n<p>J&rsquo;envoie un sms \u00e0 ma sage-femme pour lui dire que, miraculeusement, l&rsquo;engorgement est reparti aussi rapidement qu&rsquo;il n&rsquo;\u00e9tait apparu. Elle me f\u00e9licite. Je lui demande comment \u00e9viter que cela ne se reproduise. Elle me dit que c&rsquo;est d\u00fb \u00e0 la fatigue et qu&rsquo;il faut que je me repose&#8230; Avec les nuits qu&rsquo;on a en ce moment, \u00e9videment qu&rsquo;on est fatigu\u00e9. Angelo fait ses dents depuis une semaine. Il se r\u00e9veille parfois toutes les heures, en pleurs&#8230; Il souffre pauvre petit choupinou&#8230;<\/p>\n\n\n\n<p>Apr\u00e8s cet \u00e9pisode, les choses sont rentr\u00e9es dans l&rsquo;ordre, sans que je change mes habitudes&#8230; Le corps humain est un bien grand myst\u00e8re&nbsp;! Mais ce qui est clair, c&rsquo;est que l&rsquo;allaitement a long court, avec des nuits sans sommeil, c&rsquo;est difficile pour l&rsquo;organisme. L\u00e0 encore, il a tir\u00e9 la sonnette d&rsquo;alarme, je dois l&rsquo;\u00e9couter et me reposer d\u00e8s que possible&#8230;<\/p>\n\n\n\n<h2 class=\"wp-block-heading\"><strong>V. Le lait de jument&nbsp;: le plus proche du lait humain<\/strong><br><\/h2>\n\n\n\n<p>Quelle co\u00efncidence quand m\u00eame&nbsp;! Cela me d\u00e9montre encore une fois \u00e0 quel point les chevaux et les humains sont proches et li\u00e9s.&nbsp;<\/p>\n\n\n\n<p>Si jamais je devais rencontrer \u00e0 l&rsquo;avenir une baisse de lait, au moins, je ne me poserai plus la question de savoir quel autre lait que le mien choisir. Ce sera \u00e9videmment du lait de jument.<\/p>\n\n\n\n<p>Voil\u00e0 les arguments pour le donner aux b\u00e9b\u00e9s \u00e0 la place du classique lait de vache maternis\u00e9.&nbsp;<\/p>\n\n\n\n<p>C&rsquo;est un lait bien plus digeste que le lait de vache.&nbsp;Il convient tr\u00e8s bien aux nouveaux-n\u00e9s et aux pr\u00e9matur\u00e9s, surtout \u00e0 ceux allergiques au lait de vache, car il est tr\u00e8s diff\u00e9rent dans sa composition.<\/p>\n\n\n\n<p>Le lait de jument est une un m\u00e9lange tr\u00e8s stable de substances en solution qui ne coagulent pas (et qui ne forment pas de cr\u00e8me comme le lait de vache). Il contient peu de cas\u00e9ines (0,92 g pour 100 mL contre 2,6 g \/ 100 mL dans le lait de vache) ce qui lui assure une meilleure digestibilit\u00e9. Sa faible teneur en prot\u00e9ines (2,1 g \/ 100 mL) le rend int\u00e9ressant pour les enfants de moins de 4 ans qui pr\u00e9sentent des troubles prolong\u00e9s du sommeil \u00e0 cause de leur foie encore immature.&nbsp;<\/p>\n\n\n\n<p>Contrairement aux ruminants, la jument est mono-gastrique et, lors de la digestion, restitue les acides gras mono- et polyinsatur\u00e9s contenus dans les fourrages et l\u2019herbe. Les acides gras polyinsatur\u00e9s se trouvent sous une forme directement assimilable car ils ne sont pas oxyd\u00e9s. De ce fait, le lait de jument contient moins d\u2019acides gras satur\u00e9s et plus d\u2019acides gras polyinsatur\u00e9s que le lait de vache. Avec seulement 0,67 g \/ 100 mL d\u2019acides gras satur\u00e9s, le lait de jument peut revendiquer l\u2019all\u00e9gation \u00ab&nbsp;Pauvre en graisses satur\u00e9es&nbsp;\u00bb ce qui constitue un avantage sur le plan nutritionnel. En effet, une consommation excessive d\u2019acides gras satur\u00e9s augmente le risque cardiovasculaire.<\/p>\n\n\n\n<p>Sa bonne digestibilit\u00e9 fait que les ses selles du b\u00e9b\u00e9 ne changent pas et restent identiques \u00e0 celles d&rsquo;un b\u00e9b\u00e9 allait\u00e9 compl\u00e8tement.&nbsp;<\/p>\n\n\n\n<p>Sa raret\u00e9 explique son prix relativement \u00e9lev\u00e9 6,95\u20ac les 500ml&#8230;<\/p>\n\n\n\n<p>J&rsquo;en parle d\u00e9j\u00e0 dans mon roman \u00abLO\u00cfS, clone, neurobiologiste, biandre&nbsp;\u00bb&nbsp;!&nbsp;Le lait de jument est un projet pour nourrir les f\u0153tus issus des \u00ab&nbsp;puppycocoons&nbsp;\u00bb, des ut\u00e9rus artificiels&#8230;&nbsp;<\/p>\n\n\n\n<p>Cela me rappelle aussi un projet d&rsquo;\u00e9tude r\u00e9alis\u00e9 en BTSA&nbsp;: un ferme laiti\u00e8re de juments. Elever des juments pour leur lait, et exploiter ensuite ce dernier soit pour l&rsquo;alimentation des b\u00e9b\u00e9s, soit pour faire des produits cosm\u00e9tiques (laits hydratants, savons&#8230;).<\/p>\n\n\n\n<p>Je pourrais aussi introduire ce th\u00e8me dans la suite de mes nouvelles, \u00ab&nbsp;Conversations entre Maylen&rsquo; et Kaolin&rsquo;&nbsp;\u00bb, le tome III ! A petite \u00e9chelle, une jument qui aurait eu un petit, pourrait \u00eatre d&rsquo;accord pour partager son lait avec de petits humains&#8230; A suivre&#8230;<\/p>\n\n\n\n<h2 class=\"wp-block-heading\"><strong>Conclusion\ufeff<\/strong><br><\/h2>\n\n\n\n<p>Petit bilan de ce deuxi\u00e8me semestre d&rsquo;allaitement.&nbsp;<\/p>\n\n\n\n<p>Malgr\u00e9 quelques emb\u00fbches, sans gravit\u00e9, le nouvel objectif a \u00e9t\u00e9 atteint \ud83d\ude42 Angelo n&rsquo;a re\u00e7u, jusqu&rsquo;\u00e0 ses 1 an, que du lait maternel&nbsp;! Et il a pu, en plus, le partager avec d&rsquo;autres petits, moins chanceux que lui. Je suis fi\u00e8re et reconnaissante d&rsquo;avoir r\u00e9ussi cette nouvelle \u00e9tape.<\/p>\n\n\n\n<p>Quelle sera la suivante&nbsp;? Un sevrage progressif&nbsp;? Je pensais qu&rsquo;\u00e0 un an, il ne boirait presque plus de lait, mais il a besoin d&rsquo;un demi-litre encore quotidiennement&nbsp;! Du coup, ce sera pour dans quelques mois&#8230; Vais-je continuer \u00e0 l&rsquo;allaiter au lait maternel exclusif ou serais-je oblig\u00e9e de passer en allaitement mixte, avec du lait de jument&nbsp;? La suite dans le prochain \u00e9pisode&#8230;<br><\/p>\n","protected":false},"excerpt":{"rendered":"<p>MON EXPERIENCE DE L&rsquo;ALLAITEMENT PARTIE II&nbsp;:&nbsp;tire-allaitement et diversification&nbsp; (de&nbsp;6&nbsp;mois \u00e0&nbsp;1&nbsp;an) (tire-allaitement, diversification, redonner au lactarium, accident de parcours, lait de jument ?)\ufeff I. Le tire-allaitement Revenons un peu en arri\u00e8re, aux d\u00e9but du tire-lait D\u00e9but juillet. Nous voil\u00e0 presqu&rsquo;aux six mois d&rsquo;Angelo. Il n&rsquo;a \u00e9t\u00e9 nourri pour le moment qu&rsquo;avec du lait maternel, que ce [&hellip;]<\/p>\n","protected":false},"author":1,"featured_media":843,"comment_status":"open","ping_status":"closed","template":"","meta":{"_et_pb_use_builder":"off","_et_pb_old_content":"","_et_gb_content_width":"","_mi_skip_tracking":false,"footnotes":""},"project_category":[119],"project_tag":[],"_links":{"self":[{"href":"https:\/\/lisarose-moonpearl.com\/index.php\/wp-json\/wp\/v2\/project\/842"}],"collection":[{"href":"https:\/\/lisarose-moonpearl.com\/index.php\/wp-json\/wp\/v2\/project"}],"about":[{"href":"https:\/\/lisarose-moonpearl.com\/index.php\/wp-json\/wp\/v2\/types\/project"}],"author":[{"embeddable":true,"href":"https:\/\/lisarose-moonpearl.com\/index.php\/wp-json\/wp\/v2\/users\/1"}],"replies":[{"embeddable":true,"href":"https:\/\/lisarose-moonpearl.com\/index.php\/wp-json\/wp\/v2\/comments?post=842"}],"version-history":[{"count":5,"href":"https:\/\/lisarose-moonpearl.com\/index.php\/wp-json\/wp\/v2\/project\/842\/revisions"}],"predecessor-version":[{"id":862,"href":"https:\/\/lisarose-moonpearl.com\/index.php\/wp-json\/wp\/v2\/project\/842\/revisions\/862"}],"wp:featuredmedia":[{"embeddable":true,"href":"https:\/\/lisarose-moonpearl.com\/index.php\/wp-json\/wp\/v2\/media\/843"}],"wp:attachment":[{"href":"https:\/\/lisarose-moonpearl.com\/index.php\/wp-json\/wp\/v2\/media?parent=842"}],"wp:term":[{"taxonomy":"project_category","embeddable":true,"href":"https:\/\/lisarose-moonpearl.com\/index.php\/wp-json\/wp\/v2\/project_category?post=842"},{"taxonomy":"project_tag","embeddable":true,"href":"https:\/\/lisarose-moonpearl.com\/index.php\/wp-json\/wp\/v2\/project_tag?post=842"}],"curies":[{"name":"wp","href":"https:\/\/api.w.org\/{rel}","templated":true}]}}