{"id":835,"date":"2019-02-24T22:38:02","date_gmt":"2019-02-24T21:38:02","guid":{"rendered":"http:\/\/lisarose-moonpearl.com\/?post_type=project&#038;p=835"},"modified":"2019-03-26T21:51:38","modified_gmt":"2019-03-26T20:51:38","slug":"journal-de-bord-dun-petit-ange-tombe-sur-terre-2","status":"publish","type":"project","link":"https:\/\/lisarose-moonpearl.com\/index.php\/project\/journal-de-bord-dun-petit-ange-tombe-sur-terre-2\/","title":{"rendered":"JOURNAL DE BORD D&rsquo;UN PETIT ANGE tomb\u00e9 sur Terre -2-"},"content":{"rendered":"\n<h2 class=\"wp-block-heading\"><strong>EPISODE 2 : MON 2\u00e8me MOIS<\/strong><\/h2>\n\n\n\n<p><strong>-je p\u00e8se 4,1kg, je mesure 52,5 cm de long et ma t\u00eate fait 38,5 cm \u00e0 l&rsquo;\u00e9quateur-<\/strong><\/p>\n\n\n\n<p>Dimanche 11 f\u00e9vrier 2018 au soir, j&rsquo;ai eu exactement 1 mois.<\/p>\n\n\n\n<p><strong>Semaine du 12 au 18 janvier 2018<\/strong><\/p>\n\n\n\n<p><strong>Lundi 12 et mardi 13 f\u00e9vrier 2018<\/strong><\/p>\n\n\n\n<p>Maman profita a fond de la pr\u00e9sence de Oma et de Grand-pa pour partir voir ses chevaux ch\u00e9ris, un chaque jour. A chacun de ses retours, elle \u00e9tait fatigu\u00e9e mais super d\u00e9tendue.<\/p>\n\n\n\n<p><strong>Mercredi 14 f\u00e9vrier 2018<\/strong><\/p>\n\n\n\n<p>No\u00e9mie, une amie de Maman, dont je vous ai d\u00e9j\u00e0 parl\u00e9e, vint \u00e0 la maison. Elles travaill\u00e8rent toutes les deux sur mon faire-part de naissance&nbsp;! Pour apprendre \u00e0 tous la bonne nouvelle&nbsp;! Ce fut moi qui souffla le texte \u00e0 Maman&nbsp;:&nbsp;<em>\u00ab&nbsp;Un messager, venu d&rsquo;ailleurs, a fait son entr\u00e9e dans nos vies, nous combler d&rsquo;un immense bonheur, nous lancer de sacr\u00e9s d\u00e9fis \u00bb.<\/em>Je comptais bien tenir mes promesses&nbsp;!<\/p>\n\n\n\n<figure class=\"wp-block-image\"><img loading=\"lazy\" decoding=\"async\" width=\"606\" height=\"436\" src=\"http:\/\/lisarose-moonpearl.com\/wp-content\/uploads\/2019\/03\/Maquette-faire-part-1.jpg\" alt=\"\" class=\"wp-image-900\" srcset=\"https:\/\/lisarose-moonpearl.com\/wp-content\/uploads\/2019\/03\/Maquette-faire-part-1.jpg 606w, https:\/\/lisarose-moonpearl.com\/wp-content\/uploads\/2019\/03\/Maquette-faire-part-1-300x216.jpg 300w, https:\/\/lisarose-moonpearl.com\/wp-content\/uploads\/2019\/03\/Maquette-faire-part-1-600x432.jpg 600w\" sizes=\"(max-width: 606px) 100vw, 606px\" \/><\/figure>\n\n\n\n<p>En fin d&rsquo;apr\u00e8s-midi, nous sommes all\u00e9s, avec Maman, voir Jean-Philippe, notre kin\u00e9 familial (qui ne savait toujours pas qu&rsquo;il allait \u00eatre mon parrain&#8230;), pour qu&rsquo;il r\u00e9pare son dos, qui lui faisait toujours bobo. Avec la fatigue, elle for\u00e7ait beaucoup, surtout avec les \u00e9paules quand elle m&rsquo;allaitait et me portait&nbsp;; elle avait d&rsquo;\u00e9normes tensions partout. Depuis mon si\u00e8ge b\u00e9b\u00e9, je l&rsquo;\u00e9coutais raconter \u00e0 Jean-Phi plein de choses sur moi, pendant qu&rsquo;il s&rsquo;occupait d&rsquo;elle, lui transmettant de la bonne \u00e9nergie.<\/p>\n\n\n\n<p>Ce soir, Papa vint nous voir un petit moment&nbsp;! Quelle belle surprise&nbsp;! Il fit une longue route&nbsp;pour cela, depuis la Cerdagne. C&rsquo;\u00e9tait la Saint Valentin, le jour de l&rsquo;amour, des amoureux. Oma partit dormir ailleurs, pour nous laisser juste tous les trois. Grand-pa, lui, \u00e9tait reparti pour le Puy-de-D\u00f4me, depuis la veille. C&rsquo;\u00e9tait l\u00e0-bas qu&rsquo;il vivait habituellement avec Oma, dans leur lointaine maison que je ne connaissais pas. C&rsquo;\u00e9tait Maman qui me l&rsquo;avait expliqu\u00e9. C&rsquo;\u00e9tait bien d&rsquo;\u00eatre tous les trois de nouveau. Papa m&rsquo;avait manqu\u00e9, m\u00eame si Maman \u00e9tait l\u00e0 pour deux, et Oma pour la seconder. On fit un gros c\u00e2lin. Puis, Papa repartit vers 23h bien pass\u00e9. Il craignait, en cas de neige, avoir du mal \u00e0 arriver \u00e0 l&rsquo;heure \u00e0 la station, m\u00eame en partant de tr\u00e8s bonne heure le lendemain matin.<\/p>\n\n\n\n<p><strong>Jeudi 15 f\u00e9vrier 2018<\/strong><\/p>\n\n\n\n<p>Maman me sortit en plein air aujourd&rsquo;hui. Elle me montra toute la Presqu&rsquo;\u00eele, entour\u00e9e par l&rsquo;\u00e9tang du Barcar\u00e8s. Le soleil brillait g\u00e9n\u00e9reusement. Elle m&rsquo;avait emmitoufl\u00e9 dans un sur-pyjama en polaire, chaud et douillet, tout blanc. Je ressemblais \u00e0 un petit ourson polaire! Ou \u00e0 un petit lapinou des neiges&nbsp;! Je regardais tout ce qu&rsquo;il y avait autour de moi. \u00c7a changeait de l&rsquo;int\u00e9rieur de la maison&nbsp;! Le ciel, d&rsquo;o\u00f9 je venais. L&rsquo;eau de l&rsquo;\u00e9tang, aussi bleue que le ciel&#8230;et que mes yeux. Les maisons et les \u00e2mes qu&rsquo;elles h\u00e9bergeaient. Les voitures qui passaient, au moteurs vrombissants. Toutes ces nouveaut\u00e9s me plaisaient et m&rsquo;int\u00e9ressaient&nbsp;! L\u00e0 d&rsquo;o\u00f9 je venais, il n&rsquo;y avait pas tout \u00e7a&nbsp;! Je d\u00e9couvrais mon nouveau monde avec une extr\u00eame curiosit\u00e9&#8230;<\/p>\n\n\n\n<figure class=\"wp-block-image\"><img loading=\"lazy\" decoding=\"async\" width=\"949\" height=\"1024\" src=\"http:\/\/lisarose-moonpearl.com\/wp-content\/uploads\/2019\/03\/15022018658-949x1024.jpg\" alt=\"\" class=\"wp-image-902\" srcset=\"https:\/\/lisarose-moonpearl.com\/wp-content\/uploads\/2019\/03\/15022018658-949x1024.jpg 949w, https:\/\/lisarose-moonpearl.com\/wp-content\/uploads\/2019\/03\/15022018658-278x300.jpg 278w, https:\/\/lisarose-moonpearl.com\/wp-content\/uploads\/2019\/03\/15022018658-768x828.jpg 768w, https:\/\/lisarose-moonpearl.com\/wp-content\/uploads\/2019\/03\/15022018658-1080x1165.jpg 1080w, https:\/\/lisarose-moonpearl.com\/wp-content\/uploads\/2019\/03\/15022018658-600x647.jpg 600w, https:\/\/lisarose-moonpearl.com\/wp-content\/uploads\/2019\/03\/15022018658.jpg 1835w\" sizes=\"(max-width: 949px) 100vw, 949px\" \/><\/figure>\n\n\n\n<p>Il faisait tellement beau que Maman et Oma d\u00e9cid\u00e8rent d&rsquo;aller \u00e0 la mer avec moi, en voiture. Nous nous sommes balad\u00e9s au bord de l&rsquo;eau et avons travers\u00e9 le quartier des maisons de p\u00eacheurs o\u00f9 Maman avait trouv\u00e9 les chiots. J&rsquo;\u00e9tais \u00e9videmment au courant de son sauvetage de chiots (voir Episode 11, \u00ab<em>&nbsp;Spiritus felium et canum&nbsp;<\/em>\u00bb, dans le tome II des \u00ab<em>Conversations entre Maylen&rsquo; et Kaolin&rsquo;<\/em>&nbsp;\u00bb, sous son nom de plume Lisarose Moonpearl).&nbsp;<\/p>\n\n\n\n<figure class=\"wp-block-image\"><img loading=\"lazy\" decoding=\"async\" width=\"1024\" height=\"703\" src=\"http:\/\/lisarose-moonpearl.com\/wp-content\/uploads\/2019\/03\/18022018666-1024x703.jpg\" alt=\"\" class=\"wp-image-903\" srcset=\"https:\/\/lisarose-moonpearl.com\/wp-content\/uploads\/2019\/03\/18022018666-1024x703.jpg 1024w, https:\/\/lisarose-moonpearl.com\/wp-content\/uploads\/2019\/03\/18022018666-300x206.jpg 300w, https:\/\/lisarose-moonpearl.com\/wp-content\/uploads\/2019\/03\/18022018666-768x527.jpg 768w, https:\/\/lisarose-moonpearl.com\/wp-content\/uploads\/2019\/03\/18022018666-1080x741.jpg 1080w, https:\/\/lisarose-moonpearl.com\/wp-content\/uploads\/2019\/03\/18022018666-600x412.jpg 600w\" sizes=\"(max-width: 1024px) 100vw, 1024px\" \/><\/figure>\n\n\n\n<p>J&rsquo;\u00e9tais alors d\u00e9j\u00e0 dans le ventre de&nbsp;Maman, m\u00eame si elle ne le savait pas encore. Cependant, je d\u00e9cuplais ses capacit\u00e9s sensitives. Je lui transmettais, en fait, la conscience incommensurable que j&rsquo;avais de tout ce qui se passait \u00e0 l&rsquo;ext\u00e9rieur. Conscience \u00e9trangement beaucoup plus fine et profonde que celle que j&rsquo;avais depuis ma sortie du ventre. A pr\u00e9sent, je subissais ce corps en construction, en route vers sa lente finition. A l&rsquo;\u00e9poque, j&rsquo;\u00e9tais, certes, d\u00e9j\u00e0 incarn\u00e9, mais je poss\u00e9dais encore, en tout conscience, nombre de mes facult\u00e9s de l&rsquo;autre monde. Et je les communiquais tr\u00e8s facilement \u00e0 Maman. Nous ne faisions vraiment qu&rsquo;un. J&rsquo;\u00e9tais comme un petit poisson pilote qui lui soufflait des intuitions avec une intensit\u00e9 qu&rsquo;elle n&rsquo;avait jamais connue avant&#8230; D\u00e9sormais, le cordon rompu, mes pouvoirs \u00e9taient comme enfouis. Je me sentais engourdi, dans ce corps de poupon maladroit&#8230; Il me fallait patienter, je le savais&nbsp;; me laisser porter dans cette nouvelle vie, dans les bras de Maman &lt;3.<\/p>\n\n\n\n<p>Le soir, Nanou vint \u00e0 la maison me voir. Je me souvenais tr\u00e8s bien de La\u00ebticia, cette belle personne que Maman avait rencontr\u00e9e quand j&rsquo;\u00e9tais dans son ventre. J&rsquo;avais alors tout de suite communiqu\u00e9 \u00e0 Maman que je sentais de tr\u00e8s bonne ondes \u00e9manant d&rsquo;elle. Elles s&rsquo;\u00e9taient d&rsquo;ailleurs tout de suite comprises et avaient d\u00e9cid\u00e9 de collaborer \u00e0 mon bonheur et mon \u00e9panouissement. La\u00ebticia avait accept\u00e9 de me garder lorsque Maman devrait reprendre le travail, alors qu&rsquo;elle ne m&rsquo;avait jamais aper\u00e7u. J&rsquo;\u00e9tais invisible aux yeux humains, mais pas au c\u0153ur. Elle avait pressenti qu&rsquo;elle serait heureuse d&rsquo;\u00eatre ma deuxi\u00e8me Maman. Et moi je savais que je serais choy\u00e9 et aim\u00e9 comme son propre fils &lt;3. Maman et La\u00ebticia parl\u00e8rent, parl\u00e8rent, parl\u00e8rent&#8230; comme si elles se connaissaient depuis toujours. Maman avait m\u00eame pr\u00e9par\u00e9 un biberon pour que Nanou puisse me le donner. Elle \u00e9tait douce, elle sentait bon, ce fut un plaisir de prendre un biberon de sa main, confortablement tapis au creux de ses bras.<\/p>\n\n\n\n<p><strong>Le reste de la semaine<\/strong><\/p>\n\n\n\n<p>Oma \u00e9tait toujours l\u00e0, pour seconder Maman. Elle me gardait, me ber\u00e7ait, me nourrissait, en son absence. Nous re\u00e7\u00fbmes encore de nombreuses visites d&rsquo;amis de Maman, qui me firent toutes de grands sourires en me voyant. Il semblerait que je plaise d\u00e9j\u00e0 aux femmes&nbsp;! Vendredi, ce fut au tour de Myriam et de Fran\u00e7oise, deux autres amies. Myriam \u00e9tait professeur de fran\u00e7aisn comme Grand-pa. Elle avait particip\u00e9 \u00e0 la relecture de certains livres de Maman. \u00ab&nbsp;<em>ALIS\u00c9A<\/em>&nbsp;\u00bb, notamment, mais aussi \u00ab&nbsp;<em>DIAMOR<\/em>&nbsp;\u00bb&#8230; Fran\u00e7oise \u00e9tait \u00e9crivain, comme Maman, et chez le m\u00eame \u00e9diteur.&nbsp;<\/p>\n\n\n\n<p>Samedi soir, ce fut au tour de Nathalie de venir d\u00e9couvrir ma jolie frimousse. Maman avait suivi ses deux fils, Olivier et Thibault, en maths, au lyc\u00e9e jusqu&rsquo;au bac. Elles \u00e9taient devenues amies, elles aussi. Maman avait de tr\u00e8s bon contacts avec ses \u00e9l\u00e8ves, tout comme avec leurs parents. Il arrivait souvent qu&rsquo;ils restent amis, une fois les cours termin\u00e9s. Elles discutaient, parlaient, tchatchaient&#8230; de vrais pipelettes. Et je fus de nouveau couvert de cadeaux&nbsp;! Des v\u00eatements tous plus beaux les uns que les autres.<\/p>\n\n\n\n<p>Maman partit voir sa Kolina vendredi et donner un cours samedi matin&#8230;.&nbsp;<\/p>\n\n\n\n<p><strong>Une nouvelles semaine arriva&nbsp;: celle du 19 au 25 f\u00e9vrier 2018<\/strong><\/p>\n\n\n\n<p><strong>Lundi 19 f\u00e9vrier 2018<\/strong><\/p>\n\n\n\n<p>Des jeunes vinrent \u00e0 la maison prendre des cours avec Maman.<\/p>\n\n\n\n<p>Nous e\u00fbmes aussi de nouveau la visite d&rsquo;une sage femme qui venait voir si j&rsquo;allais bien. Mes fesses n&rsquo;\u00e9taient plus irrit\u00e9es, mais ce n&rsquo;\u00e9tait pas gr\u00e2ce aux moult pommades qui m&rsquo;avaient \u00e9t\u00e9 prescrites. Maman avait sa propre technique. Elle me lavait les fesses avec de l&rsquo;eau et du savon pour b\u00e9b\u00e9, puis les s\u00e9chait au s\u00e8che-cheveux. C&rsquo;\u00e9tait chaud et doux, \u00e7a ne r\u00e2pait pas ma peau sensible et douloureuse. Elle m&rsquo;enduisait ensuite le derri\u00e8re d&rsquo;hom\u00e9oplasmine, pommade hom\u00e9opathique qu&rsquo;elle utilisait elle-m\u00eame pour sa peau s\u00e8che et \u00e0 tendance atopique. J&rsquo;aimais bien cette m\u00e9thode, et ma peau aussi. La preuve, mes fesses \u00e9taient de nouveau comme neuves&nbsp;!&nbsp;<\/p>\n\n\n\n<p>La sage femme s&rsquo;occupa aussi de Maman. Entre la cicatrice et l&rsquo;allaitement, son corps \u00e9tait encore un vrai champ de bataille. Elle marchait mieux, mais me racontait que que \u00e7a tirait encore beaucoup&#8230;<\/p>\n\n\n\n<p><strong>Mardi 20 et mercredi 21 f\u00e9vrier 2018<\/strong><\/p>\n\n\n\n<p>Nous rev\u00eemes Jean-Philippe les deux jours. Une fois pour Maman (pendant que Oma me gardait ) et une fois pour moi. Maman ne lui avait toujours pas demand\u00e9 s&rsquo;il acceptait d&rsquo;\u00eatre mon parrain&#8230; Elle avait peur qu&rsquo;il refuse et attendait le bon moment.&nbsp;<\/p>\n\n\n\n<p>Oma repartit \u00e0 son tour mercredi&#8230; Mamie Yvonne vint nous voir ce m\u00eame jour, juste apr\u00e8s le d\u00e9part de mon autre grand-m\u00e8re&nbsp;!&nbsp;<\/p>\n\n\n\n<p><strong>Jeudi 22 f\u00e9vrier 2018<\/strong><\/p>\n\n\n\n<p>Maman fut de nouveau seule avec moi. Elle fit du m\u00e9nage, puis m&rsquo;amena avec elle \u00e0 la Banque Postale, \u00e0 la librairie de St Laurent (pour faire le point sur les ventes de ses livres) et, enfin, chez le m\u00e9decin (r\u00e9cup\u00e9rer une ordonnance). Ce soir l\u00e0, nous re\u00e7\u00fbmes la visite de V\u00e9ronique, une amie de Maman. Elle avait trois grandes filles (que Maman avait eu comme \u00e9l\u00e8ves) et fut extr\u00eamement heureuse de prendre un petit gar\u00e7on dans ses bras. Elle d\u00e9gageait une super \u00e9nergie. Elle me rappelait Nathalie, qui \u00e9tait venue la semaine derni\u00e8re&nbsp;: le m\u00eame type de femme, tr\u00e8s chaleureuse et sympathique.<\/p>\n\n\n\n<p><strong>Vendredi 23 f\u00e9vrier 2018<\/strong><\/p>\n\n\n\n<p>Maman continua \u00e0 m&rsquo;amener partout&nbsp;: \u00e0 la Banque Postale (pour ouvrir mes premiers comptes), \u00e0 la casse (chercher une pi\u00e8ce pour sa voiture), et enfin chez le cordonnier&nbsp;(r\u00e9cup\u00e9rer des chaussures qu&rsquo;elle avait fait r\u00e9parer).&nbsp;<\/p>\n\n\n\n<p>Ce soir-l\u00e0, Papa redescendit de sa montagne pour nous voir&nbsp;! Ce fut une belle soir\u00e9e, bien qu&rsquo;elle soit tr\u00e8s courte. Papa et Maman me donn\u00e8rent de nouveau le bain ensemble, trop top&nbsp;!&nbsp;<\/p>\n\n\n\n<p><strong>Samedi 24 f\u00e9vrier 2018<\/strong><\/p>\n\n\n\n<p>Nous e\u00fbmes encore de la visite. Deux amies de Maman, Sylvie et Christelle, qui m&rsquo;offrirent une d\u00e9coration artisanale pour ma chambre&nbsp;: un cheval blanc, suspendu \u00e0 une balan\u00e7oire, avec une crini\u00e8re plus vraie que nature. La cr\u00e9atrice y avait joint l&rsquo;histoire de Albe, ce petit cheval \u00e9pris de libert\u00e9, et de son cavalier. Je ne savais pas si Sylvie et Christelle lui avaient parl\u00e9 de Duende, mais, pour moi, ce r\u00e9cit \u00e9tait clairement une pr\u00e9diction de ma relation future avec mon poney Duendinou&nbsp;!&nbsp;<\/p>\n\n\n\n<p>Voici un extrait&nbsp;: \u00ab&nbsp;<em>Albe est un petit cheval, tout blanc, tout doux et comme tous les jours, il attend avec beaucoup d&rsquo;impatience son cavalier. Non, le man\u00e8ge ne lui pla\u00eet pas&nbsp;: le doubler, la serpentine, le huit de chiffre, la demi volte renvers\u00e9e il conna\u00eet&#8230; Peu d&rsquo;int\u00e9r\u00eat&#8230; Lui, il veut sentir le vent dans sa crini\u00e8re, frissonner du grand air et vibrer des naseaux, sans selle, ni r\u00eane, galoper \u00e0 travers champs. Soudain, il voit son cavalier, son partenaire, son ami arriver, il hennit, heureux. Pour lui, il est pr\u00eat \u00e0 faire le passage, le piaffer, des airs au-dessus du sol, pourvu qu&rsquo;ensuite ils s&rsquo;\u00e9lancent dans la campagne, son ami montant \u00e0 cru et s&rsquo;accrochant \u00e0 sa crini\u00e8re jusqu&rsquo;\u00e0 en perdre haleine. Cela les fait tellement rire&#8230;&nbsp;\u00bb<\/em>(Sonia Cerise, artiste et artisan catalane).&nbsp;<\/p>\n\n\n\n<p>Depuis que Maman me parlait de Duende, je r\u00eavais de lui tr\u00e8s souvent. Il s&rsquo;agissait, j&rsquo;en \u00e9tais persuad\u00e9, de r\u00eaves pr\u00e9monitoires&nbsp;! Je le montais \u00e0 cru, sans rien, au galop dans les champs et sur la plage&nbsp;!!! Je savais parfaitement que cela se r\u00e9aliserait&#8230;dans quelques ann\u00e9es.&nbsp;<\/p>\n\n\n\n<p>Un peu plus tard,ce furent Michelle et Pierre qui pass\u00e8rent nous voir, \u00e0 l&rsquo;improviste, comme toujours&#8230;<\/p>\n\n\n\n<p><strong>Dimanche 25 f\u00e9vrier 2018<\/strong><\/p>\n\n\n\n<p>Toujours seuls tous les deux, Maman en profita pour m&rsquo;amener voir ses autres b\u00e9b\u00e9s. Premi\u00e8re \u00e9tape&nbsp;: Duende, dit Duendinou, mon futur cheval. J&rsquo;allais enfin rencontr\u00e9 celui dont je r\u00eavais depuis des semaines&nbsp;! En r\u00e9alit\u00e9, je l&rsquo;avais d\u00e9j\u00e0 rencontr\u00e9 souvent, \u00e0 l&rsquo;\u00e9poque o\u00f9 j&rsquo;\u00e9tais encore dans le ventre de Maman&#8230;&nbsp;<\/p>\n\n\n\n<p>Maman m&rsquo;attacha dans un foulard de portage, coll\u00e9 tout contre elle, puis elle m&rsquo;amena jusqu&rsquo;au pr\u00e9 de ce petit lutin. J&rsquo;\u00e9tais bien&nbsp;: en s\u00e9curit\u00e9 et au chaud, avec un point de vue topissime. Duende vint tout de suite nous voir. Je n&rsquo;eus pas peur du tout de sa t\u00eate \u00e9norme (compar\u00e9e \u00e0 la mienne) car il respirait douceur et gentillesse. Il me sentit, \u00e0 la fois curieux et \u00e9tonn\u00e9 que sa maman se soit ainsi transform\u00e9e. J&rsquo;eus l&rsquo;impression qu&rsquo;il me reconnut. Il avait,lui aussi, parfaitement per\u00e7u ma pr\u00e9sence, lorsque j&rsquo;\u00e9tais encore bien au chaud. Il ne laissa para\u00eetre aucune jalousie. Je ressentais plut\u00f4t, venant de lui, une grande joie et une envie de d\u00e9couvrir la nouveaut\u00e9 que je repr\u00e9sentais pour lui. Maman lui parla et lui demanda de faire tout doucement avec moi, car j&rsquo;\u00e9tais petit et fragile.&nbsp;<\/p>\n\n\n\n<figure class=\"wp-block-image\"><img loading=\"lazy\" decoding=\"async\" width=\"1024\" height=\"768\" src=\"http:\/\/lisarose-moonpearl.com\/wp-content\/uploads\/2019\/03\/25022018689-1024x768.jpg\" alt=\"\" class=\"wp-image-904\" srcset=\"https:\/\/lisarose-moonpearl.com\/wp-content\/uploads\/2019\/03\/25022018689-1024x768.jpg 1024w, https:\/\/lisarose-moonpearl.com\/wp-content\/uploads\/2019\/03\/25022018689-300x225.jpg 300w, https:\/\/lisarose-moonpearl.com\/wp-content\/uploads\/2019\/03\/25022018689-768x576.jpg 768w, https:\/\/lisarose-moonpearl.com\/wp-content\/uploads\/2019\/03\/25022018689-510x382.jpg 510w, https:\/\/lisarose-moonpearl.com\/wp-content\/uploads\/2019\/03\/25022018689-1080x810.jpg 1080w, https:\/\/lisarose-moonpearl.com\/wp-content\/uploads\/2019\/03\/25022018689-600x450.jpg 600w\" sizes=\"(max-width: 1024px) 100vw, 1024px\" \/><\/figure>\n\n\n\n<p>Je percevais l&rsquo;immense bonheur de Maman d&rsquo;\u00eatre enfin avec deux de ses enfants \u00e0 la fois&#8230; Nous avons fait le tour du pr\u00e9, tranquillement, tous les trois. Duende suivait Maman, pas \u00e0 pas. Je sentais \u00e0 quel point il \u00e9tait attach\u00e9 \u00e0 elle, comme \u00e0 une seconde Maman. (Il avait perdu la sienne quelques semaines plus t\u00f4t, il n&rsquo;avait que quatre ans&#8230;). Maman lui parlait avec douceur et bienveillance, exactement comme elle faisait avec moi. J&rsquo;\u00e9tais bien, curieux, moi aussi, en confiance, comme hypnotis\u00e9 par cette grande peluche aux tons si chauds et si doux&#8230;<\/p>\n\n\n\n<figure class=\"wp-block-image\"><img loading=\"lazy\" decoding=\"async\" width=\"1024\" height=\"888\" src=\"http:\/\/lisarose-moonpearl.com\/wp-content\/uploads\/2019\/03\/3\u00e8me-mois-rencontre-Duende-1024x888.jpg\" alt=\"\" class=\"wp-image-905\" srcset=\"https:\/\/lisarose-moonpearl.com\/wp-content\/uploads\/2019\/03\/3\u00e8me-mois-rencontre-Duende-1024x888.jpg 1024w, https:\/\/lisarose-moonpearl.com\/wp-content\/uploads\/2019\/03\/3\u00e8me-mois-rencontre-Duende-300x260.jpg 300w, https:\/\/lisarose-moonpearl.com\/wp-content\/uploads\/2019\/03\/3\u00e8me-mois-rencontre-Duende-768x666.jpg 768w, https:\/\/lisarose-moonpearl.com\/wp-content\/uploads\/2019\/03\/3\u00e8me-mois-rencontre-Duende-1080x936.jpg 1080w, https:\/\/lisarose-moonpearl.com\/wp-content\/uploads\/2019\/03\/3\u00e8me-mois-rencontre-Duende-600x520.jpg 600w\" sizes=\"(max-width: 1024px) 100vw, 1024px\" \/><\/figure>\n\n\n\n<p>Nous nous rend\u00eemes ensuite dans une autre \u00e9curie, celle de Kolina, l&rsquo;autre b\u00e9b\u00e9 de Maman. Ce fut plus compliqu\u00e9 pour tout le monde. J&rsquo;avais faim, alors je commen\u00e7ais \u00e0 r\u00e2ler un peu. Maman me laissa un moment dans la voiture en arrivant&#8230; Elle alla chercher Kolina et la mit dans un grand pr\u00e9, pour qu&rsquo;elle ne soit pas g\u00ean\u00e9e, tracass\u00e9e et agac\u00e9e par ses coll\u00e8gues de paddock. Je savais d\u00e9j\u00e0 que c&rsquo;\u00e9tait une grande sensible et un sacr\u00e9e caract\u00e8re, cette Kolina&nbsp;! Puis Maman vint me chercher et me ligota de nouveau dans le foulard de portage. Je gigotais comme un petit diablotin. Je voulais rentrer, j&rsquo;avais faim&nbsp;! Cela commen\u00e7ait \u00e0 faire vraiment trop long depuis la derni\u00e8re t\u00e9t\u00e9e avant notre d\u00e9part&nbsp;.<\/p>\n\n\n\n<p>Maman insista. Cela lui tenait \u00e0 c\u0153ur que je fasse connaissance avec son premier et immense&nbsp;b\u00e9b\u00e9 ! Il faisait tr\u00e8s beau malgr\u00e9 la date hivernale. Mais ici l&rsquo;ambiance n&rsquo;\u00e9tait pas la m\u00eame que chez Duende&nbsp;: \u00e9trangement plus tendue. Et moi j&rsquo;avais faim&nbsp;!!!<\/p>\n\n\n\n<p>Maman me pr\u00e9senta \u00e0 Kolina, dans le pr\u00e9, comme elle avait fait avec Duende. Mais je la sentis stress\u00e9e, comme si Kolina \u00e9tait dangereuse pour moi. Elle la tint \u00e0 distance. Quand je vis sa t\u00eate et le reste de son corps, je compris pourquoi&nbsp;! Quel colosse&nbsp;!!! Elle \u00e9tait impressionnante. Et l&rsquo;\u00e9nergie qu&rsquo;elle d\u00e9gageait \u00e9tait tout diff\u00e9rente de celle de Duende. Une \u00e9nergie puissante, violente et brusque m\u00eame. Une \u00e2me beaucoup plus tourment\u00e9e, mais un grand c\u0153ur qui veut bien faire. Un \u00eatre hypersensible et vuln\u00e9rable dans un corps de g\u00e9ant. J&rsquo;avais un peu peur. Paradoxalement, malgr\u00e9 notre \u00e9norme diff\u00e9rence de corpulence, je ressentis que c&rsquo;\u00e9tait r\u00e9ciproque,.&nbsp;<\/p>\n\n\n\n<p>Je sentis aussi que, contrairement \u00e0 Duende, Kolina ne me voyait pas avec un bon \u0153il. Je lui volais sa Maman. Ma maman lui appartenait et elle ne supportait pas que je la lui rende si inaccessible&#8230; Elle vint me renifler furtivement, mais comme elle ne pouvait d\u00e9cid\u00e9ment pas me sentir, elle repartit brouter&nbsp;! Elle m&rsquo;avait bien reconnu, elle aussi&nbsp;! J&rsquo;\u00e9tais celui qui emp\u00eachait sa maman de s&rsquo;occuper d&rsquo;elle depuis des mois&#8230; Je devinais qu&rsquo;elle m&rsquo;en voulait beaucoup&nbsp;! Maman la suivit dans le pr\u00e9, avec moi, son ang\u00e9lique boulet, coll\u00e9 au corps. Elle caressa sa jument, lui parla. Mais Kolina boudait&#8230; \u00c2me sensible, tortur\u00e9e, en partie gu\u00e9rie, mais toujours \u00e0 fleur de peau&#8230;<\/p>\n\n\n\n<p>L&rsquo;apr\u00e8s midi, Maman me mit dans la poussette, direction \u00ab&nbsp;chez Nanou&nbsp;\u00bb&nbsp;! Nous atteignirent notre but au bout d&rsquo;une heure de marche. Enfin, moi, je me suis endormi en chemin&nbsp;! Maman me fit visiter la maison de Nanou, en m&rsquo;expliquant qu&rsquo;elle souhaitait que je m&rsquo;impr\u00e8gne de l&rsquo;ambiance, de l&rsquo;\u00e9nergie, afin de pouvoir m&rsquo;y sentir comme chez moi. C&rsquo;\u00e9tait petit, mais tr\u00e8s agr\u00e9able, rang\u00e9, avec des photos de b\u00e9b\u00e9 et des jeux d&rsquo;enfants partout. J&rsquo;\u00e9prouvai imm\u00e9diatement un grand bien-\u00eatre.<\/p>\n\n\n\n<figure class=\"wp-block-image\"><img loading=\"lazy\" decoding=\"async\" width=\"768\" height=\"1024\" src=\"http:\/\/lisarose-moonpearl.com\/wp-content\/uploads\/2019\/03\/25022018694-768x1024.jpg\" alt=\"\" class=\"wp-image-906\" srcset=\"https:\/\/lisarose-moonpearl.com\/wp-content\/uploads\/2019\/03\/25022018694-768x1024.jpg 768w, https:\/\/lisarose-moonpearl.com\/wp-content\/uploads\/2019\/03\/25022018694-225x300.jpg 225w, https:\/\/lisarose-moonpearl.com\/wp-content\/uploads\/2019\/03\/25022018694-1080x1440.jpg 1080w, https:\/\/lisarose-moonpearl.com\/wp-content\/uploads\/2019\/03\/25022018694-600x800.jpg 600w, https:\/\/lisarose-moonpearl.com\/wp-content\/uploads\/2019\/03\/25022018694.jpg 1944w\" sizes=\"(max-width: 768px) 100vw, 768px\" \/><\/figure>\n\n\n\n<p>Ainsi s&rsquo;acheva ma semaine, seul avec Maman. Elle s&rsquo;\u00e9tait tr\u00e8s bien d\u00e9brouill\u00e9e et adorait s&rsquo;occuper de moi. Ce nouveau r\u00f4le, \u00e0 la maison, sans les soucis m\u00e9dicaux (ni tout le personnel m\u00e9dical en orbite autour de nous), lui allait \u00e0 merveille&nbsp;!<\/p>\n\n\n\n<p><strong>Une nouvelle semaine, juste tous les deux : du 26 f\u00e9vrier au 4 mars 2018<\/strong><\/p>\n\n\n\n<p><strong>Lundi 26 f\u00e9vrier 2018<\/strong><\/p>\n\n\n\n<p>Maman m&rsquo;amena chez Roberto, un nouveau kin\u00e9, qui s&rsquo;occupa d&rsquo;elle diff\u00e9remment de Jean-Philippe. Il massa sa cicatrice, l&rsquo;endroit d&rsquo;o\u00f9 j&rsquo;\u00e9tais sorti, \u00e0 peine quelques semaines plus t\u00f4t. Elle lui faisait encore mal et, \u00e0 vrai dire, Maman n&rsquo;aimait pas du tout la toucher. Le fait que quelqu&rsquo;un d&rsquo;autre la palpe, c&rsquo;\u00e9tait diff\u00e9rent&#8230;. Roberto \u00e9tait tr\u00e8s doux et gentil, du coup Maman n&rsquo;eut aucun stress avec lui. Pourtant, se laisser tripoter \u00e0 un endroit si pr\u00e8s de l&rsquo;intimit\u00e9 demandait un sacr\u00e9 l\u00e2cher prise, d&rsquo;autant quand c&rsquo;\u00e9tait avec un inconnu de sexe oppos\u00e9&nbsp;! Mais bon, depuis la grossesse et l&rsquo;accouchement, Maman avait perdu un sacr\u00e9 pourcentage de sa pudeur&#8230;<\/p>\n\n\n\n<p><strong>Mardi 27 f\u00e9vrier 2018<\/strong><\/p>\n\n\n\n<p>Maman me laissa pour la premi\u00e8re fois \u00e0 l&rsquo;essai chez Nanou. Juste un bout de matin\u00e9e. Je fus super heureux, car je l&rsquo;aimais d\u00e9j\u00e0. Et Maman avait enti\u00e8rement confiance en elle. Aucun stress, ni pour elle, ni pour moi, du coup&nbsp;! Maman alla voir son gyn\u00e9co, pour faire le point. C&rsquo;\u00e9tait le protocole. Il voulait savoir comment allait son ventre depuis que je l&rsquo;avais quitt\u00e9 !&nbsp;<\/p>\n\n\n\n<p>L&rsquo;apr\u00e8s midi, nous sommes retourn\u00e9s voir Kolina. Maman avait d\u00e9cid\u00e9 que, d\u00e9sormais, elle ne m&rsquo;am\u00e8nerait voir qu&rsquo;un cheval \u00e0 la fois. C&rsquo;\u00e9tait mieux pour moi, car les deux \u00e0 la suite, cela faisait vraiment trop pour un petit bonhomme comme moi. Kolina \u00e9tait tenue par Philippe, l&rsquo;ami de Maman dont je vous avais d\u00e9j\u00e0 parl\u00e9 \u00e0 plusieurs reprises. Il s&rsquo;occupait toujours de Kolina, comme \u00e7a Maman avait moins de stress. Mais Kolina n&rsquo;\u00e9tait pas tr\u00e8s contente pour autant&nbsp;! Elle profitait abondamment des c\u00e2lins, de l&rsquo;attention et des friandises que lui offrait son papa de substitution. Cependant, rien ne pouvait remplacer sa vraie maman, qui lui manquait toujours autant&#8230;&nbsp;<\/p>\n\n\n\n<p>Je ressentais tr\u00e8s pr\u00e9cis\u00e9ment toutes ses \u00e9motions. Elle \u00e9tait si facile \u00e0 comprendre cette hypersensible qui habitait dans un corps de grande brute&nbsp;! J&rsquo;avais envie de la rassurer, je lui disais en pens\u00e9e que Maman l&rsquo;aimait toujours autant. Mais elle faisait la sourde, elle ne voulait pas m&rsquo;entendre. J&rsquo;\u00e9tais la source de sa souffrance. Pour elle, rien de bon ne pouvait \u00e9maner de moi. J&rsquo;esp\u00e9rais du fond du c\u0153ur que, d&rsquo;ici quelques temps, nos rapport se bonifieraient&#8230;<\/p>\n\n\n\n<p>Le soir, Maman me fit mon premier massage. J&rsquo;appr\u00e9ciai ce petit moment de complicit\u00e9 et d&rsquo;intimit\u00e9, assez diff\u00e9rent de ceux que je connaissais jusqu&rsquo;\u00e0 pr\u00e9sent. C&rsquo;\u00e9tait doux et relaxant. Mon corps entier aimait le contact de ses mains. Ces sensations me rappel\u00e8rent l&rsquo;\u00e9poque o\u00f9 j&rsquo;\u00e9tais encore dans son ventre. Mais au bout de quelques minutes, je n&rsquo;eus plus tr\u00e8s chaud et je fus bien content qu&rsquo;elle me rhabille et me serre \u00e0 nouveau tout contre elle.<\/p>\n\n\n\n<p><strong>Mercredi 28 f\u00e9vrier.<\/strong><\/p>\n\n\n\n<p>Nous sommes retourn\u00e9s voir Roberto, le matin. Maman m&rsquo;expliqua quelle devait y aller tr\u00e8s r\u00e9guli\u00e8rement afin que la cicatrisation se fasse au mieux et qu&rsquo;il n&rsquo;y ait pas d&rsquo;adh\u00e9rence.&nbsp;<\/p>\n\n\n\n<p>Ensuite, nous avons pass\u00e9 un petit moment chez une autre nounou du Barcar\u00e8s. Maman m&rsquo;expliqua que ce n&rsquo;\u00e9tait pas pour qu&rsquo;elle me garde, mais simplement pour faire sa connaissance. Cette dame avait vu Maman enceinte, l&rsquo;\u00e9t\u00e9 dernier, lors de ses d\u00e9buts de recherche de nounou. Elle m&rsquo;offrit un bonnet et des chaussons super jolis, noirs et bleu azur, qu&rsquo;elle avait tricot\u00e9s \u00e0 la main. Maman, tr\u00e8s touch\u00e9e, lui laissa, \u00e0 son tour, comme pr\u00e9sent, un exemplaire de son tout nouveau livre&nbsp;: le tome I de ses \u00ab&nbsp;<em>Conversations entre Maylen&rsquo; et Kaolin&rsquo;&nbsp;<\/em>\u00bb.<\/p>\n\n\n\n<figure class=\"wp-block-image\"><img loading=\"lazy\" decoding=\"async\" width=\"768\" height=\"1024\" src=\"http:\/\/lisarose-moonpearl.com\/wp-content\/uploads\/2019\/03\/02032018714-768x1024.jpg\" alt=\"\" class=\"wp-image-907\" srcset=\"https:\/\/lisarose-moonpearl.com\/wp-content\/uploads\/2019\/03\/02032018714-768x1024.jpg 768w, https:\/\/lisarose-moonpearl.com\/wp-content\/uploads\/2019\/03\/02032018714-225x300.jpg 225w, https:\/\/lisarose-moonpearl.com\/wp-content\/uploads\/2019\/03\/02032018714-1080x1440.jpg 1080w, https:\/\/lisarose-moonpearl.com\/wp-content\/uploads\/2019\/03\/02032018714-600x800.jpg 600w, https:\/\/lisarose-moonpearl.com\/wp-content\/uploads\/2019\/03\/02032018714.jpg 1944w\" sizes=\"(max-width: 768px) 100vw, 768px\" \/><\/figure>\n\n\n\n<p>L&rsquo;apr\u00e8s-midi, second rendez-vous chez le kin\u00e9, mais, cette fois-ci, pour moi et avec Jean-Philippe&nbsp;! Il me malaxa de nouveau dans tous les sens&nbsp;! C&rsquo;\u00e9tait la troisi\u00e8me fois,&nbsp;je commen\u00e7ais \u00e0 \u00eatre habitu\u00e9. Cependant, moi qui adorait me cambrer et porter ma t\u00eate bien vers l&rsquo;arri\u00e8re, je ne supportais pas qu&rsquo;il me plie en deux, en enroulant ma colonne comme si j&rsquo;\u00e9tais un escargot&nbsp;! J&rsquo;aimais me tenir droit et fier, moi, dominant&nbsp;! Et non courb\u00e9 et asservi&nbsp;!<\/p>\n\n\n\n<p>Maman avait re\u00e7u les faire-parts la veille. Elle donna \u00e0 Jean-Phi l&rsquo;exemplaire qui lui \u00e9tait destin\u00e9. Elle lui demanda cependant de n&rsquo;ouvrir l&rsquo;enveloppe qu&rsquo;une fois que nous serions partis&#8230; Elle lui avait \u00e9crit, au dos, un petit mot tr\u00e8s personnel, dans lequel elle lui demandait d&rsquo;\u00eatre son parrain. Elle avait peur qu&rsquo;il ait une vie trop remplie pour s&rsquo;occuper, en plus, de la mienne&nbsp;!<\/p>\n\n\n\n<p>Elle avait eu tort de douter de son intuition. Le soir, mes deux parents re\u00e7urent en m\u00eame temps, bien qu&rsquo;\u00e0 plus de 100 km d&rsquo;intervalle, le sms suivant :<\/p>\n\n\n\n<p>\u00ab&nbsp;C&rsquo;est avec un immmmmmense plaisir que j&rsquo;accepte d&rsquo;\u00eatre le parrain d&rsquo;Angelo.&nbsp;<\/p>\n\n\n\n<p>\u00c7a me touche beaucoup que vous ayez pens\u00e9 \u00e0 moi.<\/p>\n\n\n\n<p>Je m&rsquo;occuperai de son \u00e9ducation spirituelle.<\/p>\n\n\n\n<p>\u00c7a va filer droit au Tibet pour ses 18 ans cette histoire&#8230;<\/p>\n\n\n\n<p>Je vous embrasse tous les 3. J-Phi.&nbsp;\u00bb<\/p>\n\n\n\n<p>Nous avons \u00e9t\u00e9 super contents tous les trois&nbsp;! D&rsquo;ailleurs, je pense que c&rsquo;est aussi gr\u00e2ce \u00e0 cette bonne nouvelle que, ce soir-l\u00e0, je dormis comme un bien-heureux. Evidemment, il y avait aussi l&rsquo;effet de la s\u00e9ance d&rsquo;ost\u00e9opathie elle-m\u00eame, qui m&rsquo;avait sainement fatigu\u00e9 et obligeait d\u00e9sormais mon corps \u00e0 se r\u00e9g\u00e9n\u00e9rer et \u00e0 se recharger en bonne \u00e9nergie.<\/p>\n\n\n\n<p><strong>Jeudi 1er mars<\/strong><\/p>\n\n\n\n<p>Ce jour-l\u00e0, ce fut ma marraine, Graziella, qui vint faire un tour \u00e0 la maison voir son petit filleul&nbsp;! Elle \u00e9tait comme parrain, pleine de sourires, de joie, de bonheur. Une porteuse de lumi\u00e8re. J&rsquo;ai de la chance d&rsquo;\u00eatre envelopp\u00e9 par l&rsquo;amour de ces deux \u00eatres lumineux (en plus de toute ma famille \u00e9videmment !)&lt;3<\/p>\n\n\n\n<p><strong>Vendredi 2 mars<\/strong><\/p>\n\n\n\n<p>Ce matin, nous sommes retourn\u00e9s voir Laure, la sage-femme pr\u00e9f\u00e9r\u00e9e de Maman. Visite de routine, \u00e0 son cabinet, pour elle et moi. Tout allait bien. La mycose \u00e9tait partie, le sein de maman, ma bouche et mes fesses \u00e9taient de nouveau impeccables.<\/p>\n\n\n\n<p>L&rsquo;apr\u00e8s-midi, autre sortie, pour aller voir Duende&nbsp;! Cette fois-ci, Maman me laissa dans la voiture, confortablement install\u00e9 et super bien emmitoufl\u00e9 dans mon transat, qu&rsquo;elle avait pos\u00e9 dans le coffre, sur la grande planche qui recouvre ses caisses de cours. Je pus observer, \u00e0 loisir, le paysage, les chevaux, et l&rsquo;ensemble de l&rsquo;\u00e9curie, tout en \u00e9tant \u00e0 l&rsquo;abri du vent et du froid. Maman brossa Duende devant moi, afin que je ne perde pas une miette de ce qu&rsquo;elle faisait. Duendinou \u00e9tait calme et je le sentais tr\u00e8s heureux d&rsquo;avoir sa maman tout \u00e0 lui. Ils jou\u00e8rent ensuite ensemble dans la carri\u00e8re, juste \u00e0 c\u00f4t\u00e9 de la voiture, renouant enfin avec leur complicit\u00e9 d&rsquo;avant mon arriv\u00e9e. M\u00eame s&rsquo;il en avait moins souffert que Kolina, Duende profitait pleinement de ces moments de bonheur retrouv\u00e9s. Et Maman&nbsp;! Je ne vous en parle m\u00eame pas&nbsp;! Cependant, mon estomac les contraignit \u00e0 mettre fin \u00e0 leurs \u00e9bats plus pr\u00e9cocement, sans doute, que ce qu&rsquo;ils auraient souhait\u00e9&nbsp;!<\/p>\n\n\n\n<figure class=\"wp-block-image\"><img loading=\"lazy\" decoding=\"async\" width=\"961\" height=\"1024\" src=\"http:\/\/lisarose-moonpearl.com\/wp-content\/uploads\/2019\/03\/3\u00e8me-mois-voiture-961x1024.jpg\" alt=\"\" class=\"wp-image-908\" srcset=\"https:\/\/lisarose-moonpearl.com\/wp-content\/uploads\/2019\/03\/3\u00e8me-mois-voiture-961x1024.jpg 961w, https:\/\/lisarose-moonpearl.com\/wp-content\/uploads\/2019\/03\/3\u00e8me-mois-voiture-281x300.jpg 281w, https:\/\/lisarose-moonpearl.com\/wp-content\/uploads\/2019\/03\/3\u00e8me-mois-voiture-768x819.jpg 768w, https:\/\/lisarose-moonpearl.com\/wp-content\/uploads\/2019\/03\/3\u00e8me-mois-voiture-1080x1151.jpg 1080w, https:\/\/lisarose-moonpearl.com\/wp-content\/uploads\/2019\/03\/3\u00e8me-mois-voiture-600x640.jpg 600w, https:\/\/lisarose-moonpearl.com\/wp-content\/uploads\/2019\/03\/3\u00e8me-mois-voiture.jpg 1944w\" sizes=\"(max-width: 961px) 100vw, 961px\" \/><\/figure>\n\n\n\n<p><strong>Samedi 3 mars<\/strong><\/p>\n\n\n\n<p>Aujourd&rsquo;hui encore, les occupations de Maman furent multiples. Je commen\u00e7ais \u00e0 m&rsquo;y faire&nbsp;! La plus sympathique fut de retourner voir Duende. Mais Maman ne s&rsquo;occupa pas du tout de lui comme hier. En fait, des amis l&rsquo;avait rejointe aux \u00e9curies&nbsp;: Pauline, une de ses anciennes \u00e9l\u00e8ves, passionn\u00e9e par les chevaux, et Marc, son Papa. Nous part\u00eemes nous promener. Pauline prit Duende en main, pendant que Maman me poussait, toute fi\u00e8re, et que Marc prenait des photos de ces bons moments partag\u00e9s. Duende \u00e9tait super zen et moi tr\u00e8s heureux d&rsquo;\u00eatre de nouveau en sa compagnie. Je le kiffe ce gros nounours&nbsp;!<\/p>\n\n\n\n<figure class=\"wp-block-image\"><img loading=\"lazy\" decoding=\"async\" width=\"1024\" height=\"869\" src=\"http:\/\/lisarose-moonpearl.com\/wp-content\/uploads\/2019\/03\/IMG_7535-1024x869.jpg\" alt=\"\" class=\"wp-image-918\" srcset=\"https:\/\/lisarose-moonpearl.com\/wp-content\/uploads\/2019\/03\/IMG_7535-1024x869.jpg 1024w, https:\/\/lisarose-moonpearl.com\/wp-content\/uploads\/2019\/03\/IMG_7535-300x255.jpg 300w, https:\/\/lisarose-moonpearl.com\/wp-content\/uploads\/2019\/03\/IMG_7535-768x652.jpg 768w, https:\/\/lisarose-moonpearl.com\/wp-content\/uploads\/2019\/03\/IMG_7535-1080x916.jpg 1080w, https:\/\/lisarose-moonpearl.com\/wp-content\/uploads\/2019\/03\/IMG_7535-600x509.jpg 600w\" sizes=\"(max-width: 1024px) 100vw, 1024px\" \/><\/figure>\n\n\n\n<figure class=\"wp-block-image\"><img loading=\"lazy\" decoding=\"async\" width=\"1024\" height=\"683\" src=\"http:\/\/lisarose-moonpearl.com\/wp-content\/uploads\/2019\/03\/IMG_7536-1024x683.jpg\" alt=\"\" class=\"wp-image-917\" srcset=\"https:\/\/lisarose-moonpearl.com\/wp-content\/uploads\/2019\/03\/IMG_7536-1024x683.jpg 1024w, https:\/\/lisarose-moonpearl.com\/wp-content\/uploads\/2019\/03\/IMG_7536-300x200.jpg 300w, https:\/\/lisarose-moonpearl.com\/wp-content\/uploads\/2019\/03\/IMG_7536-768x512.jpg 768w, https:\/\/lisarose-moonpearl.com\/wp-content\/uploads\/2019\/03\/IMG_7536-1080x720.jpg 1080w, https:\/\/lisarose-moonpearl.com\/wp-content\/uploads\/2019\/03\/IMG_7536-600x400.jpg 600w\" sizes=\"(max-width: 1024px) 100vw, 1024px\" \/><\/figure>\n\n\n\n<p><strong>Dimanche 4 mars,&nbsp;<\/strong><\/p>\n\n\n\n<p>La semaine se termina en apoth\u00e9ose&#8230; Oma arriva \u00e0 la maison avec une gentille dame, qui, d&rsquo;apr\u00e8s ce que m&rsquo;a dit Maman, portait le nom \u00e9trange de \u00ab&nbsp;Blablacar&nbsp;\u00bb&#8230;<\/p>\n\n\n\n<p>Du coup Maman partit voir sa Kolina ch\u00e9rie. Exactement 7 semaines et 3 jours apr\u00e8s la c\u00e9sarienne, elle avait d\u00e9cid\u00e9 de remonter \u00e0 cheval&nbsp;! Cette Maman, quel ph\u00e9nom\u00e8ne&nbsp;! Les deux femelles se retrouv\u00e8rent enfin (presque) comme avant mon arriv\u00e9e invasive&nbsp;! Leur relation \u00e0 pied, c&rsquo;\u00e9tait une chose, mais ce qu&rsquo;elles pr\u00e9f\u00e9raient toutes les deux, c&rsquo;\u00e9tait lorsque Mamam chevauchait Kolina et qu&rsquo;elles ne faisaient alors vraiment plus qu&rsquo;UNE. Elle furent toutes les deux infiniment heureuses de ce moment tant attendu&nbsp;!<\/p>\n\n\n\n<p>Le soir-m\u00eame, nous nous rend\u00eemes tous les trois, avec Maman et Oma, chez une dame tr\u00e8s gentille. Je la reconnus imm\u00e9diatement&nbsp;! B\u00e9atrice s&rsquo;\u00e9tait occup\u00e9e de nous \u00e0 l&rsquo;h\u00f4pital. C&rsquo;\u00e9tait une infirmi\u00e8re tr\u00e8s, tr\u00e8s gentille. Le courant \u00e9tait tout de suite pass\u00e9 entre elle et Maman. Entre temps, sa fille avait eu besoin de cours de maths&nbsp;et \u00e9tait venue \u00e0 la maison pour un DM&nbsp;! Leur maison \u00e9tait un v\u00e9ritable havre de paix, dans lequel r\u00e9gnait une ambiance douce, avec une agr\u00e9able lumi\u00e8re tamis\u00e9e. Nous avons pass\u00e9 un tr\u00e8s joli moment, avec cet \u00eatre de lumi\u00e8re&#8230;&nbsp;<\/p>\n\n\n\n<p>Quelle semaine charg\u00e9e&nbsp;! Plein de trucs tous les jours&nbsp;! Maman \u00e9tait tr\u00e8s fatigu\u00e9e, du coup. Elle fut sur la br\u00e8che non stop, sans pouvoir se reposer sur Papa. Mais elle avait tout tr\u00e8s bien g\u00e9r\u00e9 et, d\u00e9sormais, Oma lui donnait de nouveau un coup de main. M\u00eame si Papa nous manquait, nous \u00e9tions tr\u00e8s heureux tous les deux, si fusionnels &lt;3.<\/p>\n\n\n\n<p>Cette semaine, Maman avait eu des cours \u00e0 la maison tous les jours. Finies les vacances, un mois et demi apr\u00e8s l&rsquo;accouchement. Elle avait m\u00eame redonn\u00e9 son premier cours trois semaines et six jours apr\u00e8s ma naissance, \u00e0 peine quatre jours apr\u00e8s le retour \u00e0 l&rsquo;h\u00f4pital&#8230; Mais j&rsquo;\u00e9tais persuad\u00e9 que si nous n&rsquo;avions pas passer quinze jours de plus \u00e0 l&rsquo;h\u00f4pital, ses \u00e9l\u00e8ves lui auraient saut\u00e9 dessus au retour de la maternit\u00e9&nbsp;!<\/p>\n\n\n\n<p>D&rsquo;ailleurs je vais vous avouer quelque chose&nbsp;: ce s\u00e9jour \u00e0 l&rsquo;h\u00f4pital avait eu sa raison d&rsquo;\u00eatre. Maman avait toujours trop \u00e9t\u00e9 au service des gens, de ses \u00e9l\u00e8ves, notamment. Evidemment, ils \u00e9taient son gagne-pain, mais pas seulement. Elle s&rsquo;occupait en r\u00e9alit\u00e9 souvent davantage d&rsquo;\u00e9trangers que des gens qui lui \u00e9taient proches. Elle avait besoin que tout le monde l&rsquo;appr\u00e9cie. Mais depuis que j&rsquo;\u00e9tais l\u00e0, elle avait \u00e9t\u00e9 oblig\u00e9e de dire non. Et, d&rsquo;apr\u00e8s moi, elle ne le faisait pas encore assez&nbsp;!<\/p>\n\n\n\n<p>Mes anges gardiens avaient fait ce qu&rsquo;il fallait pour que je devienne sa PRIORIT\u00c9 ABSOLUE. J&rsquo;\u00e9tais pass\u00e9 devant tout le reste&nbsp;: le travail, les chevaux&#8230; Mais elle avait pu continuer \u00e0 \u00e9crire. C&rsquo;\u00e9tait tr\u00e8s important, parce que quand elle \u00e9crit, elle est reli\u00e9e au sacr\u00e9 et cette connexion renforce son r\u00f4le de maman&#8230;<\/p>\n\n\n\n<p>Du coup, du 11 janvier au 3 f\u00e9vrier, Maman fut, au sens propre comme au sens figur\u00e9, mise sous cloche, telle la rose du petit Prince&nbsp;: sous cloche et choy\u00e9e. Elle v\u00e9cut r\u00e9ellement tout ce temps derri\u00e8re des vitres ! Le g\u00eete et le couvert lui \u00e9taient assur\u00e9s, elle n&rsquo;avait eu mat\u00e9riellement besoin de rien. Elle n&rsquo;avait eu qu&rsquo;\u00e0 se pr\u00e9occuper et \u00e0 s&rsquo;occuper que de moi, et aussi un peu d&rsquo;elle, quand je le lui permettais. Son temps avait \u00e9t\u00e9 partag\u00e9 entre son b\u00e9b\u00e9 d&rsquo;amour et son futur autre b\u00e9b\u00e9, un livre dans lequel elle \u00e9voquait notre relation au cours de sa grossesse (\u00ab&nbsp;<em>Conversations entre Maylen&rsquo; et Kaolin&rsquo;&nbsp;\u00bb,<\/em>tome II). Toute sa vie avait tourn\u00e9 exclusivement autour de moi&nbsp;!<\/p>\n\n\n\n<p>Avec un mois de recul, maintenant que j&rsquo;allais beaucoup mieux, grossissant notamment \u00e0 vue d&rsquo;oeil&nbsp;!, je voyais cette p\u00e9riode davantage comme un cadeau, plut\u00f4t que comme une difficile \u00e9preuve. Maman avait \u00e9t\u00e9 toute \u00e0 moi, ce qui avait scell\u00e9 notre lien de mani\u00e8re encore plus profonde et fusionnelle. Mais pas seulement avec Maman&nbsp;: avec Papa aussi. Il s&rsquo;\u00e9tait d\u00e9men\u00e9 comme jamais pour nous voir au maximum et pour que nous ne manquions pas une seule minute de quoi que ce soit. Il nous avait apport\u00e9 une aide sans doute bien plus inestimable que si Maman et moi \u00e9tions rentr\u00e9s tranquillement \u00e0 la maison apr\u00e8s les quatre jours protocolaires \u00e0 la maternit\u00e9. J&rsquo;en avais tir\u00e9 une bonne le\u00e7on&nbsp;: dans la vie, les obstacles apportaient souvent bien plus qu&rsquo;ils n&rsquo;enlevaient&#8230;&nbsp;<\/p>\n\n\n\n<p>Nous \u00e9tions d\u00e9sormais, plus que jamais, une famille&nbsp;: li\u00e9s par les g\u00e8nes, le sang, l&rsquo;amour, la souffrance, la maladie, la gu\u00e9rison&#8230; Mes parents avaient eu si peur de me perdre que j&rsquo;avais pris encore plus de valeur \u00e0 leurs yeux (si, si&nbsp;! C&rsquo;est possible!). Ils s&rsquo;\u00e9taient soud\u00e9s, de surcro\u00eet, tr\u00e8s solidement avant le d\u00e9part de Papa. Puis, heureusement, Maman avait, dans les premiers temps avec moi, re\u00e7u beaucoup de conseils et de soutien. Ce n&rsquo;\u00e9tait ni facile, ni de tout repos de s&rsquo;occuper d&rsquo;un nourrisson \u00e0 100%, jour et nuit, quand on ne l&rsquo;avait jamais fait. Elle ne l&rsquo;avait pas appris \u00e0 l&rsquo;\u00e9cole \u00e7a, ma maman&nbsp;!!! Les sages femmes et infirmi\u00e8res l&rsquo;aid\u00e8rent beaucoup \u00e0 traverser cette retraite d&rsquo;ermite&#8230;<\/p>\n\n\n\n<p><strong>Derni\u00e8re semaine de mon 2\u00e8me mois&nbsp;: du lundi 5 mars au dimanche 11 mars<\/strong><\/p>\n\n\n\n<p>Semaine charg\u00e9e pour Maman, mais moins pour moi. Oma me gardait quand Maman partait, du coup pas besoin d&rsquo;\u00eatre trimball\u00e9 \u00e0 droite et \u00e0 gauche.<\/p>\n\n\n\n<p><strong>Lundi 5 mars<\/strong><\/p>\n\n\n\n<p>Maman \u00e9tait tr\u00e8s en forme. Avec Oma, elles firent du m\u00e9nage et du rangement. Grand nettoyage de la cuisine, qui en avait bien besoin,pour commencer. Puis tri de mes v\u00eatements. Je ne rentrais plus dans du trois mois, il \u00e9tait temps de changer ma garde robe&nbsp;!<\/p>\n\n\n\n<p><strong>Mardi 6 mars<\/strong><\/p>\n\n\n\n<p>Maman retourna monter, pour la deuxi\u00e8me fois depuis l&rsquo;accouchement. Ce fut au tour de Duendinou cette fois-ci. Elle se r\u00e9gala comme avec Kolina. Je me souvenais quand j&rsquo;\u00e9tais dans son ventre et qu&rsquo;elle montait. Elle l&rsquo;avait fait jusqu&rsquo;\u00e0 mes six mois&nbsp;! C&rsquo;\u00e9tait agr\u00e9able, \u00e7a me ber\u00e7ait, me massait, m&rsquo;endormait&#8230; Depuis, j&rsquo;adorais \u00eatre balanc\u00e9 \u00e0 droite, \u00e0 gauche, etc. D&rsquo;ailleurs, Papa l&rsquo;avait bien compris. C&rsquo;\u00e9tait son r\u00f4le de me bercer pour m&rsquo;endormir. Mais il fallait qu&rsquo;il me berce toujours vigoureusement pour que \u00e7a marche&nbsp;! Comme sur un cheval&nbsp;!<\/p>\n\n\n\n<p><strong>Jeudi 8 mars<\/strong><\/p>\n\n\n\n<p>Maman m&rsquo;amena faire une \u00e9chographie des reins. C&rsquo;\u00e9tait juste un examen de contr\u00f4le. La py\u00e9lon\u00e9phrite pouvait endommager le rein, si elle n&rsquo;\u00e9tait pas prise \u00e0 temps. Mais ce ne fut pas mon cas, Dieu soit lou\u00e9. Mes reins allaient tr\u00e8s bien, aucune s\u00e9quelle. Encore un signe de nos anges gardiens&#8230; Tout allait bien, d\u00e9sormais. Plus de traces de cette vilaine \u00e9preuve.<\/p>\n\n\n\n<p><strong>Vendredi 9 mars<\/strong><\/p>\n\n\n\n<p>Oma repartit comme elle \u00e9tait arriv\u00e9e, juste au retour de Maman de son rendez-vous hebdomadaire avec son kin\u00e9, Roberto.&nbsp;<\/p>\n\n\n\n<p>Du coup, pour aller travailler l&rsquo;apr\u00e8s-midi, Maman m&rsquo;amena pour la deuxi\u00e8me fois chez Nanou. C&rsquo;\u00e9tait super bien. Il y avait Ma\u00eblys, sa fille. Je l&rsquo;aimais d\u00e9j\u00e0, elle aussi. Elle \u00e9tait adorable avec moi, comme sa maman. J&rsquo;\u00e9tais super heureux de passer du temps ici quand Maman devait aller travailler. Elle m&rsquo;a manqu\u00e9 et me manquerait forc\u00e9ment encore, mais je ne pouvais vraiment pas r\u00eaver mieux comme seconde Maman et second foyer&#8230;<\/p>\n\n\n\n<p><strong>Samedi 10 mars<\/strong><\/p>\n\n\n\n<p>Maman m&rsquo;amena, pour la premi\u00e8re fois depuis ma naissance, dans un salon du livre&nbsp;: les Bacchanales, \u00e0 Saint-Laurent-de-la Salanque.&nbsp;<\/p>\n\n\n\n<p>J&rsquo;en avais fait toute une s\u00e9rie, d\u00e9j\u00e0, d&rsquo;\u00e9v\u00e8nements litt\u00e9raires, lorsque j&rsquo;\u00e9tais bien au chaud dans son ventre. Pour la sortie de son conte pour la jeunesse, \u00ab&nbsp;<em>DIAMOR, conte nanotechnologique<\/em>&nbsp;\u00bb, Maman avait rencontr\u00e9 plusieurs responsables de CDI de coll\u00e8ges et lyc\u00e9es, afin d&rsquo;organiser une pr\u00e9sentation aux \u00e9l\u00e8ves. D&rsquo;abord le coll\u00e8ge Jean Moulin de Perpignan, le 25 avril, puis le coll\u00e8ge Marcel Pagnol, le 12 mai, et le lyc\u00e9e de Th\u00e9za, le 15 mai, sans oublier la v\u00e9ritable pr\u00e9sentation face aux \u00e9l\u00e8ves au coll\u00e8ge de Sigean, le 1er juin. Cette derni\u00e8re intervention avait \u00e9t\u00e9 rendue possible gr\u00e2ce \u00e0 Myriam, l&rsquo;amie de Maman, qui y enseignait le fran\u00e7ais.&nbsp;<\/p>\n\n\n\n<p>Suite \u00e0 la sortie de \u00ab&nbsp;<em>LO\u00cfS, clone, neurobiologiste, biandre<\/em>&nbsp;\u00bb, fin juin, Maman avait encha\u00een\u00e9 les s\u00e9ances de d\u00e9dicaces. Pour DIAMOR, encore, elle s&rsquo;\u00e9tait rendu, \u00e0 chaque fois en compagnie de l&rsquo;illustrateur, Christophe, au salon du livre de Narbonne, le 14 mai, puis au Super U de Prades, le 23 juin. Le rayon librairie \u00e9tait tenu par un autre auteur tr\u00e8s sympathique, qui sortait ses livres chez le m\u00eame \u00e9diteur que Maman. Ce fut d&rsquo;ailleurs ce jour-l\u00e0, lors de leur d\u00e9jeuner au restaurant en t\u00eate \u00e0 t\u00eate, que Maman avait annonc\u00e9 \u00e0 son collaborateur et ami, Christophe, la bonne nouvelle&nbsp;! Il avait \u00e9t\u00e9 tellement heureux&nbsp;! Depuis qu&rsquo;il la connaissait, il trouvait que justement ce qui manquait \u00e0 Maman, pour \u00eatre pleinement \u00e9panouie et heureuse, c&rsquo;\u00e9tait un b\u00e9b\u00e9 d&rsquo;amour&#8230;<\/p>\n\n\n\n<p>Cons\u00e9cutivement \u00e0 la sortie de \u00ab&nbsp;<em>LO\u00cfS, &#8230;&nbsp;\u00bb<\/em>, Maman s&rsquo;\u00e9tait rendue, avec moi, au Tabac-Presse de Laroque-des-Alb\u00e8res, le 29 juin, puis \u00e0 M\u00e9diath\u00e8que des Angles, le 12 juillet, ainsi qu&rsquo;au rayon librairie d&rsquo;Auchan, o\u00f9 travaillait justement Christophe, le 15 juillet. Elle avait encha\u00een\u00e9, en ao\u00fbt, \u00e0 la librairie de Saint Cyprien, le 3, puis \u00e0 la biblioth\u00e8que de Ria, le 4, et, le 6, elle avait pris part, avec bon nombre d&rsquo;autres auteurs locaux, \u00e0 la Trobada Litt\u00e9raire de Villefranche-de-Conflent.&nbsp;<\/p>\n\n\n\n<p>Et ce n&rsquo;\u00e9tait toujours pas fini&nbsp;! Alors autant vous dire qu&rsquo;entre la fatigue, due \u00e0 ma croissance exponentielle, et tous ces \u00e9v\u00e8nements litt\u00e9raires, cet \u00e9t\u00e9-l\u00e0 Maman n&rsquo;eut vraiment pas assez de temps et d&rsquo;\u00e9nergie pour \u00e9crire comme de coutume&#8230; Elle s&rsquo;est \u00ab&nbsp;content\u00e9&nbsp;\u00bb de mettre en forme le premier tome de ses \u00ab<em>&nbsp;Conversations entre Maylen&rsquo; et Kaolin&rsquo;&nbsp;\u00bb<\/em>, qu&rsquo;elle voulut, notamment vues les circonstances, beaucoup plus court que ses derniers \u00e9crits. Elle avait profit\u00e9 de l&rsquo;\u00e9t\u00e9, p\u00e9riode professionnellement creuse pour elle, et de ses derniers mois avant ma naissance pour faire le maximum de promotion dans son autre domaine d&rsquo;activit\u00e9, la cr\u00e9ation litt\u00e9raire.&nbsp;<\/p>\n\n\n\n<p>Elle avait poursuivi ses d\u00e9dicaces et pr\u00e9sentations de ses ouvrages \u00e0 la biblioth\u00e8que de Caramany, le 10 ao\u00fbt, puis \u00e0 l&rsquo;Espace Culture du Leclerc Polygone Nord, le 19 ao\u00fbt. Vint ensuite un \u00e9v\u00e9nement d&rsquo;importance, o\u00f9 nous retrouv\u00e2mes mes futurs Oma et Grand-Pa, apr\u00e8s une longue route&#8230; Il s&rsquo;agissait du premier festival du livre de Lalinde, en Dordogne, le week-end du 26 &amp; 27 ao\u00fbt. Dans cette ville avait v\u00e9cu, il y a fort longtemps, mon arri\u00e8re grand-m\u00e8re, la maman de Grand-pa&#8230; C&rsquo;\u00e9tait la raison pour laquelle ma maman et ses parents avait \u00e9t\u00e9 invit\u00e9s en ce lieu, si \u00e9loign\u00e9 de leur r\u00e9sidence respective.<\/p>\n\n\n\n<p>Malgr\u00e9 la rentr\u00e9e et son \u00e9tat de grossesse de plus en plus avanc\u00e9, Maman ne s&rsquo;\u00e9tait pas arr\u00eat\u00e9 l\u00e0. Elle m&rsquo;avait fait d\u00e9couvrir encore bien d&rsquo;autres lieux et \u00e9v\u00e9nements&nbsp;! Le salon du livre de Collioure, le 2 septembre, puis une belle soir\u00e9e de d\u00e9dicace \u00e0 la biblioth\u00e8que de Ponteilla, o\u00f9 elle \u00e9tait tr\u00e8s appr\u00e9ci\u00e9e, le 16 septembre, sans oublier une rencontre avec le cercle des lecteurs de la biblioth\u00e8que de Saint-Laurent, le 12 octobre. Elle avait \u00e9t\u00e9 invit\u00e9e ensuite \u00e0 deux salons locaux&nbsp;: celui \u00ab&nbsp;du livre et du chocolat&nbsp;\u00bb de Sainte-Marie-la-Mer, le 22 octobre et celui du livre (seul!) de Saint-Paul-de-Fenouillet, le 4 novembre.&nbsp;<\/p>\n\n\n\n<p>Elle avait fini en apot\u00e9ose, par une conf\u00e9rence &#8211; table ronde &#8211; d\u00e9dicace dans la grande salle de la mairie de Saint-Laurent, le 10 novembre. Son dernier \u00e9v\u00e9nement litt\u00e9raire avant mon arriv\u00e9e en chair et en os \u00e0 ses c\u00f4t\u00e9s&nbsp;!&nbsp;<\/p>\n\n\n\n<p>A ce nouveau rendez-vous, les \u00ab&nbsp;Bacchanales&nbsp;\u00bb, \u00e0 Saint-Laurent-de-la -Salanque, ce samedi 10 mars 2018, je fus sage comme une image, ou plut\u00f4t devrais-je dire \u00ab&nbsp;sage comme un ouvrage&nbsp;!&nbsp;\u00bb. Je passai mon temps \u00e0 dormir et \u00e0 t\u00e9ter, mes deux activit\u00e9s favorites. Les gens autour de nous ne me d\u00e9rangeaient pas du tout. J&rsquo;\u00e9tais avec Maman, alternativement dans la poussette ou dans ses bras. Le bonheur&#8230;<\/p>\n\n\n\n<figure class=\"wp-block-image\"><img loading=\"lazy\" decoding=\"async\" width=\"860\" height=\"1024\" src=\"http:\/\/lisarose-moonpearl.com\/wp-content\/uploads\/2019\/03\/3\u00e8me-mois-bacchanales--860x1024.jpg\" alt=\"\" class=\"wp-image-909\" srcset=\"https:\/\/lisarose-moonpearl.com\/wp-content\/uploads\/2019\/03\/3\u00e8me-mois-bacchanales--860x1024.jpg 860w, https:\/\/lisarose-moonpearl.com\/wp-content\/uploads\/2019\/03\/3\u00e8me-mois-bacchanales--252x300.jpg 252w, https:\/\/lisarose-moonpearl.com\/wp-content\/uploads\/2019\/03\/3\u00e8me-mois-bacchanales--768x915.jpg 768w, https:\/\/lisarose-moonpearl.com\/wp-content\/uploads\/2019\/03\/3\u00e8me-mois-bacchanales--1080x1286.jpg 1080w, https:\/\/lisarose-moonpearl.com\/wp-content\/uploads\/2019\/03\/3\u00e8me-mois-bacchanales--600x715.jpg 600w\" sizes=\"(max-width: 860px) 100vw, 860px\" \/><figcaption>bdr<\/figcaption><\/figure>\n\n\n\n<p>S\u00e9verine, une amie de Maman, passa nous voir avec sa fille Ambre. Elle annon\u00e7a \u00e0 Maman qu&rsquo;elle \u00e9tait enceinte de trois mois. Enfin&nbsp;! Il avait pris du temps pour s&rsquo;annoncer, ce second b\u00e9b\u00e9&nbsp;! Elle sentait que c&rsquo;\u00e9tait un gar\u00e7on&#8230; Et sa grande fille \u00e9tait heureuse d&rsquo;avoir bient\u00f4t un poupon \u00e0 la maison. S\u00e9verine nous avait amen\u00e9 des cadeaux&nbsp;: de tr\u00e8s mignons v\u00eatements de gar\u00e7on pour moi&#8230; Elle expliqua \u00e0 Maman qu&rsquo;elle avait trop pens\u00e9 \u00e0 son futur b\u00e9b\u00e9 en les achetant&nbsp;!<\/p>\n\n\n\n<p>Myriam, l&rsquo;amie de Maman, prof de fran\u00e7ais, dont je vous ai d\u00e9j\u00e0 parl\u00e9 \u00e0 plusieurs reprises, est pass\u00e9e aussi amener des v\u00eatements qui avaient appartenus \u00e0 ses deux gar\u00e7ons, maintenant presque adultes&nbsp;!<\/p>\n\n\n\n<p>En fin d&rsquo;apr\u00e8s-midi, Maman m&rsquo;amena chez Nanou, un petit moment, pour aller travailler. Et qui vint me chercher ??? Ce fut Papa&nbsp;!!! Quelle merveilleuse surprise&nbsp;! Il \u00e9tait enfin rentr\u00e9 du ski, pour de bon&nbsp;! J&rsquo;\u00e9tais trop content &lt;3<\/p>\n\n\n\n<p><strong>Dimanche 11 mars<\/strong><\/p>\n\n\n\n<p>Papa profita \u00e0 fond de nous, et surtout de moi&nbsp;! J&rsquo;avais beaucoup chang\u00e9 depuis son d\u00e9part un mois plus t\u00f4t. M\u00eame s&rsquo;il \u00e9tait descendu chaque semaine pour nous voir, il n&rsquo;\u00e9tait jamais rest\u00e9 tr\u00e8s longtemps, une ou deux paires d&rsquo;heures maximum. Et bien souvent, alors, je dormais ou, parfois, je d\u00e9chargeais car c&rsquo;\u00e9tait le soir&#8230; D\u00e9sormais, il pouvait profiter de moi des heures enti\u00e8res.&nbsp;<\/p>\n\n\n\n<p>Maman, de son c\u00f4t\u00e9, s&rsquo;affaira au jardin, pendant que Papa et moi ne nous quittions plus. Gros nettoyage au jardin&nbsp;: c&rsquo;\u00e9tait presque le printemps&nbsp;! L&rsquo;apr\u00e8s midi, Maman partit monter son Dudu d&rsquo;amour&#8230; Maintenant, elle ne se contentait plus de monter une quinzaine de minutes&nbsp;! Elle fit une belle balade d&rsquo;une heure&nbsp;: une vraie r\u00e9surrection ! Duendinou fut, comme toujours, extr\u00eamement doux et gentil avec elle, comme s&rsquo;il avait conscience qu&rsquo;il ne devait en aucun cas la bousculer, \u00e0 cause de sa cicatrice encore douloureuse.&nbsp;<\/p>\n\n\n\n<p>Papa se r\u00e9gala \u00e0 me garder et ce fut r\u00e9ciproque. Nous ref\u00eemes, en quelque sorte, connaissance l&rsquo;un de l&rsquo;autre&#8230;&nbsp;<\/p>\n\n\n\n<p>Le soir, bon bain avec mes deux parents. Puis, Maman me refit un agr\u00e9able massage relaxant&#8230; Le bonheur &lt;3 &lt;3 . De nouveau r\u00e9unis tous les trois, \u00e0 la maison, en bonne sant\u00e9&nbsp;! Apr\u00e8s un mois, de s\u00e9paration, certes, mais tellement meilleur que le premier&nbsp;! Je repris confiance en l&rsquo;avenir, avec une foi intense et reconnaissante. Merci mes fr\u00e8res les anges d&rsquo;\u00eatre de nouveau \u00e0 mes c\u00f4t\u00e9s, \u00e0 nos c\u00f4t\u00e9s&#8230;;-)<\/p>\n","protected":false},"excerpt":{"rendered":"<p>EPISODE 2 : MON 2\u00e8me MOIS -je p\u00e8se 4,1kg, je mesure 52,5 cm de long et ma t\u00eate fait 38,5 cm \u00e0 l&rsquo;\u00e9quateur- Dimanche 11 f\u00e9vrier 2018 au soir, j&rsquo;ai eu exactement 1 mois. Semaine du 12 au 18 janvier 2018 Lundi 12 et mardi 13 f\u00e9vrier 2018 Maman profita a fond de la pr\u00e9sence [&hellip;]<\/p>\n","protected":false},"author":1,"featured_media":827,"comment_status":"open","ping_status":"closed","template":"","meta":{"_et_pb_use_builder":"off","_et_pb_old_content":"","_et_gb_content_width":"","_mi_skip_tracking":false,"footnotes":""},"project_category":[119],"project_tag":[],"_links":{"self":[{"href":"https:\/\/lisarose-moonpearl.com\/index.php\/wp-json\/wp\/v2\/project\/835"}],"collection":[{"href":"https:\/\/lisarose-moonpearl.com\/index.php\/wp-json\/wp\/v2\/project"}],"about":[{"href":"https:\/\/lisarose-moonpearl.com\/index.php\/wp-json\/wp\/v2\/types\/project"}],"author":[{"embeddable":true,"href":"https:\/\/lisarose-moonpearl.com\/index.php\/wp-json\/wp\/v2\/users\/1"}],"replies":[{"embeddable":true,"href":"https:\/\/lisarose-moonpearl.com\/index.php\/wp-json\/wp\/v2\/comments?post=835"}],"version-history":[{"count":5,"href":"https:\/\/lisarose-moonpearl.com\/index.php\/wp-json\/wp\/v2\/project\/835\/revisions"}],"predecessor-version":[{"id":919,"href":"https:\/\/lisarose-moonpearl.com\/index.php\/wp-json\/wp\/v2\/project\/835\/revisions\/919"}],"wp:featuredmedia":[{"embeddable":true,"href":"https:\/\/lisarose-moonpearl.com\/index.php\/wp-json\/wp\/v2\/media\/827"}],"wp:attachment":[{"href":"https:\/\/lisarose-moonpearl.com\/index.php\/wp-json\/wp\/v2\/media?parent=835"}],"wp:term":[{"taxonomy":"project_category","embeddable":true,"href":"https:\/\/lisarose-moonpearl.com\/index.php\/wp-json\/wp\/v2\/project_category?post=835"},{"taxonomy":"project_tag","embeddable":true,"href":"https:\/\/lisarose-moonpearl.com\/index.php\/wp-json\/wp\/v2\/project_tag?post=835"}],"curies":[{"name":"wp","href":"https:\/\/api.w.org\/{rel}","templated":true}]}}