{"id":2529,"date":"2020-07-12T23:38:37","date_gmt":"2020-07-12T21:38:37","guid":{"rendered":"https:\/\/lisarose-moonpearl.com\/?post_type=project&#038;p=2529"},"modified":"2020-08-16T17:03:15","modified_gmt":"2020-08-16T15:03:15","slug":"episode-17-mon-17eme-mois","status":"publish","type":"project","link":"https:\/\/lisarose-moonpearl.com\/index.php\/project\/episode-17-mon-17eme-mois\/","title":{"rendered":"JOURNAL DE BORD D&rsquo;UN PETIT  ANGE tomb\u00e9 sur Terre -17-"},"content":{"rendered":"\n<p>EPISODE 17 : MON 17\u00e8me MOIS<\/p>\n\n\n\n<p><strong>&#8211; je p\u00e8se 13 kg, je mesure&nbsp;81 cm et mon tour de t\u00eate fait&nbsp;51 cm &#8211;&nbsp;<\/strong><\/p>\n\n\n\n<p>Samedi 11 mai 2019 au soir, j&rsquo;ai eu exactement 16 mois.<\/p>\n\n\n\n<p><strong>Fin de semaine du 6 au 12 mai 2019<\/strong><\/p>\n\n\n\n<p><strong>Samedi 11 mai 2019<\/strong><\/p>\n\n\n\n<p>Hier soir, vendredi, une fois n&rsquo;est pas coutume, Maman n&rsquo;a pas \u00e9crit avant de dormir mais a regard\u00e9 \u00ab&nbsp;Candice&nbsp;\u00bb, une s\u00e9rie qu&rsquo;elle aimait bien, avec Papa. Une soir\u00e9e c\u00e2line pour eux, rare depuis mon arriv\u00e9e, notamment \u00e0 cause de l&rsquo;allaitement puis de l&rsquo;instauration du tire-lait (dernier tirage apr\u00e8s mon coucher, donc super rituel pour clore la soir\u00e9e des parents !).<\/p>\n\n\n\n<p>Papa m&rsquo;a couch\u00e9 vers 20h15, j&rsquo;ai dormi 11h d&rsquo;affil\u00e9e, m\u00eame si j&rsquo;ai cri\u00e9 dans mes r\u00eaves vers minuit et 4h et que je les ai r\u00e9veill\u00e9s&#8230;<\/p>\n\n\n\n<p>Cette nuit, il a enfin et beaucoup plu. Cela fit tr\u00e8s plaisir \u00e0 Maman. Pas besoin d&rsquo;arroser les dizaines (douze douzaines !) d&rsquo;arbustes au terrain dans les jours \u00e0 venir&nbsp;:-).&nbsp;<\/p>\n\n\n\n<p>Journ\u00e9e avec Papa. Sieste le matin et l&rsquo;apr\u00e8s-midi. Visite \u00e0 ma mamie ch\u00e9rie, apr\u00e8s le go\u00fbter, le rituel. Maman, en rentrant du boulot (t\u00f4t pour une fois) est all\u00e9e planter les caroubiers \u00e0 son terrain (plus d&rsquo;une douzaine).<\/p>\n\n\n\n<p>Ce soir, j&rsquo;\u00e9tais tr\u00e8s excit\u00e9. C&rsquo;\u00e9tait mon \u00ab&nbsp;mois-iversaire&nbsp;!&nbsp;\u00bb Et cela faisait deux ans que Maman commen\u00e7ait \u00e0 se douter que j&rsquo;\u00e9tais l\u00e0&nbsp;!&nbsp;<\/p>\n\n\n\n<p>Par contre, j&rsquo;avais aussi les dents qui me travaillaient. Du coup, j&rsquo;eus besoin de longs c\u00e2lins et de ber\u00e7ages plusieurs fois apr\u00e8s mon deuxi\u00e8me bibi pour m&rsquo;endormir enfin, beaucoup plus tard que d&rsquo;habitude.<\/p>\n\n\n\n<p>Je me suis r\u00e9veill\u00e9 \u00e0 1h en pleurs. Maman et Papa ont tent\u00e9 le doli, mais \u00e0 3h, sans m&rsquo;\u00eatre rendormi entre temps, je les ai rappel\u00e9s. Trop pas bien. Maman a demand\u00e9 \u00e0 Papa de refaire encore un bibi. Je me suis descendu les 300 mL&nbsp;!!! Et j&rsquo;ai super bien dormi&#8230; jusqu&rsquo;\u00e0 8h le lendemain.<\/p>\n\n\n\n<p><strong>Dimanche 12 mai<\/strong><\/p>\n\n\n\n<p>Maman a fait un triste r\u00eave cette nuit.<\/p>\n\n\n\n<p>Son fr\u00e8re, Pascal (celui qui ressemblait le plus \u00e0 son p\u00e8re) \u00e9tait mort brutalement. Tout le monde le savait. Mais Maman l&rsquo;apprit en dernier. Comment cela \u00e9tait-il possible&nbsp;? Aucune r\u00e9ponse. Un r\u00eave rapide, qui lui signalait juste une seconde disparition. Avec exactement une semaine d&rsquo;avance. L&rsquo;absence d&rsquo;un \u00eatre cher qu&rsquo;elle n&rsquo;avait peut \u00eatre pas assez pris en consid\u00e9ration ces derniers temps&#8230; Quoi qu&rsquo;il en soit, Maman ne comprit pas bien ce r\u00eave. Mais exactement une semaine plus tard, il prendrait tout son sens&#8230;<\/p>\n\n\n\n<p>Ce matin, Maman d\u00fbt travailler malgr\u00e9 la fatigue occasionn\u00e9e par cette nuit agit\u00e9e. Apr\u00e8s mon repas avec Papa, Maman \u00e9tait d\u00e9j\u00e0 de retour. On a fait la cuisine et arros\u00e9 le jardin tous les deux.<\/p>\n\n\n\n<p>Ensuite, j&rsquo;ai de nouveau eu du mal \u00e0 m&rsquo;endormir. Pourtant, pour la sieste de l&rsquo;apr\u00e8s midi, c&rsquo;\u00e9tait rare. Maman, au bout d&rsquo;une heure, me fit un bibi dans le grand lit de ma chambre&#8230; Et elle s&rsquo;endormit presque en m\u00eame temps que moi. Pendant que je faisais la sieste, Maman alla dormir dans le lit des parents, dans le salon.&nbsp;<\/p>\n\n\n\n<p>Maman, je sentais qu&rsquo;elle n&rsquo;\u00e9tait pas bien, elle \u00e9tait \u00ab&nbsp;out&nbsp;\u00bb, vid\u00e9e, au bout du rouleau, elle avait envie de rien. Le seul rem\u00e8de, pour elle comme pour moi, c&rsquo;\u00e9tait de dormir. Papa, pendant ce temps, en profita pour faire de la slack-line. C&rsquo;est lui qui me proposa le go\u00fbter, car maman n&rsquo;arrivait pas \u00e0 sortir du lit. Je r\u00e2lais, je n&rsquo;avais pas faim. Maman avait tr\u00e8s mal au ventre et \u00e0 la t\u00eate, sans savoir pourquoi.<\/p>\n\n\n\n<div class=\"wp-block-image\"><figure class=\"aligncenter size-large is-resized\"><img loading=\"lazy\" decoding=\"async\" src=\"https:\/\/lisarose-moonpearl.com\/wp-content\/uploads\/2020\/07\/12.05.2019-jardin.jpg\" alt=\"\" class=\"wp-image-2539\" width=\"539\" height=\"456\"\/><\/figure><\/div>\n\n\n\n<p>Soudain, elle ressuscita, aussi brusquement que moi, et vint, avec moi et Papa, sur notre jardin terrasse, rempoter des plantes et d\u00e9sherber&nbsp;! Puis on remplit les bouteilles pour le terrain et on les y amena. Moi, j&rsquo;en ai profit\u00e9 pour buller dans le si\u00e8ge auto, peinard, avec doudou Ganesh et ma su\u00e7u.<\/p>\n\n\n\n<p>Maman me coucha t\u00f4t, apr\u00e8s un gros bibi, je m&rsquo;endormis de suite, apais\u00e9. Ce soir, avec 10 jours d&rsquo;avance par rapport aux mois pr\u00e9c\u00e9dents, elle mit en ligne le r\u00e9cit de mon 5\u00e8me mois. Elle voulait absolument finir pour mon \u00ab&nbsp;mois-iversaire&nbsp;\u00bb. C&rsquo;\u00e9tait presque r\u00e9ussi, \u00e0 24h pr\u00e8s.:-)&nbsp;<\/p>\n\n\n\n<p><strong>Semaine du 13 au 19 mai 2019<\/strong><\/p>\n\n\n\n<p><strong>Lundi 13 mai&nbsp;<\/strong><\/p>\n\n\n\n<p>Comme je me suis r\u00e9veill\u00e9 de nouveau tard, vers 9h, pas de sieste matinale. Au lieu de cela, Maman m&rsquo;amena chez le notaire. La salle d&rsquo;attente \u00e9tait un endroit \u00e9trange o\u00f9 r\u00e9gnait un silence presqu&#8217;embarrassant.&nbsp;<\/p>\n\n\n\n<p>Sur les si\u00e8ges \u00e9taient assis des gens taciturnes avec des dossiers \u00e0 la main. Deux dames \u00e2g\u00e9es me regard\u00e8rent en souriant lorsqu&rsquo;elles d\u00e9couvrirent ma frimousse d&rsquo;ange&#8230; On dit \u00e0 Maman que le clerc de notaire \u00e9tait au t\u00e9l\u00e9phone, on la pria de patienter un peu. Patienter, ce n&rsquo;\u00e9taitt pas mon fort \u00e0 Maman et moi. Mais comme Maman me parlait doucement \u00e0 l&rsquo;oreille et me priait de rester sagement assis sur ses genoux, je pris mon mal en patience un moment. Je souriais aux deux dames (les hommes m&rsquo;ignoraient, sans doute jaloux, hihi&nbsp;!) et elles me rendaient mes sourires au quintuple&nbsp;!<\/p>\n\n\n\n<p>Nous avons d\u00fb partir avant d&rsquo;avoir la r\u00e9ponse \u00e0 la question de Maman (au sujet de ma maison de St Laurent). Une histoire de changement de destination que je n&rsquo;ai pas trop compris&#8230; Il fallut partir. Maman me d\u00e9posa chez Nanou, puis attaqua courageusement sa grosse journ\u00e9e de travail (11h \u2013 21h).<\/p>\n\n\n\n<div class=\"wp-block-image\"><figure class=\"aligncenter size-large is-resized\"><img loading=\"lazy\" decoding=\"async\" src=\"https:\/\/lisarose-moonpearl.com\/wp-content\/uploads\/2020\/07\/13.05.2019-avec-Maelys-1-691x1024.jpeg\" alt=\"\" class=\"wp-image-2541\" width=\"454\" height=\"673\"\/><\/figure><\/div>\n\n\n\n<figure class=\"wp-block-image size-large is-resized\"><img loading=\"lazy\" decoding=\"async\" src=\"https:\/\/lisarose-moonpearl.com\/wp-content\/uploads\/2020\/07\/13.05.2019-avec-Maelys-2-677x1024.jpeg\" alt=\"\" class=\"wp-image-2542\" width=\"456\" height=\"690\"\/><\/figure>\n\n\n\n<p>Dalila, une m\u00e8re d&rsquo;\u00e9l\u00e8ve qui adorait Maman depuis qu&rsquo;elle la connaissait et qui avait d\u00e9couvert ses \u00e9crits en lisant mon journal sur le blog du site d&rsquo;auteur de Maman, lui acheta plusieurs livres&nbsp;: \u00ab&nbsp;<em><u>Carl\u00e8ne<\/u><\/em>&nbsp;\u00bb et les deux tomes des \u00ab&nbsp;<em><u>Conversations entre Maylen&rsquo; et Kaolin<\/u><\/em>&lsquo;&nbsp;\u00bb. Maman et Dalila s&rsquo;aimaient bien. Elles s&rsquo;\u00e9taient d\u00e9couvertes des points communs, au niveau spirituel, notamment. Dalila \u00e9tait devenue chamane bien des ann\u00e9es auparavant, apr\u00e8s avoir eu besoin de trouver un sens \u00e0 sa vie. Trop d&rsquo;\u00e9l\u00e9ments \u00e9taient compliqu\u00e9s dans son existence&nbsp;: sa relation avec ses parents, le fait d&rsquo;\u00eatre devenue maman jeune, etc&#8230; Elle avait, d&rsquo;autre part, eu besoin d&rsquo;unifier ses diff\u00e9rentes visions des religions, de trouver une unit\u00e9, une universalit\u00e9 dans la spiritualit\u00e9. Le r\u00e9cit de ma relation avec Maman l&rsquo;avait beaucoup touch\u00e9e&nbsp;: nous sommes si fusionnels et connect\u00e9s, non seulement entre nous mais aussi \u00e0 l&rsquo;autre dimension &lt;3.<\/p>\n\n\n\n<p>Le soir, Papa et Maman regard\u00e8rent une autre s\u00e9rie ensemble&nbsp;: le premier \u00e9pisode de la nouvelle saison de \u00ab&nbsp;Clem&nbsp;\u00bb. Cela ne leur ressemblait pas. Depuis ma naissance, Maman ne regardait plus du tout la t\u00e9l\u00e9. A la place, elle \u00e9crivait tout le temps. Mais l\u00e0, depuis l&rsquo;\u00e9criture de la fin de mon 5\u00e8me mois, elle avait un coup de mou, comme une d\u00e9motivation, due en fait \u00e0 une \u00e9norme fatigue.&nbsp;<\/p>\n\n\n\n<p><strong>Mardi 14 mai<\/strong><\/p>\n\n\n\n<p>Je me suis encore r\u00e9veill\u00e9 cette nuit \u00e0 cause des dents. Vers 4h et il m&rsquo;a fallut pas moins du doli, d&rsquo;un bibi entier et un long long c\u00e2lin, pour que je parvienne \u00e0 me rendormir. Maman piqua grave du nez aussi&#8230;<\/p>\n\n\n\n<p>Aujourd&rsquo;hui, tata Sophie f\u00eatait son 34\u00e8me anniversaire.&nbsp;<\/p>\n\n\n\n<p>Le 14 mai, c&rsquo;\u00e9tait une date forte en \u00e9motion pour Maman. Cela faisait deux ans exactement que Maman avait fait un test de grossesse qui s&rsquo;\u00e9tait av\u00e9r\u00e9 positif :-). Elle avait ainsi confirm\u00e9 son ressenti, son pressentiment&#8230; J&rsquo;\u00e9tais l\u00e0, tout petit, en elle, depuis trois semaines d\u00e9j\u00e0&#8230; Quatre ans plus t\u00f4t, elle s&rsquo;\u00e9tait cass\u00e9 la clavicule. Cinq ans plus t\u00f4t, tata Sophie \u00e9tait revenue de Guadeloupe dans des conditions bien particuli\u00e8res et pas tr\u00e8s agr\u00e9ables. Du coup, Maman appr\u00e9hendait un peu cette date.<\/p>\n\n\n\n<p>Ce matin, tout est all\u00e9 tr\u00e8s vite. Je me suis r\u00e9veill\u00e9 \u00e0 8h15&nbsp;: bibi, habillage et hop&nbsp;! voiture et chez Nanou&nbsp;! Maman devait amener la voiture \u00e0 la vidange. Elle m&rsquo;a expliqu\u00e9 que c&rsquo;\u00e9tait long, et qu&rsquo;elle ne pouvait pas m&rsquo;amener. D&rsquo;autant qu&rsquo;elle devait aller en cours directement apr\u00e8s&#8230;<\/p>\n\n\n\n<p>Pendant la vidange, Maman se remit au travail pour mon journal et rentra dans l&rsquo;ordi presque tout le texte du 6\u00e8me mois. Elle \u00e9crivait toujours le premier jet \u00e0 la main, c&rsquo;\u00e9tait plus simple, plus spontan\u00e9. Puis, elle le tapait et le corrigeait \u00e0 l&rsquo;ordi. Maman, c&rsquo;\u00e9tait une \u00e9crivaine \u00e0 l&rsquo;ancienne. C&rsquo;\u00e9tait toujours avec un papier et un stylo que \u00e7a lui allait le mieux pour \u00e9crire.<\/p>\n\n\n\n<p>Du coup, ce matin, on a eu du temps chez Nanou avant le repas. J&rsquo;ai jou\u00e9 avec Zo\u00e9, qui \u00e9tait sympa avec moi ce coup-ci. Je commen\u00e7ais \u00e0 l&rsquo;apprivoiser&#8230; Pourtant, elle \u00e9tait sauvage&nbsp;! \u00c7a avait pris du temps et j&rsquo;avais encore du pain sur la planche pour la convaincre de jouer avec moi comme le faisait spontan\u00e9ment ma ch\u00e9rie, Ma\u00eblys, depuis toujours.<\/p>\n\n\n\n<figure class=\"wp-block-image size-large is-resized\"><img loading=\"lazy\" decoding=\"async\" src=\"https:\/\/lisarose-moonpearl.com\/wp-content\/uploads\/2020\/07\/14.05.2019-jardin-754x1024.jpg\" alt=\"\" class=\"wp-image-2545\" width=\"433\" height=\"588\"\/><\/figure>\n\n\n\n<p>Nuit encore charg\u00e9e, tant pour Maman que pour moi. J&rsquo;ai eu du mal \u00e0 m&rsquo;endormir, j&rsquo;avais mal aux dents, je r\u00e2lais beaucoup. A 1h je me suis r\u00e9veill\u00e9, doli, mais j&rsquo;ai refus\u00e9 le bibi. J&rsquo;\u00e9tais sur les nerfs, je me cambrais. Maman eut beaucoup de mal \u00e0 me calmer, la seule chose qui marchait, c&rsquo;\u00e9tait le ballon. \u00c7a me ber\u00e7ait en me rappelant mes premi\u00e8res balades \u00e0 cheval, in utero&#8230;<\/p>\n\n\n\n<p><strong>Mercredi 15 mai<\/strong><\/p>\n\n\n\n<p>Maman a encore fait un dr\u00f4le de r\u00eave cette nuit-l\u00e0. Cette fois-ci, Maman r\u00eava que toute la famille se rassemblait, d&rsquo;un coup, de fa\u00e7on rapide, impr\u00e9vue. Plusieurs cousins arrivaient en train&nbsp;: David, Olivier et Isabelle avec leurs enfants respectifs. Isabelle, \u00e9trangement, tenait un nouveau-n\u00e9 dans les bras, un petit gar\u00e7on dont tout le monde ignorait l&rsquo;existence.<\/p>\n\n\n\n<p>Pourquoi ce r\u00eave&nbsp;? Ce grand rassemblement familial, soudain, o\u00f9 tout le monde d\u00e9barque de toutes parts&#8230; Et pourquoi ce petit gar\u00e7on&nbsp;?<\/p>\n\n\n\n<p>Dans la journ\u00e9e, Maman envoya un message \u00e0 sa cousine Isabelle qui lui confia qu&rsquo;elle aussi avait fait un r\u00eave quelques jours auparavant, dans lequel elle avait un petit gar\u00e7on&nbsp;! Sacr\u00e9e synchronicit\u00e9&nbsp;! Allez comprendre&#8230;<\/p>\n\n\n\n<p>Dans la journ\u00e9e, Maman communiqua avec tata Sophie qui r\u00e9pondait \u00e0 ses messages d&rsquo;anniversaire. Elle parl\u00e8rent b\u00e9b\u00e9, grossesse, famille, etc&#8230; Et surtout elles se r\u00e9concili\u00e8rent et enterr\u00e8rent leur diff\u00e9rent de No\u00ebl. Une histoire d&rsquo;incompr\u00e9hension tr\u00e8s b\u00eate&#8230; Bref, la paix \u00e9tait r\u00e9tablie entre les s\u0153urs.<\/p>\n\n\n\n<p>Moi, le matin, je suis all\u00e9e chez Nanou, apr\u00e8s la sieste. Je m&rsquo;\u00e9tais de nouveau r\u00e9veill\u00e9 de bonne heure, \u00e0 7h. On est all\u00e9 au parc avec Ma\u00eblys et Nanou. J&rsquo;ai fait du toboggan, j&rsquo;adorait \u00e7a&nbsp;! Et du cheval \u00e0 bascule qui ressemblait \u00e0 une moto. On s&rsquo;est \u00e9clat\u00e9&nbsp;!<\/p>\n\n\n\n<figure class=\"wp-block-image size-large is-resized\"><img loading=\"lazy\" decoding=\"async\" src=\"https:\/\/lisarose-moonpearl.com\/wp-content\/uploads\/2020\/07\/15.05.2019-parc-nanou-1.jpeg\" alt=\"\" class=\"wp-image-2546\" width=\"526\" height=\"388\" srcset=\"https:\/\/lisarose-moonpearl.com\/wp-content\/uploads\/2020\/07\/15.05.2019-parc-nanou-1.jpeg 526w, https:\/\/lisarose-moonpearl.com\/wp-content\/uploads\/2020\/07\/15.05.2019-parc-nanou-1-480x354.jpeg 480w\" sizes=\"(min-width: 0px) and (max-width: 480px) 480px, (min-width: 481px) 526px, 100vw\" \/><\/figure>\n\n\n\n<figure class=\"wp-block-image size-large is-resized\"><img loading=\"lazy\" decoding=\"async\" src=\"https:\/\/lisarose-moonpearl.com\/wp-content\/uploads\/2020\/07\/15.05.2019-parc-nanou-2.jpeg\" alt=\"\" class=\"wp-image-2547\" width=\"358\" height=\"707\" srcset=\"https:\/\/lisarose-moonpearl.com\/wp-content\/uploads\/2020\/07\/15.05.2019-parc-nanou-2.jpeg 348w, https:\/\/lisarose-moonpearl.com\/wp-content\/uploads\/2020\/07\/15.05.2019-parc-nanou-2-152x300.jpeg 152w\" sizes=\"(max-width: 358px) 100vw, 358px\" \/><\/figure>\n\n\n\n<figure class=\"wp-block-image size-large is-resized\"><img loading=\"lazy\" decoding=\"async\" src=\"https:\/\/lisarose-moonpearl.com\/wp-content\/uploads\/2020\/07\/15.05.2019-parc-nanou-3-648x1024.jpeg\" alt=\"\" class=\"wp-image-2548\" width=\"475\" height=\"751\"\/><\/figure>\n\n\n\n<p>Maman a fait de la gym ce soir&nbsp;: abdos fessiers. Depuis ma naissance, avec la fatigue et le manque de temps, elle ne s&rsquo;occupait pas beaucoup de son corps&#8230;. Elle voulait retrouver son ventre et ses fesses d&rsquo;avant grossesse&#8230;<\/p>\n\n\n\n<p>Ensuite, Maman n&rsquo;eut toujours pas envie d&rsquo;\u00e9crire. Elle avait besoin de coucouner avec Papa. Ils regard\u00e8rent un autre \u00e9pisode de \u00ab&nbsp;Clem&nbsp;\u00bb. Moi, je me suis r\u00e9veill\u00e9 \u00e0 minuit, toujours les dents, \u00e7a me rendait fou. Maman me donna du doli et me ber\u00e7a une heure durant pour que je me calme et retrouve le sommeil&#8230;<\/p>\n\n\n\n<p><strong>Jeudi 16 mai<\/strong><\/p>\n\n\n\n<p>Je me suis r\u00e9veill\u00e9 tard, du coup, \u00e0 8h30. On est all\u00e9 rapidement chez Nanou. Apr\u00e8s, Maman voulut profiter de son Duendinou d&rsquo;amour. Grande balade direction plage mais pas jusqu&rsquo;au bout. Au d\u00e9but, Monsieur \u00e9tait distant, puis il se rapprocha de nouveau de Maman :-).<\/p>\n\n\n\n<p>Ensuite, Maman passa au terrain arroser et nettoyer un peu.<\/p>\n\n\n\n<p>Le soir, je me suis endormi nickel avec bibi et c\u00e2lins de Maman.<\/p>\n\n\n\n<figure class=\"wp-block-image size-large is-resized\"><img loading=\"lazy\" decoding=\"async\" src=\"https:\/\/lisarose-moonpearl.com\/wp-content\/uploads\/2020\/07\/16.05.2019-casquette-1-717x1024.jpg\" alt=\"\" class=\"wp-image-2550\" width=\"403\" height=\"576\"\/><\/figure>\n\n\n\n<p><strong>Vendredi 17 mai<\/strong><\/p>\n\n\n\n<p>Aujourd&rsquo;hui, c&rsquo;\u00e9tait l&rsquo;anniversaire de Duende. Il avait 6 ans&#8230; D\u00e9j\u00e0 un grand gar\u00e7on :-).<\/p>\n\n\n\n<p>Cette nuit, j&rsquo;avais enfin super bien dormi. Le matin, en m&rsquo;habillant, Maman me montra des bobos que je m&rsquo;\u00e9tais fait sur les genoux et je r\u00e9p\u00e9tais direct \u00ab&nbsp;bobo&nbsp;\u00bb :-). Pas de sieste, mais une sortie \u00e0 la mairie.<\/p>\n\n\n\n<p>Maman \u00e9tait stress\u00e9e. Elle devait voir le service de l&rsquo;urbanisme pour sa maison. Mais elle voulait d&rsquo;abord voir l&rsquo;adjointe au maire, qu&rsquo;elle connaissait gr\u00e2ce \u00e0 ses livres et qui l&rsquo;aimait bien. Maman avait organis\u00e9, gr\u00e2ce \u00e0 elle, une s\u00e9ance de lecture quand j&rsquo;\u00e9tais encore dans son ventre, en novembre 2017.<\/p>\n\n\n\n<p>Comme il pleuvait, Maman me prit sur le \u00ab&nbsp;portab\u00e9b\u00e9&nbsp;\u00bb, autour de sa taille, me mit un imperm\u00e9able et tint un immense parapluie, au dessus de ma t\u00eate. Moi, j&rsquo;adorais tenir le manche, je me sentais super puissant. Quand je bougeais la main, le parapluie bougeait aussi ;-).<\/p>\n\n\n\n<p>En rentrant dans la mairie, Maman avait l&rsquo;intention de demander \u00e0 parler \u00e0 Marl\u00e8ne. Quand soudain la porte d&rsquo;entr\u00e9e s&rsquo;ouvrit et entra Marl\u00e8ne en personne&nbsp;! Comme si nous avions rendez-vous&nbsp;!!! Elle \u00e9tait contente de nous voir et de me voir si grand&nbsp;! La derni\u00e8re fois, aux Bacchanales, j&rsquo;avais deux mois&nbsp;! Elle a craqu\u00e9 sur mes beaux yeux bleus. Elle avait trois enfants, comme tonton Pascal&nbsp;: deux filles et un gar\u00e7on. Tr\u00e8s rapproch\u00e9s&nbsp;: trois ans d&rsquo;\u00e9cart entre l&rsquo;ain\u00e9e et le benjamin. Elles ont parl\u00e9 de moi&#8230; Puis Maman et moi sommes all\u00e9es dans le bureau de Marl\u00e8ne. Maman lui a expos\u00e9 \u00e0 la fois son probl\u00e8me de maison et son envie de faire une s\u00e9ance de d\u00e9dicace dans la nouvelle m\u00e9diath\u00e8que, ouverte depuis peu, mais dont l&rsquo;inauguration n&rsquo;avait pas encore eu lieu.<\/p>\n\n\n\n<p>Maman alla voir la dame de l&rsquo;urbanisme, qui avait une tr\u00e8s mauvaise nouvelle \u00e0 lui annoncer. D\u00e9cid\u00e9ment, c&rsquo;\u00e9tait une mauvaise semaine pour les affaires de Maman. Le van et sa maison lui posaient des difficult\u00e9s qu&rsquo;elle ne soup\u00e7onnaient pas. Elle qui comptait sur ces deux ventes pour se refaire une sant\u00e9 financi\u00e8re et aller de l&rsquo;avant dans ses projets&#8230; Je la sentait vraiment d\u00e9\u00e7ue&#8230; Mais elle se fit rapidement une raison. \u00ab&nbsp;Plaie d&rsquo;argent n&rsquo;est pas mortelle&nbsp;\u00bb, il y avait plus grave dans la vie.&nbsp;<\/p>\n\n\n\n<p>En rentrant, on est pass\u00e9 \u00e0 la pharmacie du Barcar\u00e8s avant d&rsquo;aller chez Nanou. J&rsquo;ai de nouveau pu, fi\u00e8rement, tenir le grand parapluie de Maman&nbsp;!<\/p>\n\n\n\n<p>Comme il pleuvait, Maman n&rsquo;a pas pu aller voir ses chevaux, ni avancer au terrain. Elle \u00e9tait d\u00e9gout\u00e9e. Quelle mauvaise semaine pour elle&#8230; Le seul jour o\u00f9 elle avait vraiment le temps de travailler au terrain ou de s&rsquo;occuper correctement de Kolina, la m\u00e9t\u00e9o le lui interdisait.<\/p>\n\n\n\n<p>Maman n&rsquo;aimait d\u00e9cid\u00e9ment pas cette semaine. Elle la sentait mal. Remplie d&rsquo;\u00e9nergie trop fortes, n\u00e9gatives, incontr\u00f4lables&#8230;<\/p>\n\n\n\n<p>Elle essaya d&rsquo;en tirer profit. Au lieu d&rsquo;avancer la suite de mon journal qu&rsquo;elle n&rsquo;arrivait d\u00e9cid\u00e9ment vraiment pas \u00e0 d\u00e9marrer, elle se mit \u00e0 corriger et terminer le texte qu&rsquo;elle voulait offrir \u00e0 Oma pour la f\u00eate des m\u00e8res, dimanche 26. Puis elle se refit une s\u00e9ance de fitness, surtout fessier.<\/p>\n\n\n\n<figure class=\"wp-block-image size-large is-resized\"><img loading=\"lazy\" decoding=\"async\" src=\"https:\/\/lisarose-moonpearl.com\/wp-content\/uploads\/2020\/07\/17.05.2019-voiture-papa-1.jpg\" alt=\"\" class=\"wp-image-2551\" width=\"518\" height=\"617\" srcset=\"https:\/\/lisarose-moonpearl.com\/wp-content\/uploads\/2020\/07\/17.05.2019-voiture-papa-1.jpg 518w, https:\/\/lisarose-moonpearl.com\/wp-content\/uploads\/2020\/07\/17.05.2019-voiture-papa-1-480x572.jpg 480w\" sizes=\"(min-width: 0px) and (max-width: 480px) 480px, (min-width: 481px) 518px, 100vw\" \/><\/figure>\n\n\n\n<figure class=\"wp-block-image size-large is-resized\"><img loading=\"lazy\" decoding=\"async\" src=\"https:\/\/lisarose-moonpearl.com\/wp-content\/uploads\/2020\/07\/17.05.2019-voiture-papa-2.jpg\" alt=\"\" class=\"wp-image-2552\" width=\"520\" height=\"636\" srcset=\"https:\/\/lisarose-moonpearl.com\/wp-content\/uploads\/2020\/07\/17.05.2019-voiture-papa-2.jpg 520w, https:\/\/lisarose-moonpearl.com\/wp-content\/uploads\/2020\/07\/17.05.2019-voiture-papa-2-480x588.jpg 480w\" sizes=\"(min-width: 0px) and (max-width: 480px) 480px, (min-width: 481px) 520px, 100vw\" \/><\/figure>\n\n\n\n<figure class=\"wp-block-image size-large is-resized\"><img loading=\"lazy\" decoding=\"async\" src=\"https:\/\/lisarose-moonpearl.com\/wp-content\/uploads\/2020\/07\/17.05.2019-t\u00e9l\u00e9phone.jpg\" alt=\"\" class=\"wp-image-2553\" width=\"524\" height=\"461\" srcset=\"https:\/\/lisarose-moonpearl.com\/wp-content\/uploads\/2020\/07\/17.05.2019-t\u00e9l\u00e9phone.jpg 1024w, https:\/\/lisarose-moonpearl.com\/wp-content\/uploads\/2020\/07\/17.05.2019-t\u00e9l\u00e9phone-300x264.jpg 300w, https:\/\/lisarose-moonpearl.com\/wp-content\/uploads\/2020\/07\/17.05.2019-t\u00e9l\u00e9phone-768x677.jpg 768w, https:\/\/lisarose-moonpearl.com\/wp-content\/uploads\/2020\/07\/17.05.2019-t\u00e9l\u00e9phone-980x863.jpg 980w, https:\/\/lisarose-moonpearl.com\/wp-content\/uploads\/2020\/07\/17.05.2019-t\u00e9l\u00e9phone-480x423.jpg 480w, https:\/\/lisarose-moonpearl.com\/wp-content\/uploads\/2020\/07\/17.05.2019-t\u00e9l\u00e9phone-600x529.jpg 600w\" sizes=\"(max-width: 524px) 100vw, 524px\" \/><\/figure>\n\n\n\n<p>Comme elle rentrait tard, Papa m&rsquo;a mis au dodo. Mes dents me faisaient moins mal, j&rsquo;ai dormi super bien de 21h \u00e0 7h30.<\/p>\n\n\n\n<p><strong>Samedi 18 mai. JOURN\u00c9E M\u00c9MORABLE<\/strong><\/p>\n\n\n\n<p>Cela fait exactement deux ans que Papa est rentr\u00e9 de r\u00e9gate et que Maman lui a annonc\u00e9 qu&rsquo;elle \u00e9tait enceinte. Une date remplie d&rsquo;\u00e9motions et de souvenirs. Le d\u00e9but d&rsquo;un \u00e9norme chamboulement pour Maman et Papa&nbsp;: plus rien ne serait jamais comme avant, ils le savaient mais sans pouvoir se l&rsquo;imaginer concr\u00e8tement. Je n&rsquo;\u00e9tais alors qu&rsquo;un minuscule poisson tout au fond du ventre de Maman. Je la fatiguas beaucoup et j&rsquo;avais fait tripler ses seins de volume. A part \u00e7a, rien de sp\u00e9cial, finalement&nbsp;!!!<\/p>\n\n\n\n<p>Il y avait exactement un an, Manon, la fille d&rsquo;Anna, une cavali\u00e8re que Maman connaissait depuis un certain nombre d&rsquo;ann\u00e9es, quittait ce monde, \u00e0 un \u00e2ge beaucoup trop pr\u00e9coce. Un autre \u00e9v\u00e9nement fort en \u00e9motions et touchant \u00e0 l&rsquo;existentiel, \u00e0 la vie et \u00e0 la mort&#8230;<\/p>\n\n\n\n<p>Maman apprendra quelques jours plus tard que tante Pierrette, la tante de Grand-Pa (c&rsquo;est-\u00e0-dire la femme du fr\u00e8re de son p\u00e8re Jean, le grand-p\u00e8re de Maman) \u00e9tait d\u00e9c\u00e9d\u00e9e le 18 mai 2009, il y avait exactement 10 ans de cela&#8230;<\/p>\n\n\n\n<p>Grosse journ\u00e9e de cours pour Maman. Sieste difficile le matin pour moi. Je suis rest\u00e9 avec Papa, comme tous les samedis. On est all\u00e9 voir Mamie, trop heureuse de me voir.<\/p>\n\n\n\n<p>Ce soir, comme la veille, Maman \u00e9tait rentr\u00e9e trop tard pour la s\u00e9rie \u00ab&nbsp;Candice&nbsp;\u00bb qu&rsquo;ils aimaient bien tous les deux. Maman et Papa regard\u00e8rent les deux derniers \u00e9pisodes de la saison en replay. Stressant. Antoine passait \u00e0 deux doigts de la mort. Il fit une exp\u00e9rience de sortie de corps (EMI) au cours de laquelle il parla avec Candice. Tous deux se rapproch\u00e8rent enfin et laiss\u00e8rent parler leur c\u0153ur. Un \u00e9pisode diff\u00e9rent qui faisait intervenir, un fois n&rsquo;est pas coutume, l&rsquo;au del\u00e0&#8230;et l&rsquo;amour v\u00e9ritable. \u00c9trange qu&rsquo;ils regardent cet \u00e9pisode justement \u00e0 ce moment pr\u00e9cis\u00e9ment&#8230;<\/p>\n\n\n\n<p>Vers 22h30, les parents avaient termin\u00e9 leur s\u00e9rie. Maman fut alors saisie d&rsquo;interrogations \u00e9tranges au sujet de la mort, qu&rsquo;elle partagea avec Papa.<\/p>\n\n\n\n<p>\u00ab&nbsp;Tu as d\u00e9j\u00e0 vu un vrai mort&nbsp;? demanda-t-elle \u00e0 Papa. Moi jamais&#8230;<\/p>\n\n\n\n<p>&#8211; Oui, mon p\u00e8re, ma grand-m\u00e8re et mon grand-p\u00e8re&#8230; Mais ce n&rsquo;\u00e9tait plus eux. Je ne les reconnaissais plus&#8230;<\/p>\n\n\n\n<p>&#8211; Et tu as pu les toucher&nbsp;?<\/p>\n\n\n\n<p>&#8211; Non.<\/p>\n\n\n\n<p>&#8211; Je te comprends. Moi je n&rsquo;ai jamais pu toucher mes animaux morts. Je prenais des tissus. Des bouts de bois. Querida, je ne me souviens plus&#8230; Je l&rsquo;ai vue alors qu&rsquo;elle venait d&rsquo;\u00eatre euthanasi\u00e9e. Elle \u00e9tait juste morte, encore toute chaude&#8230; Et pour ce qui est des amis que j&rsquo;ai perdus, je n&rsquo;ai jamais voulu voir leur corps car je pr\u00e9f\u00e9rais garder d&rsquo;eux des souvenirs des vivants qu&rsquo;ils \u00e9taient&nbsp;\u00bb<\/p>\n\n\n\n<p>Etrange conversation qui eu lieu au moment m\u00eame o\u00f9 un \u00eatre cher passait de la vie \u00e0 la mort&#8230; Mais \u00e7a, ni Maman, ni Papa ne le savaient.<\/p>\n\n\n\n<p>Oma essaya de joindre Maman deux fois dans la nuit, \u00e0 minuit pass\u00e9. Mais Maman et Papa mettaient leurs deux t\u00e9l\u00e9phones en mode avion pour \u00e9viter les ondes, la nuit. Ainsi il dormirent tous les deux sans se douter de quoi que ce soit. Moi, je savais&#8230;&nbsp;<\/p>\n\n\n\n<p><strong>Dimanche 19 mai<\/strong><\/p>\n\n\n\n<p>Ce matin, Papa se r\u00e9veilla t\u00f4t car il partait travailler, bien qu&rsquo;on soit dimanche. Maman regarda son t\u00e9l\u00e9phone et d\u00e9couvrit que sa maman, Oma, avait tent\u00e9 de l&rsquo;appeler en pleine nuit. Son c\u0153ur se mit \u00e0 battre \u00e0 tout rompre. Il \u00e9tait arriv\u00e9 quelque chose, elle en \u00e9tait s\u00fbre, quelque chose de grave&#8230; Sur le message rien de pr\u00e9cis, Oma demandait juste que Maman la rappelle, car il s&rsquo;\u00e9tait pass\u00e9 effectivement quelque chose&#8230;.<\/p>\n\n\n\n<p>Maman appela Oma qui lui annon\u00e7a que Grand-Pa \u00e9tait parti hier soir, avant qu&rsquo;elle ne rentre de r\u00e9p\u00e9tition&#8230; Vers 22h30. Maman fut sous le choc&nbsp;!<\/p>\n\n\n\n<p>Papa et Maman d\u00e9cid\u00e8rent de partir quand Papa serait rentr\u00e9 du travail. Moi je me suis r\u00e9veill\u00e9 t\u00f4t et j&rsquo;ai eu besoin d&rsquo;une sieste matinale. Pendant ce temps, Maman tenta de faire les bagages, mais elle n&rsquo;arrivait pas \u00e0 se concentrer. L&rsquo;\u00e9motion, le choc, envahissaient ses pens\u00e9es et perturbaient son mental. Elle pr\u00e9vint par sms les proches qui connaissaient Grand-Pa. Sa cousine, Isabelle (la maman de Lou), qui se pr\u00e9parait pour aller au yoga. Du coup, elle promit \u00e0 Maman de faire sa s\u00e9ance pour Philippe, pour qu&rsquo;il parte en paix, suivant le d\u00e9sir de Maman. Puis son autre cousine, Astrid, (la maman de Victor).<\/p>\n\n\n\n<p>Ensuite elle appela la maman de Papa, mamie Yvonne, qui \u00e9tait en train de regarder la messe. Elle se demanda pourquoi Maman l&rsquo;appelait \u00e0 cette heure-ci&#8230;<\/p>\n\n\n\n<p>Parrain Jean-Phi appela justement pendant ma sieste, car il pensait qu&rsquo;on pourrait se voir ce dimanche&#8230; Il rassura Maman. Il lui dit que ce 18 mai avait eu lieu un pic au niveau des \u00e9nergies christiques et bouddhiques conjointes. Maman ne comprit pas exactement de quoi il s&rsquo;agissait. Il lui expliqua que c&rsquo;\u00e9tait un moment o\u00f9 ceux qui doivent partir partent, ceux qui doivent faire du nettoyage le font&#8230; Ils en reparleraient une autre fois de fa\u00e7on pos\u00e9e. Maman lui expliqua qu&rsquo;elle \u00e9tait soulag\u00e9e pour Grand-Pa&nbsp;: il avait eu la mort qu&rsquo;il souhaitait. Mais \u00e9videmment, le plus dur, c&rsquo;\u00e9tait pour ceux qui restaient.&nbsp;<\/p>\n\n\n\n<p>Apr\u00e8s mon repas, je suis retourn\u00e9 \u00e0 la sieste. Papa et Maman ont fait les bagages ensemble. A 16h, ils me r\u00e9veill\u00e8rent car c&rsquo;\u00e9tait le grand d\u00e9part. Ils coup\u00e8rent ma sieste, commenc\u00e9e tard, pour que je reste calme dans la voiture. On a fait une pause go\u00fbter rapide, entre deux averses.<\/p>\n\n\n\n<p>Maman passa beaucoup de temps au t\u00e9l\u00e9phone, notamment pour annuler tous les cours du lundi, mardi, mercredi&#8230;<\/p>\n\n\n\n<p>\u00ab<em>&nbsp;Bonjour, je ne pourrai pas assurer mes cours lundi (ou mardi, etc). Mon Papa vient de nous quitter brutalement. Je pars quelques jours en Auvergne o\u00f9 vivent mes parents. Je vous tiens au courant de mon retour. On essaiera de rattraper le cours en fonctions de vos besoins et de mes possibilit\u00e9s. Lisa&nbsp;<\/em>\u00bb&nbsp;<\/p>\n\n\n\n<p>Loreena lui r\u00e9pondit imm\u00e9diatement. Vous vous souvenez de Loreena, une ancienne \u00e9l\u00e8ve de Maman mais aussi une amie tr\u00e8s sp\u00e9ciale&nbsp;?&nbsp;<\/p>\n\n\n\n<p>\u00ab<em>&nbsp;Plein d&rsquo;amour et d&rsquo;\u00e9nergie, je pense tr\u00e8s fort \u00e0 toi &lt;3 &lt;3 &lt;3. Pour jeudi je ne pourrais pas, mais si tu peux samedi, on peut faire cours.&nbsp;<\/em>\u00bb<\/p>\n\n\n\n<p>Papa conduisit tout le temps. Maman \u00e9tait en \u00e9tat de choc et ce n&rsquo;aurait pas \u00e9t\u00e9 raisonnable qu&rsquo;elle conduise&#8230; C&rsquo;\u00e9tait pour cette raison aussi que Papa avait tenu \u00e0 venir, m\u00eame s&rsquo;il ne pouvait pas rester plusieurs jours \u00e0 cause de son travail.<\/p>\n\n\n\n<p>Maman, quant \u00e0 elle, pour une fois, son travail elle s&rsquo;en foutait&nbsp;! Elle n&rsquo;avait qu&rsquo;un papa et il ne pouvait mourir qu&rsquo;une fois&#8230;&nbsp;<\/p>\n\n\n\n<p>Elle appela aussi Graziella, ma marraine, qu&rsquo;elle n&rsquo;avait pas r\u00e9ussi \u00e0 joindre jusqu&rsquo;\u00e0 l\u00e0&#8230;<\/p>\n\n\n\n<p>On est enfin arriv\u00e9 vers 21h. J&rsquo;\u00e9tais cuit, affam\u00e9, \u00e9puis\u00e9&#8230;<\/p>\n\n\n\n<figure class=\"wp-block-image size-large is-resized\"><img loading=\"lazy\" decoding=\"async\" src=\"https:\/\/lisarose-moonpearl.com\/wp-content\/uploads\/2020\/07\/19.05.2019-voiture-trajet-.jpg\" alt=\"\" class=\"wp-image-2554\" width=\"475\" height=\"534\"\/><\/figure>\n\n\n\n<p>Oma allait bien, malgr\u00e9 la nuit blanche et le choc, et les trois fr\u00e8res et s\u0153urs de Maman \u00e9taient l\u00e0&nbsp;:&nbsp;Emmanuel, \u00ab&nbsp;le grand&nbsp;\u00bb, Pascal, le \u00ab&nbsp;moyen&nbsp;\u00bb, Sophie, \u00ab&nbsp;la petite&nbsp;\u00bb. D&rsquo;ailleurs, cette derni\u00e8re rentra vite chez elle (son appartement n&rsquo;\u00e9tait qu&rsquo;\u00e0 5 min de chez Oma), car elle avait pass\u00e9 une nuit blanche, elle aussi&#8230;<\/p>\n\n\n\n<p>Maman me fit manger sur ses genoux de la bonne soupe de tata Odile, la tata de Maman. Je me suis r\u00e9gal\u00e9, au point que j&rsquo;en repris deux fois. C&rsquo;\u00e9tait bon, tout doux, chaud, \u00e7a descendait tout seul et \u00e7a remplissait bien l&rsquo;estomac.<\/p>\n\n\n\n<p>Pendant ce temps, Pascal et Emmanuel sortirent nos (mes !) innombrables bagages de la voiture-fourgon de Maman. Et ils mont\u00e8rent mon lit-parc, ce qui n&rsquo;\u00e9tait pas une mince affaire.<\/p>\n\n\n\n<p>A 22h, je fis le bibi avec Maman dans la grande chambre. Elle chanta, me ber\u00e7a, comme d&rsquo;habitude. Je m&rsquo;endormis super bien, \u00e9puis\u00e9 par cette journ\u00e9e forte en \u00e9motions et heureux que Maman ait pu venir avec Papa, soutenir Oma et surtout accompagner Grand-Pa qui en avait bien besoin.<\/p>\n\n\n\n<p>J&rsquo;ai oubli\u00e9 de vous raconter que, gr\u00e2ce \u00e0 moi, Maman avait pu voir Grand-Pa d\u00e8s ce soir, malgr\u00e9 son appr\u00e9hension&#8230;<\/p>\n\n\n\n<p>Alors qu&rsquo;elle voulait me mettre en pyjama, apr\u00e8s le repas, je me suis \u00e9chapp\u00e9 de la chambre et j&rsquo;ai couru dans le couloir&#8230;vers l&rsquo;escalier et vers la chambre o\u00f9 se trouvait Grand-Pa. C&rsquo;\u00e9tait dans cette pi\u00e8ce que nous avions dormi, Maman et moi, lors de nos deux derniers s\u00e9jours. Du coup, je pensais que c&rsquo;\u00e9tait l\u00e0 que nous allions s\u00e9journer cette fois-ci encore.<\/p>\n\n\n\n<p>Maman m&rsquo;a couru apr\u00e8s, elle avait peur surtout que je tombe dans l&rsquo;escalier. Elle craignait aussi que j&rsquo;entre dans la chambre o\u00f9 r\u00e9sidait d\u00e9sormais Grand-Pa, du moins sa d\u00e9pouille.<\/p>\n\n\n\n<p>J&rsquo;ai pouss\u00e9 la porte qui n&rsquo;\u00e9tait pas ferm\u00e9e et j&rsquo;ai pil\u00e9 devant le grand lit sur lequel reposait Grand-Pa. Mais il n&rsquo;\u00e9tait pas l\u00e0 ce lit, les derni\u00e8re fois&nbsp;!!! Il prenait la place de mon terrain de jeu&nbsp;!<\/p>\n\n\n\n<p>Maman, qui craignait de d\u00e9couvrir le corps sans vie de son papa, fut apais\u00e9e, d&rsquo;un coup, en d\u00e9couvrant qu&rsquo;il avait l&rsquo;air de dormir paisiblement&#8230; Gr\u00e2ce \u00e0 moi, elle avait franchi cette \u00e9tape angoissante sans aucune emb\u00fbche. Quand je peux, je l&rsquo;aide moi, ma maman d&rsquo;amour &lt;3. Je fais ce que je peux&#8230;<\/p>\n\n\n\n<p>Ce soir, pour la premi\u00e8re fois depuis qu&rsquo;elle tire son lait (15 mois environ), Maman a laiss\u00e9 tomber la traite&#8230; Le d\u00e9but (enfin !) de la fin de son esclavage pluri-quotidien. \u00c7a tombait bien parce que je ne savais pas comment lui dire que je n&rsquo;avais plus autant besoin de son lait d\u00e9sormais. J&rsquo;avais assez de bonnes choses pour me nourrir. Je pr\u00e9f\u00e9rais qu&rsquo;elle s&rsquo;occupe de moi plut\u00f4t que de s&rsquo;immobiliser de si longs moments, attel\u00e9e \u00e0 sa machine, plusieurs fois par jour&#8230;<\/p>\n\n\n\n<p><strong>Lundi 20 mai<\/strong><\/p>\n\n\n\n<p>Cette nuit, j&rsquo;ai dormi comme un gros nounours, \u00e9puis\u00e9 par la journ\u00e9e \u00e9trange et agit\u00e9e. Et puis, je ne voulais pas rajouter plus de stress et de fatigue \u00e0 Maman, en me r\u00e9veillant la nuit. J&rsquo;avais accompli une mission, j&rsquo;\u00e9tais content et apais\u00e9, moi aussi, malgr\u00e9 tout. Et mon sommeil fut \u00e0 mon image.<\/p>\n\n\n\n<p>Maman et Papa, quant \u00e0 eux, ont beaucoup boug\u00e9.&nbsp;<\/p>\n\n\n\n<p>Maman a peu dormi. Elle avait en t\u00eate un texte. Elle voulait mettre \u00e0 l&rsquo;\u00e9crit la premi\u00e8re conversation, d&rsquo;un nouveau genre, qu&rsquo;elle avait eu avec son papa, apr\u00e8s m&rsquo;avoir couch\u00e9. Elle avait pass\u00e9 un long moment avec lui. Elle lui avait ouvert son c\u0153ur. Et elle voulait garder un souvenir de ces moments si pr\u00e9cieux, si uniques, dans une vie. Dans la sienne, dans celle de Grand-Pa et dans celle de toute la famille. Les paroles qu&rsquo;elle avait prononc\u00e9es r\u00e9sonnaient et passaient en boucle dans sa t\u00eate, encore en \u00e9tat de choc.<\/p>\n\n\n\n<p>Papa bougeait beaucoup aussi, tendu par la situation et par les mouvements permanents de Maman.<\/p>\n\n\n\n<p>Le matin, Pascal et Emmanuel \u00e9taient l\u00e0, ils avaient dormi \u00e0 la maison. Sophie, de son c\u00f4t\u00e9, \u00e9tait all\u00e9e travailler ce matin. Les deux hommes s&rsquo;occup\u00e8rent des premi\u00e8res d\u00e9marches administratives qui n&rsquo;avaient pu \u00eatre faites plus t\u00f4t, week-end oblige. Cela soulagea Oma, fatigu\u00e9e et choqu\u00e9e comme tout un chacun pouvait ais\u00e9ment le comprendre. Ce qu&rsquo;elle apprit de l&rsquo;assurance la rassura&nbsp;: les frais d&rsquo;obs\u00e8ques \u00e9taient couverts, pas de stress financier (pour une fois). Grand-Pa avait tout pr\u00e9vu pour partir sans d\u00e9ranger ses proches&#8230; Etre une charge lui \u00e9tait insupportable.<\/p>\n\n\n\n<p>Je vais vous confier un secret. Grand-Pa savait depuis plusieurs mois que son d\u00e9part se pr\u00e9parait. Mais pas seulement lui. Un bon nombre de ses proches aussi. Le 18 juin 2018, soit 11 mois plus t\u00f4t (le temps de gestation d&rsquo;un cheval), il avait insist\u00e9 pour donner \u00e0 Maman une copie de son testament, c&rsquo;est-\u00e0-dire de ses derni\u00e8re volont\u00e9s. Maman avait pleur\u00e9 en le lisant. Cela avait \u00e9t\u00e9 comme une r\u00e9p\u00e9tition et un avertissement pour elle. Elle savait ce que son p\u00e8re voulait ou pas, pr\u00e9cis\u00e9ment, pour sa mort, ses obs\u00e8ques. Et ce qu&rsquo;il d\u00e9sirait qu&rsquo;on pense de lui, qu&rsquo;on fasse, ce qu&rsquo;il souhaitait dont on se souvienne \u00e0 son sujet.<\/p>\n\n\n\n<p>Autre signe&nbsp;: \u00e0 l&rsquo;occasion des f\u00eates de No\u00ebl, tous ses enfants et petits enfants avaient r\u00e9ussi \u00e0 se retrouver autour de lui et de Oma, le 29 d\u00e9cembre. Cela n&rsquo;\u00e9tait pas arriv\u00e9 depuis des ann\u00e9es. M\u00eame pour ses 80 ans, deux ans plus t\u00f4t, l&rsquo;effectif avait \u00e9t\u00e9 r\u00e9duit. C&rsquo;\u00e9tait comme si, inconsciemment, tout le monde savait que le temps \u00e9tait d\u00e9sormais compt\u00e9.&nbsp;<\/p>\n\n\n\n<p>Des signes, je pourrais vous en donner encore de nombreux autres. Vous les prendrez comme vous le voulez. Au fond de moi, je savais&#8230;<\/p>\n\n\n\n<p>Depuis quelques mois, tout s&rsquo;alignait, rentrait dans l&rsquo;ordre, autour de Grand-Pa. Comme quand on range sa maison avant de la laisser pour un long voyage.&nbsp;<\/p>\n\n\n\n<p>Tata Sophie allait mieux. Elle avait un travail en CDI, un appartement \u00e0 elle, une vie priv\u00e9e plus stable (m\u00eame si un peu myst\u00e9rieuse).<\/p>\n\n\n\n<p>Tonton Pascal \u00e9tait rentr\u00e9 du Chili&nbsp;; un grand r\u00e9confort pour Grand-Pa qui attendait ce retour depuis des ann\u00e9es. Toute sa famille s&rsquo;adaptait bien en France.<\/p>\n\n\n\n<p>Maman m&rsquo;avait moi. Elle avait ralenti ses \u00e9crits monumentaux. Elle avait moins de temps, de disponibilit\u00e9 pour son papa. Elle ne r\u00e9pondait pas toujours \u00e0 toutes ses lettres, comme avant mon arriv\u00e9e. Son attention se portait davantage sur la g\u00e9n\u00e9ration future que sur le pass\u00e9. Du coup, elle avait un peu \u00ab&nbsp;laiss\u00e9 tomber&nbsp;\u00bb son papa pour moi. Elle s&rsquo;en voulait, mais ne pouvait faire mieux. C&rsquo;\u00e9tait le cours normal de la vie. Grand-Pa le savait. Mais cet \u00e9loignement avec cette enfant qui lui \u00e9tait si proche en terme d&rsquo;\u00e9crit, de caract\u00e8re, de souffrance aussi, le confortait dans sa conviction profonde, bien qu&rsquo;inconsciente, qu&rsquo;il \u00e9tait temps pour lui de tirer sa r\u00e9v\u00e9rence. Il \u00e9tait d\u00e9sormais rel\u00e9gu\u00e9 au second plan, celui des antiquit\u00e9s sur lesquelles la poussi\u00e8re s&rsquo;accumulait doucement&#8230;jusqu&rsquo;\u00e0 ce qu&rsquo;on ne les voit plus du tout.<\/p>\n\n\n\n<p>Avec tonton Emmanuel, les choses allaient bien. Les rapports avec toute sa famille s&rsquo;\u00e9taient apais\u00e9s et tout le monde \u00e9tait venu pour No\u00ebl cette ann\u00e9e.<\/p>\n\n\n\n<p>Quant aux petits enfants, Grand-Pa avait chang\u00e9 de cap avant son d\u00e9part&#8230; Maman l&rsquo;avait pri\u00e9 d&rsquo;\u00eatre plus bienveillant avec nous&nbsp;; Pascal aussi, de son c\u00f4t\u00e9. Il avait compris le message. Lui, qui avait \u00e9t\u00e9 \u00e9duqu\u00e9 \u00e0 la dure, avait r\u00e9ussi a inventer un autre mod\u00e8le&nbsp;: s&rsquo;amuser avec ses petits enfants plut\u00f4t qu&rsquo;\u00eatre uniquement agac\u00e9 par leur incomp\u00e9tence, leu bruit, leur agitation&#8230;<\/p>\n\n\n\n<p>Lors de nos deux derni\u00e8res rencontres \u00e0 Grand-Pa et moi, nous avions discut\u00e9 et ri ensemble, pour le plus grand bonheur de Maman et Oma.<\/p>\n\n\n\n<p>M\u00eame si dans quelques ann\u00e9es je ne m&rsquo;en souviendrais peut-\u00eatre pas vraiment, pour le moment, je me souviens de ce grand barbu imposant, impressionnant, qui riait de mes bavardages enfantins&#8230;<\/p>\n\n\n\n<p>Autre signe&nbsp;: mercredi 15, trois jours avant le d\u00e9part de Grand-Pa, Oma avait envoy\u00e9 une tr\u00e8s jolie photo de lui \u00e0 ses enfants par MMS, ce qu&rsquo;elle ne faisait jamais d&rsquo;habitude&#8230; Il ratissait l&rsquo;herbe coup\u00e9e, sous une magnifique lumi\u00e8re de fin de journ\u00e9e. C&rsquo;\u00e9tait pour les pr\u00e9venir, leur dire au revoir. Moi je le sais&#8230;<\/p>\n\n\n\n<p>Quoi d&rsquo;autre&nbsp;? Son fr\u00e8re Bernard a lu ses deux tomes de m\u00e9moires et est venu lui rendre le deuxi\u00e8me, lundi 13 mai, donc la semaine de son d\u00e9part. Ils en ont parl\u00e9. Grand-Pa a apport\u00e9 quelques \u00e9claircissements \u00e0 son fr\u00e8re et a eu le soulagement de savoir que son fr\u00e8re le plus proche en avait pris connaissance et pourrait en parler aux autres membres de la famille.<\/p>\n\n\n\n<p>Mardi 14, ce fut l&rsquo;anniversaire de tata Sophie. Grand-Pa \u00e9tait l\u00e0, ils avaient pass\u00e9 un bon moment ensemble.<\/p>\n\n\n\n<p>Pour ce qui \u00e9tait du fait que Grand-Pa soit parti en l&rsquo;absence de Oma, bien que juste avant son retour, moi, je vous le dis, ce n&rsquo;est pas pour rien. Il craignait \u00eatre r\u00e9anim\u00e9, amen\u00e9 \u00e0 l&rsquo;h\u00f4pital, si Oma avait \u00e9t\u00e9 l\u00e0 lors de son d\u00e9part. Il avait choisi de partir seul. Afin que personne n&rsquo;interf\u00e8re et surtout qu&rsquo;on ne l&rsquo;arrache pas de sa maison. Il savait qu&rsquo;Oma serait tr\u00e8s vite \u00e0 ses c\u00f4t\u00e9s, ainsi que sa fille ch\u00e9rie, Sophie, et son fr\u00e8re Bernard. Et il s&rsquo;arrangea pour que, d\u00e8s le lendemain, ses deux autres fr\u00e8res et trois autres enfants puissent \u00eatre d\u00e9j\u00e0 l\u00e0&#8230; Et moi aussi&nbsp;! Ce fut possible car c&rsquo;\u00e9tait en plein week-end&#8230;<\/p>\n\n\n\n<p>Doutez-vous encore que Grand-Pa ait lanc\u00e9 des signes et per\u00e7u lui-m\u00eame des indices sur l&rsquo;approche de son grand d\u00e9part&nbsp;??? Moi je suis s\u00fbr et certain qu&rsquo;il s&rsquo;y pr\u00e9parait, m\u00eame si c&rsquo;\u00e9tait en partie inconsciemment, et il souhaitait que son entourage s&rsquo;y pr\u00e9pare aussi.<\/p>\n\n\n\n<p>Ce matin, pendant ma sieste, Maman a communiqu\u00e9 avec Loreena par sms. Maman lui expliqua qu&rsquo;elle avait parl\u00e9 longuement avec son papa et qu&rsquo;elle le sentait apais\u00e9. Loreena la rassura et la conforta dans ce qu&rsquo;elle savait d\u00e9j\u00e0, \u00e0 savoir que Grand-Pa, m\u00eame parti, l&rsquo;entendrait et serait l\u00e0 pour elle. &lt;3<\/p>\n\n\n\n<p>Maman avait enfin r\u00e9pondu \u00e0 Loreena&nbsp;:<\/p>\n\n\n\n<p>\u00ab&nbsp;<em>Dak. Merci pour hier, je n&rsquo;ai pas eu le temps de r\u00e9pondre.&nbsp;<\/em><\/p>\n\n\n\n<p><em>&#8211; Je comprends pas de souci.<\/em><\/p>\n\n\n\n<p><em>&#8211; Ok pour jeudi, de toute fa\u00e7on, je ne pense pas \u00eatre rentr\u00e9e. J&rsquo;ai parl\u00e9 longuement avec mon p\u00e8re, hier, devant son corps. Je pensais \u00eatre terrifi\u00e9e, mais j&rsquo;\u00e9tais apais\u00e9e au contraire.<\/em><\/p>\n\n\n\n<p><em>&#8211; Vraiment&nbsp;? Je pense que tu le sens sans doute plus apais\u00e9, non&nbsp;? Et n&rsquo;oublie pas que ce n&rsquo;est parce que tu ne le vois pas qu&rsquo;il n&rsquo;est pas l\u00e0.<\/em><\/p>\n\n\n\n<p><em>&#8211; Oui, son \u00e2me est l\u00e0 pendant encore un certain temps. D&rsquo;ailleurs, je ne parlais pas en regardant sa d\u00e9pouille, mais en regardant le plafond&nbsp;!<\/em><\/p>\n\n\n\n<p><em>&#8211; Tu vois \ud83d\ude09 \ud83d\ude09 et m\u00eame apr\u00e8s qu&rsquo;il soit \u00ab&nbsp;parti&nbsp;\u00bb il t&rsquo;entendra toujours et sera l\u00e0 pour toi.<\/em><\/p>\n\n\n\n<p><em>&#8211; Je vais \u00e9crire ce que je lui ai dit et j&rsquo;en ferai un r\u00e9sum\u00e9 \u00e0 lire \u00e0 l&rsquo;enterrement. Tu sais si Nadine capte aussi les d\u00e9funts&nbsp;?<\/em><\/p>\n\n\n\n<p><em>&#8211; D&rsquo;accord, je ne sais pas du tout&#8230;<\/em>&nbsp;\u00bb<\/p>\n\n\n\n<p>Pendant mes siestes, Maman alla voir Grand-Pa. Elle lui parla beaucoup et \u00e9crivit le texte de leur premi\u00e8re conversation, dimanche soir. Ce ne fut pas facile pour elle. Elle parla \u00e0 haute voix tout en l&rsquo;\u00e9crivant. Papa, lui, profitait de ma sieste de l&rsquo;apr\u00e8s-midi pour dormir aussi. Le matin, il \u00e9tait all\u00e9 courir car il avait besoin d&rsquo;\u00e9vacuer, lui aussi, le trop plein de stress et de fatigue.<\/p>\n\n\n\n<p>Odile arriva \u00e0 17h, Maman est descendue pour la voir. Avant ma sieste, un peu d\u00e9cal\u00e9e, Maman, Oma, Sophie et Pascal avaient essay\u00e9 de s&rsquo;organiser. Emmanuel \u00e9tait reparti dans la matin\u00e9e, appel\u00e9 par des rendez-vous professionnels qu&rsquo;il ne pouvait annuler. Ils ont r\u00e9fl\u00e9chi \u00e0 qui devait faire quoi.<\/p>\n\n\n\n<p>Maman leur lut le texte qu&rsquo;elle avait \u00e9crit, mais c&rsquo;\u00e9tait trop \u00e9mouvant, trop frais, elle pleura comme une madeleine. Jamais elle ne pourrait lire \u00e7a devant un plus grand public&#8230; L\u00e0, ce n&rsquo;\u00e9taient que des proches&nbsp;: Papa, Odile, Oma et Pascal.<\/p>\n\n\n\n<p>Un peu plus tard, ce fut Bernard qui passa. Maman lui demanda quels \u00e9taient les auteurs pr\u00e9f\u00e9r\u00e9s de Grand-Pa. Elle se souvenait que, dans son testament, (ou plut\u00f4t ses derni\u00e8res volont\u00e9s) Grand-Pa voulait un livre, mais lequel&nbsp;? Sans doute son pr\u00e9f\u00e9r\u00e9. Bernard lui cita ses autres pr\u00e9f\u00e9r\u00e9s, Maman les ajouta \u00e0 son texte.<\/p>\n\n\n\n<p>Entre temps, tata Sophie \u00e9tait revenue du travail. Avec tonton Pascal, tata Sophie, Papa et Maman, on est all\u00e9 se promener, apr\u00e8s le go\u00fbter. On a fait le tour des voisins qui n&rsquo;\u00e9taient pas encore au courant. Moi, je me r\u00e9galais. On me laissais libre, je marchais seul. Je m&rsquo;\u00e9clatais. Je courrais, je courrais, je volais presque&nbsp;!<\/p>\n\n\n\n<p>A un portail, un petit chien, un genre de teckel, vint rousp\u00e9ter. Moi, je sui all\u00e9 le voir et je lui ai fait mon c\u00e9l\u00e8bre \u00ab&nbsp;grrr&nbsp;\u00bb que Ma\u00eblys m&rsquo;avait appris&nbsp;! Et il est parti en courant, mort de peur&#8230; Tout le monde \u00e9tait pli\u00e9 de rire, sauf moi&nbsp;! Je ne comprenais pas pourquoi il ne me r\u00e9pondait pas et ne voulait pas \u00eatre mon copain&#8230;<\/p>\n\n\n\n<p>Au retour, il y avait une descente, j&rsquo;\u00e9tais fatigu\u00e9 et parfois je tr\u00e9buchais. Je coup, je suis tomb\u00e9 une fois, sans mal, car je mis directement les mains devant pour me prot\u00e9ger. Mais la deuxi\u00e8me fois, ma t\u00eate, bien lourde, passa devant les mains et j&rsquo;atterris sur le nez. Je me mis \u00e0 saigner, \u00e0 avoir tr\u00e8s mal et \u00e0 pleurer tr\u00e8s fort. Maman me prit dans les bras tout le reste du chemin du retour. Elle s&rsquo;en voulait. Elle s&rsquo;\u00e9tait aper\u00e7u que je commen\u00e7ais \u00e0 fatiguer. Elle aurait d\u00fb me prendre dans les bras plus t\u00f4t, avant que je m&rsquo;estropie&#8230;<\/p>\n\n\n\n<p>En rentrant, Maman et Sophie cherch\u00e8rent le testament que Maman avait d\u00e9j\u00e0 cherch\u00e9 hier, en vain. Il n&rsquo;\u00e9tait plus en son lieu habituel. Sophie farfouilla quelque part o\u00f9 Maman n&rsquo;avait pas encore cherch\u00e9, dans le couloir du haut, et le trouva&nbsp;!<\/p>\n\n\n\n<p>Maman mit alors le rosaire autour des mains de Grand-Papa, suivant ses derni\u00e8res volont\u00e9s.&nbsp;<\/p>\n\n\n\n<p>Apr\u00e8s mon repas, Maman est all\u00e9e avec Oma, Sophie et Pascal dans la chambre o\u00f9 \u00e9tait Grand-Pa. Papa essaya de m&rsquo;endormir mais j&rsquo;ai eu du mal. Je les entendais, \u00e0 travers les murs, chanter et jouer de la fl\u00fbte. Ils chantaient, pour Grand-Pa, les morceaux qu&rsquo;ils aimaient bien tous les deux, lui et Oma.<\/p>\n\n\n\n<p>Je m&rsquo;endormis quand la musique cessa. Ils parl\u00e8rent encore beaucoup. Ils ont aussi lu ensemble le document dans lequel Grand-Pa avait exprim\u00e9 ses derni\u00e8res volont\u00e9s. Puis Maman vint enfin me coucher.&nbsp;<\/p>\n\n\n\n<p>Stress\u00e9 par ce coucher tardif, je me suis r\u00e9veill\u00e9 en hurlant \u00e0 3h. En plus, j&rsquo;avais mal \u00e0 ma blessure \u00e0 l\u00e8vre&nbsp;; la su\u00e7u collait dessus, c&rsquo;\u00e9tait horrible&nbsp;! Maman me ber\u00e7a, me donna du sirop qui enl\u00e8ve le bobo, et me reber\u00e7a. J&rsquo;avais mal et j&rsquo;\u00e9tais \u00e9nerv\u00e9. C&rsquo;\u00e9tait long&#8230; Au bout d&rsquo;une heure, je me suis calm\u00e9 et j&rsquo;ai fini par l\u00e2cher prise. Cela n&rsquo;aida pas mes parents \u00e0 r\u00e9cup\u00e9rer&#8230;<\/p>\n\n\n\n<p><strong>Mardi 21 mai<\/strong><\/p>\n\n\n\n<p>Fatigu\u00e9, je me suis r\u00e9veill\u00e9 \u00e0 8h30, une&nbsp;petite \u00ab&nbsp;grasse mat&nbsp;\u00bb. Pas \u00e9tonnant, je suis d\u00e9cal\u00e9 dans mes horaires et j&rsquo;ai eu une nuit tr\u00e8s agit\u00e9e. Papa, lui, s&rsquo;\u00e9tait lev\u00e9 une heure plus t\u00f4t, car il devait repartir ce matin. Vers 9h, tonton Pascal l&rsquo;amena prendre un blablacar. Avant cela, Oma et Pascal \u00e9taient all\u00e9s chez le fleuriste commander les fleurs pour la c\u00e9r\u00e9monie de demain&#8230;<\/p>\n\n\n\n<p>Pendant ma sieste du matin, dont j&rsquo;avais besoin malgr\u00e9 mon r\u00e9veil tardif, Maman fit une s\u00e9ance abdos-cardio-fessiers. Elle voulait profiter d&rsquo;avoir du temps, enfin&nbsp;!, pour s&rsquo;occuper un peu d&rsquo;elle.<\/p>\n\n\n\n<p>Au repas de midi, comme la veille, j&rsquo;ai appr\u00e9ci\u00e9 avec d\u00e9lice les fromages d&rsquo;Auvergne et en demandais toujours plus. Je disais \u00ab&nbsp;Encore&nbsp;!\u00bb pour demander et \u00ab&nbsp;Merci&nbsp;\u00bb (plus&nbsp; \u00ab&nbsp;mici&nbsp;\u00bb) pour remercier, quand Maman me donnait un petit bout.<\/p>\n\n\n\n<p>Maman chercha ensuite le \u00ab&nbsp;<em><u>Phedon<\/u><\/em>&nbsp;\u00bb de Platon, livre que voulait Gran-Pa sur son lit de mort, et le mit sous l&rsquo;oreiller du d\u00e9funt.<\/p>\n\n\n\n<p>Tata Sophie arriva \u00e0 13h, apr\u00e8s une s\u00e9ance d&rsquo;ost\u00e9o. Elle avait des douleurs au ventre. Avant de m&rsquo;amener \u00e0 la sieste, Maman, Oma, Pascal et Sophie cherch\u00e8rent quoi mettre comme phrase sur le ruban de deuil, \u00e0 commander avec les fleurs. Maman souhaitait une phrase en latin avec la traduction. Finalement, m\u00eame Oma qui trouvait au d\u00e9part le latin pr\u00e9tentieux, accepta. \u00ab&nbsp;<em><u>Lux perpetua luceat tibi<\/u><\/em>&nbsp;\u00bb \u00ab<em>Que la lumi\u00e8re \u00e9ternelle brille pour toi<\/em>&nbsp;\u00bb.<\/p>\n\n\n\n<figure class=\"wp-block-image size-large\"><img loading=\"lazy\" decoding=\"async\" width=\"1024\" height=\"394\" src=\"https:\/\/lisarose-moonpearl.com\/wp-content\/uploads\/2020\/07\/25.05.2019-phrase-cerceuil-3-1024x394.jpg\" alt=\"\" class=\"wp-image-2654\" srcset=\"https:\/\/lisarose-moonpearl.com\/wp-content\/uploads\/2020\/07\/25.05.2019-phrase-cerceuil-3-980x377.jpg 980w, https:\/\/lisarose-moonpearl.com\/wp-content\/uploads\/2020\/07\/25.05.2019-phrase-cerceuil-3-480x185.jpg 480w\" sizes=\"(min-width: 0px) and (max-width: 480px) 480px, (min-width: 481px) and (max-width: 980px) 980px, (min-width: 981px) 1024px, 100vw\" \/><\/figure>\n\n\n\n<figure class=\"wp-block-image size-large\"><img loading=\"lazy\" decoding=\"async\" width=\"1024\" height=\"357\" src=\"https:\/\/lisarose-moonpearl.com\/wp-content\/uploads\/2020\/07\/25.05.2019-phrase-cerceuil-2-1024x357.jpg\" alt=\"\" class=\"wp-image-2656\" srcset=\"https:\/\/lisarose-moonpearl.com\/wp-content\/uploads\/2020\/07\/25.05.2019-phrase-cerceuil-2-980x341.jpg 980w, https:\/\/lisarose-moonpearl.com\/wp-content\/uploads\/2020\/07\/25.05.2019-phrase-cerceuil-2-480x167.jpg 480w\" sizes=\"(min-width: 0px) and (max-width: 480px) 480px, (min-width: 481px) and (max-width: 980px) 980px, (min-width: 981px) 1024px, 100vw\" \/><\/figure>\n\n\n\n<p>Puis Maman les laissa, car il fallait qu&rsquo;elle r\u00e9alise le montage de la maquette (avec photos) de son texte pour Grand-Pa. Elle devait l&rsquo;imprimer en ville avec Odile, d\u00e8s mon r\u00e9veil de la sieste et mon go\u00fbter. Je l&rsquo;ai laiss\u00e9 travailler tranquillement \u00e0 c\u00f4t\u00e9 de moi et j&rsquo;ai fait un super gros dodo. Nous sommes partis tous les trois apr\u00e8s un go\u00fbter rapide. J&rsquo;ai mang\u00e9 mon bout de pain dans la voiture.&nbsp;<\/p>\n\n\n\n<p>Nous sommes arriv\u00e9s dans une grand magasin avec plein de trucs int\u00e9ressants&nbsp;! A l&rsquo;\u00e9tage, il y avait de nombreuses chaises de bureau comme j&rsquo;aimais bien. Je me suis r\u00e9gal\u00e9 \u00e0 tout escalader, sous le regard vigilant d&rsquo;Odile, pendant que Maman faisait imprimer les documents pour Grand-Pa avec un monsieur qui adorait venir en vacances&#8230;\u00e0 Perpignan&nbsp;! Les co\u00efncidences sont parfois tellement \u00e9normes que l&rsquo;on ne peut y voir que des clins d&rsquo;oeil ;-).<\/p>\n\n\n\n<p>Le soir, en rentrant, bain avec Maman dans la grande baignoire de Oma. Pendant mon repas, au cours duquel j&rsquo;ai continu\u00e9 \u00e0 r\u00e9clamer \u00e9nerg\u00e9tiquement \u00ab&nbsp;Encore&nbsp;!\u00bb plus de fromage d&rsquo;Auvergne en remerciant chaleureusement \u00e0 chaque morceau, les voisins pass\u00e8rent nous faire un coucou. Ils \u00e9taient tr\u00e8s gentils. Ils aimaient beaucoup Grand-Pa et Oma &lt;3.<\/p>\n\n\n\n<p>Le gar\u00e7on ne voulut pas monter voir la d\u00e9pouille de Grand-Pa. Il avait moins de 10 ans. La jeune fille, ado, avait, quant \u00e0 elle, pr\u00e9vu d&rsquo;aller le voir, mais Maman le lui d\u00e9conseilla. A son \u00e2ge, mieux valait qu&rsquo;elle garde le souvenir de Philippe vivant&#8230;. La jeune fille pr\u00e9f\u00e9ra \u00e9couter Maman et alla regarder l&rsquo;album photo que Oma avait fait pour Grand-Pa pour ses 80 ans.<\/p>\n\n\n\n<p>Cette fois-ci, pour moi, dodo de bonne heure, 21h, j&rsquo;en avait grand besoin. D\u00e8s que je fus endormi, Maman rejoignis le reste de la troupe pour le dernier moment de recueillement autour de Grand-Pa. Pas de fl\u00fbte ce soir, pour ne pas me r\u00e9veiller. Juste des chants car Oma y tenait beaucoup&#8230; Maman expliqua \u00e0 Grand-Pa que c&rsquo;\u00e9tait le dernier soir que son corps \u00e9tait l\u00e0, dans cette chambre, mais aussi dans sa maison&#8230; Moment \u00e9mouvant pour ceux qui resteraient ensuite dans cette maison&#8230;<\/p>\n\n\n\n<p>Cette nuit, je dormis de nouveau tr\u00e8s bien, mes bobos de la veille me faisaient moins mal et ne me r\u00e9veill\u00e8rent pas.<\/p>\n\n\n\n<p><strong>Mercredi 22 mai<\/strong><\/p>\n\n\n\n<p>Maman savait que le timing allait \u00eatre serr\u00e9 ce matin. Du coup, elle alla se doucher et se pr\u00e9parer avant que je me r\u00e9veille. Ensuite, elle me recoucha tr\u00e8s vite apr\u00e8s le petit d\u00e9jeuner et alla alors voir Grand-Pa. Elle lui parla, face \u00e0 sa d\u00e9pouille, une derni\u00e8re fois&#8230; en ce lieu et ainsi. Elle arriva m\u00eame \u00e0 lui toucher le bras, alors que jusqu&rsquo;\u00e0 pr\u00e9sent elle n&rsquo;arrivait pas \u00e0 le toucher.<\/p>\n\n\n\n<p>Maman alla voir les fleurs qui \u00e9taient arriv\u00e9es dans le garage. Des lys et des fleurs roses, magnifiques et la \u00ab&nbsp;banderole&nbsp;\u00bb en latin, traduite en fran\u00e7ais. Maman fut tr\u00e8s \u00e9mue. Le rose des fleurs \u00e9tait le m\u00eame que celui qu&rsquo;elle avait choisi pour \u00e9gailler sa tenue noire&nbsp;: ch\u00e2le et chaussettes roses en plus de sa robe, ses bottes et ses collants noirs. Encore une co\u00efncidence qui n&rsquo;\u00e9tait assur\u00e9ment pas un hasard ;-).<\/p>\n\n\n\n<p>J&rsquo;ai mang\u00e9 \u00e0 l&rsquo;heure normale, t\u00f4t. Tout le monde semblait tendu. Compr\u00e9hensible&#8230; A 12h30 arriva le service fun\u00e9raire. J&rsquo;\u00e9tais au jardin avec toute la troupe Dumoulin, pas de sieste aujourd&rsquo;hui. C&rsquo;\u00e9tait un jour \u00e9minemment sp\u00e9cial. Le personnel fun\u00e9raire se composait d&rsquo;un responsable et de cinq autres hommes qui semblaient muets comme des carpes (pour ne pas dire comme des tombes). Le responsable \u00e0 tout expliqu\u00e9 \u00e0 Oma, Maman, tonton Pascal et tata Sophie. Maman insista pour qu&rsquo;on mette \u00e0 Grand-Pa une belle chemise et un costume, son plus beau costume. Il avait toujours \u00e9t\u00e9 \u00e9l\u00e9gant vivant, il aurait vivement aim\u00e9 l&rsquo;\u00eatre aussi dans la derni\u00e8re demeure de son corps physique. Le responsable expliqua qu&rsquo;il n&rsquo;y avait aucun probl\u00e8me. Malgr\u00e9 la rigidit\u00e9 cadav\u00e9rique, ils pouvaient le changer. Ainsi fut fait.&nbsp;<\/p>\n\n\n\n<p>Pour le descendre dans l&rsquo;escalier jusqu&rsquo;au salon, ils le mirent dans une coque rigide. C&rsquo;est au salon qu&rsquo;a ensuite eu lieu la mise en bi\u00e8re. Quel dr\u00f4le de nom&nbsp;! Pendant tout ce temps, on \u00e9tait tous dehors et on jouait au ballon. Comme \u00e7a l&rsquo;\u00e9quipe fun\u00e9raire travaillait tranquillement. \u00c0 un moment donn\u00e9, ils eurent besoin d&rsquo;un pansement car du sang \u00e9tait sorti de la plaie dont ils avaient extrait le pacemaker. Il para\u00eet que pour des questions d&rsquo;\u00e9cologie, maintenant, si le corps \u00e9tait inhum\u00e9, on lui retirait les \u00e9l\u00e9ments toxiques&#8230; C&rsquo;\u00e9tait tout \u00e0 fait respectable.<\/p>\n\n\n\n<p>A 13h, le corps \u00e9tait pr\u00eat, dans le cercueil. La famille, moi compris, sommes venus pour lire une derni\u00e8re fois des textes \u00e0 Grand-Pa et lui chanter des chants, pour l&rsquo;aider \u00e0 partir et lui montrer qu&rsquo;on pensait \u00e0 lui. Maman a pos\u00e9 sa main sur la t\u00eate de Grand-Pa, tr\u00e8s froide, pour lui montrer qu&rsquo;elle \u00e9tait avec lui. Je sentais qu&rsquo;elle ne voulait pas le l\u00e2cher, m\u00eame si elle savait que ce n&rsquo;\u00e9tait que sa d\u00e9pouille&#8230; Sans corps physique, comme sorte de rep\u00e8re, il lui serait plus difficile de se convaincre qu&rsquo;il l&rsquo;entendait bien. Elle savait que l&rsquo;\u00e2me n&rsquo;\u00e9tait plus dans son corps. Mais depuis quand exactement&nbsp;? A quelle distance se trouvait-elle&nbsp;de lui ? En \u00e9tait-elle sortie enti\u00e8rement&nbsp;?<\/p>\n\n\n\n<p>Lorsque l&rsquo;\u00e9quipe fun\u00e9raire proc\u00e9da \u00e0 la fermeture du cercueil, Oma et tata Sophie sortirent et m&#8217;emmen\u00e8rent avec elles. Maman resta avec tonton Pascal pour assister au scellement de la belle bo\u00eete en bois&#8230; Les hommes muets sortirent alors le cercueil de la maison et l&rsquo;amen\u00e8rent dans la grande voiture couleur vin. \u00c7a avait l&rsquo;air tr\u00e8s lourd&#8230; Ils ne bronchaient cependant toujours pas. Le cercueil fut enfil\u00e9 dans un compartiment du bas. Les fleurs pos\u00e9es au dessus.<\/p>\n\n\n\n<p>Puis Maman m&#8217;embarqua dans sa voiture. Entre-temps \u00e9tait arriv\u00e9e Fran\u00e7oise B\u00e9raudy. Vous vous souvenez&nbsp;? Je vous ai d\u00e9j\u00e0 parl\u00e9 d&rsquo;elle, il y a un an. Nous \u00e9tions pass\u00e9s la voir, chez elle, en juin&#8230; Elle m&rsquo;avait offert un canard pour le bain&nbsp;!<\/p>\n\n\n\n<p>Nous nous sommes gar\u00e9s assez loins du temple car il n&rsquo;y a pas de parking l\u00e0-bas&#8230; Le gros vito mercedes violet \u00e9tait gar\u00e9 en bas de l&rsquo;escalier. Toute l&rsquo;\u00e9quipe fun\u00e9raire attendait que la famille compl\u00e8te soit pr\u00e9sente. Le moment \u00e9tait terriblement fort, intense&nbsp;! L&rsquo;\u00e9nergie, les \u00e9motions montaient en puissance. Il y avait un monde fou&#8230;<\/p>\n\n\n\n<p>Olivier, le cousin de Maman, l&rsquo;aida \u00e0 monter ma poussette en haut des escaliers. Il y en avait deux successifs. Tonton Pascal et Oma marchaient juste derri\u00e8re le cercueil. Puis virent Maman, tata Sophie et moi, puis tonton Emmanuel, tata Catherine et mes cousines, Alix et Zo\u00e9. L&rsquo;ambiance \u00e9tait \u00e9norme quand on arriva \u00e0 l&rsquo;arri\u00e8re du temple, c&rsquo;est-\u00e0-dire dans la grande salle du culte. Tout le monde \u00e9tait d\u00e9j\u00e0 install\u00e9. Maman reconnu de nombreux visages&#8230; Des personnes qu&rsquo;elle n&rsquo;a pas vues depuis quelques semaines, quelques mois, quelques ann\u00e9es, quelques d\u00e9cennies m\u00eame, pour certaines&#8230; La musique retentit avec l&rsquo;apparition du cercueil et de sa \u00ab&nbsp;suite&nbsp;\u00bb. Je sentis Maman trembler tant l&rsquo;\u00e9motion m&rsquo;envahit. J&rsquo;\u00e9tais l\u00e0, avec elle, elle n&rsquo;\u00e9tait pas seule, elle le savait. Papa (mon papa) lui manquait, bien qu&rsquo;elle sache qu&rsquo;il d\u00e9teste les \u00e9glises et les c\u00e9r\u00e9monies religieuses.<\/p>\n\n\n\n<figure class=\"wp-block-image size-large is-resized\"><img loading=\"lazy\" decoding=\"async\" src=\"https:\/\/lisarose-moonpearl.com\/wp-content\/uploads\/2020\/07\/22.05.2019-temple-18.jpg\" alt=\"\" class=\"wp-image-2558\" width=\"551\" height=\"647\" srcset=\"https:\/\/lisarose-moonpearl.com\/wp-content\/uploads\/2020\/07\/22.05.2019-temple-18.jpg 551w, https:\/\/lisarose-moonpearl.com\/wp-content\/uploads\/2020\/07\/22.05.2019-temple-18-480x564.jpg 480w\" sizes=\"(min-width: 0px) and (max-width: 480px) 480px, (min-width: 481px) 551px, 100vw\" \/><\/figure>\n\n\n\n<p>Le cercueil fut plac\u00e9 \u00e0 c\u00f4t\u00e9 de l&rsquo;autel sur des tr\u00e9teaux, recouvert et entour\u00e9 de fleurs. Les fleurs, c&rsquo;\u00e9tait la vie, la vie \u00e9ph\u00e9m\u00e8re, la vie qui continuait, avec toute sa beaut\u00e9, ses couleurs, ses parfums, et qui se renouvelait sans cesse. Des fleurs, c&rsquo;\u00e9tait aussi une vie d\u00e9j\u00e0 morte, une vie qui semblait \u00eatre encore l\u00e0, comme le corps physique de Grand-Pa, mais qui n&rsquo;\u00e9tait plus, car les fleurs \u00e9taient coup\u00e9es de leur plante nourrici\u00e8re, de leur m\u00e8re vitale&#8230; Maman, pour cela, n&rsquo;aimait pas les fleurs coup\u00e9es, leur pr\u00e9f\u00e9rant largement les plantes en pot, car elles vivaient encore et vivraient tant qu&rsquo;on prenait soin d&rsquo;elles\u2026<\/p>\n\n\n\n<p>Il y avait deux pasteurs qui racontaient des trucs que je ne comprenais pas et auxquels m\u00eame Maman ne s&rsquo;int\u00e9ressait gu\u00e8re. Les pr\u00eaches, bof, bof, les dogmes et la Bible, ce n&rsquo;\u00e9tait pas notre truc.&nbsp;<\/p>\n\n\n\n<figure class=\"wp-block-image size-large is-resized\"><img loading=\"lazy\" decoding=\"async\" src=\"https:\/\/lisarose-moonpearl.com\/wp-content\/uploads\/2020\/07\/22.05.2019-temple-4.jpg\" alt=\"\" class=\"wp-image-2556\" width=\"548\" height=\"694\" srcset=\"https:\/\/lisarose-moonpearl.com\/wp-content\/uploads\/2020\/07\/22.05.2019-temple-4.jpg 548w, https:\/\/lisarose-moonpearl.com\/wp-content\/uploads\/2020\/07\/22.05.2019-temple-4-480x608.jpg 480w\" sizes=\"(min-width: 0px) and (max-width: 480px) 480px, (min-width: 481px) 548px, 100vw\" \/><\/figure>\n\n\n\n<p>Par contre, ce qu&rsquo;on a bien aim\u00e9 tous les deux, ce fut la musique&#8230; <\/p>\n\n\n\n<figure class=\"wp-block-image size-large is-resized\"><img loading=\"lazy\" decoding=\"async\" src=\"https:\/\/lisarose-moonpearl.com\/wp-content\/uploads\/2020\/07\/22.05.2019-temple-25.jpg\" alt=\"\" class=\"wp-image-2566\" width=\"540\" height=\"705\" srcset=\"https:\/\/lisarose-moonpearl.com\/wp-content\/uploads\/2020\/07\/22.05.2019-temple-25.jpg 540w, https:\/\/lisarose-moonpearl.com\/wp-content\/uploads\/2020\/07\/22.05.2019-temple-25-480x627.jpg 480w\" sizes=\"(min-width: 0px) and (max-width: 480px) 480px, (min-width: 481px) 540px, 100vw\" \/><\/figure>\n\n\n\n<p>Tata Sophie a jou\u00e9 du violoncelle, en tremblant beaucoup, les larmes ruisselant le long de ses yeux par moment, tant l&rsquo;\u00e9motion lui serrait le c\u0153ur. Elle \u00e9tait accompagn\u00e9e par l&rsquo;organiste, Evelyne Ours, une grande amie de Oma. <\/p>\n\n\n\n<figure class=\"wp-block-image size-large is-resized\"><img loading=\"lazy\" decoding=\"async\" src=\"https:\/\/lisarose-moonpearl.com\/wp-content\/uploads\/2020\/08\/22.05.2019-temple-28-1.jpg\" alt=\"\" class=\"wp-image-2700\" width=\"541\" height=\"470\"\/><\/figure>\n\n\n\n<figure class=\"wp-block-image size-large is-resized\"><img loading=\"lazy\" decoding=\"async\" src=\"https:\/\/lisarose-moonpearl.com\/wp-content\/uploads\/2020\/07\/22.05.2019-temple-3-663x1024.jpg\" alt=\"\" class=\"wp-image-2555\" width=\"537\" height=\"829\" srcset=\"https:\/\/lisarose-moonpearl.com\/wp-content\/uploads\/2020\/07\/22.05.2019-temple-3-663x1024.jpg 537w, https:\/\/lisarose-moonpearl.com\/wp-content\/uploads\/2020\/07\/22.05.2019-temple-3-480x742.jpg 480w\" sizes=\"(min-width: 0px) and (max-width: 480px) 480px, (min-width: 481px) 537px, 100vw\" \/><\/figure>\n\n\n\n<p>Tonton Pascal joua de la trompette. C&rsquo;\u00e9tait sublime. Maman en eut des frissons et se mit, elle aussi, \u00e0 pleurer, tant la beaut\u00e9 de ce son, si pur et si puissant, mais \u00e0 la fois si doux et velout\u00e9, la touchait en plein c\u0153ur. Moi&#8230;&nbsp;? Ben \u00e7a m&rsquo;a endormi&nbsp;! Je vous expliquerai apr\u00e8s pourquoi ;-). C&rsquo;\u00e9tait s\u00fbr et certain que Grand-Pa \u00e9tait l\u00e0, pr\u00e9sent, qu&rsquo;il avait entendu comme nous tous la belle musique jou\u00e9e pour lui par ses enfants.&nbsp;<\/p>\n\n\n\n<figure class=\"wp-block-image size-large\"><img loading=\"lazy\" decoding=\"async\" width=\"1024\" height=\"694\" src=\"https:\/\/lisarose-moonpearl.com\/wp-content\/uploads\/2020\/07\/22.05.2019-temple-20-1024x694.jpg\" alt=\"\" class=\"wp-image-2561\" srcset=\"https:\/\/lisarose-moonpearl.com\/wp-content\/uploads\/2020\/07\/22.05.2019-temple-20-1024x694.jpg 1024w, https:\/\/lisarose-moonpearl.com\/wp-content\/uploads\/2020\/07\/22.05.2019-temple-20-980x664.jpg 980w, https:\/\/lisarose-moonpearl.com\/wp-content\/uploads\/2020\/07\/22.05.2019-temple-20-480x325.jpg 480w\" sizes=\"(min-width: 0px) and (max-width: 480px) 480px, (min-width: 481px) and (max-width: 980px) 980px, (min-width: 981px) 1024px, 100vw\" \/><\/figure>\n\n\n\n<p>Il y avait aussi le choeur r\u00e9gional d&rsquo;Auvergne, auquel appartenait Oma. Il a interpr\u00e9t\u00e9 de nombreux morceaux de musique classique que Maman ne reconnut pas vraiment. En plus le chant choral la touchait moins que les instruments en solo. Oma avait tenu \u00e0 ce que ces morceaux importants pour elle et Grand-Pa soient jou\u00e9s en cette occasion unique. Tout comme les textes qui furent lus&nbsp;: la plupart \u00e9taient ceux que Oma et Grand-Pa avaient d\u00e9j\u00e0 choisis pour leur mariage, il y avait de cela 42 ans&nbsp; (en 1977)&nbsp;!<\/p>\n\n\n\n<figure class=\"wp-block-image size-large is-resized\"><img loading=\"lazy\" decoding=\"async\" src=\"https:\/\/lisarose-moonpearl.com\/wp-content\/uploads\/2020\/07\/22.05.2019-temple-27.jpg\" alt=\"\" class=\"wp-image-2567\" width=\"577\" height=\"491\"\/><\/figure>\n\n\n\n<p>Petite parenth\u00e8se. Pourquoi m&rsquo;\u00e9tais-je endormi avec la trompette&nbsp;? En fait, exceptionnellement, j&rsquo;ai loup\u00e9 ma sieste, la c\u00e9r\u00e9monie \u00e9tant \u00e0 14h. Au d\u00e9but, j&rsquo;ai \u00e9cout\u00e9 sagement le culte sans broncher. Il faisait chaud, Maman me donnait souvent \u00e0 boire. Puis j&rsquo;en ai eu marre&#8230; J&rsquo;ai commenc\u00e9 \u00e0 me plaindre, malgr\u00e9 \u00ab&nbsp;sucu&nbsp;\u00bb et \u00ab&nbsp;doudou&nbsp;\u00bb. Du coup, Maman m&rsquo;a promen\u00e9 dans une all\u00e9e, dans la poussette. Aller, retour, aller, retour, aller, retour&#8230; J&rsquo;entendais Lou, ma cousine, en bas avec son papa, Pierrick. Elle aussi r\u00e2lait. Sa maman, Isabelle, \u00e9tait assise juste derri\u00e8re Maman. Lorsque Maman d\u00fbt aller lire son texte avec ses fr\u00e8res et s\u0153ur, et m\u00eame avant, quand Bernard parla, Isabelle proposa \u00e0 Maman de prendre le relai. Et c&rsquo;est ce qui fut fait. A force de rouler, rouler, rouler, je me suis senti envahi petit \u00e0 petit par le sommeil et je m&rsquo;endormis tranquillement dans la poussette (en plein morceau de trompette !). C&rsquo;\u00e9tait un morceau d&rsquo;une beaut\u00e9 vraiment c\u00e9leste &lt;3.<\/p>\n\n\n\n<figure class=\"wp-block-image size-large is-resized\"><img loading=\"lazy\" decoding=\"async\" src=\"https:\/\/lisarose-moonpearl.com\/wp-content\/uploads\/2020\/07\/22.05.2019-temple-21-1.jpg\" alt=\"\" class=\"wp-image-2562\" width=\"577\" height=\"481\"\/><\/figure>\n\n\n\n<p>Oma fut la premi\u00e8re \u00e0 rendre hommage \u00e0 Grand-Pa, son mari. Son texte fut clair, bien qu&rsquo;improvis\u00e9. Elle n&rsquo;avait aucune note, contrairement \u00e0 toutes celles et ceux qui la suivirent. Sa voix ne faillit pas. Maman admira son sang froid dans ce moment si solennel, intime, profond, touchant&#8230; Oma \u00e9tait tr\u00e8s forte dans cette \u00e9preuve unique et in\u00e9dite.<\/p>\n\n\n\n<figure class=\"wp-block-image size-large is-resized\"><img loading=\"lazy\" decoding=\"async\" src=\"https:\/\/lisarose-moonpearl.com\/wp-content\/uploads\/2020\/07\/22.05.2019-temple-10.jpg\" alt=\"\" class=\"wp-image-2557\" width=\"580\" height=\"594\"\/><\/figure>\n\n\n\n<p>Ensuite Bernard, le second de la fratrie apr\u00e8s Philippe, lut un texte magnifique sur son grand fr\u00e8re. Tout le monde fut fascin\u00e9 par l&rsquo;\u00e9clairage lucide qu&rsquo;il apporta sur la personnalit\u00e9 si complexe de Grand-Pa. Un grand solitaire, incompris, \u00e9pris d&rsquo;absolu et ayant eu bien du mal \u00e0 trouver sa place dans ce monde&#8230;<\/p>\n\n\n\n<figure class=\"wp-block-image size-large is-resized\"><img loading=\"lazy\" decoding=\"async\" src=\"https:\/\/lisarose-moonpearl.com\/wp-content\/uploads\/2020\/07\/22.05.2019-temple-23.jpg\" alt=\"\" class=\"wp-image-2563\" width=\"585\" height=\"449\"\/><\/figure>\n\n\n\n<p>Puis ce fut au tour des enfants de Grand-Pa de prendre la parole.<\/p>\n\n\n\n<figure class=\"wp-block-image size-large is-resized\"><img loading=\"lazy\" decoding=\"async\" src=\"https:\/\/lisarose-moonpearl.com\/wp-content\/uploads\/2020\/07\/22.05.2019-temple-19-710x1024.jpg\" alt=\"\" class=\"wp-image-2559\" width=\"587\" height=\"846\" srcset=\"https:\/\/lisarose-moonpearl.com\/wp-content\/uploads\/2020\/07\/22.05.2019-temple-19-710x1024.jpg 587w, https:\/\/lisarose-moonpearl.com\/wp-content\/uploads\/2020\/07\/22.05.2019-temple-19-480x693.jpg 480w\" sizes=\"(min-width: 0px) and (max-width: 480px) 480px, (min-width: 481px) 587px, 100vw\" \/><\/figure>\n\n\n\n<p> Tata Sophie lut un texte assez humoristique, de son cru, sur son t\u00e9l\u00e9phone portable&nbsp;! Grand-Pa appr\u00e9cia-t-il cette boutade&nbsp;? Cette provocation&nbsp;? Lui qui d\u00e9testait ces engins \u00ab&nbsp;diaboliques&nbsp;\u00bb&nbsp;! En tout cas, elle rappela qu&rsquo;il valait mieux profiter de ceux qu&rsquo;on aimait tant qu&rsquo;ils \u00e9taient l\u00e0, pour ne pas avoir de regrets. C&rsquo;est s\u00fbr&#8230;<\/p>\n\n\n\n<p>Tonton Pascal lut un texte court, concis, \u00e9cris \u00e0 la main, mais non moins beau et touchant. Il parla du r\u00f4le qu&rsquo;avait eu son p\u00e8re dans sa vie et l&rsquo;en remerciait, lui qui \u00e9tait devenu p\u00e8re trois fois depuis.<\/p>\n\n\n\n<p>Maman lut un extrait du texte qu&rsquo;elle avait \u00e9crit suite \u00e0 la premi\u00e8re conversation \u00ab&nbsp;d&rsquo;\u00e2me \u00e0 \u00e2me&nbsp;\u00bb qu&rsquo;elle avait eu avec son p\u00e8re, devant sa d\u00e9pouille.<\/p>\n\n\n\n<p><em>\u00ab&nbsp;Texte pour Papa&#8230;&nbsp;<\/em><\/p>\n\n\n\n<p><em>En arrivant \u00e0 la maison, dimanche, le lendemain de ton d\u00e9c\u00e8s, je craignais \u00eatre terroris\u00e9e de voir ta d\u00e9pouille.&nbsp;<\/em><\/p>\n\n\n\n<p><em>Mon fils, Angelo, mon petit ange, m&rsquo;a ouvert la voie, m&rsquo;a guid\u00e9 vers toi. Il a couru vers ta chambre et a ouvert la porte d&rsquo;un coup, sans que je ne puisse rien faire. Je t&rsquo;ai vu, si paisible, sur ton lit, que toute crainte m&rsquo;a quitt\u00e9e&#8230;<\/em><\/p>\n\n\n\n<p><em>Tu vas acc\u00e9der \u00e0 la lumi\u00e8re et l&rsquo;amour infini. Tu retrouveras tous les \u00eatres chers qui sont partis l\u00e0-bas avant toi. Tu as perdu tellement de personnes ici-bas&#8230; Elles n&rsquo;en seront que plus nombreuses \u00e0 c\u00e9l\u00e9brer ton arriv\u00e9e.&nbsp;<\/em><\/p>\n\n\n\n<p><em>Tu vas rejoindre tous les auteurs qui t&rsquo;ont accompagn\u00e9s de si nombreuses heures, tout au long de ta vie. Ils \u00e9taient tes ma\u00eetres autant que tes amis. Ils t&rsquo;ont aid\u00e9 \u00e0 surmonter bien des moments difficiles. Platon, Montesquieu, Lanza del Vasto, Simone Weil, pour ne citer que les plus importants. Ils seront heureux de te compter d\u00e9sormais parmi les leurs.<\/em><\/p>\n\n\n\n<p><em>Je tenais \u00e0 te remercier pour tous les bons souvenirs que tu nous laisses, que tu me laisses. C&rsquo;est toi qui m&rsquo;a transmis ce go\u00fbt de l&rsquo;\u00e9criture, tu m&rsquo;as toujours soutenu dans cette voie. Tu as pass\u00e9 des heures \u00e0 corriger mes nombreux textes et ouvrages. Ce furent des moments privil\u00e9gi\u00e9s, en t\u00eate-\u00e0-t\u00eate, que je conserve pr\u00e9cieusement&#8230; Merci pour ta patience, ta p\u00e9dagogie, j&rsquo;ai tant appris gr\u00e2ce \u00e0 toi.&nbsp;<\/em><\/p>\n\n\n\n<p><em>Je te remercie aussi pour tes qualit\u00e9s autant que tes d\u00e9fauts. Nous avons tant de points communs&#8230; Ce besoin de solitude, cette impression de ne pas \u00eatre n\u00e9 au bon endroit, cette recherche imp\u00e9rieuse d&rsquo;absolu&#8230; La liste est longue.&nbsp;<\/em><\/p>\n\n\n\n<p><em>J&rsquo;esp\u00e8re que mon petit Angelo a h\u00e9rit\u00e9 de ta soif d&rsquo;apprendre et de ta pers\u00e9v\u00e9rance \u00e0 d\u00e9fendre des causes qui lui sembleront justes.&nbsp;\u00bb<\/em><\/p>\n\n\n\n<p>Maman n&rsquo;arriva pas \u00e0 la fin de son texte sans pleurer. C&rsquo;\u00e9tait ainsi&#8230; Elle laissait parler son c\u0153ur, ses \u00e9motions. C&rsquo;\u00e9tait le plus important. Personne ne la jugerait pour ses larmes bien l\u00e9gitimes.<\/p>\n\n\n\n<figure class=\"wp-block-image size-large is-resized\"><img loading=\"lazy\" decoding=\"async\" src=\"https:\/\/lisarose-moonpearl.com\/wp-content\/uploads\/2020\/07\/22.05.2019-temple-24.jpg\" alt=\"\" class=\"wp-image-2564\" width=\"611\" height=\"726\" srcset=\"https:\/\/lisarose-moonpearl.com\/wp-content\/uploads\/2020\/07\/22.05.2019-temple-24.jpg 611w, https:\/\/lisarose-moonpearl.com\/wp-content\/uploads\/2020\/07\/22.05.2019-temple-24-480x571.jpg 480w\" sizes=\"(min-width: 0px) and (max-width: 480px) 480px, (min-width: 481px) 611px, 100vw\" \/><\/figure>\n\n\n\n<p>Tonton Emmanuel lut un texte tap\u00e9 \u00e0 l&rsquo;ordinateur et compl\u00e9t\u00e9 \u00e0 la main, sans doute \u00e0 la derni\u00e8re minute. Malgr\u00e9 le ton d\u00e9tach\u00e9 et humoristique qu&rsquo;il mit dans la premi\u00e8re partie de son texte et la sensation de d\u00e9tachement qu&rsquo;il voulait montrer, on eut enfin un aper\u00e7u des \u00e9motions qu&rsquo;il cachait en g\u00e9n\u00e9ral si habilement. Comme quoi, ce genre d&rsquo;\u00e9v\u00e8nement touche le c\u0153ur et brise toutes les carapaces.&nbsp;<\/p>\n\n\n\n<figure class=\"wp-block-image size-large\"><img loading=\"lazy\" decoding=\"async\" width=\"1024\" height=\"768\" src=\"https:\/\/lisarose-moonpearl.com\/wp-content\/uploads\/2020\/07\/22.05.2019-temple-26.jpg\" alt=\"\" class=\"wp-image-2565\" srcset=\"https:\/\/lisarose-moonpearl.com\/wp-content\/uploads\/2020\/07\/22.05.2019-temple-26.jpg 1024w, https:\/\/lisarose-moonpearl.com\/wp-content\/uploads\/2020\/07\/22.05.2019-temple-26-980x735.jpg 980w, https:\/\/lisarose-moonpearl.com\/wp-content\/uploads\/2020\/07\/22.05.2019-temple-26-480x360.jpg 480w\" sizes=\"(min-width: 0px) and (max-width: 480px) 480px, (min-width: 481px) and (max-width: 980px) 980px, (min-width: 981px) 1024px, 100vw\" \/><\/figure>\n\n\n\n<p>La c\u00e9r\u00e9monie fut beaucoup plus longue que pr\u00e9vue. Elle se termina 16h au lieu de 15h. A la sortie, difficile d&#8217;embarquer le cercueil rapidement. Il y avait tant de monde&nbsp;!!! Grand-Pa \u00e9tait connu, appr\u00e9ci\u00e9, aim\u00e9 m\u00eame, par tout un tas de personnes. La preuve, s&rsquo;il en fallait une, \u00e9tait l\u00e0, sous les yeux de tous.<\/p>\n\n\n\n<p>De nombreuses personnes se pench\u00e8rent sur ma poussette et dirent \u00e0 Maman \u00e0 quel point elles me trouvaient mignon, charmant, magnifique et tellement sage pendant toute la c\u00e9r\u00e9monie. Maman fut tr\u00e8s touch\u00e9e.<\/p>\n\n\n\n<p>Plusieurs personnes virent, \u00e0 sa grande surprise, lui parler de ses romans. Un chanteur de la chorale gr\u00e9gorienne dans laquelle Grand-Pa chantait, notamment. Mais aussi&#8230; Roselyne Dumas&nbsp;! Le m\u00e9decin de la famille depuis plus de 30 ans. Maman la reconnut tout de suite. Roselyne avait re\u00e7u, il y avait de cela tr\u00e8s peu de temps, le tome II des nouvelles de Maylen&rsquo; et Kaolin&rsquo; par Grand-Pa. Elle souhaitait parler de ses \u00e9crits avec Maman ;-).<\/p>\n\n\n\n<p>Enfin, quand la famille put prendre cong\u00e9s des personnes ne venant ni au cimeti\u00e8re ni ensuite \u00e0 la maison de Blanzat, nous avons quitt\u00e9 le temple pour retrouver la voiture. Direction le cimeti\u00e8re&nbsp;!<\/p>\n\n\n\n<figure class=\"wp-block-image size-large\"><img loading=\"lazy\" decoding=\"async\" width=\"1024\" height=\"452\" src=\"https:\/\/lisarose-moonpearl.com\/wp-content\/uploads\/2020\/07\/22.05.2019-cimeti\u00e8re-3-1024x452.jpg\" alt=\"\" class=\"wp-image-2576\" srcset=\"https:\/\/lisarose-moonpearl.com\/wp-content\/uploads\/2020\/07\/22.05.2019-cimeti\u00e8re-3-1024x452.jpg 1024w, https:\/\/lisarose-moonpearl.com\/wp-content\/uploads\/2020\/07\/22.05.2019-cimeti\u00e8re-3-300x132.jpg 300w, https:\/\/lisarose-moonpearl.com\/wp-content\/uploads\/2020\/07\/22.05.2019-cimeti\u00e8re-3-768x339.jpg 768w, https:\/\/lisarose-moonpearl.com\/wp-content\/uploads\/2020\/07\/22.05.2019-cimeti\u00e8re-3-1080x476.jpg 1080w, https:\/\/lisarose-moonpearl.com\/wp-content\/uploads\/2020\/07\/22.05.2019-cimeti\u00e8re-3-1280x565.jpg 1280w, https:\/\/lisarose-moonpearl.com\/wp-content\/uploads\/2020\/07\/22.05.2019-cimeti\u00e8re-3-980x432.jpg 980w, https:\/\/lisarose-moonpearl.com\/wp-content\/uploads\/2020\/07\/22.05.2019-cimeti\u00e8re-3-480x212.jpg 480w, https:\/\/lisarose-moonpearl.com\/wp-content\/uploads\/2020\/07\/22.05.2019-cimeti\u00e8re-3-600x265.jpg 600w, https:\/\/lisarose-moonpearl.com\/wp-content\/uploads\/2020\/07\/22.05.2019-cimeti\u00e8re-3.jpg 1335w\" sizes=\"(max-width: 1024px) 100vw, 1024px\" \/><\/figure>\n\n\n\n<p>Ne s&rsquo;y retrouv\u00e8rent que la famille proche. L&rsquo;\u00e9motion \u00e9tait retomb\u00e9e, du moins chez Maman. Je la sentis lib\u00e9r\u00e9e. Comme si toute l&rsquo;\u00e9motion et la communion s&rsquo;\u00e9taient cristallis\u00e9es pendant la c\u00e9r\u00e9monie. Ce qu&rsquo;il restait \u00e0 faire n&rsquo;\u00e9tait qu&rsquo;une formalit\u00e9 purement mat\u00e9rielle. Le moment spirituel, fort, \u00e9tait pass\u00e9. Ici, on laissait juste le corps dans sa derni\u00e8re demeure.<\/p>\n\n\n\n<p>Ce n&rsquo;\u00e9tait m\u00eame pas s\u00fbr que Grand-Pa nous ait suivi jusque l\u00e0. Quand je parle de lui d\u00e9sormais, il s&rsquo;agit de son \u00e2me, de son corps de lumi\u00e8re, et non plus de son corps physique. Peut-\u00eatre \u00e9tait-il rentr\u00e9 \u00e0 Blanzat directement. Ou alors s&rsquo;amusait-il \u00e0 visiter le reste du cimeti\u00e8re pendant sa mise en terre.&nbsp;<\/p>\n\n\n\n<p>Maman plaisanta m\u00eame avec le \u00ab&nbsp;ma\u00eetre de c\u00e9r\u00e9monie&nbsp;\u00bb. Tout s\u00e9rieux, tout c\u00e9r\u00e9monial, toute solennit\u00e9 s&rsquo;\u00e9taient envol\u00e9s. Elle lui dit que si elle devait choisir un ma\u00eetre de c\u00e9r\u00e9monie pour son propre enterrement, ce serait lui qu&rsquo;elle choisirait \ud83d\ude09&nbsp;!<\/p>\n\n\n\n<figure class=\"wp-block-image size-large is-resized\"><img loading=\"lazy\" decoding=\"async\" src=\"https:\/\/lisarose-moonpearl.com\/wp-content\/uploads\/2020\/07\/22.05.2019-cimeti\u00e8re-4.jpg\" alt=\"\" class=\"wp-image-2575\" width=\"445\" height=\"424\" srcset=\"https:\/\/lisarose-moonpearl.com\/wp-content\/uploads\/2020\/07\/22.05.2019-cimeti\u00e8re-4.jpg 1024w, https:\/\/lisarose-moonpearl.com\/wp-content\/uploads\/2020\/07\/22.05.2019-cimeti\u00e8re-4-300x286.jpg 300w, https:\/\/lisarose-moonpearl.com\/wp-content\/uploads\/2020\/07\/22.05.2019-cimeti\u00e8re-4-768x733.jpg 768w, https:\/\/lisarose-moonpearl.com\/wp-content\/uploads\/2020\/07\/22.05.2019-cimeti\u00e8re-4-980x935.jpg 980w, https:\/\/lisarose-moonpearl.com\/wp-content\/uploads\/2020\/07\/22.05.2019-cimeti\u00e8re-4-480x458.jpg 480w, https:\/\/lisarose-moonpearl.com\/wp-content\/uploads\/2020\/07\/22.05.2019-cimeti\u00e8re-4-600x572.jpg 600w\" sizes=\"(max-width: 445px) 100vw, 445px\" \/><\/figure>\n\n\n\n<p>Moi aussi, je ressentis cette libert\u00e9 et j&rsquo;en eu marre d&rsquo;\u00eatre coinc\u00e9 dans la poussette. J&rsquo;avais dormi, malgr\u00e9 la chaleur \u00e9touffante r\u00e9gnant dans le temple (la faute au b\u00e9ton pur non isol\u00e9). Il faisait beau et chaud dehors, j&rsquo;avais vraiment chaud dans la poussette. Au d\u00e9but, le gentil ma\u00eetre de c\u00e9r\u00e9monie pr\u00eata un parapluie (noir, \u00e9videment) \u00e0 Maman pour que je sois \u00e0 l&rsquo;ombre. On ne pouvait pas me d\u00e9tacher pendant la mise en terre, je risquais de faire des miennes&nbsp;; le pire aurait \u00e9t\u00e9 que je tombe moi-m\u00eame dans le trou&nbsp;!<\/p>\n\n\n\n<figure class=\"wp-block-image size-large is-resized\"><img loading=\"lazy\" decoding=\"async\" src=\"https:\/\/lisarose-moonpearl.com\/wp-content\/uploads\/2020\/07\/22.05.2019-cimeti\u00e8re-1.jpg\" alt=\"\" class=\"wp-image-2571\" width=\"671\" height=\"526\" srcset=\"https:\/\/lisarose-moonpearl.com\/wp-content\/uploads\/2020\/07\/22.05.2019-cimeti\u00e8re-1.jpg 1024w, https:\/\/lisarose-moonpearl.com\/wp-content\/uploads\/2020\/07\/22.05.2019-cimeti\u00e8re-1-300x235.jpg 300w, https:\/\/lisarose-moonpearl.com\/wp-content\/uploads\/2020\/07\/22.05.2019-cimeti\u00e8re-1-768x602.jpg 768w, https:\/\/lisarose-moonpearl.com\/wp-content\/uploads\/2020\/07\/22.05.2019-cimeti\u00e8re-1-980x768.jpg 980w, https:\/\/lisarose-moonpearl.com\/wp-content\/uploads\/2020\/07\/22.05.2019-cimeti\u00e8re-1-480x376.jpg 480w, https:\/\/lisarose-moonpearl.com\/wp-content\/uploads\/2020\/07\/22.05.2019-cimeti\u00e8re-1-600x470.jpg 600w\" sizes=\"(max-width: 671px) 100vw, 671px\" \/><\/figure>\n\n\n\n<p>Certaines personnes gard\u00e8rent leur mine solennelle. Pour jeter une fleur dans la tombe&#8230; Oma avait coup\u00e9 des iris au jardin. Les personnes pr\u00e9sentes avaient le choix entre un iris violet et les roses command\u00e9es au fleuriste. La plupart des convives choisirent un iris, coupait au petit matin dans le jardin de Oma et Grand-Pa. Les m\u00eames iris que ceux qu&rsquo;on avait mis dans la chambre du d\u00e9funt, pendant les quelques jours de veill\u00e9e mortuaire.<\/p>\n\n\n\n<figure class=\"wp-block-image size-large is-resized\"><img loading=\"lazy\" decoding=\"async\" src=\"https:\/\/lisarose-moonpearl.com\/wp-content\/uploads\/2020\/07\/22.05.2019-cimeti\u00e8re-2.jpg\" alt=\"\" class=\"wp-image-2573\" width=\"666\" height=\"745\" srcset=\"https:\/\/lisarose-moonpearl.com\/wp-content\/uploads\/2020\/07\/22.05.2019-cimeti\u00e8re-2.jpg 915w, https:\/\/lisarose-moonpearl.com\/wp-content\/uploads\/2020\/07\/22.05.2019-cimeti\u00e8re-2-268x300.jpg 268w, https:\/\/lisarose-moonpearl.com\/wp-content\/uploads\/2020\/07\/22.05.2019-cimeti\u00e8re-2-768x859.jpg 768w, https:\/\/lisarose-moonpearl.com\/wp-content\/uploads\/2020\/07\/22.05.2019-cimeti\u00e8re-2-480x537.jpg 480w, https:\/\/lisarose-moonpearl.com\/wp-content\/uploads\/2020\/07\/22.05.2019-cimeti\u00e8re-2-600x671.jpg 600w\" sizes=\"(max-width: 666px) 100vw, 666px\" \/><\/figure>\n\n\n\n<figure class=\"wp-block-image size-large is-resized\"><img loading=\"lazy\" decoding=\"async\" src=\"https:\/\/lisarose-moonpearl.com\/wp-content\/uploads\/2020\/07\/22.05.2019-cimeti\u00e8re-9.jpg\" alt=\"\" class=\"wp-image-2578\" width=\"668\" height=\"714\" srcset=\"https:\/\/lisarose-moonpearl.com\/wp-content\/uploads\/2020\/07\/22.05.2019-cimeti\u00e8re-9.jpg 958w, https:\/\/lisarose-moonpearl.com\/wp-content\/uploads\/2020\/07\/22.05.2019-cimeti\u00e8re-9-281x300.jpg 281w, https:\/\/lisarose-moonpearl.com\/wp-content\/uploads\/2020\/07\/22.05.2019-cimeti\u00e8re-9-768x821.jpg 768w, https:\/\/lisarose-moonpearl.com\/wp-content\/uploads\/2020\/07\/22.05.2019-cimeti\u00e8re-9-480x513.jpg 480w, https:\/\/lisarose-moonpearl.com\/wp-content\/uploads\/2020\/07\/22.05.2019-cimeti\u00e8re-9-600x641.jpg 600w\" sizes=\"(max-width: 668px) 100vw, 668px\" \/><\/figure>\n\n\n\n<figure class=\"wp-block-image size-large is-resized\"><img loading=\"lazy\" decoding=\"async\" src=\"https:\/\/lisarose-moonpearl.com\/wp-content\/uploads\/2020\/07\/22.05.2019-cimeti\u00e8re-8--748x1024.jpg\" alt=\"\" class=\"wp-image-2579\" width=\"540\" height=\"739\" srcset=\"https:\/\/lisarose-moonpearl.com\/wp-content\/uploads\/2020\/07\/22.05.2019-cimeti\u00e8re-8--748x1024.jpg 748w, https:\/\/lisarose-moonpearl.com\/wp-content\/uploads\/2020\/07\/22.05.2019-cimeti\u00e8re-8--219x300.jpg 219w, https:\/\/lisarose-moonpearl.com\/wp-content\/uploads\/2020\/07\/22.05.2019-cimeti\u00e8re-8--480x657.jpg 480w, https:\/\/lisarose-moonpearl.com\/wp-content\/uploads\/2020\/07\/22.05.2019-cimeti\u00e8re-8--600x822.jpg 600w, https:\/\/lisarose-moonpearl.com\/wp-content\/uploads\/2020\/07\/22.05.2019-cimeti\u00e8re-8-.jpg 750w\" sizes=\"(max-width: 540px) 100vw, 540px\" \/><\/figure>\n\n\n\n<figure class=\"wp-block-image size-large is-resized\"><img loading=\"lazy\" decoding=\"async\" src=\"https:\/\/lisarose-moonpearl.com\/wp-content\/uploads\/2020\/07\/22.05.2019-cimeti\u00e8re-7.jpg\" alt=\"\" class=\"wp-image-2580\" width=\"654\" height=\"650\" srcset=\"https:\/\/lisarose-moonpearl.com\/wp-content\/uploads\/2020\/07\/22.05.2019-cimeti\u00e8re-7.jpg 1024w, https:\/\/lisarose-moonpearl.com\/wp-content\/uploads\/2020\/07\/22.05.2019-cimeti\u00e8re-7-300x298.jpg 300w, https:\/\/lisarose-moonpearl.com\/wp-content\/uploads\/2020\/07\/22.05.2019-cimeti\u00e8re-7-150x150.jpg 150w, https:\/\/lisarose-moonpearl.com\/wp-content\/uploads\/2020\/07\/22.05.2019-cimeti\u00e8re-7-768x764.jpg 768w, https:\/\/lisarose-moonpearl.com\/wp-content\/uploads\/2020\/07\/22.05.2019-cimeti\u00e8re-7-980x974.jpg 980w, https:\/\/lisarose-moonpearl.com\/wp-content\/uploads\/2020\/07\/22.05.2019-cimeti\u00e8re-7-480x477.jpg 480w, https:\/\/lisarose-moonpearl.com\/wp-content\/uploads\/2020\/07\/22.05.2019-cimeti\u00e8re-7-600x596.jpg 600w, https:\/\/lisarose-moonpearl.com\/wp-content\/uploads\/2020\/07\/22.05.2019-cimeti\u00e8re-7-100x100.jpg 100w\" sizes=\"(max-width: 654px) 100vw, 654px\" \/><\/figure>\n\n\n\n<p>Apr\u00e8s le d\u00e9p\u00f4t des fleurs, l&rsquo;\u00e9quipe fun\u00e9raire remit la terre sur la tombe et nous regagn\u00e2mes tranquillement la voiture. J&rsquo;\u00e9tais enfin libre, sorti de ma poussette&nbsp;! Je gambadais partout, trop heureux&nbsp;! Il y avait des fleurs ailleurs que sur les tombes. Je les ramassais (des soucis ou des marguerites) et les donnaient \u00e0 Maman. Elle \u00e9tait trop heureuse. Et je faisait sourire tout le monde. J&rsquo;\u00e9tais comme un petit rayon de soleil dor\u00e9 dans le cimeti\u00e8re qui aurait d\u00fb \u00eatre triste et lugubre, mais qui ne l&rsquo;\u00e9tait vraiment pas sous ce beau soleil printanier, la v\u00e9g\u00e9tation explosant de joie et de vie. Maman \u00e9tait encore une fois love de moi et tellement heureuse que je sois l\u00e0, avec elle, dans ce moment si important et si difficile de son existence. Et je crois que ce n&rsquo;est pas un hasard que je puisse accompagner tous les proches de Grand-Pa de si pr\u00e8s. Je suis l\u00e0 pour leur redonner le sourire, enlever le tragique de la situation. Rendre l&rsquo;atmosph\u00e8re l\u00e9g\u00e8re, gr\u00e2ce \u00e0 mon sourire, \u00e0 mon insouciance enfantine.&nbsp;<\/p>\n\n\n\n<p>On reprit la voiture pour rentrer \u00e0 Blanzat chez Oma et Grand-Pa. Le vigile envoy\u00e9 par l&rsquo;assurance \u00e9tait d\u00e9j\u00e0 parti. Il \u00e9tait d\u00e9j\u00e0 18h, il devait rester jusqu&rsquo;\u00e0 17h. J&rsquo;ai pris mon go\u00fbter dans la voiture&nbsp;: petit pain et compote \u00ab&nbsp;pousse pousse&nbsp;\u00bb.<\/p>\n\n\n\n<p>Gr\u00e2ce \u00e0 l&rsquo;aide pr\u00e9cieuse des tantes de Maman, Odile et Fran\u00e7oise, un joli buffet attendait les invit\u00e9s. Des tomates cerise, des olives vari\u00e9es, des cakes sal\u00e9s, des tartes aux garnitures multiples et multicolores, des macarons divers, tous aussi all\u00e9chants les uns que les autres. Bref, un festin que Grand-Pa aurait appr\u00e9ci\u00e9. Lui qui suivait bien des r\u00e8gles di\u00e9t\u00e9tiques pour pr\u00e9server sa sant\u00e9 fragile, depuis des d\u00e9cennies, adorait bien manger et \u00e9tait m\u00eame tr\u00e8s gourmand, bien que tr\u00e8s disciplin\u00e9 par ailleurs. Depuis 7 ans environ, il avait d\u00fb renoncer au sucre pour pr\u00e9server ses yeux atteints de DLMA. Or, pour lui, ne plus voir, c&rsquo;\u00e9tait d\u00e9j\u00e0 mourir. Comment avoir acc\u00e8s aux \u00e9crits de ses auteurs pr\u00e9f\u00e9r\u00e9s&nbsp;? Comment \u00e9crire&nbsp;? Comment conduire et se rendre seul o\u00f9 bon lui semblait&nbsp;? Il avait renonc\u00e9 (avec regrets certes, mais avec lucidit\u00e9 et r\u00e9signation) au go\u00fbt sucr\u00e9. Comme quelqu&rsquo;un qui rentre dans les ordres pour cultiver sa spiritualit\u00e9 renonce au plaisir charnel&#8230;<\/p>\n\n\n\n<p>Maman rencontrera Roselyne Dumas dans quelques semaines et elles reviendront sur le r\u00e9gime alimentaire de Grand-Pa. Voici une partie des r\u00e9v\u00e9lations que Roselyne, le m\u00e9decin de famille, fera \u00e0 Maman lors de leur rencontre dans cette m\u00eame maison de Blanzat. Manger davantage de fruits et de l\u00e9gumes crus, du fait de sa restriction drastique de sucre provenant d&rsquo;autres aliments, aurait ouvert des voies spirituelles \u00e0 Grand-Pa. Pour ce m\u00e9decin, l&rsquo;alimentation crue permettrait d\u2019acc\u00e9l\u00e9rer l&rsquo;acc\u00e8s \u00e0 l&rsquo;\u00e9veil&#8230; Voici un extrait du texte que Maman \u00e9crira suite \u00e0 leur entrevue. Oui, je vois dans le futur, mais rien d&rsquo;\u00e9tonnant, je suis encore tr\u00e8s connect\u00e9 \u00e0 d&rsquo;autres niveaux vibratoires \u00e0 mon \u00e2ge.&nbsp;<\/p>\n\n\n\n<p><em>\u00ab&nbsp;Roselyne parla du cru, de son mode d&rsquo;alimentation et des d\u00e9couvertes que cela lui avait permis. Manger cru avait largement favoris\u00e9 son \u00e9veil spirituel et lui avait permis d&rsquo;augmenter ses ressentis de fa\u00e7on inimaginable. Elle avait eu acc\u00e8s \u00e0 des infos qui l&rsquo;avaient parfois surprise et effray\u00e9e. Au point que, si cela devenait trop difficile \u00e0 g\u00e9rer, il lui \u00e9tait arriv\u00e9, dans les d\u00e9buts, de vite \u00ab&nbsp;manger un bout de saucisson, pour que \u00e7a s&rsquo;arr\u00eate&nbsp;\u00bb&nbsp;!<\/em><\/p>\n\n\n\n<p><em>Elle nous avoua que Papa lui avait fait des r\u00e9v\u00e9lations \u00e0 ce sujet. Il mangeait \u00e9norm\u00e9ment de fruits et l\u00e9gumes crus, depuis qu&rsquo;elle lui avait donn\u00e9 un r\u00e9gime strict pour endiguer sa DMLA (ce n&rsquo;\u00e9tait pas de l&rsquo;instincto-th\u00e9rapie, mais un r\u00e9gime tr\u00e8s \u00e9quilibr\u00e9 et totalement sans sucre). Lors des derni\u00e8res consultations, il lui avait dit que des fen\u00eatres s&rsquo;\u00e9taient ouvertes \u00e0 lui. Elle n&rsquo;avait pas forc\u00e9ment bien compris, sur le coup, et ne lui avait pas demand\u00e9 de d\u00e9velopper. Mais, avec le recul, elle comprit qu&rsquo;il avait avanc\u00e9 au niveau de l&rsquo;\u00e9veil ces derni\u00e8res ann\u00e9es, ce qui avait pr\u00e9par\u00e9 et aid\u00e9 son d\u00e9part&#8230;&nbsp;\u00bb<\/em><\/p>\n\n\n\n<figure class=\"wp-block-image size-large is-resized\"><img loading=\"lazy\" decoding=\"async\" src=\"https:\/\/lisarose-moonpearl.com\/wp-content\/uploads\/2020\/07\/22.05.2019-blanzat-32-1024x677.jpg\" alt=\"\" class=\"wp-image-2615\" width=\"604\" height=\"399\"\/><\/figure>\n\n\n\n<figure class=\"wp-block-image size-large\"><img loading=\"lazy\" decoding=\"async\" width=\"1024\" height=\"424\" src=\"https:\/\/lisarose-moonpearl.com\/wp-content\/uploads\/2020\/07\/22.05.2019-blanzat-35--1024x424.jpg\" alt=\"\" class=\"wp-image-2617\" srcset=\"https:\/\/lisarose-moonpearl.com\/wp-content\/uploads\/2020\/07\/22.05.2019-blanzat-35--980x405.jpg 980w, https:\/\/lisarose-moonpearl.com\/wp-content\/uploads\/2020\/07\/22.05.2019-blanzat-35--480x199.jpg 480w\" sizes=\"(min-width: 0px) and (max-width: 480px) 480px, (min-width: 481px) and (max-width: 980px) 980px, (min-width: 981px) 1024px, 100vw\" \/><\/figure>\n\n\n\n<p>Lors de cette r\u00e9ception, il y avait plein d&rsquo;adultes dont j&rsquo;ai principalement contempl\u00e9 les pieds, plus ou moins chauss\u00e9s, et les jupes ou pantalons.<\/p>\n\n\n\n<figure class=\"wp-block-image size-large is-resized\"><img loading=\"lazy\" decoding=\"async\" src=\"https:\/\/lisarose-moonpearl.com\/wp-content\/uploads\/2020\/07\/22.05.2019-blanzat-23.jpg\" alt=\"\" class=\"wp-image-2606\" width=\"487\" height=\"379\"\/><\/figure>\n\n\n\n<figure class=\"wp-block-image size-large is-resized\"><img loading=\"lazy\" decoding=\"async\" src=\"https:\/\/lisarose-moonpearl.com\/wp-content\/uploads\/2020\/07\/22.05.2019-blanzat-28.jpg\" alt=\"\" class=\"wp-image-2611\" width=\"480\" height=\"506\"\/><\/figure>\n\n\n\n<figure class=\"wp-block-image size-large is-resized\"><img loading=\"lazy\" decoding=\"async\" src=\"https:\/\/lisarose-moonpearl.com\/wp-content\/uploads\/2020\/07\/22.05.2019-blanzat-9.jpg\" alt=\"\" class=\"wp-image-2591\" width=\"704\" height=\"527\"\/><\/figure>\n\n\n\n<p>L&rsquo;\u00e9pouse, les enfants et petits-enfants&nbsp;: Oma, Maman, tonton Emmanuel, tata Catherine, leurs filles Alix et Zo\u00e9, tata Sophie, tonton Pascal.<\/p>\n\n\n\n<figure class=\"wp-block-image size-large is-resized\"><img loading=\"lazy\" decoding=\"async\" src=\"https:\/\/lisarose-moonpearl.com\/wp-content\/uploads\/2020\/07\/22.05.2019-blanzat-2.jpg\" alt=\"\" class=\"wp-image-2583\" width=\"501\" height=\"596\" srcset=\"https:\/\/lisarose-moonpearl.com\/wp-content\/uploads\/2020\/07\/22.05.2019-blanzat-2.jpg 501w, https:\/\/lisarose-moonpearl.com\/wp-content\/uploads\/2020\/07\/22.05.2019-blanzat-2-480x572.jpg 480w\" sizes=\"(min-width: 0px) and (max-width: 480px) 480px, (min-width: 481px) 501px, 100vw\" \/><\/figure>\n\n\n\n<p>Les fr\u00e8res&nbsp;: Bernard, Fran\u00e7ois et Guy. Leurs \u00e9pouses ou compagnes&nbsp;: Fran\u00e7oise, Odile et Jocelyne. Leurs enfants (qui avaient pu se lib\u00e9rer)&nbsp;: Timoth\u00e9e, Olivier et David (venus seuls), ainsi qu&rsquo;Isabelle, accompagn\u00e9e de son conjoint, Pierrick, et de leur fille, Lou.&nbsp;<\/p>\n\n\n\n<figure class=\"wp-block-image size-large is-resized\"><img loading=\"lazy\" decoding=\"async\" src=\"https:\/\/lisarose-moonpearl.com\/wp-content\/uploads\/2020\/07\/22.05.2019-blanzat-14.jpg\" alt=\"\" class=\"wp-image-2597\" width=\"503\" height=\"583\" srcset=\"https:\/\/lisarose-moonpearl.com\/wp-content\/uploads\/2020\/07\/22.05.2019-blanzat-14.jpg 503w, https:\/\/lisarose-moonpearl.com\/wp-content\/uploads\/2020\/07\/22.05.2019-blanzat-14-480x556.jpg 480w\" sizes=\"(min-width: 0px) and (max-width: 480px) 480px, (min-width: 481px) 503px, 100vw\" \/><\/figure>\n\n\n\n<figure class=\"wp-block-image size-large is-resized\"><img loading=\"lazy\" decoding=\"async\" src=\"https:\/\/lisarose-moonpearl.com\/wp-content\/uploads\/2020\/07\/22.05.2019-blanzat-18-.jpg\" alt=\"\" class=\"wp-image-2601\" width=\"503\" height=\"651\" srcset=\"https:\/\/lisarose-moonpearl.com\/wp-content\/uploads\/2020\/07\/22.05.2019-blanzat-18-.jpg 503w, https:\/\/lisarose-moonpearl.com\/wp-content\/uploads\/2020\/07\/22.05.2019-blanzat-18--480x621.jpg 480w\" sizes=\"(min-width: 0px) and (max-width: 480px) 480px, (min-width: 481px) 503px, 100vw\" \/><\/figure>\n\n\n\n<figure class=\"wp-block-image size-large is-resized\"><img loading=\"lazy\" decoding=\"async\" src=\"https:\/\/lisarose-moonpearl.com\/wp-content\/uploads\/2020\/07\/22.05.2019-blanzat-24.jpg\" alt=\"\" class=\"wp-image-2607\" width=\"501\" height=\"559\" srcset=\"https:\/\/lisarose-moonpearl.com\/wp-content\/uploads\/2020\/07\/22.05.2019-blanzat-24.jpg 501w, https:\/\/lisarose-moonpearl.com\/wp-content\/uploads\/2020\/07\/22.05.2019-blanzat-24-480x536.jpg 480w\" sizes=\"(min-width: 0px) and (max-width: 480px) 480px, (min-width: 481px) 501px, 100vw\" \/><\/figure>\n\n\n\n<figure class=\"wp-block-image size-large is-resized\"><img loading=\"lazy\" decoding=\"async\" src=\"https:\/\/lisarose-moonpearl.com\/wp-content\/uploads\/2020\/07\/22.05.2019-blanzat-3.jpg\" alt=\"\" class=\"wp-image-2584\" width=\"500\" height=\"393\"\/><\/figure>\n\n\n\n<figure class=\"wp-block-image size-large is-resized\"><img loading=\"lazy\" decoding=\"async\" src=\"https:\/\/lisarose-moonpearl.com\/wp-content\/uploads\/2020\/07\/22.05.2019-blanzat-27.jpg\" alt=\"\" class=\"wp-image-2610\" width=\"500\" height=\"437\"\/><\/figure>\n\n\n\n<figure class=\"wp-block-image size-large is-resized\"><img loading=\"lazy\" decoding=\"async\" src=\"https:\/\/lisarose-moonpearl.com\/wp-content\/uploads\/2020\/07\/22.05.2019-blanzat-8-740x1024.jpg\" alt=\"\" class=\"wp-image-2586\" width=\"497\" height=\"688\" srcset=\"https:\/\/lisarose-moonpearl.com\/wp-content\/uploads\/2020\/07\/22.05.2019-blanzat-8-740x1024.jpg 497w, https:\/\/lisarose-moonpearl.com\/wp-content\/uploads\/2020\/07\/22.05.2019-blanzat-8-480x664.jpg 480w\" sizes=\"(min-width: 0px) and (max-width: 480px) 480px, (min-width: 481px) 497px, 100vw\" \/><\/figure>\n\n\n\n<figure class=\"wp-block-image size-large is-resized\"><img loading=\"lazy\" decoding=\"async\" src=\"https:\/\/lisarose-moonpearl.com\/wp-content\/uploads\/2020\/07\/22.05.2019-blanzat-26.jpg\" alt=\"\" class=\"wp-image-2609\" width=\"495\" height=\"660\" srcset=\"https:\/\/lisarose-moonpearl.com\/wp-content\/uploads\/2020\/07\/22.05.2019-blanzat-26.jpg 495w, https:\/\/lisarose-moonpearl.com\/wp-content\/uploads\/2020\/07\/22.05.2019-blanzat-26-480x640.jpg 480w\" sizes=\"(min-width: 0px) and (max-width: 480px) 480px, (min-width: 481px) 495px, 100vw\" \/><\/figure>\n\n\n\n<figure class=\"wp-block-image size-large is-resized\"><img loading=\"lazy\" decoding=\"async\" src=\"https:\/\/lisarose-moonpearl.com\/wp-content\/uploads\/2020\/07\/22.05.2019-blanzat-4.jpg\" alt=\"\" class=\"wp-image-2585\" width=\"492\" height=\"506\"\/><\/figure>\n\n\n\n<figure class=\"wp-block-image size-large is-resized\"><img loading=\"lazy\" decoding=\"async\" src=\"https:\/\/lisarose-moonpearl.com\/wp-content\/uploads\/2020\/07\/22.05.2019-blanzat-29.jpg\" alt=\"\" class=\"wp-image-2612\" width=\"496\" height=\"523\" srcset=\"https:\/\/lisarose-moonpearl.com\/wp-content\/uploads\/2020\/07\/22.05.2019-blanzat-29.jpg 496w, https:\/\/lisarose-moonpearl.com\/wp-content\/uploads\/2020\/07\/22.05.2019-blanzat-29-480x507.jpg 480w\" sizes=\"(min-width: 0px) and (max-width: 480px) 480px, (min-width: 481px) 496px, 100vw\" \/><\/figure>\n\n\n\n<figure class=\"wp-block-image size-large is-resized\"><img loading=\"lazy\" decoding=\"async\" src=\"https:\/\/lisarose-moonpearl.com\/wp-content\/uploads\/2020\/07\/22.05.2019-blanzat-7.jpg\" alt=\"\" class=\"wp-image-2590\" width=\"491\" height=\"481\"\/><\/figure>\n\n\n\n<figure class=\"wp-block-image size-large is-resized\"><img loading=\"lazy\" decoding=\"async\" src=\"https:\/\/lisarose-moonpearl.com\/wp-content\/uploads\/2020\/07\/22.05.2019-blanzat-33.jpg\" alt=\"\" class=\"wp-image-2616\" width=\"491\" height=\"514\" srcset=\"https:\/\/lisarose-moonpearl.com\/wp-content\/uploads\/2020\/07\/22.05.2019-blanzat-33.jpg 491w, https:\/\/lisarose-moonpearl.com\/wp-content\/uploads\/2020\/07\/22.05.2019-blanzat-33-480x503.jpg 480w\" sizes=\"(min-width: 0px) and (max-width: 480px) 480px, (min-width: 481px) 491px, 100vw\" \/><\/figure>\n\n\n\n<figure class=\"wp-block-image size-large is-resized\"><img loading=\"lazy\" decoding=\"async\" src=\"https:\/\/lisarose-moonpearl.com\/wp-content\/uploads\/2020\/07\/22.05.2019-blanzat-12-1.jpg\" alt=\"\" class=\"wp-image-2599\" width=\"490\" height=\"552\" srcset=\"https:\/\/lisarose-moonpearl.com\/wp-content\/uploads\/2020\/07\/22.05.2019-blanzat-12-1.jpg 490w, https:\/\/lisarose-moonpearl.com\/wp-content\/uploads\/2020\/07\/22.05.2019-blanzat-12-1-480x541.jpg 480w\" sizes=\"(min-width: 0px) and (max-width: 480px) 480px, (min-width: 481px) 490px, 100vw\" \/><\/figure>\n\n\n\n<figure class=\"wp-block-image size-large is-resized\"><img loading=\"lazy\" decoding=\"async\" src=\"https:\/\/lisarose-moonpearl.com\/wp-content\/uploads\/2020\/07\/22.05.2019-blanzat-5.jpg\" alt=\"\" class=\"wp-image-2587\" width=\"489\" height=\"414\"\/><\/figure>\n\n\n\n<figure class=\"wp-block-image size-large is-resized\"><img loading=\"lazy\" decoding=\"async\" src=\"https:\/\/lisarose-moonpearl.com\/wp-content\/uploads\/2020\/07\/22.05.2019-blanzat-31-1024x725.jpg\" alt=\"\" class=\"wp-image-2614\" width=\"487\" height=\"345\"\/><\/figure>\n\n\n\n<figure class=\"wp-block-image size-large is-resized\"><img loading=\"lazy\" decoding=\"async\" src=\"https:\/\/lisarose-moonpearl.com\/wp-content\/uploads\/2020\/07\/22.05.2019-blanzat-11-1024x711.jpg\" alt=\"\" class=\"wp-image-2594\" width=\"491\" height=\"341\"\/><\/figure>\n\n\n\n<figure class=\"wp-block-image size-large is-resized\"><img loading=\"lazy\" decoding=\"async\" src=\"https:\/\/lisarose-moonpearl.com\/wp-content\/uploads\/2020\/07\/22.05.2019-blanzat-30.jpg\" alt=\"\" class=\"wp-image-2613\" width=\"497\" height=\"491\"\/><\/figure>\n\n\n\n<figure class=\"wp-block-image size-large is-resized\"><img loading=\"lazy\" decoding=\"async\" src=\"https:\/\/lisarose-moonpearl.com\/wp-content\/uploads\/2020\/07\/22.05.2019-blanzat-15.jpg\" alt=\"\" class=\"wp-image-2598\" width=\"498\" height=\"373\"\/><\/figure>\n\n\n\n<figure class=\"wp-block-image size-large is-resized\"><img loading=\"lazy\" decoding=\"async\" src=\"https:\/\/lisarose-moonpearl.com\/wp-content\/uploads\/2020\/07\/22.05.2019-blanzat-16-1024x665.jpg\" alt=\"\" class=\"wp-image-2600\" width=\"494\" height=\"320\"\/><\/figure>\n\n\n\n<figure class=\"wp-block-image size-large is-resized\"><img loading=\"lazy\" decoding=\"async\" src=\"https:\/\/lisarose-moonpearl.com\/wp-content\/uploads\/2020\/07\/22.05.2019-blanzat-20-1024x702.jpg\" alt=\"\" class=\"wp-image-2603\" width=\"493\" height=\"337\"\/><\/figure>\n\n\n\n<figure class=\"wp-block-image size-large is-resized\"><img loading=\"lazy\" decoding=\"async\" src=\"https:\/\/lisarose-moonpearl.com\/wp-content\/uploads\/2020\/07\/22.05.2019-blanzat-22.jpg\" alt=\"\" class=\"wp-image-2605\" width=\"494\" height=\"405\"\/><\/figure>\n\n\n\n<figure class=\"wp-block-image size-large is-resized\"><img loading=\"lazy\" decoding=\"async\" src=\"https:\/\/lisarose-moonpearl.com\/wp-content\/uploads\/2020\/07\/22.05.2019-blanzat-25-1024x711.jpg\" alt=\"\" class=\"wp-image-2608\" width=\"492\" height=\"341\"\/><\/figure>\n\n\n\n<p>Des cousins de Grand-Pa. Sa cousine germaine Mich\u00e8le, et son mari Fran\u00e7ois. Les Stern, \u00e9galement. Lui \u00e9levait, dans le temps, des cochons en plein air et des biches et bisons en libert\u00e9.&nbsp;<\/p>\n\n\n\n<figure class=\"wp-block-image size-large is-resized\"><img loading=\"lazy\" decoding=\"async\" src=\"https:\/\/lisarose-moonpearl.com\/wp-content\/uploads\/2020\/07\/22.05.2019-blanzat-6-627x1024.jpg\" alt=\"\" class=\"wp-image-2589\" width=\"479\" height=\"783\"\/><\/figure>\n\n\n\n<figure class=\"wp-block-image size-large is-resized\"><img loading=\"lazy\" decoding=\"async\" src=\"https:\/\/lisarose-moonpearl.com\/wp-content\/uploads\/2020\/07\/22.05.2019-blanzat-19-719x1024.jpg\" alt=\"\" class=\"wp-image-2602\" width=\"478\" height=\"681\"\/><\/figure>\n\n\n\n<p>Marie-Elise et Evelyne, qui s&rsquo;occup\u00e8rent de la musique au temple. Marie-Elyse \u00e9tait amie avec Oma depuis longtemps, elle avait perdu elle aussi son mari, il y avait trois ann\u00e9es de cela, suite \u00e0 une longue maladie. Evelyne avait de nombreux enfants, tous f\u00e9rus de musique (la famille mod\u00e8le de Oma, \u00e0 ce niveau-l\u00e0 !).&nbsp;<\/p>\n\n\n\n<figure class=\"wp-block-image size-large is-resized\"><img loading=\"lazy\" decoding=\"async\" src=\"https:\/\/lisarose-moonpearl.com\/wp-content\/uploads\/2020\/07\/22.05.2019-blanzat-1.jpg\" alt=\"\" class=\"wp-image-2582\" width=\"485\" height=\"617\" srcset=\"https:\/\/lisarose-moonpearl.com\/wp-content\/uploads\/2020\/07\/22.05.2019-blanzat-1.jpg 485w, https:\/\/lisarose-moonpearl.com\/wp-content\/uploads\/2020\/07\/22.05.2019-blanzat-1-480x610.jpg 480w\" sizes=\"(min-width: 0px) and (max-width: 480px) 480px, (min-width: 481px) 485px, 100vw\" \/><\/figure>\n\n\n\n<p>Etaient aussi \u00e9videmment pr\u00e9sents les voisins tr\u00e8s, tr\u00e8s gentils&#8230;<\/p>\n\n\n\n<figure class=\"wp-block-image size-large is-resized\"><img loading=\"lazy\" decoding=\"async\" src=\"https:\/\/lisarose-moonpearl.com\/wp-content\/uploads\/2020\/07\/22.05.2019-blanzat-10.jpg\" alt=\"\" class=\"wp-image-2593\" width=\"487\" height=\"506\"\/><\/figure>\n\n\n\n<figure class=\"wp-block-image size-large is-resized\"><img loading=\"lazy\" decoding=\"async\" src=\"https:\/\/lisarose-moonpearl.com\/wp-content\/uploads\/2020\/07\/22.05.2019-blanzat-21.jpg\" alt=\"\" class=\"wp-image-2604\" width=\"482\" height=\"592\" srcset=\"https:\/\/lisarose-moonpearl.com\/wp-content\/uploads\/2020\/07\/22.05.2019-blanzat-21.jpg 482w, https:\/\/lisarose-moonpearl.com\/wp-content\/uploads\/2020\/07\/22.05.2019-blanzat-21-480x589.jpg 480w\" sizes=\"(min-width: 0px) and (max-width: 480px) 480px, (min-width: 481px) 482px, 100vw\" \/><\/figure>\n\n\n\n<figure class=\"wp-block-image size-large is-resized\"><img loading=\"lazy\" decoding=\"async\" src=\"https:\/\/lisarose-moonpearl.com\/wp-content\/uploads\/2020\/07\/22.05.2019-blanzat-13.jpg\" alt=\"\" class=\"wp-image-2596\" width=\"475\" height=\"587\"\/><\/figure>\n\n\n\n<p>Maman distribua \u00e0 toutes les personnes pr\u00e9sentes le texte complet qu&rsquo;elle avait pr\u00e9par\u00e9 en l&rsquo;honneur du grand d\u00e9part de Grand-Pa. Le voici&nbsp;:<\/p>\n\n\n\n<p><strong>\u00ab&nbsp;Texte pour Papa&#8230;&nbsp;<\/strong><\/p>\n\n\n\n<p><strong>(parti samedi 18 mai 2019 vers 22h30)<\/strong><\/p>\n\n\n\n<p>Papa, je vais partager la premi\u00e8re conversation que j&rsquo;ai eu avec toi depuis ton d\u00e9part, dimanche soir \u00e0 mon arriv\u00e9e.<\/p>\n\n\n\n<p>\u00ab&nbsp;En arrivant \u00e0 la maison, aujourd&rsquo;hui, le lendemain de ton d\u00e9c\u00e8s, je craignais \u00eatre terroris\u00e9e de voir ta d\u00e9pouille. J&rsquo;avais justement dit \u00e0 Jean-Luc, la veille au soir, environ 1h apr\u00e8s ta mort, que je n&rsquo;avais jamais vu une personne sans vie et que cela m&rsquo;avait toujours fait peur. J&rsquo;ignorais alors totalement ce qui t&rsquo;\u00e9tait arriv\u00e9&#8230;<\/p>\n\n\n\n<p>Mon petit ange, mon fils, Angelo m&rsquo;a ouvert la voie, m&rsquo;a guid\u00e9 vers toi. Il a couru vers ta chambre et a ouvert la porte d&rsquo;un coup, sans que je ne puisse rien faire. Je t&rsquo;ai vu, si paisible, sur ton lit, que toute crainte m&rsquo;a quitt\u00e9e&#8230;<\/p>\n\n\n\n<p>Et me voil\u00e0, pour te tenir compagnie et te parler de c\u0153ur \u00e0 c\u0153ur, d&rsquo;\u00e2me \u00e0 \u00e2me.<\/p>\n\n\n\n<p>Tout d&rsquo;abord, je souhaite te dire \u00e0 quel point je suis heureuse pour toi. Heureuse que tu aies eu un d\u00e9part digne, tel que tu le souhaitais. Tu as pass\u00e9 une merveilleuse journ\u00e9e, en pleine forme. Tu t&rsquo;es rendu \u00e0 une journ\u00e9e vou\u00e9e \u00e0 la musique religieuse, tu as vu des gens que tu aimais, tu as conduit tout seul. En rentrant, Maman \u00e9tant partie \u00e0 une r\u00e9p\u00e9tition de chorale, comme si souvent. Tu as din\u00e9, comme d&rsquo;habitude, puis tu as rejoint ton auteur grec pr\u00e9f\u00e9r\u00e9, Platon, \u00e0 l&rsquo;\u00e9tage, avant de retourner boire ta tisane dans la cuisine. Peut-\u00eatre voulais-tu attendre le retour de Maman, ou alors \u00e9tais-tu trop fatigu\u00e9 et envisageais-tu ensuite d&rsquo;aller te coucher&nbsp;? Myst\u00e8re&#8230;<\/p>\n\n\n\n<p>C&rsquo;est ce moment que tes anges ont choisi pour t&rsquo;appeler vers la lumi\u00e8re. Assez t\u00f4t, pour que les services de r\u00e9animation ne puissent pas te forcer \u00e0 revenir, avec de probables s\u00e9quelles irr\u00e9versibles. Assez tard, pour que tu ne restes pas trop longtemps seul, dans cet entre-deux inconnu. Maman fut l\u00e0, dans l&rsquo;heure qui a suivi l&rsquo;arr\u00eat de ton c\u0153ur. Puis ta fille, Sophie. Elles ont pass\u00e9s la nuit avec toi. Et ton fr\u00e8re Bernard aussi, me semble-t-il.<\/p>\n\n\n\n<p>C&rsquo;\u00e9tait exactement ce que tu voulais. Je suis si reconnaissante que tu aies pu mourir chez toi, dans cette maison que tu aimes tant. Et je te le dis du plus profond de mon c\u0153ur, je suis infiniment heureuse pour toi et je remercie tes anges qui t&rsquo;ont \u00e9cout\u00e9&#8230;<\/p>\n\n\n\n<p>Tes fils, Pascal et Emmanuel, sont arriv\u00e9s d\u00e8s aujourd&rsquo;hui. C&rsquo;est un dimanche, cela tombe parfaitement bien. Et me voici, moi aussi, un peu retard\u00e9e par Jean-Luc, qui travaillait ce matin et les pr\u00e9paratifs de d\u00e9part, toujours un peu long, avec Angelo qui est si petit&#8230;<\/p>\n\n\n\n<p>Papa, en te voyant ainsi, j&rsquo;ai le bonheur de te sentir en paix. D&rsquo;ailleurs, c&rsquo;est ce que je ressens dans toute la maison, o\u00f9 tu r\u00e9sides encore, pour quelques temps. J&rsquo;en suis si heureuse, si r\u00e9confort\u00e9e aussi. Je te souhaite de poursuivre une existence paisible, faite d&rsquo;amour et de lumi\u00e8re.&nbsp;<\/p>\n\n\n\n<p>Te voici d\u00e9barrass\u00e9 de ce corps physique que tu consid\u00e9rais depuis toujours comme un fardeau et plus encore ces derni\u00e8res ann\u00e9es, le grand \u00e2ge diminuant petit-\u00e0-petit ses facult\u00e9s. Te voici l\u00e9ger, sans limites, capable de te d\u00e9placer, de voir, d&rsquo;entendre, de comprendre, d&rsquo;apprendre mieux que jamais encore ici-bas. D&rsquo;aimer aussi, plus que tu ne l&rsquo;aurais jamais imagin\u00e9. Je ressens ton amour dans mon c\u0153ur.<\/p>\n\n\n\n<p>Je sais que tu va rester encore un petit moment pr\u00e8s de nous, ici, dans ta maison. Aupr\u00e8s de ceux que tu aimes. C&rsquo;est normal, tu en as besoin. Prends le temps qu&rsquo;il te faut. Quelques jours, quelques semaines, quelques mois&#8230; On parle souvent de 40 jours, notamment dans la religion chr\u00e9tienne \u00e0 laquelle tu es attach\u00e9.<\/p>\n\n\n\n<p>Nous ne pourrons pas tous t&rsquo;accompagner, aussi longtemps, le quotidien nous retenant ailleurs. C&rsquo;est pour cette raison, que nous essayons d&rsquo;\u00eatre au plus pr\u00e8s de toi, le plus intens\u00e9ment qu&rsquo;il soit possible, ces jours-ci. Quelle bonne id\u00e9e tu as eu de refuser la morgue. Cet endroit si impersonnel, technique, inhumain, sordide, m\u00eame&#8230; Ici, tu es tellement bien et nous aussi, avec toi.&nbsp;<\/p>\n\n\n\n<p>Ensuite, il te faudra partir, rejoindre la lumi\u00e8re et cet amour infini qui t&rsquo;attend. Tu retrouveras tous les \u00eatres chers qui sont partis l\u00e0-bas avant toi. Ils t&rsquo;accueilleront, n&rsquo;aies pas peur. Il y aura ta premi\u00e8re femme, Jacqueline, partie tout aussi brusquement que toi, il y a si longtemps d\u00e9j\u00e0. Et puis tes parents, Madeleine et Jean. Ta soeur, Mich\u00e8le, qui a si peu v\u00e9cu, et ton fr\u00e8re, un autre Michel, parti trop jeune. La liste de tes amis et autres membres de la famille serait trop longue&#8230; Tu as perdu tellement de personnes ici-bas&#8230; Elles n&rsquo;en seront que plus nombreuses \u00e0 c\u00e9l\u00e9brer ton arriv\u00e9e.&nbsp;<\/p>\n\n\n\n<p>Tu vas aussi retrouver tous les auteurs qui t&rsquo;ont accompagn\u00e9 de si nombreuses heures, tout au long de ta vie. Ils \u00e9taient tes ma\u00eetres autant que tes amis. Ils t&rsquo;ont aid\u00e9 \u00e0 surmonter bien des moments difficiles. Platon, Montesquieu, Lanza del Vasto, Simone Weil, notamment, pour ne pas citer tous les autres, ils seront heureux de te compter d\u00e9sormais parmi les leurs.<\/p>\n\n\n\n<p>Il y a 10 ans exactement, j&rsquo;ai perdu ma jument de c\u0153ur, mon alter ego, Querida, ma ch\u00e9rie. Au moment o\u00f9 je te parle, je sais qu&rsquo;elle est \u00e0 tes c\u00f4t\u00e9s, car depuis son d\u00e9part, brutal et tragique, elle fait partie de mes anges gardiens. Je lui demande de te prendre sur son dos et de te guider, de te montrer le chemin vers la lumi\u00e8re. Avec la m\u00eame simplicit\u00e9 et \u00e9vidence qu&rsquo;Angelo m&rsquo;a montr\u00e9 la voie vers ta chambre.<\/p>\n\n\n\n<p>Je tenais \u00e0 te remercier pour tous les bons souvenirs que tu nous laisses, que tu me laisses. C&rsquo;est toi qui m&rsquo;a transmis ce go\u00fbt de l&rsquo;\u00e9crit. Les livres partout dans la maison m&rsquo;ont fait aimer la lecture, la d\u00e9couverte d&rsquo;autres vies \u00e0 travers les \u00e9crits d&rsquo;auteurs souvent d\u00e9j\u00e0 disparus. L&rsquo;\u00e9criture est devenue mon mode d&rsquo;expression de pr\u00e9dilection, tu m&rsquo;as toujours soutenue dans cette voie. Et lorsque j&rsquo;ai commenc\u00e9 \u00e0 \u00e9crire sous le nom de Lisarose, tu as pass\u00e9 des heures \u00e0 corriger mes longs ouvrages, certains de plus de 500 pages. Ce furent des moments privil\u00e9gi\u00e9s, en t\u00eate-\u00e0-t\u00eate, que je conserve pr\u00e9cieusement&#8230; Merci pour ta patience, ta p\u00e9dagogie, j&rsquo;ai tant appris gr\u00e2ce \u00e0 toi. Je dis \u00e0 tous mes lecteurs que je suis aid\u00e9e par mon papa, un professeur de lettres d&rsquo;exception.&nbsp;<\/p>\n\n\n\n<p>Je te remercie aussi pour tes qualit\u00e9s autant que tes d\u00e9fauts. Nous avons tant de points communs&#8230; Ce besoin de solitude, cette impression de ne pas \u00eatre n\u00e9 au bon endroit, cette recherche imp\u00e9rieuse d&rsquo;absolu&#8230; La liste est longue. Je ne retiendrai que les meilleurs. J&rsquo;esp\u00e8re que mon petit Angelo a h\u00e9rit\u00e9 de ta soif d&rsquo;apprendre et de ta pers\u00e9v\u00e9rance \u00e0 d\u00e9fendre des causes qui lui sembleront justes.<\/p>\n\n\n\n<p>Pars en paix. Nous surmonterons ta perte. Ce sera douloureux et long, \u00e0 la hauteur de l&rsquo;amour et de l&rsquo;attachement que nous te vouons. Mais nous nous sommes pr\u00e9par\u00e9s, tout comme toi tu t&rsquo;\u00e9tais pr\u00e9par\u00e9 \u00e0 partir. C&rsquo;est pour Maman, \u00e9videmment que ce sera le plus difficile. Nous ferons tout notre possible, tous les quatre, ainsi que tous les membres de la famille et amis, pour lui rendre ton d\u00e9part plus doux, plus acceptable. Veille sur elle de l\u00e0 o\u00f9 tu seras. R\u00e9conforte-la quand elle en aura besoin, guide-la dans ses choix quand elle doutera. Elle saura lire les signes que tu lui enverras.<\/p>\n\n\n\n<p>Voil\u00e0 Papa, je t&rsquo;aime, tu seras pour toujours avec moi, dans mon c\u0153ur.&nbsp;<\/p>\n\n\n\n<p>Ta grande fille Elisabeth<\/p>\n\n\n\n<p>***<\/p>\n\n\n\n<p>J&rsquo;ai choisi quelques extraits de mon livre pr\u00e9f\u00e9r\u00e9, Le Petit Prince, de Saint Exup\u00e9ry. Il s&rsquo;agit du d\u00e9part du petit prince, vers sa plan\u00e8te lointaine&#8230;<\/p>\n\n\n\n<p><em>\u00ab&nbsp;\u2013 J\u2019aurai bien plus peur ce soir&#8230;&nbsp;<\/em><\/p>\n\n\n\n<p><em>De nouveau je me sentis glac\u00e9 par le sentiment de l\u2019irr\u00e9parable. Et je compris que je ne supportais pas l\u2019id\u00e9e de ne plus jamais entendre ce rire. C\u2019\u00e9tait pour moi comme une fontaine dans le d\u00e9sert.&nbsp;<\/em><\/p>\n\n\n\n<p>\u2013&nbsp;<em>Petit bonhomme, je veux encore t\u2019entendre rire&#8230;&nbsp;<\/em><\/p>\n\n\n\n<p><em>(\u2026) Il me dit :&nbsp;<\/em><\/p>\n\n\n\n<p>\u2013&nbsp;<em>Ce qui est important, \u00e7a ne se voit pas&#8230;<\/em><\/p>\n\n\n\n<p><em>&#8211; Bien s\u00fbr&#8230; (&#8230;)<\/em><\/p>\n\n\n\n<p>\u2013&nbsp;<em>Tu regarderas, la nuit, les \u00e9toiles. C\u2019est trop petit chez moi pour que je te montre o\u00f9 se trouve la mienne. C\u2019est mieux comme \u00e7a. Mon \u00e9toile, \u00e7a sera pour toi une des \u00e9toiles. Alors, toutes les \u00e9toiles, tu aimeras les regarder&#8230; Elles seront toutes tes amies. Et puis je vais te faire un cadeau&#8230;&nbsp;<\/em><\/p>\n\n\n\n<p><em>Il rit encore.&nbsp;<\/em><\/p>\n\n\n\n<p>\u2013&nbsp;<em>Ah ! petit bonhomme, petit bonhomme j\u2019aime entendre ce rire !&nbsp;<\/em><\/p>\n\n\n\n<p>\u2013&nbsp;<em>Justement ce sera mon cadeau&#8230; (&#8230;)<\/em><\/p>\n\n\n\n<p>\u2013&nbsp;<em>Que veux-tu dire ?&nbsp;<\/em><\/p>\n\n\n\n<p>\u2013&nbsp;<em>Les gens ont des \u00e9toiles qui ne sont pas les m\u00eames. Pour les uns, qui voyagent, les \u00e9toiles sont des guides. Pour d\u2019autres elles ne sont rien que de petites lumi\u00e8res. Pour d\u2019autres, qui sont savants, elles sont des probl\u00e8mes. Pour mon businessman elles \u00e9taient de l\u2019or. Mais toutes ces \u00e9toiles-l\u00e0 se taisent. Toi, tu auras des \u00e9toiles comme personne n\u2019en a&#8230;&nbsp;<\/em><\/p>\n\n\n\n<p>\u2013&nbsp;<em>Que veux-tu dire ?&nbsp;<\/em><\/p>\n\n\n\n<p>\u2013&nbsp;<em>Quand tu regarderas le ciel, la nuit, puisque j\u2019habiterai dans l\u2019une d\u2019elles, puisque je rirai dans l\u2019une d\u2019elles, alors ce sera pour toi comme si riaient toutes les \u00e9toiles. Tu auras, toi, des \u00e9toiles qui savent rire !&nbsp;<\/em><\/p>\n\n\n\n<p><em>Et il rit encore.&nbsp;<\/em><\/p>\n\n\n\n<p>\u2013&nbsp;<em>Et quand tu seras consol\u00e9 (on se console toujours) tu seras content de m\u2019avoir connu. Tu seras toujours mon ami. Tu auras envie de rire avec moi. Et tu ouvriras parfois ta fen\u00eatre, comme \u00e7a, pour le plaisir&#8230; Et tes amis seront bien \u00e9tonn\u00e9s de te voir rire en regardant le ciel. Alors tu leur diras : \u00ab Oui, les \u00e9toiles, \u00e7a me fait toujours rire ! \u00bb Et ils te croiront fou. Je t\u2019aurai jou\u00e9 un bien vilain tour&#8230;&nbsp;<\/em><\/p>\n\n\n\n<p><em>Et il rit encore.&nbsp;<\/em><\/p>\n\n\n\n<p>\u2013&nbsp;<em>Ce sera comme si je t\u2019avais donn\u00e9, au lieu d\u2019\u00e9toiles, des tas de petits grelots qui savent rire&#8230;&nbsp;<\/em><\/p>\n\n\n\n<p><em>Et il rit encore. Puis il redevint s\u00e9rieux :&nbsp;<\/em><\/p>\n\n\n\n<p>\u2013&nbsp;<em>Cette nuit&#8230; tu sais&#8230; ne viens pas.&nbsp;<\/em><\/p>\n\n\n\n<p>\u2013&nbsp;<em>Je ne te quitterai pas.&nbsp;<\/em><\/p>\n\n\n\n<p>\u2013&nbsp;<em>J\u2019aurai l\u2019air d\u2019avoir mal&#8230; j\u2019aurai un peu l\u2019air de mourir. C\u2019est comme \u00e7a. Ne viens pas voir \u00e7a, ce n\u2019est pas la peine&#8230;&nbsp;<\/em><\/p>\n\n\n\n<p>\u2013&nbsp;<em>Je ne te quitterai pas.&nbsp;<\/em><\/p>\n\n\n\n<p><em>Mais il \u00e9tait soucieux.&nbsp;<\/em><\/p>\n\n\n\n<p>\u2013&nbsp;<em>Je te dis \u00e7a&#8230; c\u2019est \u00e0 cause aussi du serpent. Il ne faut pas qu\u2019il te morde&#8230; Les serpents, c\u2019est m\u00e9chant. \u00c7a peut mordre pour le plaisir&#8230;&nbsp;<\/em><\/p>\n\n\n\n<p>\u2013&nbsp;<em>Je ne te quitterai pas.&nbsp;<\/em><\/p>\n\n\n\n<p><em>Mais quelque chose le rassura :&nbsp;<\/em><\/p>\n\n\n\n<p>\u2013&nbsp;<em>C\u2019est vrai qu\u2019ils n\u2019ont plus de venin pour la seconde morsure&#8230;&nbsp;<\/em><\/p>\n\n\n\n<p><em>Cette nuit-l\u00e0 je ne le vis pas se mettre en route. Il s\u2019\u00e9tait \u00e9vad\u00e9 sans bruit. Quand je r\u00e9ussis \u00e0 le rejoindre il marchait d\u00e9cid\u00e9, d\u2019un pas rapide. Il me dit seulement :&nbsp;<\/em><\/p>\n\n\n\n<p>\u2013&nbsp;<em>Ah ! tu es l\u00e0&#8230;&nbsp;<\/em><\/p>\n\n\n\n<p><em>Et il me prit par la main. Mais il se tourmenta encore :&nbsp;<\/em><\/p>\n\n\n\n<p>\u2013&nbsp;<em>Tu as eu tort. Tu auras de la peine. J\u2019aurai l\u2019air d\u2019\u00eatre mort et ce ne sera pas vrai&#8230;&nbsp;<\/em><\/p>\n\n\n\n<p><em>Moi je me taisais.&nbsp;<\/em><\/p>\n\n\n\n<p>\u2013&nbsp;<em>Tu comprends. C\u2019est trop loin. Je ne peux pas emporter ce corps-l\u00e0. C\u2019est trop lourd.<\/em><\/p>\n\n\n\n<p><em>Moi je me taisais.&nbsp;<\/em><\/p>\n\n\n\n<p>\u2013&nbsp;<em>Mais ce sera comme une vieille \u00e9corce abandonn\u00e9e. Ce n\u2019est pas triste les vieilles \u00e9corces&#8230;&nbsp;<\/em><\/p>\n\n\n\n<p><em>Moi je me taisais. (\u2026)&nbsp;<\/em><\/p>\n\n\n\n<p><em>Moi je m\u2019assis parce que je ne pouvais plus me tenir debout. Il dit :&nbsp;<\/em><\/p>\n\n\n\n<p>\u2013&nbsp;<em>Voil\u00e0&#8230; C\u2019est tout&#8230;&nbsp;<\/em><\/p>\n\n\n\n<p><em>Il h\u00e9sita encore un peu, puis il se releva. Il fit un pas. Moi je ne pouvais pas bouger.&nbsp;<\/em><\/p>\n\n\n\n<p><em>Il n\u2019y eut rien qu\u2019un \u00e9clair jaune pr\u00e8s de sa cheville. Il demeura un instant immobile. Il ne cria pas. Il tomba doucement comme tombe un arbre. \u00c7a ne fit m\u00eame pas de bruit, \u00e0 cause du sable. (&#8230;)<\/em><\/p>\n\n\n\n<p><em><strong>&#8211; Adieu, dit-il\u2026 Voici mon secret. Il est tr\u00e8s simple : on ne voit bien qu\u2019avec le coeur. L\u2019essentiel est invisible pour les yeux.<\/strong><\/em><\/p>\n\n\n\n<p><em>***<\/em><\/p>\n\n\n\n<p><em><strong>Philippe Dumoulin est n\u00e9 le 19 mars 1937 et parti le 18 mai 2019, \u00e0 l&rsquo;\u00e2ge respectable de 82 ans. Il laisse derri\u00e8re lui&nbsp;:<\/strong><\/em><\/p>\n\n\n\n<p><em><strong>* sa femme Angelika,<\/strong><\/em><\/p>\n\n\n\n<p><em><strong>* son fils Emmanuel (1969), ses deux petites filles Zo\u00e9 (1998) et Alix (2003)<\/strong><\/em><\/p>\n\n\n\n<p><em><strong>* sa fille Elisabeth (1979), son petit fils Angelo (2018),<\/strong><\/em><\/p>\n\n\n\n<p><em><strong>* son fils Pascal (1983), ses petits-enfants Ayelen (2012), Amelie (2014) et Bastian (2016),<\/strong><\/em><\/p>\n\n\n\n<p><em><strong>* sa fille Sophie (1985)<\/strong><\/em><\/p>\n\n\n\n<p><em><strong>* ses trois fr\u00e8res Bernard, Fran\u00e7ois et Guy&#8230;&nbsp;\u00bb<\/strong><\/em><\/p>\n\n\n\n<p>J&rsquo;ai go\u00fbt\u00e9 un peu les plats des grands, notamment un cake aux tomates et fromage, trop, trop, bon&nbsp;! Ce fut bient\u00f4t l&rsquo;heure de d\u00eener, pour le petit gars que j&rsquo;\u00e9tais.<\/p>\n\n\n\n<p>Certains convives \u00e9taient d\u00e9j\u00e0 partis&nbsp;: les parisiens ou du moins ceux qui partaient pour Paris&nbsp;: les cousins David, Olivier, leur papa, Fran\u00e7ois, et&nbsp;Timoth\u00e9e. Clermont-Paris, en train, ce n&rsquo;\u00e9tait vraiment pas loin. De nombreux cousins de Maman avaient fait leur vie \u00e0 la capitale. Maman ne les enviait pas. Elle d\u00e9testait les grosses villes&#8230;et moi aussi&nbsp;! On pr\u00e9f\u00e9rait la nature, les oiseaux, les insectes, les animaux, la verdure, le calme&#8230;<\/p>\n\n\n\n<p>Du coup, j&rsquo;ai pris mon repas \u00e0 la cuisine, en m\u00eame temps que Lou. C&rsquo;\u00e9tait trop dr\u00f4le de manger avec un autre b\u00e9b\u00e9. Moi, j&rsquo;\u00e9tais dans ma chaise haute et elle sur les genoux de sa maman pendant que son papa la faisait manger. On a mang\u00e9 la m\u00eame chose, des petits pots de l\u00e9gumes de Maman. Moi, ensuite j&rsquo;ai eu du rab&nbsp;: fromage, yaourt, etc, car je suis un glouton en comparaison avec Lou&nbsp;!<\/p>\n\n\n\n<p>Maman n&rsquo;a pas tir\u00e9 son lait ce soir, pas possible. Et puis, elle n&rsquo;en avait pas envie. On \u00e9tait d&rsquo;accord tous les deux&nbsp;: le d\u00e9part de Grand-Pa \u00e9tait une tr\u00e8s bonne occasion pour arr\u00eater cet esclavage, qui avait bien dur\u00e9 (presque 18 mois&#8230;).<\/p>\n\n\n\n<p>Lou repartit bient\u00f4t avec ses parents pour Lyon. Elle t\u00e9tait encore en voiture, \u00e7a la calmait. Contrairement \u00e0 moi, elle n&rsquo;aimait pas les si\u00e8ges auto (pas plus que les su\u00e7us et les bibis)&#8230;&nbsp;<\/p>\n\n\n\n<p>Maman me coucha assez tard, apr\u00e8s le bibi. Plus tard que d&rsquo;habitude. J&rsquo;avais accumul\u00e9 tant de choses aujourd&rsquo;hui que je me suis de nouveau r\u00e9veill\u00e9 en plein nuit, en hurlant. Besoin de c\u00e2lins avec Maman, pour me recharger en bonne \u00e9nergie et me d\u00e9charger de toutes cette tension, de toutes ces \u00e9nergie ultra puissantes, charg\u00e9es en tristesse, beaucoup de tristesse, et en \u00e9motions intenses.<\/p>\n\n\n\n<p><strong>Jeudi 23 mai<\/strong><\/p>\n\n\n\n<p>Le lendemain&#8230; Maman aussi a eu besoin de d\u00e9charger ce trop plein d&rsquo;\u00e9motions accumul\u00e9es. \u00c7a lui est tomb\u00e9 directement sur le dos, comme d&rsquo;habitude. Elle se sentait vid\u00e9e et n&rsquo;avait rien pour se recharger. Ni Papa, ni ses chevaux, ni du temps libre pour se ressourcer dans la nature, sans avoir \u00e0 regarder sa montre&#8230; Je ne lui donnais pas assez, je lui en demandais beaucoup et Papa n&rsquo;\u00e9tait pas l\u00e0 pour l&rsquo;aider.&nbsp;<\/p>\n\n\n\n<p>Pascal partit dans la journ\u00e9e. Maman dormit avec moi pendant la sieste, elle \u00e9tait \u00e9puis\u00e9e. Sophie est pass\u00e9e pendant ce temps l\u00e0, mais Maman n&rsquo;\u00e9tait ni en \u00e9tat, ni disponible pour la voir sereinement. Elle \u00e9tait triste, elle sentait que ses nerfs l\u00e2chaient. Ces quatre derniers jours avaient \u00e9t\u00e9 trop intenses&nbsp;: tendus, dans l&rsquo;attente de l&rsquo;\u00e9ch\u00e9ance, et extr\u00eamement charg\u00e9s en actes, paroles et rencontres multiples&#8230;<\/p>\n\n\n\n<p>Maman avait quand m\u00eame pr\u00e9vu, ce soir, de voir sa cousine Astrid, ainsi que la cousine de Grand-Pa, Mich\u00e8le. C&rsquo;\u00e9tait beaucoup de fatigue en plus&#8230; Mais une occasion unique ou du moins rarissime de rencontrer Mich\u00e8le, qui vivait \u00e0 Paris. Elle aimait beaucoup Maman et adorait ses livres. Elle les avait tous lus et en redemandait. Et puis elle \u00e9tait fan de moi aussi&#8230;<\/p>\n\n\n\n<p>Nous sommes partis apr\u00e8s ma sieste, vers 17h. Odile arrivait tout juste pour nous faire un coucou, savoir comment nous allions&#8230; Mais Maman avait de la route. Elle me donna de nouveau le go\u00fbter dans la voiture (petit pain et compote \u00e0 sucer). A notre arriv\u00e9e, Astrid et son fils Victor nous attendaient. Victor, c&rsquo;\u00e9tait un cousin que je voyais r\u00e9guli\u00e8rement, presque depuis ma naissance. Il avait deux mois de plus que moi. Je vous ai souvent parl\u00e9 de lui et de nos rencontres.&nbsp;<\/p>\n\n\n\n<figure class=\"wp-block-image size-large is-resized\"><img loading=\"lazy\" decoding=\"async\" src=\"https:\/\/lisarose-moonpearl.com\/wp-content\/uploads\/2020\/07\/23.05.2019-chez-astrid-2-1024x707.jpg\" alt=\"\" class=\"wp-image-2622\" width=\"553\" height=\"381\"\/><\/figure>\n\n\n\n<figure class=\"wp-block-image size-large is-resized\"><img loading=\"lazy\" decoding=\"async\" src=\"https:\/\/lisarose-moonpearl.com\/wp-content\/uploads\/2020\/07\/23.05.2019-chez-astrid-4-1024x719.jpg\" alt=\"\" class=\"wp-image-2620\" width=\"553\" height=\"388\"\/><\/figure>\n\n\n\n<figure class=\"wp-block-image size-large is-resized\"><img loading=\"lazy\" decoding=\"async\" src=\"https:\/\/lisarose-moonpearl.com\/wp-content\/uploads\/2020\/07\/23.05.2019-chez-astrid-6-1024x702.jpg\" alt=\"\" class=\"wp-image-2623\" width=\"557\" height=\"381\"\/><\/figure>\n\n\n\n<figure class=\"wp-block-image size-large is-resized\"><img loading=\"lazy\" decoding=\"async\" src=\"https:\/\/lisarose-moonpearl.com\/wp-content\/uploads\/2020\/07\/23.05.2019-chez-astrid-10-1024x725.jpg\" alt=\"\" class=\"wp-image-2624\" width=\"566\" height=\"401\"\/><\/figure>\n\n\n\n<figure class=\"wp-block-image size-large is-resized\"><img loading=\"lazy\" decoding=\"async\" src=\"https:\/\/lisarose-moonpearl.com\/wp-content\/uploads\/2020\/07\/23.05.2019-chez-astrid-3-1024x700.jpg\" alt=\"\" class=\"wp-image-2621\" width=\"566\" height=\"387\"\/><\/figure>\n\n\n\n<figure class=\"wp-block-image size-large is-resized\"><img loading=\"lazy\" decoding=\"async\" src=\"https:\/\/lisarose-moonpearl.com\/wp-content\/uploads\/2020\/07\/23.05.2019-chez-astrid-11.jpg\" alt=\"\" class=\"wp-image-2626\" width=\"560\" height=\"492\"\/><\/figure>\n\n\n\n<figure class=\"wp-block-image size-large is-resized\"><img loading=\"lazy\" decoding=\"async\" src=\"https:\/\/lisarose-moonpearl.com\/wp-content\/uploads\/2020\/07\/23.05.2019-chez-astrid-7.jpg\" alt=\"\" class=\"wp-image-2625\" width=\"564\" height=\"548\"\/><\/figure>\n\n\n\n<p>Mich\u00e8le, son mari Fran\u00e7ois et leur (vieux) chien arriv\u00e8rent un peu plus tard. Je fis, entre temps, la connaissance de C\u00e9dric, le papa de Victor, qui ne vivait pas l\u00e0, mais s&rsquo;occupait quotidiennement de son fils. Il dut partir car un de ses amis avait de graves soucis.<\/p>\n\n\n\n<figure class=\"wp-block-image size-large\"><img loading=\"lazy\" decoding=\"async\" width=\"1024\" height=\"501\" src=\"https:\/\/lisarose-moonpearl.com\/wp-content\/uploads\/2020\/07\/23.05.2019-bchez-astrid-15-1024x501.jpg\" alt=\"\" class=\"wp-image-2627\" srcset=\"https:\/\/lisarose-moonpearl.com\/wp-content\/uploads\/2020\/07\/23.05.2019-bchez-astrid-15-1024x501.jpg 1024w, https:\/\/lisarose-moonpearl.com\/wp-content\/uploads\/2020\/07\/23.05.2019-bchez-astrid-15-980x479.jpg 980w, https:\/\/lisarose-moonpearl.com\/wp-content\/uploads\/2020\/07\/23.05.2019-bchez-astrid-15-480x235.jpg 480w\" sizes=\"(min-width: 0px) and (max-width: 480px) 480px, (min-width: 481px) and (max-width: 980px) 980px, (min-width: 981px) 1024px, 100vw\" \/><\/figure>\n\n\n\n<p>J&rsquo;ai mang\u00e9 dans la chaise de Victor, pendant que les adultes (mis \u00e0 part Maman), mangeaient \u00e0 la bonne franquette, assis \u00e0 la table du salon, des tomates farcies au riz qu&rsquo;avait pr\u00e9par\u00e9es Astrid. Maman avait toujours le dos tr\u00e8s, tr\u00e8s, tr\u00e8s douloureux. Elle ne mangeait jamais pas le soir.<\/p>\n\n\n\n<figure class=\"wp-block-image size-large is-resized\"><img loading=\"lazy\" decoding=\"async\" src=\"https:\/\/lisarose-moonpearl.com\/wp-content\/uploads\/2020\/07\/23.05.2019-chez-astrid-1-690x1024.jpg\" alt=\"\" class=\"wp-image-2628\" width=\"431\" height=\"640\"\/><\/figure>\n\n\n\n<p>Maman parla beaucoup avec Mich\u00e8le et Fran\u00e7ois lui posa plein de question. Mich\u00e8le \u00e9tait immens\u00e9ment heureuse de rencontrer Maman et c&rsquo;\u00e9tait r\u00e9ciproque. Elles se ressemblaient toutes les deux. Avec quelques ann\u00e9es d&rsquo;\u00e9cart, certes. Fran\u00e7ois, lui, posait des questions et semblait tr\u00e8s surpris des r\u00e9ponses de Maman. C&rsquo;\u00e9tait un homme d&rsquo;affaire qui avait du mal \u00e0 cerner la sensibilit\u00e9 et la cr\u00e9ativit\u00e9 de Maman. Ils semblait \u00e9tonn\u00e9 et cherchait \u00e0 comprendre. Notamment quand elle lui expliqua la relation qu&rsquo;elle avait avec ses chevaux. Elle lui montra son site. La magnifique vid\u00e9o avec Kolina, notamment. Il voulut savoir si elle faisait des concours. Maman coupa court directement \u00e0 ces questions touchant l&rsquo;ego. Elle lui expliqua que dans les chevaux, ce qui l&rsquo;int\u00e9resserait, c&rsquo;\u00e9tait le cot\u00e9 relationnel et absolument pas les performances sportives. Eh oui, pour Maman, ses chevaux \u00e9taient ses meilleurs amis&#8230;&nbsp;<\/p>\n\n\n\n<p>On est rest\u00e9 longtemps, jusqu&rsquo;\u00e0 21h pass\u00e9. Pendant le trajet du retour, Maman a beaucoup pleur\u00e9&#8230; Ses nerfs continuaient \u00e0 l\u00e2cher, apr\u00e8s tant de tension et d&rsquo;\u00e9motions. Je la comprenais. Je savais que, malgr\u00e9 tout, ma pr\u00e9sence l&rsquo;apaisait et, m\u00eame, lui \u00e9tait indispensable. Mais il fallait que \u00e7a sorte, les larmes, le trop plein. Sinon, elle aurait encore bien plus de douleurs physiques qu&rsquo;elle n&rsquo;avait d\u00e9j\u00e0. Du coup, on est rentr\u00e9 \u00e0 22h30. Elle m&rsquo;a fait vite un bibi puis au dodo.<\/p>\n\n\n\n<p><strong>Vendredi 24 mai<\/strong><\/p>\n\n\n\n<p>Je me suis r\u00e9veill\u00e9 tard, \u00e0 9h, mais j&rsquo;\u00e9tais quand m\u00eame fatigu\u00e9 des exc\u00e8s de la veille, ce matin. Ce fut Oma qui me donna \u00e0 manger \u00e0 midi.<\/p>\n\n\n\n<figure class=\"wp-block-image size-large is-resized\"><img loading=\"lazy\" decoding=\"async\" src=\"https:\/\/lisarose-moonpearl.com\/wp-content\/uploads\/2020\/07\/24.05.2019-repas-Oma-2.jpg\" alt=\"\" class=\"wp-image-2630\" width=\"602\" height=\"465\"\/><\/figure>\n\n\n\n<figure class=\"wp-block-image size-large is-resized\"><img loading=\"lazy\" decoding=\"async\" src=\"https:\/\/lisarose-moonpearl.com\/wp-content\/uploads\/2020\/07\/24.05.2019-repas-oma-1.jpg\" alt=\"\" class=\"wp-image-2632\" width=\"594\" height=\"480\"\/><\/figure>\n\n\n\n<figure class=\"wp-block-image size-large is-resized\"><img loading=\"lazy\" decoding=\"async\" src=\"https:\/\/lisarose-moonpearl.com\/wp-content\/uploads\/2020\/07\/24.05.2019-repas-oma-3.jpg\" alt=\"\" class=\"wp-image-2633\" width=\"598\" height=\"452\"\/><\/figure>\n\n\n\n<figure class=\"wp-block-image size-large is-resized\"><img loading=\"lazy\" decoding=\"async\" src=\"https:\/\/lisarose-moonpearl.com\/wp-content\/uploads\/2020\/07\/24.05.2019-repas-oma-4-1024x731.jpg\" alt=\"\" class=\"wp-image-2629\" width=\"596\" height=\"426\"\/><\/figure>\n\n\n\n<p>J&rsquo;ai eu du mal \u00e0 m&rsquo;endormir pour la sieste et Oma m&rsquo;a r\u00e9veill\u00e9 \u00e0 16h30 en rentrant dans la chambre pour parler \u00e0 Maman. Pourtant Maman lui avait bien dit de ne pas nous d\u00e9ranger DU TOUT quand je dormais&nbsp;!<\/p>\n\n\n\n<p>Pendant ma sieste, Maman a corrig\u00e9 le texte de la f\u00eate des m\u00e8res&nbsp;: \u00ab&nbsp;Les chevaux m&rsquo;ont appris a \u00eatre maman&nbsp;\u00bb.<\/p>\n\n\n\n<p>Bernard, l&rsquo;oncle de Maman, est pass\u00e9 \u00e0 mon r\u00e9veil. Maman et lui ont parl\u00e9 d&rsquo;abord dans le bureau de Grand-Pa. Puis on est all\u00e9 un peu dehors, tous les trois, sur les marches devant le salon. Il dit \u00e0 Maman qu&rsquo;il avait lu les deux tomes des m\u00e9moires et en avait parl\u00e9 \u00e0 Grand-Pa en lui ramenant les deux manuscrits lundi 13. Moi, j&rsquo;\u00e9tais tr\u00e8s grincheux, je chouinais de fatigue. Du coup, je perturbais passablement leur conversation&#8230; Maman m&rsquo;a alors amen\u00e9 dans la cuisine, on a fait le go\u00fbter. Aujourd&rsquo;hui au go\u00fbter, je mange tout seul !<\/p>\n\n\n\n<figure class=\"wp-block-image size-large is-resized\"><img loading=\"lazy\" decoding=\"async\" src=\"https:\/\/lisarose-moonpearl.com\/wp-content\/uploads\/2020\/07\/24.05.2019-manger-seul-1.jpg\" alt=\"\" class=\"wp-image-2635\" width=\"425\" height=\"528\"\/><\/figure>\n\n\n\n<figure class=\"wp-block-image size-large is-resized\"><img loading=\"lazy\" decoding=\"async\" src=\"https:\/\/lisarose-moonpearl.com\/wp-content\/uploads\/2020\/07\/24.05.2019-manger-seul-2.jpg\" alt=\"\" class=\"wp-image-2638\" width=\"430\" height=\"506\"\/><\/figure>\n\n\n\n<figure class=\"wp-block-image size-large is-resized\"><img loading=\"lazy\" decoding=\"async\" src=\"https:\/\/lisarose-moonpearl.com\/wp-content\/uploads\/2020\/07\/24.05.2019-manger-seul-3.jpg\" alt=\"\" class=\"wp-image-2639\" width=\"432\" height=\"460\"\/><\/figure>\n\n\n\n<figure class=\"wp-block-image size-large is-resized\"><img loading=\"lazy\" decoding=\"async\" src=\"https:\/\/lisarose-moonpearl.com\/wp-content\/uploads\/2020\/07\/24.05.2019-manger-seul-4.jpg\" alt=\"\" class=\"wp-image-2640\" width=\"431\" height=\"574\"\/><\/figure>\n\n\n\n<figure class=\"wp-block-image size-large is-resized\"><img loading=\"lazy\" decoding=\"async\" src=\"https:\/\/lisarose-moonpearl.com\/wp-content\/uploads\/2020\/07\/24.05.2019-manger-seul-5.jpg\" alt=\"\" class=\"wp-image-2641\" width=\"434\" height=\"498\"\/><\/figure>\n\n\n\n<p>Oma est arriv\u00e9 et a discut\u00e9 \u00e0 son tour avec Bernard, puis il est reparti. Oma est venu jouer au ballon avec moi dans le jardin.<\/p>\n\n\n\n<p>Ensuite, avec Oma et Maman, on est all\u00e9 voir les voisins du fond. Ils n&rsquo;\u00e9taient pas encore au courant pour Grand-Pa&#8230; Ils avaient de super jouets dans leur jardin ! Un trampoline, dans lequel Maman m&rsquo;amena&nbsp;: on s&rsquo;est amus\u00e9 comme des fous, tous les deux&nbsp;! C&rsquo;\u00e9tait un grand trampoline avec des filets sur les c\u00f4t\u00e9s, rien \u00e0 voir avec le petit qu&rsquo;on avait \u00e0 la maison. Ils avaient aussi un portiques avec des balan\u00e7oires de grand et surtout un toboggan. Malgr\u00e9 son mal au dos de plus en plus intense, Maman me fit glisser, glisser, glisser, encore et encore. J&rsquo;adorais \u00e7a ;-).<\/p>\n\n\n\n<p>En fin d&rsquo;apr\u00e8s-midi, Maman informa ses \u00e9l\u00e8ves au sujet de la reprise des cours. \u00ab&nbsp;<em>Bonjour, je reprendrai mes cours le jour et \u00e0 l&rsquo;heure habituelle, \u00e0 partir de lundi 27 mai. Pour celles et ceux que je n&rsquo;ai pas toutes les semaines, je vous enverrai un sms plus pr\u00e9cis. Merci \u00e0 toutes et \u00e0 tous pour vos messages de soutien. Votre affection m&rsquo;a fait chaud au c\u0153ur. Bises. Lisa.<\/em>&nbsp;\u00bb<\/p>\n\n\n\n<p>Le soir, une fois que je fus couch\u00e9, Maman commen\u00e7a \u00e0 lire le premier tome des m\u00e9moires de Grand-Pa. Elle fut secou\u00e9e par la lettre qu&rsquo;il avait mis en introduction, \u00e0 l&rsquo;\u00e9vidence \u00e0 l&rsquo;attention des lecteurs de cet \u00e9crit. Elle fut tant touch\u00e9e et attrist\u00e9e qu&rsquo;elle envoya des sms \u00e0 Bernard, qui venait de les lire. Il lui dit qu&rsquo;il en avait parl\u00e9 \u00e0 Grand-Pa Philippe. Sans doute avait-il \u00e9crit ce courrier introductif dans une p\u00e9riode de grande d\u00e9pression&#8230;&nbsp;<\/p>\n\n\n\n<p><strong>Samedi 25 mai<\/strong><\/p>\n\n\n\n<p>Aujourd&rsquo;hui, c&rsquo;\u00e9tait l&rsquo;anniversaire de Kolina&nbsp;! Elle avait 12 ans, ce qui correspondait \u00e0 36 ans en l&rsquo;\u00e2ge humain. Elle avait presque le m\u00eame \u00e2ge que Maman, du coup :-).<\/p>\n\n\n\n<p>Ce matin, on est all\u00e9 faire quelques courses au supermarch\u00e9 juste en bas de chez Oma. Moi en poussette, Maman et Oma \u00e0 pied. Oma a ensuite cuisin\u00e9 de bons l\u00e9gumes bios pour moi et Maman a fait de la p\u00e2te pour me faire des petits pains. Oma fut tr\u00e8s \u00e9tonn\u00e9e de la fa\u00e7on dont elle s&rsquo;y prenait. Elle ne faisait pas du tout la p\u00e2te \u00e0 la levure de la m\u00eame fa\u00e7on que Maman.<\/p>\n\n\n\n<p>J&rsquo;ai fait un bon dodo de 13h \u00e0 16h30. Je commen\u00e7ais \u00e0 r\u00e9cup\u00e9rer de la longue soir\u00e9e de jeudi. Pendant mon dodo, Maman a aid\u00e9 Oma \u00e0 avancer dans le courrier qu&rsquo;elle voulait faire en remerciement aux innombrables lettres qu&rsquo;elle avait d\u00e9j\u00e0 re\u00e7ues pour le d\u00e9part de Grand-Pa. Comme Maman avait l&rsquo;habitude des mise en page sur l&rsquo;ordi, elle avait notamment d\u00e9j\u00e0 fait son propre document en d\u00e9but de semaine pour l&rsquo;enterrement, elle pouvait aider Oma sans probl\u00e8me. Il y eut une version fran\u00e7aise et une allemande. Oma, d&rsquo;origine allemande, avait encore de la famille et des amis de l&rsquo;autre&nbsp;c\u00f4t\u00e9 de la fronti\u00e8re. Maman corrigea aussi la fin de mon journal, elle en \u00e9tait au 6\u00e8mois (mois M-12).<\/p>\n\n\n\n<p>Voici le texte de remerciement de Oma&nbsp;:<\/p>\n\n\n\n<p>\u00ab&nbsp;<em>Pour les uns ce message est une premi\u00e8re information (veuillez excuser ce retard qui n&rsquo;est pas un &lsquo;oubli&rsquo;), pour les autres l&rsquo;occasion de vous remercier de toutes vos paroles r\u00e9confortantes, vos \u00e9crits pleins de tendresse et d&rsquo;encouragement, vos dons et les fleurs ainsi que votre participation vocale et instrumentale qui m&rsquo;ont aid\u00e9e \u00e0 passer cette premi\u00e8re \u00e9tape douloureuse et qui vont m&rsquo;accompagner par la suite.<\/em><\/p>\n\n\n\n<p><em>De tout coeur Angelika&nbsp;<\/em><\/p>\n\n\n\n<p><em>Philippe Dumoulin est parti le 18 mai 2019. Il laisse derri\u00e8re lui&nbsp;:<\/em><\/p>\n\n\n\n<p><em>sa femme Angelika,&nbsp;<\/em><\/p>\n\n\n\n<p><em>son fils Emmanuel, ses deux petites filles Zo\u00e9 et Alix,&nbsp;<\/em><\/p>\n\n\n\n<p><em>sa fille Elisabeth, son petit fils Angelo,&nbsp;<\/em><\/p>\n\n\n\n<p><em>son fils Pascal, ses petits-enfants Ayelen, Amelie et Bastian,&nbsp;<\/em><\/p>\n\n\n\n<p><em>sa fille Sophie,&nbsp;<\/em><\/p>\n\n\n\n<p><em>ainsi que ses trois fr\u00e8res Bernard, Fran\u00e7ois et Guy&#8230;<\/em><\/p>\n\n\n\n<p><em><strong>Si le grain de bl\u00e9 qui tombe en terre ne meurt il reste seul<\/strong><\/em><\/p>\n\n\n\n<p><em><strong>mais s&rsquo;il meurt il porte beaucoup de fruits<\/strong><\/em><\/p>\n\n\n\n<p><em><strong>(Jean 12, 24)<\/strong><\/em><\/p>\n\n\n\n<p><em>En cette saison o\u00f9 tout tend vers la vie, cro\u00eet et s&rsquo;\u00e9panouit est-il concevable qu&rsquo;un \u00eatre proche disparaisse, que l&rsquo;on doit le confier \u00e0 la terre&nbsp;? Alors que le ciel bleu est plein de lumi\u00e8re, que la nature se pr\u00e9sente en un vert d\u00e9j\u00e0 \u00e9clatant de pl\u00e9nitude et nous offre ses premiers cadeaux&#8230;&#8230;<\/em><\/p>\n\n\n\n<p><em>Pour le jardinier attentif, attendre de voir germer les graines apr\u00e8s les avoir pos\u00e9s en terre est plut\u00f4t acte joyeux plein de curiosit\u00e9 et d&rsquo;espoir de voir la plante grandir et pr\u00e9parer ses fruits&#8230;<\/em><\/p>\n\n\n\n<p><em>Philippe nous a quitt\u00e9s en ce mois de mai, brusquement, en nous laissant dans la stupeur, le d\u00e9sarroi, la tristesse.<\/em><\/p>\n\n\n\n<p><em>Il avait pass\u00e9 une journ\u00e9e en musique et l&rsquo;orgue de Pontaumur avait fait r\u00e9sonner le choral de Bach \u00ab&nbsp;Devant ton tr\u00f4ne je vais para\u00eetre&nbsp;\u00bb&nbsp;; le soir, seul \u00e0 la maison, il a fini sa derni\u00e8re journ\u00e9e avec des lectures d&rsquo;auteurs grecs&nbsp;; c&rsquo;est dans la s\u00e9r\u00e9nit\u00e9 qu&rsquo;il a \u00e9t\u00e9 rappel\u00e9 vers son cr\u00e9ateur&#8230;.<\/em><\/p>\n\n\n\n<p><em>A mon arriv\u00e9e (trop tardive apr\u00e8s la r\u00e9p\u00e9tition du choeur) tout \u00e9tait fini, plus aucune aide n&rsquo;\u00e9tait possible&#8230;..<\/em><\/p>\n\n\n\n<p><em>Maintenant, pos\u00e9 en terre, il est \u00ab&nbsp;mort&nbsp;\u00bb \u00e0 la vie visible mais vivant d&rsquo;une fa\u00e7on encore plus intense en chacun\/e de nous, ch\u00e8re famille et chers amis. Ce qu&rsquo;il a sem\u00e9 dans nos coeurs va germer, grandir, fructifier et c&rsquo;est dans l&rsquo;esp\u00e9rance et la gratitude que nous pourrons ressentir les bienfaits de cette pr\u00e9sence vivifiante et recevoir les dons d&rsquo;un \u00eatre cher tout au long de notre propre vie&#8230;<\/em><\/p>\n\n\n\n<p><em>Unis par la musique elle \u00e9tait aussi notre forme de louange, le chant gr\u00e9gorien pour Philippe, les chorals luth\u00e9riens pour moi et les chants de Taiz\u00e9 pour nous deux.<\/em><\/p>\n\n\n\n<p><em>Pendant les 42 ans de notre vie commune le texte choisi pour notre mariage (psaume 71 versets 19 \u2013 23) nous a guid\u00e9s. Dieu a tenu sa promesse et nous a gard\u00e9s \u00e0 travers les difficult\u00e9s rencontr\u00e9es et nous a fortifi\u00e9s. Notre louange terrestre \u00e9tait faible mais \u00e0 pr\u00e9sent Philippe est uni aux choeurs c\u00e9lestes.<\/em><\/p>\n\n\n\n<p><em><strong>Mes l\u00e8vres jubilent et mon \u00e2me que tu as rachet\u00e9e est dans la joie (v. 23)&nbsp;\u00bb&nbsp;<\/strong><\/em><\/p>\n\n\n\n<p>Petite remarque&nbsp;: rien ne vous a interpell\u00e9 dans l&rsquo;\u00e9crit de Oma&nbsp;? Grand-Pa a \u00e9cout\u00e9 un choral de Bach intitul\u00e9 \u00ab Devant ton tr\u00f4ne je vais para\u00eetre&nbsp;\u00bb (\u00ab&nbsp;Vor deinem Thron tret&rsquo; ich hiermit&nbsp;\u00bb, en allemand. Il s&rsquo;agissait, en quelque sorte, du testament musical de Bach, qu&rsquo;il avait dict\u00e9 alors qu&rsquo;il \u00e9tait aveugle et mourant&nbsp;! N&rsquo;\u00e9tait-ce pas l\u00e0 encore un merveilleux signe nous indiquant qu&rsquo;il \u00e9tait \u00e9crit que Grand-Pa partirait ce jour pr\u00e9cis\u00e9ment ??? Lui aussi allait tr\u00e8s bient\u00f4t para\u00eetre devant le \u00ab&nbsp;tr\u00f4ne&nbsp;\u00bb du tout puissant. Lui aussi avait de gros probl\u00e8mes de vue qui l&rsquo;handicapaient fortement dans sa passion. Bach, aveugle, pouvait encore jouer et composer de la musique.&nbsp;Si Grand-Pa avait perdu la vue \u00e0 ce point, il aurait \u00e9t\u00e9 inconsolable&#8230; Bach \u00e9tait un des compositeurs pr\u00e9f\u00e9r\u00e9 de Oma et peut-\u00eatre aussi de Grand-Pa. Qu&rsquo;il ait \u00e9t\u00e9 pr\u00e9sent pour sa derni\u00e8re journ\u00e9e, tout comme Platon, son philosophe pr\u00e9f\u00e9r\u00e9, pour sa derni\u00e8re soir\u00e9e, rien ne pouvait \u00eatre plus parfait, plus magique :-). Merci \u00e0 l&rsquo;univers &lt;3&nbsp;!<\/p>\n\n\n\n<p>Ensuite, on a fait mon go\u00fbter, pendant la cuisson des petits pains, dont la p\u00e2te avait bien gonfl\u00e9 pendant ma sieste. On est ensuite parti tous \u00e0 Clermont, dans la boutique d&rsquo;impression o\u00f9 Maman \u00e9tait all\u00e9e mardi, avec Odile et moi, pour imprimer ses propres documents.&nbsp;<\/p>\n\n\n\n<p>Au retour, petit moment au jardin tous les trois, \u00e0 la fra\u00eeche. <\/p>\n\n\n\n<figure class=\"wp-block-image size-large is-resized\"><img loading=\"lazy\" decoding=\"async\" src=\"https:\/\/lisarose-moonpearl.com\/wp-content\/uploads\/2020\/07\/25.05.2019-jardin-Oma-1.jpg\" alt=\"\" class=\"wp-image-2642\" width=\"454\" height=\"524\"\/><\/figure>\n\n\n\n<figure class=\"wp-block-image size-large is-resized\"><img loading=\"lazy\" decoding=\"async\" src=\"https:\/\/lisarose-moonpearl.com\/wp-content\/uploads\/2020\/07\/25.05.2019-jardin-Oma-5.jpg\" alt=\"\" class=\"wp-image-2644\" width=\"450\" height=\"495\"\/><\/figure>\n\n\n\n<figure class=\"wp-block-image size-large is-resized\"><img loading=\"lazy\" decoding=\"async\" src=\"https:\/\/lisarose-moonpearl.com\/wp-content\/uploads\/2020\/07\/25.05.2019-jardin-Oma-2-664x1024.jpg\" alt=\"\" class=\"wp-image-2645\" width=\"446\" height=\"688\"\/><\/figure>\n\n\n\n<figure class=\"wp-block-image size-large is-resized\"><img loading=\"lazy\" decoding=\"async\" src=\"https:\/\/lisarose-moonpearl.com\/wp-content\/uploads\/2020\/07\/25.05.2019-jardin-Oma-9.jpg\" alt=\"\" class=\"wp-image-2647\" width=\"443\" height=\"538\"\/><\/figure>\n\n\n\n<figure class=\"wp-block-image size-large is-resized\"><img loading=\"lazy\" decoding=\"async\" src=\"https:\/\/lisarose-moonpearl.com\/wp-content\/uploads\/2020\/07\/25.05.2019-jardin-Oma-4.jpg\" alt=\"\" class=\"wp-image-2648\" width=\"442\" height=\"568\"\/><\/figure>\n\n\n\n<figure class=\"wp-block-image size-large is-resized\"><img loading=\"lazy\" decoding=\"async\" src=\"https:\/\/lisarose-moonpearl.com\/wp-content\/uploads\/2020\/07\/25.05.2019-jardin-Oma-8-725x1024.jpg\" alt=\"\" class=\"wp-image-2649\" width=\"450\" height=\"636\"\/><\/figure>\n\n\n\n<figure class=\"wp-block-image size-large is-resized\"><img loading=\"lazy\" decoding=\"async\" src=\"https:\/\/lisarose-moonpearl.com\/wp-content\/uploads\/2020\/07\/25.05.2019-jardin-Oma-3-620x1024.jpg\" alt=\"\" class=\"wp-image-2652\" width=\"449\" height=\"742\"\/><\/figure>\n\n\n\n<figure class=\"wp-block-image size-large is-resized\"><img loading=\"lazy\" decoding=\"async\" src=\"https:\/\/lisarose-moonpearl.com\/wp-content\/uploads\/2020\/07\/25.05.2019-jardin-Oma-6-723x1024.jpg\" alt=\"\" class=\"wp-image-2650\" width=\"453\" height=\"642\"\/><\/figure>\n\n\n\n<p>Maman \u00e9crivit la carte de f\u00eate des m\u00e8res pour Oma. Car demain dimanche, ce serait la f\u00eate de toutes les mamans &lt;3.&nbsp;<\/p>\n\n\n\n<p>\u00ab&nbsp;25 mai 2019<\/p>\n\n\n\n<p>Maman,<\/p>\n\n\n\n<p>j&rsquo;avais choisi cette carte et d\u00e9cid\u00e9 de te l&rsquo;envoyer, il y a de cela plus d&rsquo;une semaine&#8230; Finalement tu l&rsquo;auras en main propre et ce qu&rsquo;elle figure prend une toute autre signification.<\/p>\n\n\n\n<p>J&rsquo;avais, au d\u00e9part, choisi cette carte car pour moi le rouge repr\u00e9sente la force et la chaleur d&rsquo;une m\u00e8re. Il y a la grande t\u00eate entour\u00e9e de 3 t\u00eates moyennes et de 4 plus petites. Comme toi, tes 3 enfants et 4 petits enfants. Pour la f\u00eate des m\u00e8res, je trouvais cela assez symbolique.<\/p>\n\n\n\n<p>Maintenant, elle prend un autre sens. Ces \u00ab&nbsp;poign\u00e9es&nbsp;\u00bb sont celles de portes. Les portes qui font passer d&rsquo;une \u00e9tape \u00e0 l&rsquo;autre dans la vie. L&rsquo;arriv\u00e9e dans le ventre de la m\u00e8re, la sortie du ventre, la ma\u00eetrise de la marche, du langage, la pubert\u00e9, la vie hors du nid familial, la vie \u00e0 2, puis \u00e0 3&#8230;ou plus. Puis la vie de nouveau \u00e0 2, puis \u00e9ventuellement seul. Puis le passage dans l&rsquo;autre dimension. C&rsquo;est comme si, \u00e0 chaque \u00e9tape, on poussait, franchissait une porte qu&rsquo;on ne pouvait alors plus prendre en sens inverse&#8230;<\/p>\n\n\n\n<p>D\u00e9sormais, Papa a franchi une grande porte, toi, nous et tous ses proches aussi. Ce n&rsquo;est pas mieux, ni moins bien. C&rsquo;est une nouvelle \u00e9tape, une nouvelle pi\u00e8ce dont nous avons tous franchi le pas de porte, le pallier, sur notre chemin de vie. Comme toute nouveaut\u00e9, il faut du temps pour s&rsquo;y familiariser et que cela devienne normal, habituel.<\/p>\n\n\n\n<p>Pour Papa, ce doit \u00eatre exceptionnellement nouveau, surprenant.<\/p>\n\n\n\n<p>Pour toi, une nouvelle libert\u00e9 et ind\u00e9pendance.<\/p>\n\n\n\n<p>Pour nous, une nouvelle forme de communication avec notre p\u00e8re, qu&rsquo;il va falloir apprivoiser.<\/p>\n\n\n\n<p>On se souviendra longtemps de cette f\u00eate des m\u00e8res que nous avons commenc\u00e9 \u00e0 3 g\u00e9n\u00e9rations, dont 2 m\u00e8res&#8230;<\/p>\n\n\n\n<p>J&rsquo;aimerais qu&rsquo;\u00e0 cette occasion, on arrive \u00e0 se faire une promesse toutes les deux. Celle de ne plus jamais se faire de mal \u00e0 l&rsquo;une et \u00e0 l&rsquo;autre. Pour ne pas avoir de remords et de regrets, mais que de bons souvenirs.<\/p>\n\n\n\n<p>Je t&rsquo;aime, Maman&#8230;&nbsp;<\/p>\n\n\n\n<p>Lisa&nbsp;\u00bb<\/p>\n\n\n\n<p>Ensuite les voisins sont pass\u00e9s \u00e0 la maison. Ils sont tr\u00e8s, tr\u00e8s, tr\u00e8s gentils, vraiment. Oma a de la chance de les avoir et r\u00e9ciproquement.<\/p>\n\n\n\n<p>Ce soir, Maman communiqua avec Loreena par SMS. Elle dit \u00e0 Maman que Grand-Pa se sentait bien et lui conseilla de s&rsquo;occuper d&rsquo;elle d\u00e9sormais&#8230;.<\/p>\n\n\n\n<p>\u00ab&nbsp;<em>Bonjour ma ch\u00e8re Loreena pour ton gentil mail qui m&rsquo;a beaucoup touch\u00e9e.&nbsp;\u00bb&nbsp;<\/em><\/p>\n\n\n\n<p>(Maman avait envoy\u00e9 son long texte de l&rsquo;enterrement \u00e0 Loreena. La jeune femme avait \u00e9t\u00e9 extr\u00eamement \u00e9mue&#8230;)&nbsp;<\/p>\n\n\n\n<p>\u00ab&nbsp;<em>Excuse-moi de t&rsquo;avoir fait pleurer,ce n&rsquo;\u00e9tait pas le but. Je viens mardi vers 12h30 comme d&rsquo;habitude&nbsp;? Chouette pour les oraux :-). On verra si on peut rattraper un peu de travail pendant le pont qui vient. Je t&#8217;embrasse tr\u00e8s fort &lt;3 &lt;3 &lt;3 &lt;3<\/em><\/p>\n\n\n\n<p><em>&#8211; Coucou Lisa, ne t&rsquo;excuse pas, c&rsquo;est pour te dire que c&rsquo;est vraiment beau ce que tu as \u00e9crit. Il est fier de toi, je le sens. Alors pour le cours parfait \ud83d\ude42 Oki on verra. Je t&rsquo;aime tr\u00e8s fort &lt;3.<\/em><\/p>\n\n\n\n<p><em>&#8211; Merci, tu es gentille &lt;3. On garde jeudi \u00e0 l&rsquo;heure habituelle pour le moment&nbsp;? Ou tu ne seras pas rentr\u00e9e de ton concours&nbsp;? J&rsquo;aimerais tellement savoir comment il se sent&#8230;<\/em><\/p>\n\n\n\n<p><em>&#8211; Je ne serai pas rentr\u00e9e, je ne rentre que jeudi soir tard. Il est bien, rassure toi &lt;3.<\/em><\/p>\n\n\n\n<p><em>&#8211; Ok on verra du coup. Tu sens quelque chose au sujet de mon papa&nbsp;?<\/em><\/p>\n\n\n\n<p><em>&#8211; Oui de l&rsquo;apaisement et un sourire.<\/em><\/p>\n\n\n\n<p><em>&#8211; La paix, je la sens aussi. J&rsquo;esp\u00e8re tellement qu&rsquo;il sera plus heureux et se sentira plus \u00e0 sa place qu&rsquo;ici bas&#8230;<\/em><\/p>\n\n\n\n<p><em>&#8211; Il sera entour\u00e9 d&rsquo;\u00eatres de lumi\u00e8re maintenant, il faut que tu te concentres sur toi Elisabeth. Heu, je ne sais pas pourquoi je t&rsquo;ai appel\u00e9e comme \u00e7a&#8230;<\/em><\/p>\n\n\n\n<p><em>&#8211; Parce que lui m&rsquo;appelle Elisabeth, c&rsquo;est mon vrai pr\u00e9nom. Il a \u00e9crit des choses tellement triste&#8230; Je ne pensais pas qu&rsquo;il avait \u00e9t\u00e9 si triste toute sa vie.<\/em><\/p>\n\n\n\n<p><em>&#8211; Oui, mais je t&rsquo;appelle jamais comme \u00e7a, mais \u00e7a m&rsquo;est venu tout seul. Beaucoup de personnes gardent en elles de la tristesse pour ne pas inqui\u00e9ter leurs proches. Mais maintenant ce n&rsquo;est plus qu&rsquo;\u00e9nergie et s\u00e9r\u00e9nit\u00e9.<\/em><\/p>\n\n\n\n<p><em>&#8211; J&rsquo;esp\u00e8re qu&rsquo;il a assist\u00e9 \u00e0 toutes les conversations que j&rsquo;ai eu avec lui&#8230; Je lui ai dit tout ce que j&rsquo;avais dans le c\u0153ur&#8230; J&rsquo;ai tellement pleur\u00e9 hier soir apr\u00e8s avoir commenc\u00e9 la lecture de ses m\u00e9moires&#8230; Je lui ai dit ensuite&nbsp;: \u00ab&nbsp;Pourquoi as-tu \u00e9crit des choses aussi tristes \u00e0 notre intention, mais pourquoi&nbsp;????&nbsp;\u00bb<\/em><\/p>\n\n\n\n<p><em>&#8211; Oui, j&rsquo;en suis convaincue. Les prochains jours vont \u00eatre durs , mais \u00e7a va aller de mieux en mieux. Et lorsque tu te sentiras pr\u00eate, tu pourras parler avec lui. Tu as senti une r\u00e9ponse&nbsp;?<\/em><\/p>\n\n\n\n<p><em>&#8211; J&rsquo;ai de suite envoy\u00e9 un sms \u00e0 son fr\u00e8re avec lequel il \u00e9tait le plus proche. Et qui vient de lire les deux tomes de ses m\u00e9moires. Il lui a ramen\u00e9 le 13 mai, le lundi de la semaine de son d\u00e9c\u00e8s justement. Il a r\u00e9pondu qu&rsquo;il m&rsquo;en parlerait. C&rsquo;\u00e9tait lors d&rsquo;un de ses \u00e9pisodes d\u00e9pressifs&#8230; Je pense que c&rsquo;est mon p\u00e8re qui m&rsquo;a donn\u00e9 l&rsquo;envie de m&rsquo;adresser \u00e0 son fr\u00e8re. C&rsquo;\u00e9tait la meilleure r\u00e9ponse qu&rsquo;il pouvait me donner&#8230; J&rsquo;ai envie d&rsquo;aller voir Nadine, mais je ne sais pas si c&rsquo;est une bonne id\u00e9e. Du moins, je ne sais pas quand.<\/em><\/p>\n\n\n\n<p><em>&#8211; Pourquoi as-tu envie d&rsquo;aller voir Nadine&nbsp;? Qu&rsquo;attends-tu&nbsp;?<\/em><\/p>\n\n\n\n<p><em>&#8211; Des r\u00e9ponses de mes guides. Savoir si j&rsquo;ai fait ce que mon p\u00e8re attendait de moi. Pour pouvoir lui laisser suivre sa route en paix et poursuivre la mienne de mon c\u00f4t\u00e9.<\/em><\/p>\n\n\n\n<p><em>&#8211; Lisa qu&rsquo;importe ce que tu as fais, fait ou fera, ton p\u00e8re est et sera fier de toi et il t&rsquo;aime, je te le jure&#8230; Si tu me le permets, je peux essayer de me connecter avec lui.<\/em><\/p>\n\n\n\n<p><em>&#8211; Oui si tu sens que tu en as envie, je suis d&rsquo;accord.<\/em><\/p>\n\n\n\n<p><em>&#8211; Oui je me sens plus connect\u00e9e en ce moment, je ne sais pas pourquoi, j&rsquo;essaiera alors. As-tu une question en particulier \u00e0 lui poser&nbsp;? O\u00f9 veux-tu savoir quelque chose&nbsp;?<\/em><\/p>\n\n\n\n<p><em>&#8211; 1. Es-tu heureux l\u00e0 o\u00f9 tu es d\u00e9sormais&nbsp;? 2. As-tu enfin trouv\u00e9 ce que tu as tant cherch\u00e9 toute ta vie&nbsp;? 3. As-tu saisi tout ce que je t&rsquo;ai dit lors de mes longues conversations avec toi toute cette semaine&nbsp;?<\/em><\/p>\n\n\n\n<p><em>&#8211; D&rsquo;accord, je vais \u00e9galement avoir besoin de son pr\u00e9nom et son nom et de ses dates de naissance et de d\u00e9c\u00e8s.<\/em><\/p>\n\n\n\n<p><em>&#8211; Voil\u00e0. Fais comme tu le sens Loreena&#8230; Je sais que tu as un sixi\u00e8me sens extraordinaire. Et je te remercie pour ta proposItion &lt;3. Philippe Dumoulin n\u00e9 le 19 mars 1937, parti le 18 mai 2019. Tu veux essayer ces jours-ci&nbsp;?<\/em><\/p>\n\n\n\n<p><em>&#8211; Merci de me faire confiance, je ne peux rien te promettre malheureusement, mais je vais essayer et d\u00e8s ce soir. Ce que j&rsquo;ai fait c&rsquo;est que j&rsquo;ai \u00e9crit sur une petite fiche d&rsquo;une c\u00f4t\u00e9 son pr\u00e9nom et nom plus ses dates et de l&rsquo;autre c\u00f4t\u00e9 ton nom et pr\u00e9nom plus tes questions. Je vais le placer sous mon oreiller et m&rsquo;y concentrer avant de dormir, il m&rsquo;apparaitra sans doute dans mes songes.<\/em><\/p>\n\n\n\n<p><em>&#8211; Il est d\u00e9c\u00e9d\u00e9 il y a exactement une semaine. Vers 22h30. Tu m&rsquo;\u00e9tonneras toujours :-).<\/em><\/p>\n\n\n\n<p><em>&#8211; D&rsquo;accord, je vais faire de mon mieux. D&rsquo;ailleurs il faudra que je te raconte, il m&rsquo;est arriv\u00e9 plusieurs choses assez incroyables.<\/em><\/p>\n\n\n\n<p><em>&#8211; Il me tarde \ud83d\ude42 \ud83d\ude42 \ud83d\ude42&nbsp;!<\/em><\/p>\n\n\n\n<p><em>&#8211; Moi aussi&nbsp;!<\/em><\/p>\n\n\n\n<p><em>&#8211; Gros gros bisous, je vais au dodo. Demain, on se l\u00e8ve t\u00f4t car on rentre \u00e0 la maison &lt;3.<\/em><\/p>\n\n\n\n<p><em>&#8211; Oki. Passe une belle nuit. Bisous &lt;3.&nbsp;\u00bb<\/em><\/p>\n\n\n\n<p>Maman n&rsquo;eut pas le courage de continuer \u00e0 lire les m\u00e9moires de Grand-Pa, pour cette derni\u00e8re soir\u00e9e dans sa maison. C&rsquo;\u00e9tait trop douloureux, trop frais, cela la faisait sombrer dans une trop profonde tristesse. D&rsquo;ailleurs la veille et l&rsquo;avant veille, plusieurs fois, Maman \u00e9tait venue faire un c\u00e2lin \u00e0 Oma et \u00e9tait en pleurs. Alors qu&rsquo;elle \u00e9tait initialement aussi rest\u00e9e pour consoler sa m\u00e8re, c&rsquo;\u00e9tait elle, finalement, qui avait besoin d&rsquo;\u00eatre consol\u00e9e&#8230; Grand-Pa lui manquait d\u00e9j\u00e0 tellement.<\/p>\n\n\n\n<p>Du coup, ce soir-l\u00e0, Maman regarda des photos et des vid\u00e9os des chevaux et d&rsquo;elle pendant la grossesse, donc aussi avec moi :-). Elle comprit que cette envie lui venait de Grand-Pa. Elle devait se consacrer \u00e0 ses enfants et se concentrer sur la famille qu&rsquo;elle avait commenc\u00e9 \u00e0 construire, \u00e0 son avenir \u00e0 elle. Penser \u00e0 elle et aux autres \u00eatres qui lui \u00e9taient chers et qui eux, bien vivants, avaient besoin d&rsquo;elle sans doute d\u00e9sormais plus que lui, qui \u00e9tait en route pour la lumi\u00e8re&#8230;<\/p>\n\n\n\n<p>Ce soir, vers 22h30, cela faisait exactement une semaine que Grand-Pa avait pris la route, la grande route c\u00e9leste&#8230;<\/p>\n\n\n\n<p><strong>Dimanche 26 mai<\/strong><\/p>\n\n\n\n<p>Aujourd&rsquo;hui, c&rsquo;\u00e9tait la f\u00eate des m\u00e8res, notamment celle de Oma e&amp;t de Maman.<\/p>\n\n\n\n<p>Nanou fut la premi\u00e8re \u00e0 envoyer un message \u00e0 Maman. Message qui la toucha \u00e9norm\u00e9ment au point de lui faire monter, encore une fois, les larmes aux yeux &lt;3. Nanou, elle nous connaissait si bien tous les deux, qu&rsquo;elle savait exactement ce que j&rsquo;aurais pu dire \u00e0 ma maman en pareil occasion \ud83d\ude42&nbsp;:<\/p>\n\n\n\n<p>\u00ab&nbsp;Un petit ange m&rsquo;a confi\u00e9 un secret,<\/p>\n\n\n\n<p>celui de dire \u00e0 sa maman qu&rsquo;il l&rsquo;aime tr\u00e8s fort,<\/p>\n\n\n\n<p>et qu&rsquo;il est fier d&rsquo;avoir une maman comme il a.<\/p>\n\n\n\n<p>Elle a de grands bras pour faire des c\u00e2lins qui le r\u00e9confortent,<\/p>\n\n\n\n<p>un sourire qui le rend tellement heureux,<\/p>\n\n\n\n<p>une bouche pour faire plein de bisous<\/p>\n\n\n\n<p>et un regard rempli d&rsquo;amour.<\/p>\n\n\n\n<p>Il ne peut pas te le dire, mais je te le dis pour lui.<\/p>\n\n\n\n<p>Ton fils t&rsquo;aime infiniment et inconditionnellement.<\/p>\n\n\n\n<p>Tu es une chouette maman.<\/p>\n\n\n\n<p>Bonne f\u00eate&nbsp;! &lt;3 &lt;3 &lt;3&nbsp;\u00bb<\/p>\n\n\n\n<p>Maman offrit sa carte et son texte \u00e0 Oma qui fut tr\u00e8s touch\u00e9e, elle aussi. Ensuite, Maman se mit \u00e0 pr\u00e9parer les bagages pendant que Oma s&rsquo;occupa de moi.<\/p>\n\n\n\n<p>Tata Sophie est pass\u00e9e avant notre d\u00e9part. Elle offrit une rose (une fausse, de couleur orang\u00e9e, qui avait l&rsquo;avantage de ne pas faner) \u00e0 Maman et Oma pour la f\u00eate des m\u00e8res&#8230; Maman fut tr\u00e8s touch\u00e9e par ce geste. Elle savait que cela venait du c\u0153ur d&rsquo;une femme qui aurait aim\u00e9, elle aussi, qu&rsquo;on lui c\u00e9l\u00e8bre sa f\u00eate aujourd&rsquo;hui&#8230;<\/p>\n\n\n\n<p>Nous sommes finalement parti vers 11h. Au bout d&rsquo;une heure de route, ou cours de laquelle je fis dodo, nous nous sommes arr\u00eat\u00e9s (comme la derni\u00e8re fois) chez le parrain de Maman, Roland, pr\u00e8s de Brioude (plus exactement \u00e0 Vergongeon, chez son fils Jean-Pascal et sa belle fille Marie-Alice).<\/p>\n\n\n\n<p>Leur petit fils, Victor, \u00e2g\u00e9 de 19 mois, \u00e9tait l\u00e0 aussi et nous avons mang\u00e9 ensemble. Enfin presque. Moi, j&rsquo;\u00e9tais assis dans dans la chaise haute. Vorace, comme toujours, je mangeais tout le repas qu&rsquo;avait pr\u00e9par\u00e9 Maman. Victor \u00e9tait assis sur une petite chaise, \u00e0 une table basse pour enfants. Il avait un app\u00e9tit d\u2019oiseau. Bien qu&rsquo;il ait plusieurs mois de plus que moi, il \u00e9tait plus petit et beaucoup plus fr\u00eale. Nous ne venions pas du m\u00eame moule, c&rsquo;\u00e9tait clair, mdr&nbsp;! Moi j&rsquo;\u00e9tais une force de la nature. Mais je n&rsquo;\u00e9tais pas gros autant, attention&nbsp;! J&rsquo;avais une carcasse tr\u00e8s solide et une musculature de sportif, comme mon papa et ma maman, en somme.<\/p>\n\n\n\n<figure class=\"wp-block-image size-large is-resized\"><img loading=\"lazy\" decoding=\"async\" src=\"https:\/\/lisarose-moonpearl.com\/wp-content\/uploads\/2020\/07\/26.05.2019-chez-Roland-1.jpg\" alt=\"\" class=\"wp-image-2657\" width=\"484\" height=\"605\" srcset=\"https:\/\/lisarose-moonpearl.com\/wp-content\/uploads\/2020\/07\/26.05.2019-chez-Roland-1.jpg 484w, https:\/\/lisarose-moonpearl.com\/wp-content\/uploads\/2020\/07\/26.05.2019-chez-Roland-1-480x600.jpg 480w\" sizes=\"(min-width: 0px) and (max-width: 480px) 480px, (min-width: 481px) 484px, 100vw\" \/><\/figure>\n\n\n\n<figure class=\"wp-block-image size-large is-resized\"><img loading=\"lazy\" decoding=\"async\" src=\"https:\/\/lisarose-moonpearl.com\/wp-content\/uploads\/2020\/07\/26.05.2019-chez-Roland-2-731x1024.jpg\" alt=\"\" class=\"wp-image-2658\" width=\"481\" height=\"674\" srcset=\"https:\/\/lisarose-moonpearl.com\/wp-content\/uploads\/2020\/07\/26.05.2019-chez-Roland-2-731x1024.jpg 481w, https:\/\/lisarose-moonpearl.com\/wp-content\/uploads\/2020\/07\/26.05.2019-chez-Roland-2-480x672.jpg 480w\" sizes=\"(min-width: 0px) and (max-width: 480px) 480px, (min-width: 481px) 481px, 100vw\" \/><\/figure>\n\n\n\n<figure class=\"wp-block-image size-large is-resized\"><img loading=\"lazy\" decoding=\"async\" src=\"https:\/\/lisarose-moonpearl.com\/wp-content\/uploads\/2020\/07\/26.05.2019-chez-Roland-3.jpg\" alt=\"\" class=\"wp-image-2659\" width=\"482\" height=\"597\" srcset=\"https:\/\/lisarose-moonpearl.com\/wp-content\/uploads\/2020\/07\/26.05.2019-chez-Roland-3.jpg 482w, https:\/\/lisarose-moonpearl.com\/wp-content\/uploads\/2020\/07\/26.05.2019-chez-Roland-3-480x595.jpg 480w\" sizes=\"(min-width: 0px) and (max-width: 480px) 480px, (min-width: 481px) 482px, 100vw\" \/><\/figure>\n\n\n\n<p>Ensuite, vers 13h, on est reparti. Je suivis mon rythme et dormis tout le long du trajet. Berc\u00e9 par le bruit du moteur et parfois aussi par la voix de Maman. Elle appela notamment Mamie Yvonne qui voulait savoir comment se passait le s\u00e9jour, comment allait Oma, etc&#8230; Elle savait ce que c&rsquo;\u00e9tait de perdre son mari, elle qui est \u00e9tait veuve depuis 35 ans d\u00e9j\u00e0&nbsp;!<\/p>\n\n\n\n<p>Papa travaillait aujourd&rsquo;hui aussi, bien que ce soit dimanche. Nous sommes rentr\u00e9s presque en m\u00eame temps. Il \u00e9tait tr\u00e8s fatigu\u00e9. Ils ont vite d\u00e9charg\u00e9 la voiture.<\/p>\n\n\n\n<p>Comme Maman avait tr\u00e8s, tr\u00e8s mal au dos, au point de presque ne plus pouvoir marcher, ni bouger, Papa proposa de l&rsquo;aider pour le terrain. Elle devait absolument arroser&#8230;<\/p>\n\n\n\n<p>Du coup, nous voil\u00e0 partis \u00e0 deux voitures, une fois que Papa eut aid\u00e9 Maman \u00e0 charger les bouteilles (plus d&rsquo;une centaine&nbsp;!) dans la voiture. Il aida aussi Maman \u00e0 les d\u00e9charger au terrain. Puis, on est rentr\u00e9 tous les deux, entre hommes. Papa me fit le diner, le bibi et me mit au dodo. J&rsquo;\u00e9tais super heureux de retrouver mon papa ch\u00e9ri &lt;3.<\/p>\n\n\n\n<p>Pendant ce temps, Maman se rendit aux \u00e9curies, r\u00e9cup\u00e9rer ses chevaux, qu&rsquo;elle avait trop besoin de voir. Elle partit \u00e0 pied avec eux au terrain. Bien qu&rsquo;il y avait un bon kilom\u00e8tre entre l&rsquo;\u00e9curie et son terrain, Maman avait d\u00e9cid\u00e9 qu&rsquo;elle arroserait avec ses prot\u00e9g\u00e9s. Ainsi elle pourrait passer un bon moment avec eux, recharger ses batteries tellement \u00e0 plat et eux profiteraient d&rsquo;elle et de la verdure abondante :-). Il l&rsquo;aid\u00e8rent beaucoup pour marcher, ils la tiraient presque chacun d&rsquo;un c\u00f4t\u00e9. Un peu comme deux infirmiers qui aideraient un patient \u00e0 retrouver l&rsquo;usage de ses jambes. Malgr\u00e9 sa ceinture lombaire serr\u00e9e \u00e0 bloc, Maman avait \u00e9norm\u00e9ment de mal \u00e0 marcher seule&#8230; Encore une fois, ses chevaux lui prouv\u00e8rent qu&rsquo;ils \u00e9taient aussi l\u00e0 pour elle, pour l&rsquo;aider \u00e0 surmonter les \u00e9preuves de la vie, pour l&rsquo;aider \u00e0 avancer dans la bonne direction :-).<\/p>\n\n\n\n<figure class=\"wp-block-image size-large\"><img loading=\"lazy\" decoding=\"async\" width=\"1024\" height=\"922\" src=\"https:\/\/lisarose-moonpearl.com\/wp-content\/uploads\/2020\/07\/26.05.2019-chevaux-1.jpg\" alt=\"\" class=\"wp-image-2660\" srcset=\"https:\/\/lisarose-moonpearl.com\/wp-content\/uploads\/2020\/07\/26.05.2019-chevaux-1.jpg 1024w, https:\/\/lisarose-moonpearl.com\/wp-content\/uploads\/2020\/07\/26.05.2019-chevaux-1-980x882.jpg 980w, https:\/\/lisarose-moonpearl.com\/wp-content\/uploads\/2020\/07\/26.05.2019-chevaux-1-480x432.jpg 480w\" sizes=\"(min-width: 0px) and (max-width: 480px) 480px, (min-width: 481px) and (max-width: 980px) 980px, (min-width: 981px) 1024px, 100vw\" \/><\/figure>\n\n\n\n<figure class=\"wp-block-image size-large\"><img loading=\"lazy\" decoding=\"async\" width=\"1024\" height=\"552\" src=\"https:\/\/lisarose-moonpearl.com\/wp-content\/uploads\/2020\/07\/26.05.2019-chevaux-2-1-1024x552.jpg\" alt=\"\" class=\"wp-image-2664\" srcset=\"https:\/\/lisarose-moonpearl.com\/wp-content\/uploads\/2020\/07\/26.05.2019-chevaux-2-1-1024x552.jpg 1024w, https:\/\/lisarose-moonpearl.com\/wp-content\/uploads\/2020\/07\/26.05.2019-chevaux-2-1-980x529.jpg 980w, https:\/\/lisarose-moonpearl.com\/wp-content\/uploads\/2020\/07\/26.05.2019-chevaux-2-1-480x259.jpg 480w\" sizes=\"(min-width: 0px) and (max-width: 480px) 480px, (min-width: 481px) and (max-width: 980px) 980px, (min-width: 981px) 1024px, 100vw\" \/><\/figure>\n\n\n\n<p>Elle arrosa pendant 1h30, Kolina et Duende broutant en sa compagnie. Kolina \u00e9tait douce et tranquille alors que Duende \u00e9tait plut\u00f4t \u00e9nerv\u00e9. Une fois arriv\u00e9s au terrain, Dudu fit un gros c\u00e2lin \u00e0 Maman, ils en avaient besoin tous les deux. Puis il fit le couillon au pr\u00e9, trop content de ce cadeau de libert\u00e9. Il avait besoin \u00e0 la fois de se d\u00e9fouler et de c\u00e2liner, ce petit lutin sensible et fac\u00e9tieux. Koko, elle, avait mal au pied et boitait un peu, ce qui expliquait en partie son calme inhabituel. Mais en partie seulement. Elle \u00e9tait contente de revoir Maman, dont elle percevait l&rsquo;\u00e9tat \u00e9motionnel et \u00e9nerg\u00e9tique, avec son scanner hypersensible&#8230; Elle savait que Maman avait besoin d&rsquo;affection et de douceur, et non d&rsquo;\u00e9nervement et de gestes brusques.&nbsp;<\/p>\n\n\n\n<p>Ce fut pendant le trajet l&rsquo;aller, puis tout au long de l&rsquo;arrosage que Maman sentit Grand-Pa planer au-dessus d&rsquo;elle. Elle en t\u00e9moigna aux membres de sa famille le surlendemain dans un mail, dont voici un extrait&nbsp;:<\/p>\n\n\n\n<p>\u00ab&nbsp;<em>Bonjour \u00e0 vous toutes et tous, (&#8230;)Je ne sais pas comment vous allez, j&rsquo;esp\u00e8re que la reprise ne fut pas trop difficile.De mon c\u00f4t\u00e9, cela s&rsquo;av\u00e8re plus dur qu&rsquo;\u00e0 Blanzat. J&rsquo;ai le dos bloqu\u00e9 et extr\u00eamement douloureux depuis jeudi matin. Comme toujours, je somatise. Le chagrin m&rsquo;a envahi, j&rsquo;ai pass\u00e9 ma premi\u00e8re journ\u00e9e de cours en pilotage automatique. Mais je sais que c&rsquo;est normal&#8230; Je serais bien rest\u00e9e une semaine de plus \u00e0 Blanzat.Dimanche soir, en rentrant, j&rsquo;ai amen\u00e9 mes chevaux au terrain non loin de l&rsquo;\u00e9curie. En marchant avec eux, j&rsquo;ai eu comme une vision. Un ressenti tr\u00e8s fort plus exactement. Papa flottait dans le ciel, tr\u00e8s haut au dessus de nous. Il me souriait. C&rsquo;\u00e9tait dr\u00f4le. Il avait les bras et les jambes \u00e9cart\u00e9es, et planait comme un grand rapace. Je lui ai parl\u00e9 tout le long du trajet. Des chevaux notamment. A quel point j&rsquo;\u00e9tais heureuse en leur pr\u00e9sence et r\u00e9ciproquement. D\u00e9sormais il comprendrait enfin ce qu&rsquo;ils m&rsquo;apportaient, la relation que j&rsquo;avais avec eux. Je lui parlais aussi du bouddhisme et de la n\u00e9cessit\u00e9 d&rsquo;accepter que tout change tout le temps, que rien n&rsquo;est fig\u00e9, qu&rsquo;on ne peut rien figer, ni fixer. Il faut se laisser porter. Profiter de chaque moment pr\u00e9sent. Ne pas chercher \u00e0 rattraper le pass\u00e9, comme il le faisait lui. La sagesse bouddhiste enseigne cela. La seule chose qui importe c&rsquo;est d&rsquo;\u00eatre pleinement dans le pr\u00e9sent, avec une conscience des plus ouvertes, aiguis\u00e9e. Je ne l&rsquo;avais pas appris dans les livres, mais aupr\u00e8s de mes plus chers amis&#8230;La pr\u00e9sence de Papa ne m&rsquo;a pas quitt\u00e9e toute la soir\u00e9e. D\u00e9sormais, son corps \u00e9tait dans un grand tissu, couleur vert for\u00eat. Il flottait toujours au dessus de moi, haut dans le ciel.Hier soir, je suis rentr\u00e9e vers 22h du travail, avec des douleurs de dos insupportables&#8230; Apr\u00e8s avoir tout pr\u00e9par\u00e9 pour le lendemain, et m&rsquo;\u00e9tant couch\u00e9, j&rsquo;ai eu comme souvent, ces soirs-ci, un gros coup au moral. Blottie dans les bras de Jean-Luc, je ne pouvais retenir les larmes. J&rsquo;ai de nouveau eu un ressenti tr\u00e8s fort. Comme si Papa, de tout son corps ample, doux, toujours vert fonc\u00e9, nous enveloppait tous les deux pour me r\u00e9conforter.&nbsp;Est-ce mon imagination qui me joue des tours? Franchement, je suis certaine que non. La pr\u00e9sence de Papa m&rsquo;apaise, m\u00eame si le chagrin est l\u00e0, profond d\u00e9sormais.Je tenais \u00e0 vous partager cela, vous ouvrant mon coeur. Faites-en bon usage. Que mon t\u00e9moignage vous aide aussi \u00e0 apaiser votre peine. Philippe est encore \u00e0 nos c\u00f4t\u00e9s, c&rsquo;est certain. Il est heureux et nous envoie son amour en direct&#8230;Je vous embrasse.Lisa&nbsp;\u00bb<\/em><\/p>\n\n\n\n<p>Lors du retour en voiture, sur la traverse qui allait \u00e0 Sainte-Marie, apr\u00e8s le terrain, Maman vit une laie avec ses petits marcassins traverser la route \u00e0 quelques m\u00e8tres d&rsquo;elle. Encore un signe de Grand-Pa, en ce jour de f\u00eate des m\u00e8res&nbsp;? La grande roue de la vie continuait sa trajectoire, aussi inexorable que magique&#8230;<\/p>\n\n\n\n<p><strong>Lundi 27 mai<\/strong><\/p>\n\n\n\n<p>Une nouvelle semaine commen\u00e7ait, beaucoup plus normale que la pr\u00e9c\u00e9dente. Grosse journ\u00e9e de boulot pour Maman. Moi je reprenais le rythme en me r\u00e9veillant \u00e0 7h. Maman essaya de me recoucher \u00e0 9h, mais en vain. C&rsquo;\u00e9tait fini la sieste du matin, m\u00eame si je me levais t\u00f4t.Journ\u00e9e chez Nanou de 10h \u00e0 18h, quel bonheur de se retrouver&nbsp; :-). <\/p>\n\n\n\n<figure class=\"wp-block-image size-large is-resized\"><img loading=\"lazy\" decoding=\"async\" src=\"https:\/\/lisarose-moonpearl.com\/wp-content\/uploads\/2020\/07\/27.05.2019-marinjpeg-582x1024.jpeg\" alt=\"\" class=\"wp-image-2665\" width=\"431\" height=\"758\"\/><\/figure>\n\n\n\n<p>C&rsquo;est Papa qui est venu me chercher. J&rsquo;ai beaucoup cris\u00e9 pendant le repas. Pour me calmer, avant le dodo, Papa m&rsquo;a balad\u00e9 en poussette avec doudou. C&rsquo;est lui qui m&rsquo;a fait le bibi et qui m&rsquo;a couch\u00e9, car Maman rentrait tard.Cette nuit, je me suis r\u00e9veill\u00e9 en hurlant, \u00e0 2h du matin. J&rsquo;avais fait un caca bombe. Je me suis un peu calm\u00e9, mais \u00e0 peine. Une plus tard, c&rsquo;\u00e9tait reparti, j&rsquo;avais mal au ventre&#8230; Maman me fit alors un bibi, le bibi qui reparait tout. Je me suis rendormi paisiblement jusqu&rsquo;au matin. <\/p>\n\n\n\n<p><strong>Mardi 28 mai <\/strong><\/p>\n\n\n\n<p>Apr\u00e8s m&rsquo;avoir amen\u00e9 chez Nanou, de nouveau pour 10h, Maman est all\u00e9e au terrain avant de&nbsp;commencer les cours. Elle devait amener les pots d&rsquo;avocats et d\u00e9sherber un peu&#8230;&nbsp;Ce soir, j&rsquo;ai de nouveau \u00e9t\u00e9 infernal avant le repas avec Papa. Il s&rsquo;est tellement \u00e9nerv\u00e9 qu&rsquo;il a bien failli lever la main sur moi, tant il \u00e9tait exc\u00e9d\u00e9. Mais il s&rsquo;est retenu&#8230; Maman et Papa \u00e9taient fatigu\u00e9s et moi aussi. On manquaient tous de sommeil. Et cette semaine qui entoura le d\u00e9c\u00e8s de Grand-Pa, nous affecta bien s\u00fbr tous les trois.Maman avait le dos compl\u00e8tement bloqu\u00e9e, c&rsquo;\u00e9tait de pire en pire. Papa me coucha de nouveau avant son retour.<\/p>\n\n\n\n<p><strong>Mercredi 29 mai<\/strong> <\/p>\n\n\n\n<p>Cette nuit, j&rsquo;ai mieux dormi mais je me suis r\u00e9veill\u00e9 t\u00f4t, \u00e0 6h30. Maman avait le dos bris\u00e9. Papa \u00e9tait \u00e9puis\u00e9. Ce matin, fatigu\u00e9 mais moins sur les nerfs, je fus partant pour une sieste. Maman me coucha \u00e0 8h et je dormis jusqu&rsquo;au d\u00e9part, obligatoire, chez Nanou, vers 9h30. Maman travaillait \u00e0 10h30, donc pas le choix.<\/p>\n\n\n\n<figure class=\"wp-block-image size-large is-resized\"><img loading=\"lazy\" decoding=\"async\" src=\"https:\/\/lisarose-moonpearl.com\/wp-content\/uploads\/2020\/07\/29.05.2019-nanou-dehors-2.jpg\" alt=\"\" class=\"wp-image-2666\" width=\"295\" height=\"407\"\/><\/figure>\n\n\n\n<figure class=\"wp-block-image size-large is-resized\"><img loading=\"lazy\" decoding=\"async\" src=\"https:\/\/lisarose-moonpearl.com\/wp-content\/uploads\/2020\/07\/29.05.2019-nanou-dehors.jpg\" alt=\"\" class=\"wp-image-2667\" width=\"291\" height=\"425\"\/><\/figure>\n\n\n\n<p>Ce matin, petit clin d&rsquo;oeil de Grand-Pa&nbsp;! A Oma, cette fois-ci. Elle avait rendez-vous \u00e0 la Banque Postale pour cl\u00f4turer les comptes de Grand-Pa. \u00c9trangement, toute l&rsquo;informatique est en panne&nbsp;! Quand on sait \u00e0 quel point Gran-Pa d\u00e9testait tout ce qui \u00e9tait informatis\u00e9 et num\u00e9ris\u00e9 (il \u00e9tait adepte du papier et de l&rsquo;\u00e9criture manuscrite), on comprend qu&rsquo;il avait gentiment mis un coup de pied dans cette grosse toile d&rsquo;araign\u00e9e num\u00e9rique, pour faire une blague \u00e0 la banqui\u00e8re et un petit coucou \u00e0 sa femme&nbsp;! Hihihi&nbsp;!<\/p>\n\n\n\n<p>Ce soir, Maman rentra assez t\u00f4t pour me faire le bibi. A 20h30, je dormais \u00e0 poings ferm\u00e9s, tr\u00e8s serein. J&rsquo;avais quand m\u00eame encore souvent besoin de ma maman, le soir, pour partir paisiblement pour une longue nuit &lt;3.<\/p>\n\n\n\n<p><strong>Jeudi 30 mai&nbsp;<\/strong><\/p>\n\n\n\n<p>R\u00e9veil normal, 7h30. Aujourd&rsquo;hui Nanou ne travaillait pas et Papa non plus, car c&rsquo;\u00e9tait f\u00e9ri\u00e9&nbsp;: jeudi de l&rsquo;ascension. J&rsquo;ai refait un dodo de 9h \u00e0 10h&nbsp;: je reprenais mon ancien rythme. Pendant ce temps, Maman \u00e9crivit l&rsquo;introduction du livre souvenir qu&rsquo;elle voulait faire pour Grand-Pa. Maman travaillait quand m\u00eame aujourd&rsquo;hui, comme d&rsquo;habitude. Elle ne partit qu&rsquo;\u00e0 11h30.&nbsp;<\/p>\n\n\n\n<p>Je passai le reste de la journ\u00e9e avec Papa. <\/p>\n\n\n\n<figure class=\"wp-block-image size-large is-resized\"><img loading=\"lazy\" decoding=\"async\" src=\"https:\/\/lisarose-moonpearl.com\/wp-content\/uploads\/2020\/07\/30.05.2019-v\u00e9lo-768x1024.jpg\" alt=\"\" class=\"wp-image-2669\" width=\"473\" height=\"631\" srcset=\"https:\/\/lisarose-moonpearl.com\/wp-content\/uploads\/2020\/07\/30.05.2019-v\u00e9lo-768x1024.jpg 768w, https:\/\/lisarose-moonpearl.com\/wp-content\/uploads\/2020\/07\/30.05.2019-v\u00e9lo-225x300.jpg 225w, https:\/\/lisarose-moonpearl.com\/wp-content\/uploads\/2020\/07\/30.05.2019-v\u00e9lo-1152x1536.jpg 1152w, https:\/\/lisarose-moonpearl.com\/wp-content\/uploads\/2020\/07\/30.05.2019-v\u00e9lo-1536x2048.jpg 1536w, https:\/\/lisarose-moonpearl.com\/wp-content\/uploads\/2020\/07\/30.05.2019-v\u00e9lo-1080x1440.jpg 1080w, https:\/\/lisarose-moonpearl.com\/wp-content\/uploads\/2020\/07\/30.05.2019-v\u00e9lo-1280x1707.jpg 1280w, https:\/\/lisarose-moonpearl.com\/wp-content\/uploads\/2020\/07\/30.05.2019-v\u00e9lo-980x1307.jpg 980w, https:\/\/lisarose-moonpearl.com\/wp-content\/uploads\/2020\/07\/30.05.2019-v\u00e9lo-480x640.jpg 480w, https:\/\/lisarose-moonpearl.com\/wp-content\/uploads\/2020\/07\/30.05.2019-v\u00e9lo-600x800.jpg 600w, https:\/\/lisarose-moonpearl.com\/wp-content\/uploads\/2020\/07\/30.05.2019-v\u00e9lo-scaled.jpg 1920w\" sizes=\"(max-width: 473px) 100vw, 473px\" \/><\/figure>\n\n\n\n<p>Quand Maman rentra, Papa mit les bouteilles dans sa voiture et les amena au terrain pour le prochain arrosage. Eh oui, c&rsquo;\u00e9tait bient\u00f4t l&rsquo;\u00e9t\u00e9, il faisait chaud, les plantes avaient soif&nbsp;!<\/p>\n\n\n\n<p>Du coup, ce fut Maman qui me fit le bibi et je passai une super nuit :-).<\/p>\n\n\n\n<p><strong>Vendredi 31 mai<\/strong><\/p>\n\n\n\n<p>R\u00e9veil de nouveau \u00e0 7h30 et sieste de 9h \u00e0 10h. Ce fut Papa qui m&rsquo;amena chez Nanou pour 10h30, Maman \u00e9tait parti plus t\u00f4t, elle avait cours avec Loreena. Sur la route, elle s&rsquo;arr\u00eata \u00e0 Biocoop&nbsp;: il lui fallait du lait pour moi et des fruits et l\u00e9gumes bio. Apr\u00e8s son cours avec Loreena, elle passa voir ses chevaux une petite heure. Elle profita d&rsquo;avoir un \u00ab&nbsp;trou&nbsp;\u00bb dans son planning pour leur faire de gros c\u00e2lins.<\/p>\n\n\n\n<p>Pendant le dernier cours de Maman, apr\u00e8s mon repas et avant le bibi, Papa me fit sortir au frais sur la terrasse. Pendant une fraction de seconde, il rel\u00e2cha sa surveillance. Une histoire \u00e0 la con&nbsp;: la fermeture du sac de Nanou bloquait alors qu&rsquo;il cherchait ma casquette pour me prot\u00e9ger du soleil. Le soir, j&rsquo;\u00e9tais fatigu\u00e9 et je n&rsquo;avais souvent plus les id\u00e9es bien claires. J&rsquo;ai loup\u00e9 la marche qui va de la v\u00e9randa \u00e0 la terrasse et je suis tomb\u00e9 la t\u00eate la premi\u00e8re sur le b\u00e9ton&nbsp;! Gros bobo \u00e0 la l\u00e8vre et au nez&#8230; L\u00e8vre o\u00f9 j&rsquo;avais justement d\u00e9j\u00e0 \u00e9t\u00e9 bless\u00e9 deux fois derni\u00e8rement :-(. Papa t\u00e9l\u00e9phona d&rsquo;urgence \u00e0 Maman qui terminait son cours chez son amie Alexandra, avec son fils Etienne. Elle arriva au plus vite. Elle me mit de l&rsquo;\u00e9osine sur les bobos. Je ressemblais \u00e0 un clown&nbsp;! Elle rassura Papa, qui n&rsquo;\u00e9tait pas bien du tout. Ce n&rsquo;\u00e9tait rien de grave, je n&rsquo;avais rien d&rsquo;autre. C&rsquo;est elle qui me fit le bibi. Elle constata \u00e0 cette occasion que j&rsquo;\u00e9tais normal, que je me comportais comme d&rsquo;habitude. Pas de probl\u00e8me neurologique, notamment, qui aurait pu \u00eatre d\u00e9clench\u00e9 par le choc sur la t\u00eate. Elle dit \u00e0 Papa que si la nuit \u00e9tait compliqu\u00e9e ou qu&rsquo;elle trouvait d&rsquo;ici demain que j&rsquo;avais un comportement bizarre, alors il faudrait aller consulter, et peut-\u00eatre m\u00eame envisager de faire un IRM cr\u00e2nien.&nbsp;<\/p>\n\n\n\n<p>Le bobo de la l\u00e8vre \u00e9tait tr\u00e8s, tr\u00e8s profond. Il me faisait super mal et me r\u00e9veilla, \u00e0 cause, notamment, du contact avec la su\u00e7u&#8230; A 2h, je me suis donc r\u00e9veill\u00e9 en hurlant. Maman vint me rassurer. Elle me donna imm\u00e9diatement une dose de sirop qui enl\u00e8ve le bobo, car elle savait que j&rsquo;avais tr\u00e8s mal, et me fit un gros bibi. Je me rendormis jusqu&rsquo;au matin, 7h45. Maman, elle, avait toujours le dos ultra, ultra douloureux&#8230;<\/p>\n\n\n\n<p><strong>Samedi 1er juin<\/strong><\/p>\n\n\n\n<p>Ce matin, j&rsquo;allais tr\u00e8s bien. Papa commen\u00e7a \u00e0 moins se faire de souci. Mais il s&rsquo;en voulait terriblement de ne pas avoir \u00e9t\u00e9 plus vigilant. Maman travaillait&#8230;&nbsp;On est all\u00e9 voir Mamie avec Papa. Je ressemblais vraiment \u00e0 un clown !<\/p>\n\n\n\n<figure class=\"wp-block-image size-large is-resized\"><img loading=\"lazy\" decoding=\"async\" src=\"https:\/\/lisarose-moonpearl.com\/wp-content\/uploads\/2020\/07\/01.06.2019-mamie-1-jpg.jpg\" alt=\"\" class=\"wp-image-2670\" width=\"489\" height=\"489\"\/><\/figure>\n\n\n\n<figure class=\"wp-block-image size-large is-resized\"><img loading=\"lazy\" decoding=\"async\" src=\"https:\/\/lisarose-moonpearl.com\/wp-content\/uploads\/2020\/07\/01.06.2019-mamie-2.jpg\" alt=\"\" class=\"wp-image-2671\" width=\"492\" height=\"593\" srcset=\"https:\/\/lisarose-moonpearl.com\/wp-content\/uploads\/2020\/07\/01.06.2019-mamie-2.jpg 492w, https:\/\/lisarose-moonpearl.com\/wp-content\/uploads\/2020\/07\/01.06.2019-mamie-2-480x579.jpg 480w\" sizes=\"(min-width: 0px) and (max-width: 480px) 480px, (min-width: 481px) 492px, 100vw\" \/><\/figure>\n\n\n\n<figure class=\"wp-block-image size-large is-resized\"><img loading=\"lazy\" decoding=\"async\" src=\"https:\/\/lisarose-moonpearl.com\/wp-content\/uploads\/2020\/07\/01.06.2019-mamie-3.jpg\" alt=\"\" class=\"wp-image-2672\" width=\"494\" height=\"642\" srcset=\"https:\/\/lisarose-moonpearl.com\/wp-content\/uploads\/2020\/07\/01.06.2019-mamie-3.jpg 494w, https:\/\/lisarose-moonpearl.com\/wp-content\/uploads\/2020\/07\/01.06.2019-mamie-3-480x624.jpg 480w\" sizes=\"(min-width: 0px) and (max-width: 480px) 480px, (min-width: 481px) 494px, 100vw\" \/><\/figure>\n\n\n\n<figure class=\"wp-block-image size-large is-resized\"><img loading=\"lazy\" decoding=\"async\" src=\"https:\/\/lisarose-moonpearl.com\/wp-content\/uploads\/2020\/07\/01.06.2019-mamie-4-757x1024.jpg\" alt=\"\" class=\"wp-image-2673\" width=\"488\" height=\"660\" srcset=\"https:\/\/lisarose-moonpearl.com\/wp-content\/uploads\/2020\/07\/01.06.2019-mamie-4-757x1024.jpg 488w, https:\/\/lisarose-moonpearl.com\/wp-content\/uploads\/2020\/07\/01.06.2019-mamie-4-480x649.jpg 480w\" sizes=\"(min-width: 0px) and (max-width: 480px) 480px, (min-width: 481px) 488px, 100vw\" \/><\/figure>\n\n\n\n<figure class=\"wp-block-image size-large is-resized\"><img loading=\"lazy\" decoding=\"async\" src=\"https:\/\/lisarose-moonpearl.com\/wp-content\/uploads\/2020\/07\/01.06.2019-tortue-1.jpg\" alt=\"\" class=\"wp-image-2674\" width=\"487\" height=\"508\" srcset=\"https:\/\/lisarose-moonpearl.com\/wp-content\/uploads\/2020\/07\/01.06.2019-tortue-1.jpg 487w, https:\/\/lisarose-moonpearl.com\/wp-content\/uploads\/2020\/07\/01.06.2019-tortue-1-480x502.jpg 480w\" sizes=\"(min-width: 0px) and (max-width: 480px) 480px, (min-width: 481px) 487px, 100vw\" \/><\/figure>\n\n\n\n<figure class=\"wp-block-image size-large is-resized\"><img loading=\"lazy\" decoding=\"async\" src=\"https:\/\/lisarose-moonpearl.com\/wp-content\/uploads\/2020\/07\/01.06.2019-tortue-2.jpg\" alt=\"\" class=\"wp-image-2675\" width=\"488\" height=\"547\" srcset=\"https:\/\/lisarose-moonpearl.com\/wp-content\/uploads\/2020\/07\/01.06.2019-tortue-2.jpg 488w, https:\/\/lisarose-moonpearl.com\/wp-content\/uploads\/2020\/07\/01.06.2019-tortue-2-480x538.jpg 480w\" sizes=\"(min-width: 0px) and (max-width: 480px) 480px, (min-width: 481px) 488px, 100vw\" \/><\/figure>\n\n\n\n<p>En rentrant, elle alla arroser au terrain, avec les bouteilles que lui avait amen\u00e9es Papa l&rsquo;avant-veille. Papa m&rsquo;amena alors lui faire un coucou. En rentrant du terrain, elle pensa fort \u00e0 Grand-Pa. A ce moment-l\u00e0, elle vit un vol de cinq oiseaux traverser le ciel juste devant elle. Un clin d&rsquo;oeil de lui &lt;3 &lt;3 &lt;3 &lt;3 &lt;3.<\/p>\n\n\n\n<p>A 21h, je suis au dodo, couch\u00e9 par Maman.<\/p>\n\n\n\n<p><strong>Dimanche 2 juin<\/strong><\/p>\n\n\n\n<p>Je dormis enfin jusqu&rsquo;\u00e0 8h. Et j&rsquo;eus quand m\u00eame besoin d&rsquo;une sieste vers 10h. Maman cuisina, fit du rangement, du m\u00e9nage dans la maison, arrosa et d\u00e9sherba le jardin, etc.&nbsp;<\/p>\n\n\n\n<p>Apr\u00e8s le go\u00fbter, on est all\u00e9 voir Duende avec Papa et Maman. Maman monta Duende en tapis et Papa pris son v\u00e9lo avec moi sur le si\u00e8ge enfant. Vous vous demandez peut \u00eatre comment Maman peut monter avec le dos bloqu\u00e9. Sacr\u00e9e \u00e9nigme&nbsp;! A terre, en allant chercher Duende, elle \u00e9tait courb\u00e9e comme une vieille mamie de 99 ans. Mais une fois \u00e0 cheval, elle avait retrouv\u00e9 sa mobilit\u00e9, gr\u00e2ce \u00e0 de nouvelles jambes. On s&rsquo;est r\u00e9gal\u00e9. Maman a m\u00eame trott\u00e9 et galop\u00e9 \u00e0 c\u00f4t\u00e9 de nous. C&rsquo;\u00e9tait trop rigolo. Moi, j&rsquo;\u00e9tais tranquillement assis derri\u00e8re Papa et je me tenais tr\u00e8s s\u00e9rieusement aux accoudoirs. Une fois \u00e0 terre, malheureusement, Maman avait beaucoup plus mal qu&rsquo;avant et ne pouvait presque plus marcher&#8230; A\u00efe&#8230;<\/p>\n\n\n\n<p>Au dodo nickel. Ce soir, Maman a commenc\u00e9 les pr\u00e9misses du livre souvenir de Grand-Pa en tapant ses derni\u00e8res volont\u00e9s au propre. Dans la nuit, j&rsquo;ai fait un cauchemar et me suis r\u00e9veill\u00e9 en pleurs. M\u00eame pas envie de la su\u00e7u pour me consoler&#8230; C&rsquo;\u00e9tait \u00e0 cause de mon bobo, la su\u00e7u faisait trop mal dessus.&nbsp;<\/p>\n\n\n\n<p><strong>Lundi 3 juin<\/strong><\/p>\n\n\n\n<p>Aujourd&rsquo;hui, Maman \u00e9tait extr\u00eamement bloqu\u00e9e du dos. Elle m&rsquo;amena quand m\u00eame chez Nanou pour 10h, mais elle eut \u00e9norm\u00e9ment de mal \u00e0 sortir de la voiture et demanda de l&rsquo;aide \u00e0 Nanou pour me sortir moi et mes affaires. Une grosse journ\u00e9e et semaine de travail l&rsquo;attendait. Elle avait tr\u00e8s peur du lumbago et d&rsquo;\u00eatre compl\u00e8tement bloqu\u00e9e. Donc inapte au travail. Or il ne lui restait que trois semaines avant la fin du bac et du brevet. Elle devait tenir le coup, elle. Pour elle, c&rsquo;\u00e9tait purement psychosomatique. Le mal fut d\u00e9clench\u00e9 par le d\u00e9part de Grand-Pa&#8230;<\/p>\n\n\n\n<p>Dalila, la maman de sa deuxi\u00e8me \u00e9l\u00e8ve de la journ\u00e9e, Lilia, ne put supporter de la voir dans cet \u00e9tat&nbsp;! Elle est infirmi\u00e8re&#8230;et chamane&nbsp;! Elle adorait Maman depuis leur premi\u00e8re rencontre. Elle lui mit un patch de Voltaren et lui conseilla fortement (lui ordonna presque !) de prendre un Advil pour \u00e9viter que cela ne d\u00e9g\u00e9n\u00e8re.<\/p>\n\n\n\n<p>Papa vint me chercher \u00e0 18h. Quand Maman arriva vers 19h30, elle \u00e9couta les conseils de Dalila et prit enfin un Advil ou le g\u00e9n\u00e9rique correspondant. Ensuite, Maman et Papa durent amener la mini \u00e0 Feu Vert car Maman en avait besoin demain. Elle devait en effet amener son kangoo pour le changement de la courroie de distribution. Cela avait \u00e9t\u00e9 pr\u00e9vu initialement pour le vendredi de la semaine chez Grand-Pa et Oma&#8230; Maman serra les dents, une fois de plus pour monter dans la voiture et en redescendre&#8230;&nbsp;<\/p>\n\n\n\n<p>Ce soir, ce fut elle qui me fit le bibi, mais elle fut incapable de se relever du ballon (sur lequel elle me ber\u00e7ait) pour ensuite me mettre dans mon lit d&rsquo;enfant, \u00e0 barreaux. Papa dut venir pour la seconder dans ce geste trop \u00ab&nbsp;physique&nbsp;\u00bb dans son \u00e9tat. Je pesais quand m\u00eame presque 13 kg&nbsp;!<\/p>\n\n\n\n<p><strong>Mardi 4 juin<\/strong><\/p>\n\n\n\n<p>Maman fit un r\u00eave \u00e9trange cette nuit&#8230; Grand-Pa et Oma se s\u00e9paraient, sur ordre de Oma. Cette derni\u00e8re semblait aller tr\u00e8s bien. Grand-Pa, lui, \u00e9tait triste et impuissant. Cette d\u00e9cision ne lui appartenait pas. Il fit juste une requ\u00eate \u00e0 ses enfants&nbsp;: \u00ab&nbsp;Vous viendrez me voir, quand m\u00eame, au moins deux fois par an, pour No\u00ebl et pour mon anniversaire&nbsp;?&nbsp;\u00bb<\/p>\n\n\n\n<p>Maman se demandait ce que signifiait ce r\u00eave&#8230; Que Grand-Pa ne voulait pas partir d\u00e9j\u00e0&nbsp;??? Que Oma \u00e9tait satisfaite de la situation&nbsp;??? Pas du tout&#8230;&nbsp;! Les voies des r\u00eaves \u00e9taient parfois imp\u00e9n\u00e9trables&#8230;<\/p>\n\n\n\n<p>Ce matin, je fut tr\u00e8s calme avec Maman, mais fatigu\u00e9&#8230; J&rsquo;ai jardin\u00e9 tout seul ! \ud83d\ude42<\/p>\n\n\n\n<figure class=\"wp-block-image size-large is-resized\"><img loading=\"lazy\" decoding=\"async\" src=\"https:\/\/lisarose-moonpearl.com\/wp-content\/uploads\/2020\/07\/04.06.2019-jardin-2.jpg\" alt=\"\" class=\"wp-image-2676\" width=\"457\" height=\"605\"\/><\/figure>\n\n\n\n<figure class=\"wp-block-image size-large is-resized\"><img loading=\"lazy\" decoding=\"async\" src=\"https:\/\/lisarose-moonpearl.com\/wp-content\/uploads\/2020\/07\/04.06.2019-jardin-3.jpg\" alt=\"\" class=\"wp-image-2677\" width=\"458\" height=\"577\"\/><\/figure>\n\n\n\n<figure class=\"wp-block-image size-large is-resized\"><img loading=\"lazy\" decoding=\"async\" src=\"https:\/\/lisarose-moonpearl.com\/wp-content\/uploads\/2020\/07\/04.06.2019-jardin-1.jpg\" alt=\"\" class=\"wp-image-2678\" width=\"461\" height=\"505\"\/><\/figure>\n\n\n\n<p>Maman, quant \u00e0 elle, \u00e9tait totalement bloqu\u00e9e du dos. Elle devait tenir jusqu&rsquo;\u00e0 cette apr\u00e8s-midi&nbsp;: elle avait alors rendez-vous avec parrain Jean-Phi&#8230; Du coup, Nanou vint me chercher vers 9h15, juste apr\u00e8s avoir amen\u00e9 Ma\u00eblys \u00e0 l&rsquo;\u00e9cole. Maman \u00e9tait incapable de s&rsquo;occuper de moi&#8230; Comme je m&rsquo;\u00e9tais r\u00e9veill\u00e9 \u00e0 7h30, ce fut Papa qui me sortit du lit et qui aida Maman jusqu&rsquo;\u00e0 son d\u00e9part.&nbsp;<\/p>\n\n\n\n<p>D\u00e8s que Nanou fut repartie avec moi, Maman partit amener sa voiture \u00e0 Feu Vert et revint \u00e0 la maison en mini. Comme elle ne pouvait ni aller au terrain, ni voir les chevaux, du fait de son \u00e9tat, elle cuisina et \u00e9crivit. Elle confectionna sa premi\u00e8re charlotte aux fraises car les fraises du jardin \u00e9taient prodigieusement prolifiques&nbsp;! <\/p>\n\n\n\n<figure class=\"wp-block-image size-large is-resized\"><img loading=\"lazy\" decoding=\"async\" src=\"https:\/\/lisarose-moonpearl.com\/wp-content\/uploads\/2020\/07\/05.06.2019-charlotte-1-1024x1010.jpeg\" alt=\"\" class=\"wp-image-2679\" width=\"440\" height=\"433\"\/><\/figure>\n\n\n\n<figure class=\"wp-block-image size-large is-resized\"><img loading=\"lazy\" decoding=\"async\" src=\"https:\/\/lisarose-moonpearl.com\/wp-content\/uploads\/2020\/07\/05.06.2019-charlotte-2-1024x878.jpeg\" alt=\"\" class=\"wp-image-2680\" width=\"442\" height=\"378\"\/><\/figure>\n\n\n\n<p>Puis elle commen\u00e7a \u00e0 \u00e9crire pour ce journal, le fameux 17\u00e8me mois qui cl\u00f4turerait l&rsquo;ouvrage.<\/p>\n\n\n\n<p>Entre deux cours, elle put enfin aller voir son kin\u00e9-ost\u00e9o. Elle n&rsquo;avait rien de d\u00e9plac\u00e9, juste une \u00c9NORME contracture qu&rsquo;il commen\u00e7a \u00e0 d\u00e9nouer doucement. Il lui expliqua que les muscles et les \u00e9motions \u00e9taient tr\u00e8s \u00e9troitement li\u00e9s. Cette contracture \u00e9tait \u00e9videmment li\u00e9e au choc \u00e9motionnel d\u00fb au d\u00e9part de Grand-Pa&#8230; A la fin de la s\u00e9ance, Maman avait un peu moins mal, mais elle il devait la voir encore plusieurs fois, avant que la contracture soit totalement d\u00e9nou\u00e9e&#8230;<\/p>\n\n\n\n<p>Le lendemain, Maman enverrait un mail \u00e0 Oma, o\u00f9 elle lui parlait notamment de son dos&#8230;&nbsp;<\/p>\n\n\n\n<p>\u00ab&nbsp;<em>Bonsoir Maman,&nbsp;(&#8230;)Aujourd&rsquo;hui c&rsquo;est \u00e9trange, \u00e0 mesure que la douleur de mon dos s&rsquo;apaisait petit \u00e0 petit, j&rsquo;ai \u00e9t\u00e9 envahie par des vagues de tristesse, au point de pleurer pendant les trajets entre les cours. En fait, le noeud \u00e9motionnel situ\u00e9 dans cette contracture se d\u00e9nouait et lib\u00e9rait ces \u00e9motions que j&rsquo;avais tent\u00e9 de taire pour para\u00eetre forte&#8230; Je sais que je ne dois pas retenir mes larmes et mon chagrin, m\u00eame si je sens que Papa est bien o\u00f9 il est. Je suis branch\u00e9e en direct avec mes \u00e9motions depuis toujours, les refouler me fait toujours somatiser. Du coup, m\u00eame si Papa n&rsquo;aimait pas les pleurnicheuses, je dois accepter le chagrin de la perte, car il est l\u00e9gitime. Voil\u00e0&#8230;Aujourd&rsquo;hui j&rsquo;avais mis la robe du bapt\u00eame d&rsquo;Angelo et des tongs. La robe en honneur \u00e0 Papa, en souvenir d&rsquo;il y a 15 jours aussi. Les tongs, pour qu&rsquo;il pleuve. Et il a plu. J&rsquo;ai remarqu\u00e9 que quand il fait tr\u00e8s chaud et que je d\u00e9cide de mettre des tongs, j&rsquo;attire l&rsquo;orage et la pluie, c&rsquo;est \u00e9trange&#8230;Voil\u00e0 l&rsquo;anecdote du soir.Tu me disais que tu n&rsquo;arrivais pas \u00e0 te faire des repas \u00e0 heure fixe. C&rsquo;est normal, tu dois retrouver un nouveau rythme de vie. Et le manque d&rsquo;app\u00e9tit vient des chamboulements que tu vis dans ton quotidien. Tu te sens bien car tu n&rsquo;es pas seule, tu es entour\u00e9e, jour et nuit, j&rsquo;en suis certaine. Mais tu es peut-\u00eatre trop occup\u00e9e pour avoir faim, ou sentir ta faim. Cela me fait bizarre d&rsquo;avoir \u00e0 te parler de ces sujets, alors que c&rsquo;est toujours toi qui me sermonne sur ma fa\u00e7on de manger ! Essaie peut-\u00eatre \u00e0 te mettre des horaires fixes, c&rsquo;est \u00e0 dire de faire tel repas avant telle heure. En regardant une s\u00e9rie que tu aimes bien par exemple. Ou en invitant des amis \u00e0 manger \u00e0 midi un jour sur deux.&nbsp;Je pense tr\u00e8s fort \u00e0 toi.Je t&#8217;embrasse.&nbsp; Lisa&nbsp;<\/em>\u00bb<\/p>\n\n\n\n<p><br>Le soir, en rentrant du travail, avant de me r\u00e9cup\u00e9rer chez Nanou, Papa est all\u00e9 \u00e0 Feu Vert en moto pour payer et sortir la voiture du garage. Il fallait d\u00e9sormais que Papa et Maman aille la r\u00e9cup\u00e9rer&#8230;avec la mimi, et \u00e9videmment avec moi.Ce soir, je n&rsquo;allais pas bien&#8230; J&rsquo;avais un peu de fi\u00e8vre. Maman me fit le bibi tard, vu qu&rsquo;on avait d\u00fb aller chercher la voiture. J&rsquo;ai eu du mal \u00e0 m&rsquo;endormir. J&rsquo;\u00e9tais \u00e9nerv\u00e9 par cette journ\u00e9e peu ordinaire et par le fait que Maman n&rsquo;aille pas bien&#8230; Et moi, en plus, j&rsquo;\u00e9tais fi\u00e9vreux&#8230;<\/p>\n\n\n\n<p><strong>Mercredi 5 juin<\/strong><\/p>\n\n\n\n<p>Je me suis r\u00e9veill\u00e9 t\u00f4t, \u00e0 7h30, j&rsquo;ai pris mon bibi, mais comme je n&rsquo;\u00e9tais pas trop en forme, Maman m&rsquo;a recouch\u00e9 \u00e0 8h45. Avant j&rsquo;ai fait c\u00e2lins avec Yuki &lt;3 <\/p>\n\n\n\n<figure class=\"wp-block-image size-large is-resized\"><img loading=\"lazy\" decoding=\"async\" src=\"https:\/\/lisarose-moonpearl.com\/wp-content\/uploads\/2020\/07\/05.06.2019-calin-1024x720.jpeg\" alt=\"\" class=\"wp-image-2681\" width=\"526\" height=\"370\"\/><\/figure>\n\n\n\n<p>Je me suis rendormis jusqu&rsquo;\u00e0 ce qu&rsquo;elle vienne me r\u00e9veiller, \u00e0 10h pass\u00e9, pour aller chez Nanou. J&rsquo;\u00e9tais d&rsquo;assez mauvais poil car encore tr\u00e8s fatigu\u00e9.En partant de chez Nanou et en allant chez Loreena, Maman a t\u00e9l\u00e9phon\u00e9 \u00e0 John, un ami de No\u00e9mie. Vous vous souvenez&nbsp;? Je vous ai d\u00e9j\u00e0 parl\u00e9 de lui. C&rsquo;est une personne hypersensible aux rayons \u00e9lectromagn\u00e9tiques&nbsp;! Un clin d&rsquo;oeil de Grand-Pa, moi je vous le dis \ud83d\ude09&nbsp;!<\/p>\n\n\n\n<p>Voici le d\u00e9but du texte que Maman \u00e9crivit sur lui et sur leur rencontre singuli\u00e8re, dans laquelle Grand-Pa et d&rsquo;autres \u00eatres de lumi\u00e8re n&rsquo;\u00e9taient pas \u00e9trangers&#8230;<\/p>\n\n\n\n<p><strong>\u00ab&nbsp;J<\/strong><em><strong>ohn PEIRESMAN,<\/strong><\/em><em><strong>&#8211; atteint du syndrome HSE et chamane -, dimanche 9 juin 2019<\/strong><\/em><\/p>\n\n\n\n<p><em>Je cherchais, sans chercher activement, quelqu&rsquo;un qui puisse m&rsquo;aider \u00e0 mettre l&rsquo;eau au terrain et qui soit dispo r\u00e9ellement. Jusqu&rsquo;\u00e0 d\u00e9but juin, j&rsquo;avais beaucoup de travail avec les r\u00e9visions du bac. J&rsquo;attendais que \u00e7a se calme pour r\u00e9fl\u00e9chir plus s\u00e9rieusement \u00e0 la question. Et l\u00e0, la semaine du 3 juin, deux semaines avant la fin du bac, je vois un post sur facebook, partag\u00e9 par No\u00e9mie, une de mes meilleures amies. Un de ses amis est atteint du syndrome HSE (pour hyper-sensibilit\u00e9&nbsp;\u00e9lectromagn\u00e9tique). Je vous partage son post&nbsp;:<\/em><\/p>\n\n\n\n<p><em>\u00ab&nbsp;John Peiremans, 3 juin<\/em><\/p>\n\n\n\n<p><em>Merci \u00e0 tous de diffuser ce message.<\/em><\/p>\n\n\n\n<p><em>Je suis John, je vis pr\u00e8s de Perpignan, j&rsquo;ai 40 ans cette ann\u00e9e, 3 enfants, une femme, 5 poules, 4 poulets et un syndrome de HSE (hyper sensibilit\u00e9 \u00e9lectromagn\u00e9tique). Vous savez, cette maladie que la France ne reconnait toujours pas&#8230;(Refus de la Maison D\u00e9partementale des Personnes Handicap\u00e9es).<\/em><\/p>\n\n\n\n<p><em>Cela fait 6 mois que j&rsquo;ai d\u00fb quitter mon emploi devenu inadapt\u00e9 dans une Biocoop pour g\u00e9rer le syndrome et r\u00e9cup\u00e9rer une sant\u00e9 stable.<\/em><\/p>\n\n\n\n<p><em>C&rsquo;est fait!&nbsp;Nous avons aujourd&rsquo;hui un projet familial d&rsquo;agriculture vivri\u00e8re en construction, reste maintenant \u00e0 maintenir l&rsquo;\u00e9quilibre financier et mat\u00e9riel.<\/em><\/p>\n\n\n\n<p><em>Dans cet objectif, je cherche un employeur audacieux!<\/em><\/p>\n\n\n\n<p><em>Certes je ne peux plus rester en ville, aller dans les lieux publics, \u00eatre expos\u00e9 \u00e0 la wifi, travailler sur ordinateur, avoir un t\u00e9l\u00e9phone portable, prendre les transports en commun, aller au resto&#8230; Mais \u00e0 cot\u00e9 de cela, je suis un homme pas comme les autres, disponible, joyeux, autodidacte, s\u00e9rieux, dot\u00e9 d&rsquo;une grande capacit\u00e9 d&rsquo;adaptation et d&rsquo;un amour profond pour le vivant.<\/em><\/p>\n\n\n\n<p><em>Je vous avouerai que j&rsquo;ignore si tel employeur existe mais je compte sur la force des r\u00e9seaux pour que nous nous trouvions.<\/em><\/p>\n\n\n\n<p><em>Merci d\u00e9j\u00e0 \u00e0 tous.<\/em><\/p>\n\n\n\n<p><em>John Peiremans&nbsp;\u00bb<\/em><\/p>\n\n\n\n<p><em>Je l&rsquo;ai imm\u00e9diatement contact\u00e9, car le travail que je pouvais lui proposer correspondait \u00e0 sa recherche (en esp\u00e9rant qu&rsquo;il n&rsquo;y ait pas d&rsquo;antenne de t\u00e9l\u00e9phonie mobile trop proche&#8230;). Nous nous sommes contact\u00e9s par messenger, puis par t\u00e9l\u00e9phone. Le contact fut excellent. Nous nous sommes donn\u00e9s rendez-vous pour le dimanche 9. Avant le rendez-vous, j&rsquo;ai regard\u00e9 son profil facebook et vu qu&rsquo;il avait une page en plus de son profil personnel. Une page dans lequel il parlait de ses activit\u00e9s&#8230; chamaniques&nbsp;! Car oui, John est chamane&#8230;(&#8230;)&nbsp;<\/em>\u00bb<\/p>\n\n\n\n<p>Maman avait encore tr\u00e8s mal et surtout elle se sentait vid\u00e9e, \u00e9puis\u00e9e. C&rsquo;\u00e9tait le contre coup de la s\u00e9ance d&rsquo;ost\u00e9o. Le corps pompait dans son \u00e9nergie pour se r\u00e9\u00e9quilibrer.<\/p>\n\n\n\n<p>Entre deux cours, dans l&rsquo;apr\u00e8s midi, exactement 24h apr\u00e8s la s\u00e9ance d&rsquo;ost\u00e9o, Maman se mit \u00e0 pleurer d&rsquo;un coup dans la voiture. L&rsquo;enterrement avait eu lieu deux semaines plus t\u00f4t exactement. Son corps continuait de se purger, d&rsquo;\u00e9vacuer le trop plein de stress, d&rsquo;\u00e9motions, de retrouver son \u00e9quilibre, petit \u00e0 petit, par ses propres moyens. Les moyens les plus lents mais les plus efficaces \u00e0 long terme&#8230;<\/p>\n\n\n\n<p><strong>Jeudi 6 juin<\/strong><\/p>\n\n\n\n<p>Ce matin, au r\u00e9veil, j&rsquo;avais les fesses toutes rouges. Maman comprit que la fi\u00e8vre \u00e9tait li\u00e9e aux dents qui me travaillaient de nouveau. J&rsquo;ai refais une grosse sieste.<\/p>\n\n\n\n<figure class=\"wp-block-image size-large is-resized\"><img loading=\"lazy\" decoding=\"async\" src=\"https:\/\/lisarose-moonpearl.com\/wp-content\/uploads\/2020\/07\/6.06.2019-dodo-1-862x1024.jpeg\" alt=\"\" class=\"wp-image-2682\" width=\"437\" height=\"519\"\/><\/figure>\n\n\n\n<figure class=\"wp-block-image size-large is-resized\"><img loading=\"lazy\" decoding=\"async\" src=\"https:\/\/lisarose-moonpearl.com\/wp-content\/uploads\/2020\/07\/6.06.2019-dodo-2-1024x718.jpeg\" alt=\"\" class=\"wp-image-2684\" width=\"436\" height=\"305\"\/><\/figure>\n\n\n\n<p> Journ\u00e9e chez Nanou, comme d&rsquo;habitude.<\/p>\n\n\n\n<p>Le soir, lors du dernier cours de l&rsquo;ann\u00e9e de Maman avec Emmanuelle, la maman de cette derni\u00e8re, Maman, V\u00e9ronique, lui a offert des cadeaux pour moi :-). Un seau avec pelle et r\u00e2teau pour la plage et un cadre pour mettre cinq belles photos \ud83d\ude42 Maman fut super heureuse. Qu&rsquo;est ce qu&rsquo;on la g\u00e2tait depuis mon arriv\u00e9e&nbsp;! Nous avions beaucoup de chance d&rsquo;\u00eatre aim\u00e9s ainsi, tous les deux &lt;3.<\/p>\n\n\n\n<p>Ce fut Maman qui me coucha et je dormis super bien.&nbsp;<\/p>\n\n\n\n<p>Ce soir, Maman envoya le chapitre 10 d&rsquo;un livre qu&rsquo;elle venait de lire, sur l&rsquo;apr\u00e8s vie, aux membres de sa famille, la g\u00e9n\u00e9ration de Grand-Pa (donc principalement ses oncles et tantes)&#8230; Le titre du mail \u00e9tait&nbsp;: \u00ab&nbsp;Les 4 P&nbsp;\u00bb (Sous entendus&nbsp;: Philippe, Papa, Platon et Ph\u00e9don).<\/p>\n\n\n\n<p>\u00ab&nbsp;<em>Bonsoir \u00e0 vous,<\/em><\/p>\n\n\n\n<p><em>je souhaite partager avec vous un chapitre du livre que je suis en train de livre.<\/em><\/p>\n\n\n\n<p><em>Il s&rsquo;agit de \u00ab\u00a0<u>Apr\u00e8s, quand l&rsquo;au-del\u00e0 nous fait signe<\/u>\u00ab\u00a0, de Stephane Alix.&nbsp;<\/em><\/p>\n\n\n\n<p><em>J&rsquo;avais ador\u00e9 son pr\u00e9c\u00e9dent livre au sujet de la vie apr\u00e8s la mort, \u00ab\u00a0<u>Le test. Une enqu\u00eate inou\u00efe &#8211; la preuve de l&rsquo;apr\u00e8s-vie?<\/u>\u00ab\u00a0.&nbsp;<\/em><\/p>\n\n\n\n<p><em>En automne 2018 est sorti \u00ab\u00a0<u>Apr\u00e8s, &#8230;\u00a0\u00bb<\/u>. Je voulais le lire, les mois ont pass\u00e9&#8230; D\u00e9sormais c&rsquo;est le moment.<\/em><\/p>\n\n\n\n<p><em>Aujourd&rsquo;hui, j&rsquo;ai lu le chapitre 10 qui a eu une r\u00e9sonance toute particuli\u00e8re pour moi.&nbsp;<\/em><\/p>\n\n\n\n<p><em>L&rsquo;auteur parle de son p\u00e8re, d&rsquo;une conversation qu&rsquo;ils ont eue quelques semaines avant sa mort&#8230; Il est question de Platon&#8230; Et d&rsquo;un de ses \u00e9crits tout particuli\u00e8rement.<\/em><\/p>\n\n\n\n<p><em>Je vous laisse d\u00e9couvrir ce clin d&rsquo;oeil de\/\u00e0 Philippe !<\/em><\/p>\n\n\n\n<p><em>Il y a eu 8 pages, que j&rsquo;envoie en plusieurs mails, car un seul ne suffit pas&#8230;<\/em><\/p>\n\n\n\n<p><em>Je vous embrasse.<\/em><\/p>\n\n\n\n<p><em>Faites suivre \u00e0 qui vous le souhaitez ! Notamment la jeune g\u00e9n\u00e9ration !<\/em><\/p>\n\n\n\n<p><em>Lisa<\/em>&nbsp;\u00bb<\/p>\n\n\n\n<p>(Je ne vous mets pas les extraits ici. Si cela vous int\u00e9resse, vous pouvez lire le livre de Stephan Allix, vraiment passionnant lorsqu&rsquo;on s&rsquo;interroge sur l&rsquo;apr\u00e8s-vie&#8230;)<\/p>\n\n\n\n<p><strong>Vendredi 7 juin<\/strong><\/p>\n\n\n\n<p>Maman eut de nouveau rendez-vous chez le kin\u00e9 dans la matin\u00e9e. Comme c&rsquo;\u00e9tait mon parrain, elle m&rsquo;amenait en g\u00e9n\u00e9ral, afin de joindre l&rsquo;utile \u00e0 l&rsquo;agr\u00e9able. Elle commen\u00e7ait \u00e0 aller un tout petit peu mieux. Moi j&rsquo;adorais venir avec elle voir mon parrain, il \u00e9tait super dr\u00f4le et gentil avec moi. Du coup, on est arrive chez Nanou qu&rsquo;\u00e0 midi. Grosse matin\u00e9e avec Maman, pour une fois &lt;3.<\/p>\n\n\n\n<p>Ensuite, comme elle avait un peu de temps avant d&rsquo;attaquer ses cours et qu&rsquo;elle \u00e9tait l\u00e9g\u00e8rement plus valide, elle alla arroser ses plantes au terrain. Les nouvelles plantations surtout&nbsp;: caroubiers, avocatiers, figuier, noyer. Puis elle vint faire un c\u00e2lin \u00e0 Dudu et Koko au paddock. Elle ne les avait pas vus de la semaine&#8230;<\/p>\n\n\n\n<p>Ce soir, repas avec Papa. Mais ensuite, je n&rsquo;ai pas voulu de bibi. J&rsquo;avais mal au ventre et je faisais plein de pets. Toujours les dents\u2026 Je m&rsquo;endormis quand m\u00eame bien.&nbsp;<\/p>\n\n\n\n<p><strong>Samedi 8 juin<\/strong><\/p>\n\n\n\n<p>Maman essaya de me faire faire la sieste \u00e0 9h ce matin. Elle avait le temps, pas de Nanou&nbsp;; on \u00e9tait samedi, je restais avec Papa. Elle ne partit qu&rsquo;\u00e0 10h30. Mais je ne dormis pas, cette fois-ci. Je me suis amus\u00e9 tranquillement avec mes peluches. Parfois le matin, j&rsquo;ai encore vraiment sommeil. Parfois je suis juste fatigu\u00e9 et j&rsquo;ai besoin d&rsquo;un temps au calme, avec ma su\u00e7u et mes doudous&#8230;<\/p>\n\n\n\n<p>Maman avait encore beaucoup de mal \u00e0 tenir debout et \u00e0 marcher. La douleur \u00e9tait permanente&nbsp;; elle \u00e9tait courb\u00e9e \u00e0 gauche. Mais \u00e7a l&rsquo;handicapait moins qu&rsquo;en d\u00e9but de semaine.<\/p>\n\n\n\n<p>Aujourd&rsquo;hui, on va dire que la loi des s\u00e9ries continua pour Maman&nbsp;! Alors qu&rsquo;elle faisait une pause \u00e0 midi et lisait justement la suite du livre \u00ab<em><u>&nbsp;Apr\u00e8s&nbsp;<\/u><\/em>\u00bb, elle eut un coup de barre. Plus du tout motiv\u00e9e pour continuer sa journ\u00e9e de travail&#8230;<\/p>\n\n\n\n<p>Sa voiture l&rsquo;entendit-elle&nbsp;? En tout cas, la batterie ne voulut plus rien savoir&#8230; Impossible de red\u00e9marrer. Papa dut me r\u00e9veiller, en tout d\u00e9but de sieste, pour venir la remorquer et la ramener au Feu Vert de Claira, alors qu&rsquo;elle \u00e9tait en panne sur le parking du Lidl de Canet&#8230; Maman dut annuler deux cours: Mathilde B. et Alice E..<\/p>\n\n\n\n<p>Au sujet d&rsquo;Alice, je vais vous raconter une anecdote \u00e0 mourir de rire. Alice lui envoya un SMS pendant que Maman \u00e9tait justement en train d&rsquo;attendre sur le parking du Lidl Voici leur conversation, Maman \u00e9tait en panne depuis exactement 30 min, quand Alice la contacta&nbsp;:<\/p>\n\n\n\n<p>\u00ab&nbsp;<em>Coucou&nbsp;! On a une myst\u00e9rieuse panne \u00e9lectrique du coup envoie-moi un message ou appelle-moi quand tu es l\u00e0 parce que la sonnette ne marche pas.&nbsp;\u00bb<\/em><\/p>\n\n\n\n<p>Maman l&rsquo;a alors appel\u00e9e pour lui expliquer sa propre panne&nbsp;!<\/p>\n\n\n\n<p>Un peu moins de deux heures plus tard&nbsp;:<\/p>\n\n\n\n<p>\u00ab&nbsp;<em>\u00c7a y est batterie chang\u00e9e.<\/em><\/p>\n\n\n\n<p><em>&#8211; Ah bah c&rsquo;est une bonne chose et chez nous aussi l&rsquo;\u00e9lectricit\u00e9 est revenue&nbsp;! \ud83d\ude42<\/em><\/p>\n\n\n\n<p><em>&#8211; C&rsquo;est un truc de fou&nbsp;!!!<\/em><\/p>\n\n\n\n<p><em>&#8211; J&rsquo;avoue qu&rsquo;\u00e0 ce niveau l\u00e0&nbsp;!<\/em><\/p>\n\n\n\n<p><em>&#8211; On appelle \u00e7a des ph\u00e9nom\u00e8nes de synchronicit\u00e9&#8230;<\/em><\/p>\n\n\n\n<p><em>&#8211; Je dirais m\u00eame plus&nbsp;: synchronicit\u00e9 \u00ab&nbsp;connexionnelle&nbsp;\u00bb entre engins de type \u00e9lectriques.<\/em><\/p>\n\n\n\n<p><em>&#8211; Exact&nbsp;!!!<\/em><\/p>\n\n\n\n<p><em>&#8211; Depuis le d\u00e9part de mon p\u00e8re, je vis plein de trucs \u00e9tranges&#8230; Je crois qu&rsquo;il me fait des blagues pour me sortir de mon chagrin.<\/em><\/p>\n\n\n\n<p><em>&#8211; Mais \u00e7a c&rsquo;est encore un coup des \u00ab&nbsp;nonif\u00e8res&nbsp;\u00bb avec leurs cousins les \u00ab&nbsp;conf\u00e8res&nbsp;\u00bb qui ont encore jou\u00e9 avec le \u00ab&nbsp;pap\u00e9trole&nbsp;\u00ab&nbsp;!&nbsp;<\/em><\/p>\n\n\n\n<p>(Note: ces termes viennent de jeux de mots qu&rsquo;Alice et Maman avaient fait dans des exercices lors de cours pr\u00e9c\u00e9dents. Des exercices de probabilit\u00e9s conditionnelles avec des conif\u00e8res et des feuillus, et des forages pr\u00e9sentant ou pas du p\u00e9trole&nbsp;! )<\/p>\n\n\n\n<p><em>&#8211; MDR<\/em><\/p>\n\n\n\n<p><em>&#8211; \u00c7a doit \u00eatre \u00e7a, y a des choses qui ne s&rsquo;expliquent pas comme \u00e7a, et avec moi t&rsquo;inqui\u00e8tes pas que tu peux sortir de ton chagrin. :-):-))<\/em><\/p>\n\n\n\n<p><em>&#8211; Oui d&rsquo;ailleurs je viens d&rsquo;\u00eatre prise de fou rire toutes seule en lisant ton dernier sms.<\/em><\/p>\n\n\n\n<p><em>&#8211; :-):-):-):-):-):-):-) tu vois&nbsp;! Niveau imagination si tu me tends la perche, je peux aller tr\u00e8\u00e8\u00e8\u00e8\u00e8\u00e8\u00e8\u00e8\u00e8s loin.&nbsp;<\/em><\/p>\n\n\n\n<p><em>&#8211; Alors \u00e7a j&rsquo;adore :-):-):-):-)<\/em><\/p>\n\n\n\n<p><em>&#8211; H\u00e9h\u00e9 \ud83d\ude42<\/em><\/p>\n\n\n\n<p><em>&#8211; Les cours avec toi, j&rsquo;adore, on se marre trop bien&nbsp;! Pourtant on bosse&nbsp;!<\/em><\/p>\n\n\n\n<p><em>&#8211; C&rsquo;est clair&nbsp;!!! J&rsquo;a-dore. ET JE T&rsquo;AI PAS DIT&nbsp;!!<\/em><\/p>\n\n\n\n<p><em>&#8211; Quoi&nbsp;???<\/em><\/p>\n\n\n\n<p><em>&#8211; Madame Lapoussi\u00e8re nous a \u00e0 tous offert des lunettes de soleil trop rigolotes&nbsp;!<\/em><\/p>\n\n\n\n<p><em>&#8211; Non&nbsp;?!!!<\/em><\/p>\n\n\n\n<p><em>&#8211; Siiiiii&nbsp;! Look en plus c&rsquo;est le drapeau britannique, j&rsquo;\u00e9tais trop contente \ud83d\ude42&nbsp;!<\/em><\/p>\n\n\n\n<p><em>&#8211; Une autre prof de maths non conventionnelle&nbsp;??? Encore une sacr\u00e9e co\u00efncidence.<\/em><\/p>\n\n\n\n<p><em>&#8211; J&rsquo;en sais rien&nbsp;!! Mais \u00e7a m&rsquo;a fait rire et du coup \u00e7a fait une semaine que j&rsquo;arrive en touriste au lyc\u00e9e avec mes lunettes de soleil :-). C&rsquo;est la journ\u00e9e aujourd&rsquo;hui&nbsp;! Mais c&rsquo;est quand m\u00eame tooaaaa que je pr\u00e9f\u00e8re \ud83d\ude42<\/em><\/p>\n\n\n\n<p><em>&#8211; Tu me fais trop rire&nbsp;! Merci du coup &lt;3<\/em><\/p>\n\n\n\n<p><em>&#8211; Hihiii:-)) de rien, c&rsquo;et rien \ud83d\ude42 &lt;3&nbsp;\u00bb<\/em><\/p>\n\n\n\n<p>Alors, une panne \u00e9lectrique chez Alice, en m\u00eame temps qu&rsquo;une panne de batterie chez Maman. Encore un clin d&rsquo;oeil de Gran-Pa qui d\u00e9testait la technologie&nbsp;?<\/p>\n\n\n\n<p>Papa m&rsquo;a ramen\u00e9 \u00e0 la maison et m&rsquo;a remis au lit d\u00e8s que nous avons laiss\u00e9 Maman \u00e0 Feu Vert. Je ne vous ai pas pr\u00e9cis\u00e9 qu&rsquo;il l&rsquo;avait aid\u00e9e \u00e0 red\u00e9marrer avec une corde sur la parking de Lidl, mais qu&rsquo;il l&rsquo;avait accompagn\u00e9e jusqu&rsquo;au garage au cas o\u00f9 elle ait \u00e0 s&rsquo;arr\u00eater et qu&rsquo;elle n&rsquo;arrive pas \u00e0 red\u00e9marrer. J&rsquo;\u00e9tais crev\u00e9&#8230; Pas cool d&rsquo;\u00eatre r\u00e9veill\u00e9 en pleine sieste. Mais l\u00e0, c&rsquo;\u00e9tait un cas de force majeur&nbsp;!<\/p>\n\n\n\n<p>Pendant qu&rsquo;elle attendait pour qu&rsquo;on lui change la batterie, Maman a continu\u00e9 la lecture de son livre&#8230; C&rsquo;\u00e9tait une \u00e9vidence, elle devait le lire au plus vite, c&rsquo;\u00e9tait le bon moment. Elle avait bien avanc\u00e9, du coup.<\/p>\n\n\n\n<p>Le soir, c&rsquo;est elle qui me fit le bibi et me coucha.<\/p>\n\n\n\n<p>Ensuite, dans le lit (toujours le canap\u00e9-lit du salon), avant de se coucher, il lui arriva un truc \u00e9trange, dans lequel elle vit de nouveau un signe de Grand-Pa. Papa, lui, \u00e9tait en haut, dans la salle de bain.<\/p>\n\n\n\n<p>Maman regardait le mur du conduit de chemin\u00e9e, recouvert d&rsquo;un cr\u00e9pis blanc, gris\u00e9 par le temps et la fum\u00e9e de chemin\u00e9e. Elle vit des motifs g\u00e9om\u00e9triques bouger, comme un kal\u00e9idoscope. Ils \u00e9taient toujours dans des blanc-gris de diff\u00e9rentes nuances. Cela dura quelques minutes. Comme de l&rsquo;\u00e9nergie vive qui animait le cr\u00e9pis.<\/p>\n\n\n\n<p>Puis, lorsque Papa descendit l&rsquo;escalier&nbsp;: plus rien. Comme si l&rsquo;\u00e9nergie s&rsquo;\u00e9tait envol\u00e9e&#8230; Maman crut tr\u00e8s fort que c&rsquo;\u00e9tait Grand-Pas qui essayait de manifester sa pr\u00e9sence.<\/p>\n\n\n\n<p><strong>Dimanche 9 juin<\/strong><\/p>\n\n\n\n<p>Ce matin, Maman a rempli plusieurs bacs de bouteilles d&rsquo;eau et Papa les a charg\u00e9s dans sa voiture, remplie \u00e0 bloc. Puis j&rsquo;ai fait une petite sieste (9h30-10h30, apr\u00e8s un r\u00e9veil \u00e0 7h30). A 11h). On avait rendez-vous aux \u00e9curies avec une fille qui \u00e9tait int\u00e9ress\u00e9e par le van de Maman. Une fois l\u00e0-bas, je me suis assis sur le plancher et je me suis r\u00e9gal\u00e9 \u00e0 jouer avec les brins de paille, pendant qu&rsquo;ils discutaient ensemble.<\/p>\n\n\n\n<p>Ensuite repas et sieste. Les parents ont fait dodo en m\u00eame temps que moi, ils \u00e9taient \u00e9puis\u00e9s par cette semaine difficile.<\/p>\n\n\n\n<p>A 17h30, apr\u00e8s mon go\u00fbter, on est parti rencontrer ce fameux John, \u00e0 Villelongue-de-la-Salanque. On avait rendez-vous \u00e0 la Poste, puis on est retourn\u00e9 au terrain. Maman expliqua tout \u00e0 John pendant que Papa me surveilla un petit moment. Puis il rentra avec moi pour me faire le bain et le repas. On \u00e9tait parti expr\u00e8s \u00e0 deux voitures.<\/p>\n\n\n\n<p>Plus Maman rentra \u00e0 son tour. Apr\u00e8s le d\u00e9part de John, elle avait encore tout arros\u00e9. C&rsquo;est elle qui me fit le bibi et me coucha. J&rsquo;\u00e9tais fatigu\u00e9 et tr\u00e8s \u00e9nerv\u00e9. Je m&rsquo;endormis quand m\u00eame vite et fis une longue nuit de 20h45 \u00e0 8h15&nbsp;!<\/p>\n\n\n\n<p>Voici la suite du texte de Maman sur John&nbsp;:&nbsp;<\/p>\n\n\n\n<p>\u00ab&nbsp;<em>La rencontre se fit en pr\u00e9sence de Jean-Luc et d&rsquo;Angelo. Je souhaitais les int\u00e9grer dans le projet de mon terrain, qui me tient beaucoup \u00e0 c\u0153ur. Et puis je voulais avoir le ressenti de Jean-Luc au sujet de John et en quelque sorte son approbation. Il cerne tr\u00e8s facilement les gens, il a un genre d&rsquo;instinct tr\u00e8s fiable.&nbsp;<\/em><\/p>\n\n\n\n<p><em>Rencontre magique. John comprenait absolument tout ce que je lui expliquais au sujet du terrain. Notre rencontre fut d&rsquo;une fluidit\u00e9 exceptionnelle et me rappela celle que je fis avec No\u00e9mie, justement, deux ans plus t\u00f4t.&nbsp;<\/em><\/p>\n\n\n\n<p><em>Une certitude&nbsp;s&rsquo;imposa \u00e0 moi, une \u00e9vidence : John \u00e9tait la personne que j&rsquo;attendais pour le terrain&nbsp;! Et sa mission aupr\u00e8s de moi d\u00e9passerait tr\u00e8s probablement le cadre strict des t\u00e2ches pour lesquelles je le sollicitais.&nbsp;<\/em><\/p>\n\n\n\n<p><em>Voici pour les faits, je vais vous donner d\u00e9sormais mon ressenti.<\/em><\/p>\n\n\n\n<p><em>Le fait que John soit en quelque sorte \u00ab&nbsp;allergique&nbsp;\u00bb \u00e0 toutes sortes d&rsquo;ondes \u00e9lectromagn\u00e9tique m&rsquo;a fait sourire d\u00e8s le d\u00e9part. C&rsquo;\u00e9tait un clin d&rsquo;oeil \u00e9vident de Papa&nbsp;! Lui qui se battait avec acharnement contre les antennes de t\u00e9l\u00e9phonie mobile, ainsi que contre la wifi dans les maisons, m&rsquo;envoyait, en chair et en os, la preuve de la l\u00e9gitimit\u00e9 de son combat&nbsp;!!! Merci infiniment Papa&#8230;<\/em><\/p>\n\n\n\n<p><em>Le fait que le courant passe si bien entre nous me fit penser que nous nous connaissions d\u00e9j\u00e0, dans une autre vie. Exactement comme avec No\u00e9mie, j&rsquo;eus l&rsquo;intime conviction d&rsquo;avoir pass\u00e9 du temps avec lui dans une autre vie. Je le sentais comme un fr\u00e8re, tout comme je sentais No\u00e9mie comme une s\u0153ur.<\/em><\/p>\n\n\n\n<p><em>Le fait qu&rsquo;il soit chamane, fut le \u00ab&nbsp;couronnement&nbsp;\u00bb de ces ressentis. Depuis un an, j&rsquo;ai rencontr\u00e9 plusieurs chamanes et de nombreuses personnes dans l&rsquo;\u00e9veil. Jean-Philippe, qui avait attaqu\u00e9 les travaux au terrain, un an plus t\u00f4t, \u00e9tait alors en pleine formation aupr\u00e8s de chamanes d&rsquo;Am\u00e9rique centrale ou latine, afin de devenir lui-m\u00eame gu\u00e9risseur, notamment par la connaissance ancestrales des plantes&#8230; Lui aussi est une personne hors normes, que j&rsquo;ai beaucoup appr\u00e9ci\u00e9e. Mais il n&rsquo;y avait pas cette proximit\u00e9 et cette \u00e9vidence, dans la relation et les conversations, qu&rsquo;il n&rsquo;y avait avec John.<\/em><\/p>\n\n\n\n<p><em>J&rsquo;\u00e9crirais dans d&rsquo;autres textes tout ce qui est arriv\u00e9 au terrain d&rsquo;\u00ab&nbsp;\u00e9trange&nbsp;\u00bb pour des esprits cart\u00e9siens et de tout \u00e0 fait \u00ab&nbsp;probant et parlant&nbsp;\u00bb pour des esprits \u00e9veill\u00e9s. John a un r\u00f4le \u00e0 jouer en ce lieu, mais \u00e9galement dans le sens de ce lieu dans ma vie et donc dans ma vie. Mais cela, vous le d\u00e9couvrirez plus tard&nbsp;! \ud83d\ude42&nbsp;<\/em>\u00bb<\/p>\n\n\n\n<p><strong>Lundi 10 juin<\/strong><\/p>\n\n\n\n<p>Petit d\u00e9jeuner tous les trois, apr\u00e8s une mini grasse mat. Papa ne travaillait pas, c&rsquo;\u00e9tait lundi de pentec\u00f4te. Maman me remit au dodo \u00e0 10h, avant de partir travailler. Je me suis r\u00e9veill\u00e9e d\u00e8s son d\u00e9part \u00e0 10h30. Mais Papa a insist\u00e9 et finalement j&rsquo;ai sombr\u00e9 de nouveau. Au point qu&rsquo;il dut me r\u00e9veiller pour le repas de midi&nbsp;! Il avait peur que je sois parti pour la sieste de l&rsquo;apr\u00e8s-midi. Et en effet, j&rsquo;ai peu dormi l&rsquo;apr\u00e8s midi. On a pass\u00e9 toute la journ\u00e9e ensemble avec Papa. Maman est rentr\u00e9e tr\u00e8s, tr\u00e8s tard, KO&#8230; C&rsquo;\u00e9tait la derni\u00e8re semaine avant le bac, gros coup de bourre&nbsp;!<\/p>\n\n\n\n<p><strong>Mardi 11 juin<\/strong><\/p>\n\n\n\n<p>Ce soir, j&rsquo;aurai 17 mois et cette nuit je commencerai mon 18\u00e8me mois. Maman m&rsquo;a amen\u00e9 chez Nanou pour 9h30, car grosse journ\u00e9e encore. Du coup pas de sieste.<\/p>\n\n\n\n<p>Plusieurs rendez-vous importants aujourd&rsquo;hui, pour les membres de ma famille.<\/p>\n\n\n\n<p>Oma a vu avec le notaire pour r\u00e9gler certains \u00e9l\u00e9ments dans la succession de Grand-Pa.<\/p>\n\n\n\n<p>Et ce soir, Maman avait eu son dernier cours assez t\u00f4t et \u00e0 Villelongue, juste \u00e0 c\u00f4t\u00e9 de l&rsquo;\u00e9curie. Car ce soir, elle vendait (enfin !) son van&#8230; Papa m&rsquo;amena aux \u00e9curies et on y rejoignit Maman et le vendeur. Elle avait besoin de Papa pour atteler le van car, avec son dos, elle ne pouvait pas toujours pas forcer.<\/p>\n\n\n\n<p>Maman \u00e9tait tendue, elle avait peur que \u00e7a ne marche pas. Elle avait eu tellement de touches pour la vente qui \u00e9taient tomb\u00e9es \u00e0 l&rsquo;eau, tellement de fausses joies et de gal\u00e8res, depuis novembre&#8230;! \u00ab&nbsp;Il ne faut pas vendre la peau de l&rsquo;ours avant de l&rsquo;avoir vendu&nbsp;\u00bb, n&rsquo;est-ce pas&nbsp;? Moi, j&rsquo;\u00e9tais tout excit\u00e9, je courrais partout, comme toujours aux \u00e9curies&nbsp;!<\/p>\n\n\n\n<p>Maman alla d\u00e9poser l&rsquo;argent \u00e0 la banque avec une boule dans le ventre. Elle me racontera plus tard qu&rsquo;elle avait entendu une petite voix qui lui disait alors, pour qu&rsquo;elle se d\u00e9tende&nbsp;: \u00ab&nbsp;Fais nous confiance :-).\u00bb Sous entendu pour le van, mais pas seulement&#8230; Egalement pour tous ses projets, mat\u00e9riels et non mat\u00e9riels.<\/p>\n\n\n\n<p>Le soir, pendant le bibi, j&rsquo;avais la connerie. Je voulais rigoler \u00e0 tout prix, attraper le nez de maman, lui tirer les cheveux. En fait, j&rsquo;\u00e9tais excit\u00e9 et je souhaitais qu&rsquo;elle d\u00e9dramatise et l\u00e2che prise. Quand je rigolais, en g\u00e9n\u00e9ral, c&rsquo;\u00e9tait contagieux. On \u00e9tait tellement connect\u00e9, tous les deux, que mon rire la faisait rigoler presque instantan\u00e9ment, ma maman&#8230; J&rsquo;essayais de lui dire, par t\u00e9l\u00e9pathie&nbsp;:&nbsp;<\/p>\n\n\n\n<p>\u00ab&nbsp;<em>Maman, fais confiance \u00e0 tes guides, \u00e0 ton petit ange, \u00e0 la vie. \u00c9coute les toujours et encore. Eux seuls t&rsquo;am\u00e8neront le bonheur car ils t&rsquo;indiqueront toujours quel est le meilleur choix pour toi.&lt;3&nbsp;\u00bb Prends un peu de recul, regarde quelques ann\u00e9es plus t\u00f4t.&nbsp;<\/em><\/p>\n\n\n\n<p><em>Il y eut ta ch\u00e8re Kolina, premier coup de c\u0153ur d\u00e9raisonnable, qui ne correspondait en rien \u00e0 tes crit\u00e8res de recherche initiaux. Elle t&rsquo;a tellement appris et a r\u00e9ussi \u00e0 ouvrir tant de portes pourtant solidement verrouill\u00e9es&#8230; Il fallait qu&rsquo;on t&rsquo;envoie un caract\u00e8re \u00e0 la hauteur du tien pour que tu acceptes enfin de l\u00e2cher, de te remettre en question et de faire, du coup, un pas de g\u00e9ant dans ta vie.<\/em><\/p>\n\n\n\n<p><em>Ensuite, tu as craqu\u00e9 pour Duende, alors que tu trouvais cela (encore !) totalement d\u00e9raisonnable d&rsquo;avoir deux chevaux au lieu d&rsquo;un. Mais Duende aussi t&rsquo;a appris \u00e9norm\u00e9ment, notamment \u00e0 suivre ton c\u0153ur plus que jamais. Il t&rsquo;a fait encore fait faire une immense enjamb\u00e9e avec tes bottes de 1000 lieux&#8230; Tu as d\u00e9couvert que l&rsquo;amour permettait d&rsquo;avancer avec une fluidit\u00e9 et un rapidit\u00e9 que ne permettait aucune technique rigide et rationnelle. Il t&rsquo;a montr\u00e9 ce que tu n&rsquo;aurais jamais pu imaginer.<\/em><\/p>\n\n\n\n<p><em>Et puis me voici, gr\u00e2ce \u00e0 Papa, aussi..&nbsp;Lui qui pensait, au d\u00e9part, mon arriv\u00e9e d\u00e9raisonnable (lui aussi!!!). Mais je lui ai souffl\u00e9 \u00e0 l&rsquo;oreille que vous seriez des parents combl\u00e9s avec moi. C&rsquo;est un homme plein d&rsquo;amour&#8230; J&rsquo;ai tenu ma promesse.<\/em><\/p>\n\n\n\n<p><em>Et toi, Maman, je sens chaque jour \u00e0 quel point tu es heureuse. A quel point mon arriv\u00e9e t&rsquo;a m\u00e9tamorphos\u00e9e, gu\u00e9rie de tant de maux&#8230;. Tu peux enfin faire exploser ton amour sur un \u00eatre humain qui n&rsquo;attend que \u00e7a. Ton amour, Maman, je l&rsquo;ai senti si loin, l\u00e0 haut. C&rsquo;est lui qui m&rsquo;a aspir\u00e9 sur Terre, comme dans l&rsquo;oeil d&rsquo;un cyclone, comme attir\u00e9 par un immense aimant. Je savais que ton c\u0153ur battrait \u00e0 l&rsquo;unisson avec le mien. Nous sommes des \u00e2mes s\u0153urs. J&rsquo;avais besoin de te retrouver&#8230; Et voil\u00e0, c&rsquo;est arriv\u00e9 &lt;3 &lt;3. Si tu savais comme je t&rsquo;aime en retour&#8230; Tu le sais, tu le sens. M\u00eame si je ne peux pas encore te le dire avec des mots. Tu m&rsquo;as accompagn\u00e9e pendant tous ces mois dans ton ventre, comme j&rsquo;en r\u00eavais. Et depuis que j&rsquo;ai quitt\u00e9 l&rsquo;eau pour la terre, tu es pr\u00e9sente et aimante&nbsp;; tu me faire grandir et d\u00e9velopper le meilleur de mon potentiel, \u00e0 tous les niveaux. Merci Maman.<\/em><\/p>\n\n\n\n<p><em>Peut-\u00eatre suis-je ce petit b\u00e9b\u00e9 qui est mort en m\u00eame temps que toi lorsque nous \u00e9tions des peaux-rouges tous les deux. Jeune squaw, d\u00e9j\u00e0 cavali\u00e8re, tu n&rsquo;as pas r\u00e9ussi \u00e0 me faire sortir de ton ventre. Nous avons alors quitt\u00e9 ce monde ensemble&#8230; Pour nous retrouver aujourd&rsquo;hui, avec la m\u00eame force et le m\u00eame amour qu&rsquo;alors. Tu avais d\u00e9j\u00e0 cet amour fou pour les chevaux, les animaux, la terre, les plantes, la vie&#8230; Tu n&rsquo;as pas beaucoup chang\u00e9. Je vais enfin pouvoir jouer pleinement mon r\u00f4le aupr\u00e8s de toi. T&rsquo;apporter le bonheur et cet \u00e9quilibre dont tu as besoin. Un bonheur intense, de tous les instants. Un \u00e9quilibre qui te permet de te centrer spirituellement sur le vrai sens de ta vie. Et bien s\u00fbr, je vais t&rsquo;aimer infiniment et \u00e9ternellement.<\/em><\/p>\n\n\n\n<p><em>Quand tu seras pr\u00eate, je te d\u00e9voilerai une autre partie de nos vies ant\u00e9rieures communes. C&rsquo;\u00e9tait en Allemagne, pendant la deuxi\u00e8me guerre mondiale. Nous \u00e9tions mari\u00e9s, j&rsquo;\u00e9tais un r\u00e9sistant, je m&rsquo;appelais Oskar&#8230; Nous avions une petite fille pr\u00e9nomm\u00e9e Carlotta. L\u00e0 encore, nous avons \u00e9t\u00e9 s\u00e9par\u00e9s bien trop t\u00f4t. Car j&rsquo;ai voulu lutter pour la v\u00e9rit\u00e9, la justice et la libert\u00e9&#8230; Pas \u00e9vident sous un r\u00e9gime autoritaire&nbsp;! Mon combat m&rsquo;a co\u00fbt\u00e9 la vie&#8230; Avant de vivre pleinement ce que nous avions \u00e0 vivre sur cette si jolie plan\u00e8te. Mais Chuuttttt&#8230;. Je t&rsquo;en dirais plus dans quelques temps.<\/em><\/p>\n\n\n\n<p><em>\u00c9pilogue&nbsp;:<\/em><\/p>\n\n\n\n<p><em>Comme tu le sais depuis presque un an, car elle est venue te parlais dans le c\u0153ur, j&rsquo;ai depuis longtemps une s\u0153ur stellaire, intergalactique, qui se pr\u00e9nomme d&rsquo;ailleurs Stella, Stella Crystal. Tout comme moi, je me pr\u00e9nomme Angelo Felix. Dans tes \u00e9crits futurs, tu l&rsquo;appelleras Orphea, tout comme mon alias est Phileo, dans tes \u00ab<\/em><em><u>&nbsp;Conversations entre Maylen&rsquo; et Kaolin&rsquo;&nbsp;<\/u><\/em><em>\u00bb. Je dialogue tr\u00e8s souvent avec elle. Elle aimerait s&rsquo;incarner, pour partager cette magnifique exp\u00e9rience terrestre avec moi. Mais elle se pose beaucoup de questions. Et puis, cela ne d\u00e9pend pas que d&rsquo;elle&#8230;&nbsp;<\/em>\u00bb<\/p>\n","protected":false},"excerpt":{"rendered":"<p>EPISODE 17 : MON 17\u00e8me MOIS &#8211; je p\u00e8se 13 kg, je mesure&nbsp;81 cm et mon tour de t\u00eate fait&nbsp;51 cm &#8211;&nbsp; Samedi 11 mai 2019 au soir, j&rsquo;ai eu exactement 16 mois. Fin de semaine du 6 au 12 mai 2019 Samedi 11 mai 2019 Hier soir, vendredi, une fois n&rsquo;est pas coutume, Maman [&hellip;]<\/p>\n","protected":false},"author":1,"featured_media":2530,"comment_status":"open","ping_status":"closed","template":"","meta":{"_et_pb_use_builder":"off","_et_pb_old_content":"","_et_gb_content_width":"","_mi_skip_tracking":false,"footnotes":""},"project_category":[119],"project_tag":[],"_links":{"self":[{"href":"https:\/\/lisarose-moonpearl.com\/index.php\/wp-json\/wp\/v2\/project\/2529"}],"collection":[{"href":"https:\/\/lisarose-moonpearl.com\/index.php\/wp-json\/wp\/v2\/project"}],"about":[{"href":"https:\/\/lisarose-moonpearl.com\/index.php\/wp-json\/wp\/v2\/types\/project"}],"author":[{"embeddable":true,"href":"https:\/\/lisarose-moonpearl.com\/index.php\/wp-json\/wp\/v2\/users\/1"}],"replies":[{"embeddable":true,"href":"https:\/\/lisarose-moonpearl.com\/index.php\/wp-json\/wp\/v2\/comments?post=2529"}],"version-history":[{"count":45,"href":"https:\/\/lisarose-moonpearl.com\/index.php\/wp-json\/wp\/v2\/project\/2529\/revisions"}],"predecessor-version":[{"id":2720,"href":"https:\/\/lisarose-moonpearl.com\/index.php\/wp-json\/wp\/v2\/project\/2529\/revisions\/2720"}],"wp:featuredmedia":[{"embeddable":true,"href":"https:\/\/lisarose-moonpearl.com\/index.php\/wp-json\/wp\/v2\/media\/2530"}],"wp:attachment":[{"href":"https:\/\/lisarose-moonpearl.com\/index.php\/wp-json\/wp\/v2\/media?parent=2529"}],"wp:term":[{"taxonomy":"project_category","embeddable":true,"href":"https:\/\/lisarose-moonpearl.com\/index.php\/wp-json\/wp\/v2\/project_category?post=2529"},{"taxonomy":"project_tag","embeddable":true,"href":"https:\/\/lisarose-moonpearl.com\/index.php\/wp-json\/wp\/v2\/project_tag?post=2529"}],"curies":[{"name":"wp","href":"https:\/\/api.w.org\/{rel}","templated":true}]}}