{"id":1987,"date":"2020-02-01T08:09:41","date_gmt":"2020-02-01T07:09:41","guid":{"rendered":"http:\/\/lisarose-moonpearl.com\/?post_type=project&#038;p=1987"},"modified":"2020-02-01T08:09:43","modified_gmt":"2020-02-01T07:09:43","slug":"angelo-et-dodo","status":"publish","type":"project","link":"https:\/\/lisarose-moonpearl.com\/index.php\/project\/angelo-et-dodo\/","title":{"rendered":"ANGELO ET DODO&#8230;"},"content":{"rendered":"\n<p><strong>(\u00e9crit le 6 janvier 2019,\u00a0termin\u00e9 le 26 d\u00e9cembre 2019)<\/strong><\/p>\n\n\n\n<p><strong>Introduction<\/strong><\/p>\n\n\n\n<p>Angelo dort beaucoup. Environ 10h la nuit, puis 1h30 le matin, entre 3 et 4h l&rsquo;apr\u00e8s-midi et 1h le soir. Donc 6h le jour et 10h la nuit. Cela fait 16h en tout, c&rsquo;est beaucoup, 2\/3 de son temps de vie en ce moment. Pourquoi&nbsp;?&nbsp;<\/p>\n\n\n\n<p>Parce qu&rsquo;il a besoin de se reconnecter \u00e0 ses origines. Angelo ne porte pas ce nom par hasard. Il vient en effet du pays des anges. Il a une forte connexion avec le monde qui existe de l&rsquo;autre c\u00f4t\u00e9 du voile&#8230;<\/p>\n\n\n\n<p><strong>Avant la grossesse<\/strong><\/p>\n\n\n\n<p>Angelo \u00e9tait de l&rsquo;autre c\u00f4t\u00e9, mais d\u00e9j\u00e0 connect\u00e9 \u00e0 moi, sa maman, notamment par l&rsquo;interm\u00e9diaire de l&rsquo;\u00e9criture. Il m&rsquo;a tr\u00e8s probablement inspir\u00e9 son propre personnage, au cours de l&rsquo;\u00e9criture d&rsquo;&nbsp;\u00ab&nbsp;Alis\u00e9a&nbsp;\u00bb. Dans ce roman, l&rsquo;h\u00e9ro\u00efne se rapprochait beaucoup de la personne que j&rsquo;\u00e9tais \u00e0 l&rsquo;\u00e9poque. C&rsquo;\u00e9tait au cours des \u00e9t\u00e9s 2010-2011-2012&#8230; Donc au moins 5 ans avant sa conception. En tout cas plusieurs ann\u00e9es avant&#8230;<\/p>\n\n\n\n<p><strong>Pendant la grossesse<\/strong><\/p>\n\n\n\n<p>Il \u00e9tait entre deux eaux. Une grande partie de sa conscience baignait encore dans l&rsquo;autre dimension. Je le savais, comme une connaissance subtile mais certaine de l&rsquo;esprit, je le ressentais au plus profond mon c\u0153ur. Il \u00e9tait en voyage. Comme un navigateur en bateau sur un oc\u00e9an entre deux continents. Son c\u0153ur, son esprit, son \u00e2me, n&rsquo;\u00e9taient v\u00e9ritablement dans aucun des deux mondes. Encore \u00e0 moiti\u00e9 dans celui qu&rsquo;il avait quitt\u00e9, d\u00e9j\u00e0 \u00e0 moiti\u00e9 dans celui qu&rsquo;il allait atteindre&#8230; C&rsquo;\u00e9tait la transition. Le liquide amniotique, un bain on ne peut plus aquatique, \u00e9tait une sorte de travers\u00e9e oc\u00e9anique entre deux continents.<\/p>\n\n\n\n<p>Cette connaissance et ce ressenti, que je qualifierais de sacr\u00e9s, m&rsquo;ont \u00e9t\u00e9 confirm\u00e9s derni\u00e8rement lors de la lecture du livre \u00ab&nbsp;<em>Les neufs marches, un regard spirituel sur la grossesse et la naissance<\/em><em>&nbsp;\u00bb<\/em>&nbsp;\u00e9crit par Daniel Meurvois et Anne Givaudan. Ces auteurs, habitu\u00e9s aux sorties de corps, qualifi\u00e9es de \u00ab&nbsp;voyages astraux&nbsp;\u00bb, y racontent leur rencontre avec une \u00e2me qui a souhait\u00e9 leur apporter son t\u00e9moignage. Elle leur a demand\u00e9 de relater, dans leurs \u00e9crits, et donc de partager avec l&rsquo;humanit\u00e9, son exp\u00e9rience d&rsquo;incarnation tout au long de la grossesse de sa maman. Elle leur a expliqu\u00e9, mois par mois (marche par marche), les \u00e9tapes et ressentis qu&rsquo;elle a v\u00e9cu lors de cette travers\u00e9e entre deux mondes. Elle leur a r\u00e9v\u00e9l\u00e9 que l&rsquo;\u00e2me naviguait r\u00e9ellement entre deux dimensions. La dimension physique, qui comprend le corps du f\u0153tus, ainsi que l&rsquo;ext\u00e9rieur du corps de sa m\u00e8re, dans une lieu bien terrestre. Et sa dimension plus originelle, l&rsquo;au-del\u00e0, dont elle savait qu&rsquo;elle devait s&rsquo;extraire de plus en plus&#8230; Une fois que l&rsquo;heure de sa naissance aurait sonn\u00e9, elle aurait \u00e0 exp\u00e9rimenter \u00e0 100% sa nouvelle vie mat\u00e9rielle&#8230;<\/p>\n\n\n\n<p><strong>A l&rsquo;accouchement<\/strong><\/p>\n\n\n\n<p>Ce fut extr\u00eamement difficile pour Angelo d&rsquo;accoster sur son nouveau continent. Il n&rsquo;\u00e9tait pas pr\u00eat. Il lui manquait quelques jours. Il y eut en r\u00e9alit\u00e9 des conflits entre les entit\u00e9s qui l&rsquo;entouraient dans l&rsquo;autre monde, contradictions qui se refl\u00e9t\u00e8rent dans son \u00e2me et rendirent sa naissance et ses premiers jours tr\u00e8s compliqu\u00e9s.<\/p>\n\n\n\n<p>En \u00e9t\u00e9 2019, je compris mieux l&rsquo;origine de ces tensions, qui m&rsquo;avait \u00e9t\u00e9 jusqu&rsquo;\u00e0 pr\u00e9sent cach\u00e9e. J&rsquo;ai en effet eu acc\u00e8s \u00e0 des vies ant\u00e9rieures, en \u00e9tant dans un \u00e9tat semi-m\u00e9ditatif, sur le dos de Duende&#8230;&nbsp;<\/p>\n\n\n\n<p>Dans une autre vie, je suis morte en couche, mon enfant avec moi. Angelo le savait, moi aussi. Enfin plut\u00f4t, nos \u00e2mes, au plus profond de notre conscience, c&rsquo;est-\u00e0-dire dans des sph\u00e8res inconscientes, le savaient. Et nos guides respectifs nous le soufflaient, sans doute d\u00e9j\u00e0 bien avant la naissance, sans que nous n&rsquo;arrivions \u00e0 les entendre et \u00e0 les comprendre&#8230;&nbsp;<\/p>\n\n\n\n<p>Dans cette nouvelle vie qui s&rsquo;offrait \u00e0 nous, Angelo et moi devions nous lib\u00e9rer de ce qu&rsquo;on peut appeler \u00ab&nbsp;noeud karmique&nbsp;\u00bb, c&rsquo;est-\u00e0-dire d&rsquo;un \u00e9v\u00e8nement pass\u00e9 qui a des r\u00e9percussions n\u00e9gatives sur les vies actuelle et futures. La loi du karma emp\u00eachant alors l&rsquo;\u00e2me d&rsquo;\u00e9voluer dans un sens&nbsp;qui lui est favorable.<\/p>\n\n\n\n<p>Hors de question de renouveler cette \u00e9preuve, cette souffrance. La relation m\u00e8re-enfant devait cette fois-ci se poursuivre pleinement apr\u00e8s la naissance. Nos deux \u00e2mes voulaient exp\u00e9rimenter ce lien si fort, au del\u00e0 de la grossesse. Angelo et moi avons probablement choisi cette \u00e9poque plus \u00ab&nbsp;moderne&nbsp;\u00bb pour nous retrouver. Dans l&rsquo;autre vie dont je vous parle, j&rsquo;\u00e9tais une squaw peau rouge. Je ne sais pas si c&rsquo;est dans cette vie l\u00e0 ou dans une autre que j&rsquo;ai d\u00e9j\u00e0 connu et aim\u00e9 Angelo. Je n&rsquo;ai pas d&rsquo;information \u00e0 ce sujet. Cela viendra peut-\u00eatre un jour&#8230;&nbsp;<\/p>\n\n\n\n<p>En ce 21\u00e8me si\u00e8cle, un enfant qui n&rsquo;arrive pas \u00e0 franchir, seul, le passage si symbolique, mais si angoissant et potentiellement mortif\u00e8re, du bassin, n&rsquo;est plus destin\u00e9 \u00e0 une mort in\u00e9luctable. Nos \u00e2mes le savaient&#8230; Il a fallut que les m\u00e9decins, ces sorciers des temps modernes, si performants dans certains domaines, comme la naissance, nous s\u00e9parent de force, \u00e0 coup de scalpel. C&rsquo;\u00e9tait la seule issue pour nous permettre de nous rencontrer de nouveau dans cette vie-ci. Il \u00e9tait \u00e9crit qu&rsquo;aucune autre cons\u00e9quence n\u00e9gative n&rsquo;en d\u00e9coulerait. Le n\u0153ud s&rsquo;est en partie d\u00e9nou\u00e9 en ce qui me concerne. Pour Angelo, je ne sais pas ce qu&rsquo;il en est. A-t-il v\u00e9cu d&rsquo;autres naissances difficiles voir fatales&nbsp;? Ou le probl\u00e8me ne venait-il que de moi&nbsp;? En tout cas, nous avons r\u00e9ussi \u00e0 passer le cap de l&rsquo;accouchement et de la naissance, en \u00e9tant en vie tous les deux et sans trop de s\u00e9quelles imm\u00e9diates. Et aucune sur un terme un peu plus long, en tout cas \u00e0 l&rsquo;heure o\u00f9 j&rsquo;\u00e9cris le premier jet de ce texte, presqu&rsquo;un an apr\u00e8s&#8230; Pour ce qui est de la py\u00e9lon\u00e9phrite, c&rsquo;est une autre histoire&#8230;<\/p>\n\n\n\n<p><strong>Depuis sa naissance<\/strong><\/p>\n\n\n\n<p>Angelo dort beaucoup, m\u00eame s&rsquo;il a fait ses nuits tardivement. Je parle de ses heures totales de sommeil sur 24h et non de la dur\u00e9e maximale d&rsquo;un de ses temps de dodo.<\/p>\n\n\n\n<p><strong>Avant de faire ses nuits<\/strong><\/p>\n\n\n\n<p>Il se r\u00e9veillait tr\u00e8s souvent. Son \u00e2me avait besoin de fr\u00e9quents aller-retours entre ici et l\u00e0-bas, comme pour mieux s&rsquo;ancrer dans sa nouvelle vie. Pendant son sommeil, il se connectait \u00e0 son ancienne vie. Lors de ses moments de veille, il \u00e9tait dans sa nouvelle vie.<\/p>\n\n\n\n<p>Je pense sinc\u00e8rement que les enfants qui font tr\u00e8s vite leurs nuits ne se connectent pas \u00e0 l&rsquo;autre dimension pendant leur sommeil. Ou beaucoup moins souvent. Ils sont mieux et plus vite enracin\u00e9s dans leur vie terrestre. Ils dorment, mais savent qu&rsquo;ils sont dans leur lit. Il n&rsquo;y a pas de d\u00e9chirement en eux. Ils sont n\u00e9s, ils ont atterri. Voil\u00e0. Ils ont accept\u00e9 et ont renonc\u00e9 \u00e0 leur vie d&rsquo;avant, \u00e0 leurs origines. Ce sont des \u00eatres, comment dire, plus terre \u00e0 terre, moins spirituels. Je dirais m\u00eame qu&rsquo;il s&rsquo;agit d&rsquo;\u00e2mes plus jeunes, qui ont d\u00e9cid\u00e9 de profiter \u00e0 fond leur exp\u00e9rience terrestre. Leur \u00e2me n&rsquo;a pas \u00e9norm\u00e9ment de recul. Elle a besoin de vivre encore plusieurs vies, ancr\u00e9es pleinement dans le mat\u00e9riel, avant de de s&rsquo;\u00e9lever suffisamment pour avoir besoin de faire des aller-retour r\u00e9guliers avec l&rsquo;autre dimension.<\/p>\n\n\n\n<p>Pour Angelo, ce fut plus compliqu\u00e9, car il est tr\u00e8s connect\u00e9 aux anges et aux autres \u00eatres de lumi\u00e8re de l&rsquo;autre c\u00f4t\u00e9. Les quitter d\u00e9finitivement, du moins le temps de toute une vie d&rsquo;homme, fut pour lui impossible. Lorsqu&rsquo;il les c\u00f4toyait dans son sommeil, ses guides et autres compatriotes de l&rsquo;au-del\u00e0, l&rsquo;ont r\u00e9guli\u00e8rement renvoy\u00e9, avec une grande bienveillance, vers sa nouvelle vie. Ils le pri\u00e8rent de s&rsquo;habituer \u00e0 sa nouvelle dimension, cette troisi\u00e8me dimension si dense et si pesante pour un \u00eatre c\u00e9leste. Il devait l&rsquo;accepter petit \u00e0 petit, car tel \u00e9tait le choix de son \u00e2me. Elle avait d\u00e9cid\u00e9 de se r\u00e9incarner une nouvelle fois sur Terre pour se lib\u00e9rer de son karma et faire un pas de plus vers l&rsquo;\u00e9veil&#8230;<\/p>\n\n\n\n<p>J&rsquo;ai eu, encore une fois, confirmation de ces ressentis, a posteriori, au cours de mes recherches et lectures sur une spiritualit\u00e9 qui me parle (hors de toutes religions et de tout dogme).&nbsp;<\/p>\n\n\n\n<p><em>\u00ab&nbsp;<\/em><em>Les neufs marches, un regard spirituel sur la grossesse et la naissance<\/em><em>&nbsp;\u00bb,&nbsp;<\/em>\u00e9crit par Daniel Meurvois et Anne Givaudan, que j&rsquo;ai lu en novembre 2019 et dont j&rsquo;ai d\u00e9j\u00e0 parl\u00e9 un peu plus haut.<\/p>\n\n\n\n<p><em>\u00ab&nbsp;<\/em><em>R\u00e9cits d&rsquo;un voyageur de l&rsquo;astral, le ph\u00e9nom\u00e8ne des sorties du corps&nbsp;<\/em><em>\u00bb<\/em>, des m\u00eames auteurs. Livre que je me suis procur\u00e9 mais au sujet duquel j&rsquo;ai pour l&rsquo;instant surtout visionn\u00e9 des documentaires.<\/p>\n\n\n\n<p>\u00ab&nbsp;<em>L&rsquo;\u00e9nergie de l&rsquo;invisible&nbsp;<\/em>\u00bb de Sandrine Muller Bohard. La lecture de ce livre arrive \u00e0 son terme en cette fin de mois de d\u00e9cembre 2019.<\/p>\n\n\n\n<p>En quelques mots&#8230; Notre corps non physique (qu&rsquo;on peut appeler \u00e9nerg\u00e9tique, \u00e9th\u00e9rique, astral, la d\u00e9finition pr\u00e9cise n&rsquo;\u00e9tant pas le sujet ici), sort souvent du corps physique pendant le sommeil et part dans l&rsquo;astral, c&rsquo;est \u00e0 dire dans d&rsquo;autres dimensions, notamment celles dont nous venons avant la naissance, o\u00f9 se trouvent nos guides et anges, ainsi que les \u00eatres chers perdus (ce qui explique leur pr\u00e9sence r\u00e9currente dans les r\u00eaves). J&rsquo;y reviens de fa\u00e7on plus d\u00e9taill\u00e9e un peu plus loin&#8230;<\/p>\n\n\n\n<p>Ainsi, chez un b\u00e9b\u00e9 qui dort, la conscience rejoint r\u00e9ellement le monde de ses origines, en g\u00e9n\u00e9ral plus souvent et plus syst\u00e9matiquement que chez nous autres adultes, bien install\u00e9s dans notre corps physique et plus \u00e0 l&rsquo;aise dans ce monde mat\u00e9riel que le nourrisson (en pleine phase d&rsquo;adaptation&#8230;).&nbsp;<\/p>\n\n\n\n<p><strong>Lorsqu&rsquo;Angelo il fit ses nuits (enfin \u00e0 peu pr\u00e8s&nbsp;!) vers 5-6 mois&#8230;<\/strong><\/p>\n\n\n\n<p>Angelo trouva un nouvel \u00e9quilibre, entre veille et sommeil. En fonction des ses \u00e9tapes de sommeil, il \u00e9tait soit en plein dodo de r\u00e9cup\u00e9ration, soit dans un \u00e9tat de conscience modifi\u00e9e, qui, sortant alors du corps physique, lui permettait de se connecter aux anges et de les retrouver.<\/p>\n\n\n\n<p><strong>Parenth\u00e8se sur les diff\u00e9rents types de sommeil<\/strong><\/p>\n\n\n\n<p>Les sp\u00e9cialistes du sommeil parlent de deux phases de sommeil.&nbsp;<\/p>\n\n\n\n<p>Le sommeil profond, sans r\u00eave, d&rsquo;une part, au cours duquel le corps physique r\u00e9cup\u00e8re des \u00e9normes contraintes subies dans la journ\u00e9e. Dans cet \u00e9tat, la personne n&rsquo;est pas dans un \u00e9tat de r\u00e9elle relaxation. L&rsquo;\u00e9nergie est comme \u00ab&nbsp;coinc\u00e9e&nbsp;\u00bb dans ce corps \u00e9puis\u00e9.<\/p>\n\n\n\n<p>Et d&rsquo;autre part, les phases de sommeil paradoxal. Elles sont, quant \u00e0 elles, remplies de r\u00eaves. Le dormeur dort alors moins profond\u00e9ment. Son corps est plus proche de l&rsquo;\u00e9tat de veille, mais dans un \u00e9tat de conscience modifi\u00e9e. L&rsquo;\u00e2me de la personne a alors davantage acc\u00e8s aux donn\u00e9es inconscientes, qui ne sont pas dans son corps physique, mais dans l&rsquo;autre dimension, celle de l&rsquo;astral.&nbsp;<\/p>\n\n\n\n<p>La psychanalyse abonde dans ce sens, mais sans dimension spirituelle. Pour elle, tout se passe dans le cerveau. Mais n&rsquo;oublions pas que Freud fut m\u00e9decin et chercheur&nbsp;en neurologie<strong>,<\/strong>&nbsp;avant d&rsquo;\u00eatre le pr\u00e9curseur de cette nouvelle discipline qui est devenue la psychanalyse. Selon lui,<strong>&nbsp;<\/strong>c&rsquo;est le Surmoi qui emp\u00eache la conscience d&rsquo;acc\u00e9der \u00e0 l&rsquo;inconscient et au subconscient. Car ces derniers rec\u00e8leraient des informations \u00ab&nbsp;politiquement incorrectes&nbsp;\u00bb. Avec le recul, je trouve cette description fade et sans profondeur. L&rsquo;inconscient ne cache pas que des d\u00e9sirs refoul\u00e9s et des pulsions inavouables, socialement inacceptables. Il met un voile sur une dimension bien plus grande de l&rsquo;\u00catre&nbsp;: son \u00e2me ainsi que son moi ou esprit sup\u00e9rieurs. Il dispose de donn\u00e9es bien plus vastes que celles qui sont n\u00e9cessaires \u00e0 la vie terrestre, tellement \u00e9triqu\u00e9e&nbsp;! Les r\u00eaves permettent donc \u00e0 la conscience de d\u00e9couvrir un univers inconnu, car dissimul\u00e9 sciemment, bien loin du monde terrestre&#8230;<\/p>\n\n\n\n<p>Au r\u00e9veil, la conscience ne se rappelle que de tr\u00e8s peu d&rsquo;\u00e9l\u00e9ments des r\u00eaves. Mais suffisamment pour savoir qu&rsquo;ils existent et qu&rsquo;elle s&rsquo;est aventur\u00e9e dans une autre dimension que celle de l&rsquo;\u00e9tat de veille.&nbsp;<\/p>\n\n\n\n<p><strong>Et sur l&rsquo;hypnose r\u00e9gressive&#8230;<\/strong><\/p>\n\n\n\n<p>On peut retrouver un ph\u00e9nom\u00e8ne tr\u00e8s proche de ce qui se passe en r\u00eave lors de la pratique de l&rsquo;hypnose. L\u00e0 encore, la psychanalyse soutient les m\u00eames th\u00e9ories, mais sans prendre en compte une quelconque dimension spirituelle. Il existe de nombreux praticiens de l&rsquo;hypnose qui sont all\u00e9s bien plus loin que les donn\u00e9es apport\u00e9es par la psychanalyse.&nbsp;<\/p>\n\n\n\n<p>Parmi les pr\u00e9curseurs, une des plus connues est Dolores Cannon. Son mari utilisait l&rsquo;hypnose pour soigner des maux du quotidien, en d\u00e9faisant des n\u0153uds inconscients (addictions, phobies etc&#8230;). Un jour un de ses patients sous hypnose a commenc\u00e9 \u00e0 raconter ce qu&rsquo;il vivait dans une vie ant\u00e9rieure. Dolores s&rsquo;est passionn\u00e9e pour ce ph\u00e9nom\u00e8ne et y a consacr\u00e9 sa vie. Elle a \u00e9crit de nombreux livres et fait des conf\u00e9rences dans le monde entier pour t\u00e9moigner de tout ce qu&rsquo;elle avait appris de ses patients au cours de ses s\u00e9ances d&rsquo;hypnoses qu&rsquo;elle qualifie d&rsquo;&nbsp;\u00ab&nbsp;hypnose r\u00e9gressive quantique&nbsp;\u00bb. Elle n&rsquo;a pas seulement appris ce que ses patients avaient v\u00e9cu dans des vies ant\u00e9rieures, elle a aussi eu acc\u00e8s \u00e0 des informations qui lui ont \u00e9t\u00e9 donn\u00e9s par des \u00eatres de lumi\u00e8re qui apparaissaient aux c\u00f4t\u00e9s des patients sous hypnose. Ils lui apport\u00e8rent des r\u00e9ponse notamment sur l&rsquo;origine de la vie terrestre, sur la raison d&rsquo;\u00eatre de l&rsquo;humanit\u00e9 et de ses r\u00e8gles si paradoxales, et sur l&rsquo;avenir de l&rsquo;humanit\u00e9 et de la Terre au 21\u00e8me si\u00e8cle&#8230; Des r\u00e9ponses aux questions que se pose chaque humain un tant soit peu curieux de comprendre sa condition. J&rsquo;ai lu quelques chapitres de son livre passionnant \u00ab<em>&nbsp;Les trois vagues de volontaires et la nouvelle Terre<\/em>&nbsp;\u00bb, et je compte bien d\u00e9vorer ce gros livre d\u00e8s que j&rsquo;en aurai le loisir&nbsp;!&nbsp;<\/p>\n\n\n\n<p>Le Docteur Jean-jacques Charbonnier, scientifique de renom, m\u00e9decin anesth\u00e9siste reconnu par ses pairs, s&rsquo;est mis lui aussi \u00e0 cette hypnose r\u00e9gressive qu&rsquo;il nomme TCH (Trans Communication Hypnotique) et en retire des informations aussi passionnantes que nouvelles. Il donne \u00e0 l&rsquo;\u00e2me une d\u00e9nomination plus scientifique, afin que sa d\u00e9marche soit mieux accept\u00e9e par son milieu qui se refuse \u00e0 toute hypoth\u00e8se spirituelle ou \u00e9soth\u00e9rique. Il la nomme&nbsp;:&nbsp;\u00ab&nbsp;conscience intuitive extraneuronale&nbsp;\u00bb.&nbsp;Evidemment, le monde m\u00e9dical occidental, qui trempe jusqu&rsquo;\u00e0 la pointe des cheveux dans des certitudes 100% mat\u00e9rialistes, n&rsquo;a de cesse de le faire taire, malgr\u00e9 ses efforts de clart\u00e9 scientifique. Mais il est si connu et suivi, gr\u00e2ce aux r\u00e9seaux sociaux notamment, que les v\u00e9rit\u00e9s qu&rsquo;ils d\u00e9voilent sont d\u00e9sormais bien difficiles \u00e0 dissimuler et \u00e0 contredire&#8230; C&rsquo;est justement le fait qu&rsquo;il soit issu d&rsquo;un milieu tr\u00e8s cart\u00e9sien qui donne \u00e0 ses paroles et \u00e9crits un caract\u00e8re plus cr\u00e9dible que s&rsquo;il \u00e9tait voyant, gu\u00e9risseur, chamane ou portait un autre titre qualifi\u00e9 d&rsquo;&nbsp;\u00ab&nbsp;\u00e9sot\u00e9rique&nbsp;\u00bb, justement&#8230;&nbsp;<\/p>\n\n\n\n<p>Par certains aspects, il me fait penser au Docteur Dumas, le m\u00e9decin de mes parents, qui dit des v\u00e9rit\u00e9s que ses coll\u00e8gues ne veulent pas entendre depuis des d\u00e9cennies et qui a elle aussi acc\u00e8s \u00e0 d&rsquo;autres dimensions (elle connait certaines de ses vies ant\u00e9rieures, parle \u00e0 son p\u00e8re d\u00e9c\u00e9d\u00e9 tr\u00e8s r\u00e9guli\u00e8rement, sent si une personne est malade et de quelle pathologie il s&rsquo;agit, avant m\u00eame de lui poser la moindre question, etc).<\/p>\n\n\n\n<p>Pour moi, ces donn\u00e9es apport\u00e9es par l&rsquo;hypnose r\u00e9gressive sont la preuve ultime que le fait de se rendre dans l&rsquo;inconscient, et donc dans d&rsquo;autres dimensions que la 3D, permet \u00e0 la conscience d&rsquo;acc\u00e9der aux donn\u00e9es archiv\u00e9es par l&rsquo;\u00e2me. Donn\u00e9es qui sont effac\u00e9es \u00e0 la naissance pour ne pas entraver le contrat de la vie terrestre&nbsp;: ne rien savoir de ce qu&rsquo;il y a avant, apr\u00e8s, et en parall\u00e8le, et disposer, ainsi, du libre arbitre&#8230; L&rsquo;\u00e2me a besoin de vivre les exp\u00e9riences qu&rsquo;elle a choisit pour sa nouvelle incarnation, sans biais, ni influence ant\u00e9rieure&#8230;<\/p>\n\n\n\n<p><strong>Veille et sommeil d&rsquo;Angelo<\/strong><\/p>\n\n\n\n<p>Apr\u00e8s cette longue parenth\u00e8se sur les deux types de sommeil, revenons-en \u00e0 Angelo&nbsp;! En journ\u00e9e, il dort beaucoup, beaucoup (entre 4h et 6h au moment o\u00f9 j&rsquo;\u00e9cris ce texte) car il a encore besoin de retrouver ses guides, sa famille d&rsquo;avant, de se ressourcer aupr\u00e8s d&rsquo;eux, de se recharger en \u00e9nergie \u00e9th\u00e9rique.&nbsp;<\/p>\n\n\n\n<p>Ensuite, lorsqu&rsquo;il est r\u00e9veill\u00e9, il est heureux et disponible dans sa nouvelle vie d&rsquo;humain, incarn\u00e9. Il a trouv\u00e9 un \u00e9quilibre. Il profite \u00e0 fond de sa vie terrestre avec son papa, sa maman, sa nounou, sa ch\u00e9rie Ma\u00eblys, ses grands-m\u00e8res, son grand-p\u00e8re (premier jet de ce texte \u00e9crit avant mai 2019), ses cousins et cousines, ses oncles et tantes&#8230; Puis, quand il a de nouveau fait le plein d&rsquo;exp\u00e9riences, d&rsquo;\u00e9motions, d&rsquo;apprentissages, il lui faut une nouvelle pose. Il doit d\u00e9brancher et se reconnecter \u00e0 l&rsquo;autre dimension&#8230;<\/p>\n\n\n\n<p>Voil\u00e0 pourquoi Angelo est un enfant qui dort beaucoup, sereinement et qui est \u00e0 fond et tr\u00e8s heureux quand il est r\u00e9veill\u00e9.<\/p>\n\n\n\n<p><strong>Petite nuance&nbsp;: il existe toutefois des nuits difficiles<\/strong><\/p>\n\n\n\n<p>Comme tout enfant, Angelo a souffert de douleurs de b\u00e9b\u00e9s, qui empirent la nuit. Mal au ventre, coliques de nourrisson, r\u00e9gurgitations (de lait) qui br\u00fblent la gorge, gencives qui d\u00e9doublent, dents qui percent, couche pleine de caca, ou couche qui a d\u00e9bord\u00e9 de pipi partout et l&rsquo;a mouill\u00e9 de la t\u00eate au pieds, et diverses maladies comme les rhumes qui bouchent le nez et font tousser, la varicelle et j&rsquo;en passe&#8230;&nbsp;<\/p>\n\n\n\n<p>Au moment, o\u00f9 j&rsquo;\u00e9cris la premi\u00e8re version de ce texte, il ne faisait pas encore de cauchemars. Ils sont arriv\u00e9s plus tard&#8230;&nbsp;<\/p>\n\n\n\n<p>Par quoi sont-ils d\u00e9clench\u00e9s&nbsp;? Proviennent-ils d&rsquo;une prise de conscience de l&rsquo;\u00e2me de la dualit\u00e9 du monde terrestre, si difficile \u00e0 vivre&nbsp;? Prise de conscience qui reste cach\u00e9e dans l&rsquo;inconscient, mais \u00e0 laquelle la conscience acc\u00e8de lors des phases de sommeil paradoxal&nbsp;? D&rsquo;o\u00f9 des r\u00eaves angoissants, d\u00e9clenchant les terreurs nocturnes&#8230;&nbsp;<\/p>\n\n\n\n<p>Ici bas, le Mal et le Bien s&rsquo;enchev\u00eatrent en permanence. La lumi\u00e8re ne peut exister sans l&rsquo;ombre. Ce doit \u00eatre bien triste \u00e0 constater quand on est d&rsquo;origine ang\u00e9lique.&nbsp;<\/p>\n\n\n\n<p>Une autre cause possible de ses cauchemars, pourraient \u00eatre la visite d&rsquo;\u00eatres de l&rsquo;ombre dans ses r\u00eaves. On sait d\u00e9sormais que les d\u00e9funts nous rendent visite dans nos r\u00eaves car c&rsquo;est plus facile pour eux de s&rsquo;y manifester que dans la troisi\u00e8me dimension, celle de la mati\u00e8re. Pour tout \u00eatre d\u00e9sincarn\u00e9, il est tr\u00e8s difficile d&rsquo;acc\u00e9der \u00e0 un niveau \u00e9nerg\u00e9tique permettant d&rsquo;\u00eatre per\u00e7u dans le monde mat\u00e9riel. C&rsquo;est bien la raison pour laquelle seuls les m\u00e9diums ou d&rsquo;autres personnes dot\u00e9es de capacit\u00e9s extrasensorielles sont capables de percevoir les d\u00e9funts \u00e0 l&rsquo;\u00e9tat de veille, ainsi que d&rsquo;autres entit\u00e9s, bien ou malveillantes.&nbsp;<\/p>\n\n\n\n<p>Je pense que lorsque Angelo dort, certaines entit\u00e9s de l&rsquo;ombre doivent par moment venir lui rendre visite et le tourmenter, prenant la place des \u00eatres de lumi\u00e8res. Dans les autres dimensions, il existe aussi le bas astral, o\u00f9 r\u00e9sident les cr\u00e9atures de l&rsquo;ombre&#8230; Les m\u00e9diums et autres personnes connect\u00e9es \u00e0 d&rsquo;autres vibrations et dimensions doivent savoir s&rsquo;en prot\u00e9ger, sous peine de se laisser contaminer par l&rsquo;ombre. Quand on est hypersensible, \u00ab&nbsp;hyper-r\u00e9ceptif&nbsp;\u00bb, on capte \u00e9videmment plus de vibrations positives, hautes, que les autres. Mais on dispose en r\u00e9alit\u00e9 (malgr\u00e9 soi) d&rsquo;une immense antenne, dont il faut apprendre \u00e0 se servir afin d&rsquo;en tirer des avantages sans en subir les inconv\u00e9nients&#8230;&nbsp;<\/p>\n\n\n\n<p>Les \u00eatres \u00ab&nbsp;bons&nbsp;\u00bb, non incarn\u00e9s sont proche de la lumi\u00e8re, il vibrent haut tout le temps et ne peuvent pas capter les basses vibrations. Mais une fois incarn\u00e9s dans le monde de la dualit\u00e9, le mode de r\u00e9ception \u00e9volue inexorablement&#8230; Un b\u00e9b\u00e9 capte alors, dans son sommeil, un panel d&rsquo;ondes beaucoup plus large. Et s&rsquo;il se rend souvent et facilement dans l&rsquo;autre dimension, comme le fait Angelo, il ne serait pas \u00e9tonnant qu&rsquo;il soit parfois parasit\u00e9 par des \u00eatres du bas astral, qui profitent de cette porte ouverte pour essayer d&rsquo;attirer cette \u00e2me dans ses filets.&nbsp;<\/p>\n\n\n\n<p>Avec l&rsquo;\u00e2ge, les cauchemars disparaissent souvent. Soit parce que la conscience a moins acc\u00e8s aux sources inconscientes, sous l&rsquo;influence du mental senseur, qui ferme les portes de l&rsquo;hypersensibilit\u00e9, soit parce que l&rsquo;\u00e2me apprend \u00e0 reconna\u00eetre et \u00e0 se prot\u00e9ger du bas astral&#8230;<\/p>\n\n\n\n<p><strong>NB&nbsp;:&nbsp;<\/strong>Tout ce que je d\u00e9clare dans ce papier n&rsquo;est que mon opinion personnelle, ma vision spirituelle de cette fin de d\u00e9cennie, et elle n&rsquo;engage \u00e9videmment que moi&nbsp;!!! Mais j&rsquo;ai \u00e0 c\u0153ur de la partager et de la faire conna\u00eetre. Car au fond de mon c\u0153ur je sens que cela fait partie de ma mission. M\u00eame si je dois, en cela, \u00eatre incomprise ou mal jug\u00e9e. Je ne serais pas la premi\u00e8re dans ce cas. Pour moi, le plus important est d&rsquo;\u00eatre en accord avec ce que me souffle mon \u00e2me&#8230;<br><\/p>\n","protected":false},"excerpt":{"rendered":"<p>(\u00e9crit le 6 janvier 2019,\u00a0termin\u00e9 le 26 d\u00e9cembre 2019) Introduction Angelo dort beaucoup. Environ 10h la nuit, puis 1h30 le matin, entre 3 et 4h l&rsquo;apr\u00e8s-midi et 1h le soir. Donc 6h le jour et 10h la nuit. Cela fait 16h en tout, c&rsquo;est beaucoup, 2\/3 de son temps de vie en ce moment. Pourquoi&nbsp;?&nbsp; [&hellip;]<\/p>\n","protected":false},"author":1,"featured_media":1969,"comment_status":"open","ping_status":"closed","template":"","meta":{"_et_pb_use_builder":"off","_et_pb_old_content":"","_et_gb_content_width":"","_mi_skip_tracking":false,"footnotes":""},"project_category":[119],"project_tag":[],"_links":{"self":[{"href":"https:\/\/lisarose-moonpearl.com\/index.php\/wp-json\/wp\/v2\/project\/1987"}],"collection":[{"href":"https:\/\/lisarose-moonpearl.com\/index.php\/wp-json\/wp\/v2\/project"}],"about":[{"href":"https:\/\/lisarose-moonpearl.com\/index.php\/wp-json\/wp\/v2\/types\/project"}],"author":[{"embeddable":true,"href":"https:\/\/lisarose-moonpearl.com\/index.php\/wp-json\/wp\/v2\/users\/1"}],"replies":[{"embeddable":true,"href":"https:\/\/lisarose-moonpearl.com\/index.php\/wp-json\/wp\/v2\/comments?post=1987"}],"version-history":[{"count":1,"href":"https:\/\/lisarose-moonpearl.com\/index.php\/wp-json\/wp\/v2\/project\/1987\/revisions"}],"predecessor-version":[{"id":1988,"href":"https:\/\/lisarose-moonpearl.com\/index.php\/wp-json\/wp\/v2\/project\/1987\/revisions\/1988"}],"wp:featuredmedia":[{"embeddable":true,"href":"https:\/\/lisarose-moonpearl.com\/index.php\/wp-json\/wp\/v2\/media\/1969"}],"wp:attachment":[{"href":"https:\/\/lisarose-moonpearl.com\/index.php\/wp-json\/wp\/v2\/media?parent=1987"}],"wp:term":[{"taxonomy":"project_category","embeddable":true,"href":"https:\/\/lisarose-moonpearl.com\/index.php\/wp-json\/wp\/v2\/project_category?post=1987"},{"taxonomy":"project_tag","embeddable":true,"href":"https:\/\/lisarose-moonpearl.com\/index.php\/wp-json\/wp\/v2\/project_tag?post=1987"}],"curies":[{"name":"wp","href":"https:\/\/api.w.org\/{rel}","templated":true}]}}