{"id":1314,"date":"2019-06-24T22:28:43","date_gmt":"2019-06-24T20:28:43","guid":{"rendered":"http:\/\/lisarose-moonpearl.com\/?post_type=project&#038;p=1314"},"modified":"2020-02-01T00:17:19","modified_gmt":"2020-01-31T23:17:19","slug":"les-chevaux-mont-appris-a-etre-maman","status":"publish","type":"project","link":"https:\/\/lisarose-moonpearl.com\/index.php\/project\/les-chevaux-mont-appris-a-etre-maman\/","title":{"rendered":"LES CHEVAUX M&rsquo;ONT APPRIS \u00c0 \u00caTRE MAMAN 1\u00e8re PARTIE"},"content":{"rendered":"\n<p><strong>(commenc\u00e9 au printemps 2018, compl\u00e9t\u00e9 en mai 2019)<\/strong><\/p>\n\n\n\n<p><strong>I. Les grandes lignes&#8230;<\/strong><\/p>\n\n\n\n<p>\u00ab&nbsp;Quels points communs existe-t-il entre un cheval et un b\u00e9b\u00e9&nbsp;?&nbsp;\u00bb, me diriez-vous&#8230; Beaucoup plus que vous ne le pensez&#8230; Plein&nbsp;! Absolument plein&nbsp;!!!<\/p>\n\n\n\n<p>D\u00e9j\u00e0, un cheval, comme un b\u00e9b\u00e9, ne parle pas. Certes, un cheval ne pleure pas quand il souffre ou quand les conditions lui sont inconfortables, mais il manifeste son mal-\u00eatre de diff\u00e9rentes mani\u00e8res. A son propri\u00e9taire et\/ou soigneur de savoir d\u00e9coder les signes qu&rsquo;il lui envoie. Pour un b\u00e9b\u00e9, c&rsquo;est pareil. C&rsquo;est son langage corporel qui parle \u00e0 sa place. Au parent de d\u00e9coder.<\/p>\n\n\n\n<p>Cela fait des ann\u00e9es, des d\u00e9cennies m\u00eame, que je m&rsquo;occupe et soigne des animaux. Je les comprends car j&rsquo;ai un d\u00e9codeur plut\u00f4t instinctif, hypersensible et d\u00e9sormais bien r\u00f4d\u00e9.<\/p>\n\n\n\n<p>Avec <strong>Kolina<\/strong>, j&rsquo;ai compris plus de choses qu&rsquo;avec tous ses pr\u00e9d\u00e9cesseurs, notamment qu&rsquo;un cheval saisit ce qu&rsquo;on lui dit et ressent toutes nos \u00e9motions. Il ne sait ni s&rsquo;en prot\u00e9ger, ni r\u00e9pondre pour dire qu&rsquo;il a compris ou, au contraire, qu&rsquo;il a besoin d&rsquo;explications suppl\u00e9mentaires.<\/p>\n\n\n\n<p>Ces nouvelles donn\u00e9es ont modifi\u00e9 ma relation aux chevaux et m&rsquo;ont fait m&rsquo;y prendre tout diff\u00e9remment avec Duende qu&rsquo;avec Kolina. J&rsquo;ai suivi mon intuition et ma philosophie&nbsp;: \u00ab&nbsp;Si tu veux le bien, apporte le bien. Si tu veux qu&rsquo;on te fasse confiance, inspire la s\u00e9curit\u00e9.&nbsp;\u00bb<\/p>\n\n\n\n<p>Avec <strong>Duende<\/strong>, j&rsquo;ai agi avec douceur et amour depuis sa naissance. Jamais de contrainte non expliqu\u00e9e, jamais de violence. Mais un cadre, des limites, \u00e7a oui. Et toujours des encouragements et des c\u00e2lins, du renforcement positif.<\/p>\n\n\n\n<p>Avec <strong>Angelo<\/strong>, je fais pareil. De l&rsquo;amour, de la compr\u00e9hension. Un maximum d&rsquo;\u00e9motions positives, m\u00eame si je ne suis pas \u00ab&nbsp;wonderwoman&nbsp;\u00bb et que parfois je suis fatigu\u00e9e, \u00e9puis\u00e9e, m\u00eame.<\/p>\n\n\n\n<p>Jean-luc m&rsquo;aide beaucoup, car il est lui-m\u00eame, naturellement, dans cette attitude positive. Il est heureux et le reste, jour apr\u00e8s jour.<\/p>\n\n\n\n<p>C&rsquo;est lui, par exemple, qui m&rsquo;a dit de continuer \u00e0 sourire et \u00e0 plaisanter avec Angelo quand celui-ci fait le \u00ab&nbsp;bout\u00eate&nbsp;\u00bb ou commence \u00e0 pleurer. Si on le plaint, si on est inquiet de le voir changer d&rsquo;humeur, en fait, on l&rsquo;inqui\u00e8te et on le conforte dans son inconfort, son stress, son mal-\u00eatre. Si, au contraire, on le bombarde d&rsquo;\u00e9nergie positive quand son humeur vacille, tr\u00e8s souvent il reprend le sourire, par mim\u00e9tisme, peut-\u00eatre, par contagion aussi.<\/p>\n\n\n\n<p>C&rsquo;est exactement comme quand, avec un cheval, on aborde des endroits stressants. Si on est cool, s\u00fbr de soi, enjou\u00e9, plein de bonne \u00e9nergie, on arrive souvent \u00e0 vaincre les r\u00e9ticences du cheval peureux. Si on anticipe, au contraire, sa peur et son stress, on le fait stresser encore plus, car il se dit qu&rsquo;il a raison d&rsquo;avoir peur&#8230;<\/p>\n\n\n\n<p>C&rsquo;est ce c\u00f4t\u00e9 rassurant affectivement qui est semblable dans mon r\u00f4le de \u00ab&nbsp;maman&nbsp; \u00e9quine&nbsp;\u00bb et de \u00ab&nbsp;maman humaine&nbsp;\u00bb. Donner un maximum de s\u00e9curit\u00e9 affective \u00e0 l&rsquo;\u00eatre dont on est responsable. Cela lui donne confiance en lui et le rend capable d&rsquo;avancer plus facilement sur le chemin de sa vie, sans crainte. La confiance en soi vient de la confiance qu&rsquo;on a dans ses parents, je pense. Les premiers \u00eatres qui s&rsquo;occupent de nous.<strong>\u00ab&nbsp;Ceux qui nous \u00e9l\u00e8vent sont ceux qui nous \u00e9l\u00e8vent.&nbsp;\u00bb&nbsp;<\/strong>Jeu de mot qui vient de la chanson de Calogero&nbsp;:  \u00abFondamental&nbsp;\u00bb.<\/p>\n\n\n\n<p><em><strong>Fondamental<\/strong><\/em><\/p>\n\n\n\n<p><em><strong>Calogero<\/strong><\/em><\/p>\n\n\n\n<p><em>\u00ab&nbsp;On a tous&nbsp;<br>Une chanson d&rsquo;Souchon qui nous tra\u00eene&nbsp;<br>Un vieux col roul\u00e9 qui nous g\u00e8ne&nbsp;<br>Une rentr\u00e9e, une odeur de trousse&nbsp;<br>Dans nos souvenirs, on a tous&nbsp;<br>Toutes ces choses qui durent et qui tiennent&nbsp;<br>Un vieux poster de Saint-\u00c9tienne&nbsp;<br>Des mots qui nous ont d\u00e9molis&nbsp;<br>Des \u00ab\u00a0je pr\u00e9f\u00e8re qu&rsquo;on reste amis\u00a0\u00bb&nbsp;<\/em><\/p>\n\n\n\n<p><em><strong>Toutes ces pierres sur lesquelles on se hisse&nbsp;<br>Et qui font de nous un \u00e9difice&nbsp;<\/strong><br>On a tous au fond du mental&nbsp;<br>Toutes ces choses fondamentales&nbsp;<br><strong>Toutes ces personnes n\u00e9es dans le pass\u00e9&nbsp;<br>Qui nous poussent et qui nous font pousser&nbsp;<\/strong><br>Cach\u00e9es l\u00e0 au fond du mental&nbsp;<br>Ce sont les choses fondamentales&nbsp;<\/em><\/p>\n\n\n\n<p><em>On a tous&nbsp;<br>Une bonne odeur de tarte aux pommes&nbsp;<br>Une chanson super en automne&nbsp;<br>Un vieux couloir qui fout la frousse&nbsp;<br>Dans nos souvenirs, on a tous&nbsp;<br>Une amoureuse en coll\u00e9gienne&nbsp;<br>Des pr\u00e9noms qui soudain reviennent&nbsp;<br>Devant des vielles photos d&rsquo;\u00e9l\u00e8ves&nbsp;<\/em><\/p>\n\n\n\n<p><em><strong>Ce qui nous a \u00e9lev\u00e9 nous \u00e9l\u00e8ve&nbsp;<\/strong><\/em><\/p>\n\n\n\n<p><em>Toutes ces pierres sur lesquelles on se hisse&nbsp;<br>Et qui font de nous un \u00e9difice&nbsp;<br>On a tous au fond du mental&nbsp;<br>Toutes ces choses fondamentales&nbsp;<br>Toutes ces personnes n\u00e9es dans le pass\u00e9&nbsp;<br>Qui nous poussent et qui nous font pousser&nbsp;<br>Cach\u00e9es l\u00e0 au fond du mental&nbsp;<br>Ce sont les choses fondamentales&nbsp;<\/em><\/p>\n\n\n\n<p><em>Si un jour je me d\u00e9saccorde&nbsp;<br>M\u00eame perdu, d\u00e9boussol\u00e9&nbsp;<br>Je ferai r\u00e9sonner la corde&nbsp;<br>La note sur laquelle j&rsquo;ai pouss\u00e9&nbsp;<\/em><\/p>\n\n\n\n<p><em>Toutes ces pierres sur lesquelles on se hisse&nbsp;<br>Et qui font de nous un \u00e9difice&nbsp;<br>On a tous au fond du mental&nbsp;<br>Toutes ces choses fondamentales&nbsp;<br>Toutes ces personnes n\u00e9es dans le pass\u00e9&nbsp;<br>Qui nous poussent et qui nous font pousser&nbsp;<br>Cach\u00e9es l\u00e0 au fond du mental&nbsp;<br>Ce sont les choses fondamentales&nbsp;<\/em><\/p>\n\n\n\n<p><em>On a tous&nbsp;<br>Toutes ces choses fondamentales&nbsp;\u00bb<\/em><\/p>\n\n\n\n<p><em>(Titre&nbsp;: Fondamental<\/em><\/p>\n\n\n\n<p><a href=\"https:\/\/www.google.com\/search?q=calogero+fondamental+artiste&amp;stick=H4sIAAAAAAAAAOPgE-LVT9c3NEwzsCjPSzfM01LKTrbSzy0tzkzWL0pNzi9KycxLj0_OKS0uSS2ySiwqySwuAQABjK7YNQAAAA&amp;sa=X&amp;ved=2ahUKEwjvs7ea67XeAhUQuRoKHfQnBq8Q6BMoADADegQICBAN\"><em>Artiste<\/em><\/a><em>&nbsp;:&nbsp;<\/em><a href=\"https:\/\/www.google.com\/search?q=Calogero&amp;stick=H4sIAAAAAAAAAOPgE-LVT9c3NEwzsCjPSzfMU-LUz9U3MElKKy_XUspOttLPLS3OTNYvSk3OL0rJzEuPT84pLS5JLbJKLCrJLC4BAGuOZ8hAAAAA&amp;sa=X&amp;ved=2ahUKEwjvs7ea67XeAhUQuRoKHfQnBq8QmxMoATADegQICBAO\"><em>Calogero<\/em><\/a><\/p>\n\n\n\n<p><a href=\"https:\/\/www.google.com\/search?q=calogero+fondamental+album&amp;stick=H4sIAAAAAAAAAOPgE-LVT9c3NEwzsCjPSzfM01LPTrbSzy0tzkzWL0pNzi9KycxLj0_OKS0uSS2ySsssKi5RSMxJKs0FAA_vGXw6AAAA&amp;sa=X&amp;ved=2ahUKEwjvs7ea67XeAhUQuRoKHfQnBq8Q6BMoADAEegQICBAR\"><em>Album<\/em><\/a><em>&nbsp;:&nbsp;<\/em><a href=\"https:\/\/www.google.com\/search?q=Calogero+Libert%E9+ch%E9rie&amp;stick=H4sIAAAAAAAAAOPgE-LVT9c3NEwzsCjPSzfMU4JyK82TC01TLLTUs5Ot9HNLizOT9YtSk_OLUjLz0uOTc0qLS1KLrNIyi4pLFBJzkkpzAWHAvgVJAAAA&amp;sa=X&amp;ved=2ahUKEwjvs7ea67XeAhUQuRoKHfQnBq8QmxMoATAEegQICBAS\"><em>Libert\u00e9 ch\u00e9rie<\/em><\/a><\/p>\n\n\n\n<p><a href=\"https:\/\/www.google.com\/search?q=calogero+fondamental+date+de+sortie&amp;stick=H4sIAAAAAAAAAOPgE-LVT9c3NEwzsCjPSzfM09LITrbSzy0tzkzWL0pNzi9KycxLj0_OKS0uSS2yKkrNSU0sTlVISSxJBQA7E53BOwAAAA&amp;sa=X&amp;ved=2ahUKEwjvs7ea67XeAhUQuRoKHfQnBq8Q6BMoADAFegQICBAV\"><em>Date de sortie<\/em><\/a><em>&nbsp;:&nbsp;2017)<\/em><\/p>\n\n\n\n<p><br>Ainsi mon comportement de m\u00e8re est venu tout de suite, quasiment. J&rsquo;ai juste fait comme avec les chevaux. Finalement, je suis maman depuis Maestoso, depuis avril 2004. J&rsquo;ai eu 14 ann\u00e9es d&rsquo;entra\u00eenement&nbsp;! Les chevaux m&rsquo;ont vraiment appris bien des choses dans la vie&#8230;<\/p>\n\n\n\n<p><br><strong>2. Comment communiquer&nbsp;?<\/strong><\/p>\n\n\n\n<p>Je ne lis ni de livres, ni magasines sur l&rsquo;\u00e9ducation. Je ne veux pas que trop de th\u00e9ories ext\u00e9rieures viennent coloniser mon mental et ma raison. Depuis qu&rsquo;Angelo est con\u00e7u, je cherche moi-m\u00eame les r\u00e9ponses aux questions que je me pose aupr\u00e8s des sources qui me semblent les plus adapt\u00e9es \u00e0 notre cas. Et lorsque des personnes me conseillent, je ne prends que ce qui me va.<\/p>\n\n\n\n<p>Mais la plupart des r\u00e9ponses, je les trouve en moi, dans mon c\u0153ur. C&rsquo;est l\u00e0 qu&rsquo;il me parle le mieux pour l&rsquo;instant, mon petit ange, mon b\u00e9b\u00e9 d&rsquo;amour. M\u00eame si un jour (de plus en plus proche !), il parlera avec des mots compr\u00e9hensibles&nbsp;!<\/p>\n\n\n\n<p>Pour l&rsquo;instant, il a cela en commun avec les animaux et les chevaux que je peux lui parler, mais que je ne peux recevoir que des r\u00e9ponses cod\u00e9es&nbsp;: des comportements, du langage corporel, des \u00e9motions, des sons tr\u00e8s simples. (Petite exception en ce qui concerne Angelo, il exprime de plus en plus de syllabes et de mots, qu&rsquo;il apprend en r\u00e9p\u00e9tant et dont il int\u00e8gre, petit \u00e0 petit la signification.) Tout cela ne se d\u00e9code pas par la connaissance rationnelle, le mental pur. C&rsquo;est plus profond, plus intime. C&rsquo;est dans le c\u0153ur que j&rsquo;entends ce qu&rsquo;il me dit (ce qu&rsquo;ils me disent). Et \u00e7a, personne ne peut me l&rsquo;apprendre.<\/p>\n\n\n\n<p>Ceux qui me l&rsquo;ont appris, en r\u00e9alit\u00e9, ce sont mes chevaux. D&rsquo;abord&nbsp;<strong>Kolina&nbsp;<\/strong>qui m&rsquo;a oblig\u00e9e \u00e0 l&rsquo;\u00e9couter vraiment, en me bouchant les oreilles \u00e0 toute le reste, et \u00e0 ne me fier qu&rsquo;\u00e0 mon intuition et aux ressentis qu&rsquo;elle m&rsquo;insufflait. Je lui dois tellement. C&rsquo;est mon alter ego. Elle est rentr\u00e9e dans ma vie pour me faire progresser sur le chemin de mon c\u0153ur.<\/p>\n\n\n\n<p><strong>Duende<\/strong>, qui fut mon premier prototype d&rsquo;enfant, a confort\u00e9 mes apprentissages. Il me prouva v\u00e9ritablement qu&rsquo;en commen\u00e7ant d\u00e8s le d\u00e9part par cette m\u00e9thode du c\u0153ur, les r\u00e9sultats sont surprenants. L&rsquo;enfant se d\u00e9veloppe admirablement bien, en \u00e9tant exceptionnellement dou\u00e9 et heureux. N&rsquo;est-ce pas ce que chaque parent souhaite pour son enfant&nbsp;? Parvenir \u00e0 l&rsquo;\u00e9lever dans le bonheur, \u00e0 le comprendre, le valoriser, dans un cadre s\u00e9curisant, rassurant, qui l&rsquo;\u00e9l\u00e8ve et qui s&rsquo;adapte \u00e0 lui, \u00e0 ses besoins, \u00e0 son caract\u00e8re.<\/p>\n\n\n\n<p>Merci, mes chevaux, de m&rsquo;avoir appris le \u00ab&nbsp;m\u00e9tier&nbsp;\u00bb de Maman qui ne s&rsquo;apprend nul part.&nbsp;<\/p>\n\n\n\n<p><strong>3. \u00catre maman&nbsp;: aimer, rassurer, cadrer<\/strong><\/p>\n\n\n\n<p><strong>1\u00e8re ann\u00e9e de Maman<\/strong><\/p>\n\n\n\n<p>J&rsquo;ai d\u00e9j\u00e0 parl\u00e9 du r\u00f4le de leader que j&rsquo;ai aupr\u00e8s de mes chevaux et que j&rsquo;ai eu d&#8217;embl\u00e9e avec mon enfant. Un leader bienveillant, c\u00e2lin, rassurant.<\/p>\n\n\n\n<p>\u00c7a, c&rsquo;\u00e9tait la maman jusqu&rsquo;\u00e0 ce qu&rsquo;Angelo f\u00eate son premier anniversaire. Mon r\u00f4le se limitait surtout \u00e0 lui assurer en plus d&rsquo;un bien-\u00eatre mat\u00e9riel, un r\u00e9el bien \u00eatre psychologique et une s\u00e9curit\u00e9 affective. Il peut compter sur moi dans toutes les circonstance, et \u00e0 tout moment.<\/p>\n\n\n\n<p>Je suis son anti-stress, qui rassure, console, c\u00e2line comme je le fais depuis toujours avec mes chevaux. Notamment avec Duende, que j&rsquo;ai eu b\u00e9b\u00e9 et qui a \u00e9t\u00e9 \u00e9lev\u00e9 sous une pluie de c\u00e2lins et une s\u00e9curit\u00e9 affective dont je retire les b\u00e9n\u00e9fices chaque jour. C&rsquo;est un \u00ab&nbsp;poney&nbsp;\u00bb d&rsquo;une douceur et d&rsquo;une gentillesse exceptionnelles. Il ne connait pas la violence, ni les contraintes.<\/p>\n\n\n\n<p>Mais l\u00e0, je vous entends venir tout de suite. \u00ab&nbsp;On ne peut pas \u00e9lever un enfant sans contraintes, sous peine d&rsquo;en faire un enfant roi, il lui faut des limites&nbsp;! Etc&nbsp;\u00bb J&rsquo;entends cela parfaitement. C&rsquo;est pour cette raison que j&rsquo;en viens \u00e0 ma deuxi\u00e8me partie&nbsp;: \u00e0 partie de 1 an commence l&rsquo;\u00e9ducation, qui compl\u00e8te le maternage simple.<\/p>\n\n\n\n<p><strong>2\u00e8me ann\u00e9e de Maman<\/strong><\/p>\n\n\n\n<p>Tout comme un cheval, en plus d&rsquo;une s\u00e9curit\u00e9 affective, un enfant a besoin de limites, d&rsquo;un cadre, d&rsquo;une \u00e9ducation. Il doit savoir ce qui est autoris\u00e9 et ce qui ne l&rsquo;est pas. Sinon, c&rsquo;est non seulement l&rsquo;anarchie, mais cela repr\u00e9sente un v\u00e9ritable danger vital pour l&rsquo;enfant, tout comme pour ses parents, de la m\u00eame mani\u00e8re qu&rsquo;un cheval non \u00e9duqu\u00e9 est un vrai danger tant pour lui que pour l&rsquo;entourage.<\/p>\n\n\n\n<p>Avec mes chevaux, j&rsquo;ai toujours appliqu\u00e9 la maxime&nbsp;:&nbsp;<strong>\u00ab&nbsp;une main de fer dans un gant de velours&nbsp;\u00bb<\/strong>. Le respect doit \u00eatre r\u00e9ciproque, ce n&rsquo;est pas n\u00e9gociable.<\/p>\n\n\n\n<p><strong>Exemples<\/strong><\/p>\n\n\n\n<p><strong>KOLINA<\/strong><\/p>\n\n\n\n<p>Quand elle s&rsquo;impatiente lorsque je la panse et la selle, elle se met \u00e0 faire des aller-retours au bout de sa longe, que je sois sur son passage ou pas. Inadmissible. Je me f\u00e2che, je la gronde, en \u00ab&nbsp;gueulant&nbsp;\u00bb un bon coup s&rsquo;il le faut&nbsp;! En g\u00e9n\u00e9ral, elle s&rsquo;immobilise, vex\u00e9e et baisse la t\u00eate, comme si elle avait honte. Alors je la rassure et la f\u00e9licite.&nbsp;<\/p>\n\n\n\n<p>De m\u00eame, quand elle bougeait les pieds, \u00e0 l&rsquo;\u00e9poque, lorsque je les curais, les limais ou les graissais. Avec ses 650 kg, je vous laisse imaginer les dommages pour mon dos lorsqu&rsquo;elle se d\u00e9battait et voulait reposer le pied avant que l&rsquo;y autorise. Je montais la voix. Depuis, elle le fait de moins en moins. Elle me respecte.<\/p>\n\n\n\n<p>Et pendant la grossesse, elle s&rsquo;est transform\u00e9e en agneau et en statue pour que je puisse lui faire les pieds en toute s\u00e9curit\u00e9 et sans me fatiguer.<\/p>\n\n\n\n<p><strong>DUENDE<\/strong><\/p>\n\n\n\n<p>Une fois d\u00e9bourr\u00e9, tout en douceur, il n&rsquo;avait aucune crainte du tapis et de la selle. Pourtant, plusieurs mois et ann\u00e9es apr\u00e8s, parfois, quand j&rsquo;approche avec le tapis, il recule. Or comme je le selle souvent en libert\u00e9 dans la carri\u00e8re, il est \u00e9videmment en position de force. Je dois lui rappeler les r\u00e8gles. Le tapis \u00e7a ne fait ni peur, ni mal. J&rsquo;ai d\u00e9cid\u00e9 de le mettre, j&rsquo;utilise toutes les pr\u00e9cautions et attentions pour le mettre. Un \u00ab&nbsp;Non !&nbsp;\u00bb ferme suffit en g\u00e9n\u00e9ral \u00e0 stopper sa marche arri\u00e8re. Il se rappelle que \u00e7a, il n&rsquo;a pas le droit&nbsp;!<\/p>\n\n\n\n<p>Dans son apprentissage, je ne l&rsquo;ai jamais forc\u00e9, ce qui ne signifie pas qu&rsquo;on ne progresse pas. Lorsque je lui propose un nouvel exercice, soit il le fait d&#8217;embl\u00e9e, et super bien, auquel cas, je le f\u00e9licite g\u00e9n\u00e9reusement et passe au suivant, soit il refuse. Ce n&rsquo;est jamais un caprice car il ne sait pas ce qu&rsquo;est un caprice. Etant donn\u00e9 ma fa\u00e7on de proc\u00e9der avec lui, avec le \u00ab happy learning&nbsp;\u00bb, nous ne sommes jamais en conflit et en confrontation. Donc s&rsquo;il refuse, ce n&rsquo;est pas par esprit d&rsquo;opposition, c&rsquo;est parce qu&rsquo;il n&rsquo;est pas pr\u00eat. Je n&rsquo;insiste pas, mais renouvelle ma proposition une semaine ou un mois plus tard. Alors soit il est pr\u00eat et le fait nickel, soit il ne peut toujours pas.<\/p>\n\n\n\n<p>Mais il n&rsquo;est pour autant pas en retard. Au contraire&nbsp;! Depuis qu&rsquo;il a 4 ans, je le monte \u00e0 cru sans rien (ni licol, ni filet, ni cordelette) en carri\u00e8re aux trois allures, plus l&rsquo;arr\u00eat et le recul\u00e9. Je sors en balade dehors seule avec lui, en main depuis ses 9 mois, mont\u00e9 depuis son d\u00e9bourrage \u00e0 3 ans. Il me t\u00e9moigne une confiance et un respect inimaginables.<\/p>\n\n\n\n<p><strong>LE LIEN AVEC MON FILS, ANGELO<\/strong><\/p>\n\n\n\n<p><strong>Je ne le force jamais, je lui propose et attends sa r\u00e9action<\/strong><\/p>\n\n\n\n<p>Pour la marche, par exemple, bien qu&rsquo;il avan\u00e7ait debout avec son trotteur et en se tenant aux meubles d\u00e8s ses 11 mois, il ne fut pas pr\u00eat pour marcher seul avant ses 13 mois. Nous avons essay\u00e9 de lui montrer, en lui tenant les mains, qu&rsquo;il pouvait marcher sans avoir d&rsquo;appui devant lui. Il se remettait imm\u00e9diatement \u00e0 4 pattes. Nous n&rsquo;insistions pas, mais nous lui reproposions r\u00e9guli\u00e8rement. Un jour, il fut pr\u00eat et en eut envie tout seul. Il se mit \u00e0 marcher, super bien, avec \u00e9nergie et enthousiasme. Le temps qui avait pass\u00e9 avant de se lancer seul, lui avait permit d&rsquo;acqu\u00e9rir assurance et s\u00e9curit\u00e9. Il a toujours mis les mains quand il tombait en avant ou en arri\u00e8re, ce qui lui a permis de marcher sans se faire mal et, du coup, sans jamais se sentir en danger.<\/p>\n\n\n\n<p><strong>Je pose des limites, un cadre, avec des interdits indiscutables<\/strong><\/p>\n\n\n\n<p>Par s\u00e9curit\u00e9 (vitale ou simplement d&rsquo;hygi\u00e8ne, pour lui comme pour les autres), il y a des interdits. Ne pas recracher la nourriture qu&rsquo;il a dans la bouche, ni la jeter par terre. Ne pas mordre, ni pincer, ni tirer les cheveux. Ne pas enlever un pansement ou sa casquette en plein soleil, ni ses chaussures&nbsp;! Ne pas ouvrir les tiroirs de la cuisine, pas plus que toucher les poubelles (et encore moins les vider de leur contenu !).<\/p>\n\n\n\n<p>Ce n&rsquo;est pas n\u00e9gociable. Et s&rsquo;il pleure quand on dit \u00ab&nbsp;Non&nbsp;!&nbsp;\u00bb, tant pis. C&rsquo;est comme \u00e7a. C&rsquo;est nous qui mettons les r\u00e8gles parce que nous sommes des adultes responsables de sa s\u00e9curit\u00e9, comme de la notre. Petit \u00e0 petit, il comprend qu&rsquo;il ne peut pas, m\u00eame s&rsquo;il retente souvent la chose interdite pour se convaincre de la solidit\u00e9 de nos \u00ab&nbsp;portails oraux&nbsp;\u00bb.&nbsp;<\/p>\n\n\n\n<p><em><strong>Interdit aux b\u00e9b\u00e9s<\/strong><\/em><\/p>\n\n\n\n<p><a href=\"https:\/\/www.google.com\/search?q=Michel+Sardou&amp;stick=H4sIAAAAAAAAAONgVuLUz9U3MEkyrjRdxMrrm5mckZqjEJxYlJJfCgAjTxPgHQAAAA&amp;sa=X&amp;ved=2ahUKEwi5h_yywKLiAhUbAmMBHaKtABAQMTAAegQIChAF\"><em><strong>Michel Sardou<\/strong><\/em><\/a><\/p>\n\n\n\n<p><em>J&rsquo;vais vous raconter c&rsquo;qui m&rsquo;est arriv\u00e9<br>La premi\u00e8re fois qu&rsquo;je suis sorti de mon parc en bois<br>A la d\u00e9couverte de l&rsquo;appartement,<br>Mon premier univers d&rsquo;enfant.<\/em><\/p>\n\n\n\n<p><em>J&rsquo;ai d&rsquo;abord march\u00e9 \u00e0 pied<br>Sur quatre pieds, les yeux riv\u00e9s<br>Sur un cheval m\u00e9canique<br>Qui \u00e9tait dans ma chambre \u00e0 coucher,<br>Et comme tout se passait bien,<br>J&rsquo;ai voulu m&rsquo;avancer plus loin<br>Mais quand j&rsquo;ai pris l&rsquo;escalier,<br>Une voix tr\u00e8s forte a cri\u00e9<\/em><\/p>\n\n\n\n<p><em>\u00ab\u00a0Pas dans l&rsquo;escalier, interdit aux b\u00e9b\u00e9s!\u00a0\u00bb<br>\u00ab\u00a0Pas sur le palier, interdit aux b\u00e9b\u00e9s!\u00a0\u00bb<br>\u00ab\u00a0Sors de la cuisine, interdit aux b\u00e9b\u00e9s!\u00a0\u00bb<br>\u00ab\u00a0Touche pas la t\u00e9l\u00e9, interdit aux b\u00e9b\u00e9s!\u00a0\u00bb<br>Et comme tout c&rsquo;qui brille, c&rsquo;est pas pour les b\u00e9b\u00e9s,<br>Mais dites-moi ce qui reste aux b\u00e9b\u00e9s?<\/em><\/p>\n\n\n\n<p><em>On a beau nous adorer,<br>Nous chouchouter, nous dorloter,<br>On n&rsquo;a pas une heure \u00e0 soi.<br>On est sans arr\u00eat surveill\u00e9<br>Et quand on nous laisse enfin,<br>Il faut dormir jusqu&rsquo;au lendemain<br>Mais si jamais dans la nuit<br>On pousse un cri, c&rsquo;est reparti<\/em><\/p>\n\n\n\n<p><em>\u00ab\u00a0On ne peut pas r\u00eaver, interdit aux b\u00e9b\u00e9s!\u00a0\u00bb<br>\u00ab\u00a0On ne peut pas s&rsquo;lever, interdit aux b\u00e9b\u00e9s!\u00a0\u00bb<br>\u00ab\u00a0On ne peut pas boire seul, interdit aux b\u00e9b\u00e9s!\u00a0\u00bb<br>\u00ab\u00a0On ne peut rien manger, interdit aux b\u00e9b\u00e9s!\u00a0\u00bb<br>Et comme tout c&rsquo;qui est bon, c&rsquo;est pas pour les b\u00e9b\u00e9s,<br>Mais dites-moi ce qui reste aux b\u00e9b\u00e9s?<\/em><\/p>\n\n\n\n<p><em>\u00ab\u00a0Pas dans l&rsquo;escalier, interdit aux b\u00e9b\u00e9s!\u00a0\u00bb<br>\u00ab\u00a0Pas sur le palier, interdit aux b\u00e9b\u00e9s!\u00a0\u00bb<br>\u00ab\u00a0Sors de la cuisine, interdit aux b\u00e9b\u00e9s!\u00a0\u00bb<br>\u00ab\u00a0Touche pas la t\u00e9l\u00e9, interdit aux b\u00e9b\u00e9s!\u00a0\u00bb<br>Et comme tout c&rsquo;qui brille, c&rsquo;est pas pour les b\u00e9b\u00e9s,<br>Mais dites-moi ce qui reste aux b\u00e9b\u00e9s?<\/em><\/p>\n\n\n\n<p><em>Paroliers&nbsp;: Jacques Abel Jules Revaud \/ Michel Charles Sardou<\/em><\/p>\n\n\n\n<p><em>Paroles de Interdit aux b\u00e9b\u00e9s \u00a9 Universal Music Publishing Group<\/em><\/p>\n\n\n\n<p><strong>Je lui apprends \u00e0 ne pas faire mal, ni \u00e0 se faire mal, d&rsquo;ailleurs.<\/strong><\/p>\n\n\n\n<p>Les chevaux, comme les enfants, ne savent pas de fa\u00e7on inn\u00e9e ce qui peut faire mal \u00e0 autrui, pas plus que ce qui peut leur faire mal \u00e0 eux-m\u00eame. C&rsquo;est au gardien\/parent de leur apprendre. En cela, mon exp\u00e9rience des chevaux a encore une fois \u00e9t\u00e9 tr\u00e8s utile.<\/p>\n\n\n\n<p>Un cheval mordille et bouscule pour jouer. Il faut lui faire comprendre qu&rsquo;on n&rsquo;accepte pas ces pratiques, que pour nous ce n&rsquo;est pas un jeu. Comme cela, il cesse rapidement de le faire. Par contre, si on ne r\u00e9agit pas et qu&rsquo;on le laisse faire, il int\u00e8gre que c&rsquo;est normal et admis et continue, souvent en accentuant ses comportements.<\/p>\n\n\n\n<p>Un enfant, c&rsquo;est pareil. Il ne sait pas que mordre, griffer, bousculer, tirer les cheveux fait mal \u00e0 l&rsquo;autre. Il faut le lui interdire d&#8217;embl\u00e9e. Quitte \u00e0 \u00eatre mordu en retour quand il mord afin qu&rsquo;il ressente que \u00e7a fait mal&nbsp;! Il int\u00e8gre ainsi que ce n&rsquo;est pas admis.&nbsp;<\/p>\n\n\n\n<p>Quant \u00e0 se faire mal lui-m\u00eame, l\u00e0 encore, il faut prot\u00e9ger l&rsquo;animal et l&rsquo;enfant de son inconscience et de sa m\u00e9connaissance du danger. En la mati\u00e8re, mieux vaut pr\u00e9venir que gu\u00e9rir. C&rsquo;est au gardien\/parent de s\u00e9curiser l&rsquo;environnement, l&rsquo;espace, les objets qui entourent le cheval\/ enfant. Trou, piquets, fils de fer, etc, pour un cheval. Escalier, tiroir, casseroles, etc, pour un enfant.<\/p>\n\n\n\n<p>Il faut s\u00e9curiser les lieux dans lesquels il \u00e9volue, jusqu&rsquo;\u00e0 ce que la s\u00e9curit\u00e9 soit suffisamment int\u00e9gr\u00e9e par l&rsquo;enfant\/ cheval, pour qu&rsquo;il se montre r\u00e9ellement prudent, en confiance et \u00e0 l&rsquo;\u00e9coute, et ne risque plus de se blesser. C&rsquo;est \u00e7a l&rsquo;\u00e9ducation. Permettre de faire entrer la s\u00e9curit\u00e9, les r\u00e8gles de s\u00e9curit\u00e9 dans la conscience de l&rsquo;enfant\/ cheval&#8230; Cela prend du temps. Cela peut \u00eatre rapide comme interminable. Tout d\u00e9pend du lien de confiance, de l&rsquo;\u00e9coute, entre l&rsquo;&nbsp;\u00ab&nbsp;apprenant&nbsp;\u00bb et l&rsquo;&nbsp;\u00ab&nbsp;\u00e9ducateur&nbsp;\u00bb&#8230;<\/p>\n\n\n\n<p><strong>4. Il n&rsquo;y a pas de caprices<\/strong><\/p>\n\n\n\n<p>Une fois que l&rsquo;on connait son cheval ou son enfant, les caprices sont rarissimes. Si le comportement de l&rsquo;enfant ou du cheval ne sont pas comme d&rsquo;habitude, c&rsquo;est que quelque chose ne va pas. Je lis actuellement, plut\u00f4t par curiosit\u00e9, mais \u00e9galement par int\u00e9r\u00eat pour une philosophie que je sais proche de la mienne, un livre de Maria Montessori qui explique tr\u00e8s bien ce qui se cache derri\u00e8re ce que les adultes prennent pour des caprices&#8230; Je ne le d\u00e9velopperai pas ici, car je veux laisser parler mon c\u0153ur et non les th\u00e9ories de professionnels, aussi sens\u00e9es soient-elles.<\/p>\n\n\n\n<p><strong>Exemples chez Angelo :<\/strong><\/p>\n\n\n\n<p>S&rsquo;il ne veut pas manger ou dormir alors que le rituel est bien suivi, c&rsquo;est que quelque chose le perturbe. Il peut s&rsquo;agir des dents qui font mal, de la couche qui est pleine, de la fi\u00e8vre qui est arriv\u00e9e subitement&#8230; Ce n&rsquo;est jamais un caprice. Donc je ne me f\u00e2che plus, ou le moins possible. Je cherche d&rsquo;abord \u00e0 comprendre, \u00e0 trouver la source de la perturbation. Et plus les mois passent, plus je trouve facilement. Cela n&rsquo;est jamais un trait de mauvais caract\u00e8re.<\/p>\n\n\n\n<p>Parfois, il est soudain ronchon sans cause. On d\u00e9couvre alors qu&rsquo;il a 39 de fi\u00e8vre. Certaines fois, il ne peut pas s&rsquo;endormir, et fait la java dans son lit. En fait, il vient de faire un gros caca, qu&rsquo;il n&rsquo;avait pas encore lorsqu&rsquo;on l&rsquo;a couch\u00e9. En f\u00e9vrier 2019, Angelo a eu du mal \u00e0 manger plusieurs semaines durant. Il gardait dans la bouche, pleurait beaucoup. Nous ne comprenions pas du tout ce qui lui arrivait, lui qui a d&rsquo;habitude un app\u00e9tit d&rsquo;ogre. On a fini par d\u00e9couvrir que ses pr\u00e9-molaires du haut per\u00e7aient alors que nous ne nous y attendions pas&nbsp;! La liste serait encore longue&#8230;<\/p>\n\n\n\n<p><strong>Exemples chez les chevaux&nbsp;:<\/strong><\/p>\n\n\n\n<p>Il m&rsquo;est arriv\u00e9 que Duende ne veuille pas du tout ouvrir la bouche pour mettre le filet, et m\u00eame qu&rsquo;il se f\u00e2che si j&rsquo;insiste, alors que c&rsquo;est contraire \u00e0 son habitude. En cherchant un peu, je d\u00e9couvrais alors qu&rsquo;il avait une dent ou deux qui bougeaient et \u00e9taient en train de tomber (ce qui arrive r\u00e9guli\u00e8rement chez les chevaux entre deux et cinq ans).<\/p>\n\n\n\n<p>Toujours avec Duende, les premi\u00e8res ann\u00e9es, il s&rsquo;arr\u00eatait tr\u00e8s souvent en pleine balade, sans ce que comprenne pourquoi sur le coup. En l&rsquo;observant bien et en d\u00e9cryptant son langage corporel, je r\u00e9alisais alors qu&rsquo;il avait vu ou entendu quelque chose au loin que je n&rsquo;avais pas remarqu\u00e9 et qui l&rsquo;intriguait. Il avait besoin de comprendre de quoi il s&rsquo;agissait, puis d&rsquo;\u00eatre rassur\u00e9, r\u00e9confort\u00e9, avant de repartir de son pas vaillant. Il en est de m\u00eame dans les passages difficiles en ext\u00e9rieur, que ce soit avec Kolina ou Duende.<\/p>\n\n\n\n<p>Je pourrai aussi citer l&rsquo;exemple du van. C&rsquo;est souvent long et compliqu\u00e9 de faire monter Duende ou Kolina dans le van. S&rsquo;\u00e9nerver et les forcer ne r\u00e9sout rien. Il est normal pour un cheval que la perspective de se retrouver bloqu\u00e9 dans un espace aussi \u00e9troit sans possibilit\u00e9 de fuir ou de faire demi-tout l&rsquo;angoisse. Le cheval a besoin de nous faire totalement confiance et d&rsquo;\u00eatre rassur\u00e9 abondamment pour accepter cette \u00e9norme contrainte \u00e0 la fois psychologique et physique. Un cheval qui ne veut pas monter dans le van n&rsquo;est pas un cheval capricieux, c&rsquo;est un cheval extr\u00eamement angoiss\u00e9.<\/p>\n\n\n\n<p><strong>5. Encore d&rsquo;autres comparaisons.<\/strong>..<br><br><\/p>\n\n\n\n<p><strong>Donner un m\u00e9dicament<\/strong><\/p>\n\n\n\n<p>Quand Angelo ne veut pas prendre en bouche la pipette de doliprane, car il est trop \u00e9nerv\u00e9 de douleur (dent, colique, varicelle, etc) comment faire&nbsp;? Comme avec les chevaux&nbsp;! Je mets un doigts dans la bouche entre les gencives, l\u00e0 o\u00f9 il n&rsquo;y a pas encore de dents et j&rsquo;\u00e9carte les m\u00e2choires&#8230; Je mets la pipette sur le c\u00f4t\u00e9 de la bouche, j&rsquo;appuie sur le poussoir, afin que le liquide coule dans la joue. Angelo avale alors petit \u00e0 petit, sans risquer de s&rsquo;\u00e9touffer avec un liquide qui arriverait trop vite d&rsquo;un coup dans la gorge. J&rsquo;ai toujours fait comme \u00e7a avec les chevaux, notamment pour le vermifuge&nbsp;! Du coup, pour Angelo, je ne me suis m\u00eame pas pos\u00e9 la question&nbsp;!<\/p>\n\n\n\n<p><strong>Couper les ongles<\/strong><\/p>\n\n\n\n<p>L\u00e0, je m&rsquo;inspire \u00e0 la fois des lapins, cobayes que des chevaux. Quand je prenais la main d&rsquo;Angelo pour lui couper les ongles, jusqu&rsquo;\u00e0 ses 16 mois environ, il d\u00e9testait que je l&rsquo;immobilise de la sorte. \u00c7a le stressait et l&rsquo;\u00e9nervait&nbsp;! Je lui expliquais alors que s&rsquo;il bougeait, non seulement je risquais de lui faire mal, mais qu&rsquo;en plus que \u00e7a allait durer beaucoup plus longtemps (ce que j&rsquo;ai toujours expliqu\u00e9 aussi \u00e0 Duende et Kolina, ainsi qu&rsquo;\u00e0 mes rongeurs, lorsqu&rsquo;ils gigotaient et s&rsquo;impatientaient, quand je leur tenais le pied ou la patte). Apr\u00e8s chaque doigt (comme apr\u00e8s chaque pied pour un cheval), je f\u00e9licitais Angelo, pour l&rsquo;encourager et pour qu&rsquo;il continue \u00e0 \u00eatre sage jusqu&rsquo;au bout. Je renfor\u00e7ais mes mimiques positives, mes sourires, mes encouragement, avec un ton de voix tr\u00e8s enthousiaste&nbsp;!<\/p>\n\n\n\n<p><strong>Habiller\/ seller<\/strong><\/p>\n\n\n\n<p>Habiller un b\u00e9b\u00e9 qui gigote et se d\u00e9bat et seller un cheval qui essaie d&rsquo;esquiver&nbsp;: m\u00eame combat&nbsp;! Inutile de s&rsquo;\u00e9nerver et de chercher \u00e0 contraindre, de forcer&#8230; Sinon on arrive \u00e0 un v\u00e9ritable combat. Le cheval tire au renard et s&rsquo;enfuit. L&rsquo;enfant se met \u00e0 hurler de rage&nbsp;! Alors, comment faire pour arriver quand m\u00eame suivre les mouvements&nbsp;? Avec un cheval, comme avec un enfant, je suis toujours le m\u00eame rituel, je sais que c&rsquo;est rassurant. Il sait ainsi quand est le d\u00e9but et anticipe le d\u00e9roulement du processus qu&rsquo;il trouve si d\u00e9sagr\u00e9able et contraignant. Je ne perds jamais perdre de vu mon objectif, malgr\u00e9 la d\u00e9concentration et le gigotage de la bestiole&nbsp;!!!<br><\/p>\n","protected":false},"excerpt":{"rendered":"<p>(commenc\u00e9 au printemps 2018, compl\u00e9t\u00e9 en mai 2019) I. Les grandes lignes&#8230; \u00ab&nbsp;Quels points communs existe-t-il entre un cheval et un b\u00e9b\u00e9&nbsp;?&nbsp;\u00bb, me diriez-vous&#8230; Beaucoup plus que vous ne le pensez&#8230; Plein&nbsp;! Absolument plein&nbsp;!!! D\u00e9j\u00e0, un cheval, comme un b\u00e9b\u00e9, ne parle pas. Certes, un cheval ne pleure pas quand il souffre ou quand les [&hellip;]<\/p>\n","protected":false},"author":1,"featured_media":1312,"comment_status":"open","ping_status":"closed","template":"","meta":{"_et_pb_use_builder":"off","_et_pb_old_content":"","_et_gb_content_width":"","_mi_skip_tracking":false,"footnotes":""},"project_category":[117],"project_tag":[],"_links":{"self":[{"href":"https:\/\/lisarose-moonpearl.com\/index.php\/wp-json\/wp\/v2\/project\/1314"}],"collection":[{"href":"https:\/\/lisarose-moonpearl.com\/index.php\/wp-json\/wp\/v2\/project"}],"about":[{"href":"https:\/\/lisarose-moonpearl.com\/index.php\/wp-json\/wp\/v2\/types\/project"}],"author":[{"embeddable":true,"href":"https:\/\/lisarose-moonpearl.com\/index.php\/wp-json\/wp\/v2\/users\/1"}],"replies":[{"embeddable":true,"href":"https:\/\/lisarose-moonpearl.com\/index.php\/wp-json\/wp\/v2\/comments?post=1314"}],"version-history":[{"count":4,"href":"https:\/\/lisarose-moonpearl.com\/index.php\/wp-json\/wp\/v2\/project\/1314\/revisions"}],"predecessor-version":[{"id":1986,"href":"https:\/\/lisarose-moonpearl.com\/index.php\/wp-json\/wp\/v2\/project\/1314\/revisions\/1986"}],"wp:featuredmedia":[{"embeddable":true,"href":"https:\/\/lisarose-moonpearl.com\/index.php\/wp-json\/wp\/v2\/media\/1312"}],"wp:attachment":[{"href":"https:\/\/lisarose-moonpearl.com\/index.php\/wp-json\/wp\/v2\/media?parent=1314"}],"wp:term":[{"taxonomy":"project_category","embeddable":true,"href":"https:\/\/lisarose-moonpearl.com\/index.php\/wp-json\/wp\/v2\/project_category?post=1314"},{"taxonomy":"project_tag","embeddable":true,"href":"https:\/\/lisarose-moonpearl.com\/index.php\/wp-json\/wp\/v2\/project_tag?post=1314"}],"curies":[{"name":"wp","href":"https:\/\/api.w.org\/{rel}","templated":true}]}}