{"id":1171,"date":"2019-05-12T22:42:38","date_gmt":"2019-05-12T20:42:38","guid":{"rendered":"http:\/\/lisarose-moonpearl.com\/?post_type=project&#038;p=1171"},"modified":"2019-05-12T22:42:40","modified_gmt":"2019-05-12T20:42:40","slug":"journal-de-bord-dun-petit-ange-tombe-sur-terre-5","status":"publish","type":"project","link":"https:\/\/lisarose-moonpearl.com\/index.php\/project\/journal-de-bord-dun-petit-ange-tombe-sur-terre-5\/","title":{"rendered":"JOURNAL DE BORD D\u2019UN PETIT ANGE tomb\u00e9 sur Terre -5-"},"content":{"rendered":"\n<h2 class=\"wp-block-heading\"><strong>EPISODE 5\u00a0: MON 5\u00e8me MOIS<\/strong><\/h2>\n\n\n\n<p><strong>&#8211; je p\u00e8se 8kg et je mesure 60 cm, environ &#8211;&nbsp;<\/strong><\/p>\n\n\n\n<p>Vendredi 11 mai 2018 au soir, j&rsquo;ai eu exactement 4 mois.<\/p>\n\n\n\n<p><strong>Maman et Papa dorment tout pr\u00e8s&#8230;<\/strong><\/p>\n\n\n\n<p>J&rsquo;ai totalement oubli\u00e9 de vous parler de notre nouvelle configuration, la nuit, depuis le mois dernier. Papa et Maman ont chang\u00e9 le canap\u00e9 du salon pour un convertible, afin de pouvoir dormir plus pr\u00e8s de moi. Il avait \u00e9t\u00e9 livr\u00e9 alors que Maman \u00e9tait seule avec moi, le 12 mars, j&rsquo;avais \u00e0 peine 2 mois. Mais comme les livreurs n&rsquo;avaient pu le faire passer par la porte d&rsquo;entr\u00e9e, ils l&rsquo;avaient laiss\u00e9 dans le garage&#8230;&nbsp;<\/p>\n\n\n\n<p>Apr\u00e8s son retour du ski, Papa avait trouv\u00e9 le temps, le 17 avril, enfin&nbsp;!, pour l&rsquo;installer dans le salon. Il lui avait fallut le passer par la porte qui s\u00e9parait le garage du reste de la maison, ce qui ne fut pas une mince affaire&nbsp;! Les livreurs ne l&rsquo;avaient pas fait, parce que le canap\u00e9 ne passait tout simplement pas non plus par cette porte l\u00e0&#8230; Papa avait d\u00fb d\u00e9monter les accoudoirs et suer sang et eau pour qu&rsquo;il arrive enfin \u00e0 bon port&nbsp;!&nbsp;<\/p>\n\n\n\n<p>Maintenant, Papa et Maman dormaient juste \u00e0 c\u00f4t\u00e9 de ma chambre, c&rsquo;\u00e9tait plus pratique pour eux. Maman ne craignaient plus ne pas m&rsquo;entendre (en cas de panne du baby-phone) et elle n&rsquo;avait plus un \u00e9tage \u00e0 descendre et \u00e0 remonter pour m&rsquo;allaiter. Pour ma part, cela me rassurait de les sentir tout pr\u00e8s de moi, la nuit.&nbsp;<\/p>\n\n\n\n<p><strong>Dimanche 13 mai&nbsp;<\/strong><\/p>\n\n\n\n<p>Ce matin, j&rsquo;ai profit\u00e9 du lit de Papa et Maman, qui essay\u00e8rent de faire la grasse-mat avec moi&#8230; J&rsquo;avais sonn\u00e9 le clairon de bonne heure, fid\u00e8le \u00e0 mes habitudes. Et comme chaque matin, il leur manquait quelques heures de sommeil. Mais comment vous expliquer&nbsp;? Moi, j&rsquo;\u00e9tais r\u00e9veill\u00e9 et pas question de me rendormir&nbsp;! Je redormirais, plus tard&#8230; En attendant, je faisais le pitre et sollicitais toute leur attention&nbsp;!<\/p>\n\n\n\n<div class=\"wp-block-image\"><figure class=\"aligncenter is-resized\"><img loading=\"lazy\" decoding=\"async\" src=\"http:\/\/lisarose-moonpearl.com\/wp-content\/uploads\/2019\/05\/13-mai-2018-a-1024x861.jpg\" alt=\"\" class=\"wp-image-1173\" width=\"392\" height=\"329\" srcset=\"https:\/\/lisarose-moonpearl.com\/wp-content\/uploads\/2019\/05\/13-mai-2018-a.jpg 1024w, https:\/\/lisarose-moonpearl.com\/wp-content\/uploads\/2019\/05\/13-mai-2018-a-300x252.jpg 300w, https:\/\/lisarose-moonpearl.com\/wp-content\/uploads\/2019\/05\/13-mai-2018-a-768x646.jpg 768w, https:\/\/lisarose-moonpearl.com\/wp-content\/uploads\/2019\/05\/13-mai-2018-a-600x504.jpg 600w\" sizes=\"(max-width: 392px) 100vw, 392px\" \/><\/figure><\/div>\n\n\n\n<p><strong>1\u00e8re semaine du 5\u00e8me mois&nbsp;: du 14 au 20 mai 2018<\/strong><\/p>\n\n\n\n<p><strong>Lundi 14 mai&nbsp;<\/strong><\/p>\n\n\n\n<p>Grosse matin\u00e9e dehors avec Maman. Elle m&rsquo;amena chez le kin\u00e9 de Rivesaltes, pour son soin hebdomadaire, donc de nouveau pour elle, cette fois-ci. Nous sommes ensuite pass\u00e9s \u00e0 la \u00ab&nbsp;vitrine m\u00e9dicale&nbsp;\u00bb, o\u00f9 Maman louait son tire-lait, pour une histoire de facture. Puis, petit tour \u00e0 Carrefour pour developper les photos de mon quatri\u00e8me mois. Maman en offrait aux proches, notamment \u00e0 ceux qui n&rsquo;\u00e9taient pas trop habitu\u00e9s aux supports num\u00e9riques, comme Mamie Yvonne et Grand-Pa Philippe. Elle faisait aussi de vrais albums, car elle trouvait que c&rsquo;\u00e9tait de supers chouettes souvenirs. Et puis, au moins, les photos papiers ne pouvaient pas dispara\u00eetre en cliquant sur un bouton ou suite \u00e0 un simple bug informatique, incompr\u00e9hensible pour le commun des mortels&nbsp;!&nbsp;<\/p>\n\n\n\n<p>Nous avons fini notre tourn\u00e9e par ADBB, pour cl\u00f4turer ma liste de naissance. Tout ce qu&rsquo;elle contenait avait d\u00e9sormais \u00e9t\u00e9 offert&nbsp;! Maman n&rsquo;en revenait pas \u00e0 quel point tous les gens qu&rsquo;elle connaissait &#8211; famille, amis, mais aussi simples connaissances &#8211; avaient \u00e9t\u00e9 g\u00e9n\u00e9reux pour son b\u00e9b\u00e9 :-). Elle ne s&rsquo;attendait pas \u00e0 recevoir autant de cadeaux&nbsp;! Bref, ce matin, elle m&rsquo;avait trimball\u00e9 partout. J&rsquo;\u00e9tais bien fatigu\u00e9 en arrivant chez Nanou et elle aussi, je pense&nbsp;!<\/p>\n\n\n\n<p>Chez Nanou m&rsquo;attendait une surprise qui me redonna vite de l&rsquo;\u00e9nergie. Enzo, un autre b\u00e9b\u00e9, \u00e9tait l\u00e0 pour la journ\u00e9e. C&rsquo;\u00e9tait le cousin de Ma\u00eblys, le neveu de Nanou. On a pass\u00e9 de supers chouettes moments tous les trois. Et Ma\u00eblys fut tr\u00e8s fi\u00e8re d&rsquo;avoir deux petits gars \u00e0 pouponner&nbsp;!<\/p>\n\n\n\n<div class=\"wp-block-image\"><figure class=\"aligncenter is-resized\"><img loading=\"lazy\" decoding=\"async\" src=\"http:\/\/lisarose-moonpearl.com\/wp-content\/uploads\/2019\/05\/14-mai-2018-b.jpg\" alt=\"\" class=\"wp-image-1174\" width=\"326\" height=\"305\"\/><\/figure><\/div>\n\n\n\n<p><strong>Mardi 15 mai<\/strong><\/p>\n\n\n\n<p>Ce matin, Maman m&rsquo;amena avec elle chez son gyn\u00e9cologue, ce monsieur aux cheveux blancs et aux dents immacul\u00e9es qui souriait tout le temps&nbsp;! Il la f\u00e9licita de continuer \u00e0 m&rsquo;allaiter, m\u00eame si, d&rsquo;apr\u00e8s lui, cela la mettait dans le m\u00eame \u00e9tat hormonal qu&rsquo;une femme m\u00e9nopaus\u00e9e. Lol&nbsp;! Mieux valait entendre \u00e7a qu&rsquo;\u00eatre sourd&nbsp;!<\/p>\n\n\n\n<p>Nous devions, ensuite, retourner chez la p\u00e9diatre. Mais le rendez-vous fut annul\u00e9. Elle venait de perdre son mari, un \u00e9minent gyn\u00e9cologue perpignanais, des suites d&rsquo;une longue maladie. Cela expliquait sans doute pourquoi Maman et moi l&rsquo;avions trouv\u00e9e \u00e0 c\u00f4t\u00e9 de ses pompes lors de nos pr\u00e9c\u00e9dentes visites. Elle avait de gros soucis personnels&#8230; Mais nous ne le savions pas.<\/p>\n\n\n\n<p>Ce fut la journ\u00e9e m\u00e9dicale. Le soir, comme le rendez-vous chez la p\u00e9diatre avait \u00e9t\u00e9 annul\u00e9, Papa m&rsquo;amena chez le docteur qui est install\u00e9 pr\u00e8s de la maison. Maman travaillait. Je toussais toujours beaucoup, beaucoup&#8230; Ma bronchite s&rsquo;\u00e9tait transform\u00e9e en laryngite. La nounou pensais que je faisait de la RGO (R\u00e9gurgitation Gastro-Oesophagienne) car je mangeais (ou plut\u00f4t buvais) trop. Le m\u00e9decin estima que c&rsquo;\u00e9tait fort possible. Mais, pour lui, pas besoin de Gaviscon (vous vous souvenez la derni\u00e8re visite chez la p\u00e9diatre&nbsp;?!). Toujours selon lui, ce m\u00e9dicament ne devait \u00eatre utilis\u00e9 qu&rsquo;en cas de perte de poids. Moi, du poids j&rsquo;en prenais toujours autant&nbsp;; je n&rsquo;\u00e9tais, fort heureusement, pas pr\u00eat d&rsquo;en perdre&nbsp;!<\/p>\n\n\n\n<div class=\"wp-block-image\"><figure class=\"aligncenter is-resized\"><img loading=\"lazy\" decoding=\"async\" src=\"http:\/\/lisarose-moonpearl.com\/wp-content\/uploads\/2019\/05\/15-16-mai-2018-nounou.jpg\" alt=\"\" class=\"wp-image-1175\" width=\"417\" height=\"535\"\/><\/figure><\/div>\n\n\n\n<p><strong>Mercredi 16 mai<\/strong><\/p>\n\n\n\n<p>Aujourd&rsquo;hui, Maman donna un cours \u00e0 Marie, la fille de B\u00e9atrice (rappelez-vous de&nbsp;cette gentille infirmi\u00e8re qui s&rsquo;\u00e9tait si bien occup\u00e9e de nous \u00e0 l&rsquo;h\u00f4pital). Elle en profita pour lui demander s&rsquo;il \u00e9tait possible que je souffre de \u00ab&nbsp;RGO&nbsp;\u00bb et ce qu&rsquo;elle pouvait faire pour que j&rsquo;arr\u00eate enfin de tousser&#8230; B\u00e9atrice travaillait au service p\u00e9diatrique de l&rsquo;h\u00f4pital depuis toujours. Elle connaissait la toux des b\u00e9b\u00e9s allait\u00e9s ou au biberon. Les bronchiolites, notamment, elle en voyait tous les jours&nbsp;! Elle pr\u00e9conisa un nettoyage de nez avant chaque biberon ou t\u00e9t\u00e9e. Devant l&rsquo;air dubitatif de Maman, elle lui en expliqua la raison d&rsquo;\u00eatre. M\u00eame si ce n&rsquo;\u00e9tait pas une sin\u00e9cure, c&rsquo;\u00e9tait absolument indispensable&nbsp;!<\/p>\n\n\n\n<p>Lorsque mon nez \u00e9tait bouch\u00e9, j&rsquo;avalais mes glaires. Elles stagnaient alors dans ma gorge. La nuit, le nez \u00e9tant bouch\u00e9, je respirais par la bouche, ce qui s\u00e9chait le mucus et d\u00e9clenchait des quintes de toux ! Les glaires qui arrivaient dans mon estomac, quant \u00e0 elles, me donnaient mal au ventre et augmentaient ma r\u00e9gurgitation&#8230;<\/p>\n\n\n\n<p>A partir de ce jour-l\u00e0, ce fut la torture quotidienne. Maman et Papa me d\u00e9bouch\u00e8rent le nez avant chaque repas. Je d\u00e9testais \u00e7a&nbsp;! D\u00e8s qu&rsquo;ils l&rsquo;approchaient de mon nez, j&rsquo;essayais, de toutes mes forces, de les emp\u00eacher de me mettre la pipette, pleine de liquide qui br\u00fble les sinus, dans les narines. Mais rien \u00e0 faire&nbsp;! Ils \u00e9taient plus fort que moi. Je hurlais \u00e0 chaque fois. \u00c7a faisait mal&nbsp;! Mal \u00e0 ma t\u00eate, mal \u00e0 mon corps&#8230; Pourquoi devais-je supporter ce supplice cinq ou six fois par jour. Qu&rsquo;avais-je fait pour m\u00e9riter \u00e7a&nbsp;? Mes fr\u00e8res, les anges, aidez-moi&nbsp;! Je ne suis encore qu&rsquo;un tout petit b\u00e9b\u00e9 ange&#8230;<\/p>\n\n\n\n<p><strong>Dimanche 20 mai<\/strong><\/p>\n\n\n\n<p>Premi\u00e8re nouveaut\u00e9 du jour (mais dont je ne pris conscience vraiment que dans les jours qui suivirent), Maman tira son lait pour d&rsquo;autres b\u00e9b\u00e9s que moi. Je vous expliquerai plus tard&#8230;<\/p>\n\n\n\n<p>Autre \u00e9v\u00e9nement aujourd&rsquo;hui, il y eut un second nourrisson \u00e0 la maison&nbsp;! Voil\u00e0 ce que Maman me raconta \u00e0 midi, au sujet de cet invit\u00e9 surprise.<\/p>\n\n\n\n<p>\u00ab&nbsp;Mon petit Titou, encore une rencontre singuli\u00e8re, un b\u00e9b\u00e9 que le destin mit sur ma route. Ce matin, comme tu le sais, je suis all\u00e9e voir ma ch\u00e8re Kolina. J&rsquo;ai fait des longues r\u00eanes avec elle, dans le man\u00e8ge. En rangeant ensuite mon mat\u00e9riel, alors que je m&rsquo;appr\u00eatais \u00e0 la monter, que vis-je dans le sable de la carri\u00e8re, presqu&rsquo;aux pieds de ma jument&nbsp;? Un petit oiseau, pas plus gros que ta main&nbsp;! Un oisillon, tomb\u00e9 du nid. Je l&rsquo;ai ramass\u00e9. Il \u00e9tait bien vivant et ne semblait m\u00eame pas bless\u00e9. En levant la t\u00eate, je me suis aper\u00e7u qu&rsquo;il y avait des dizaines de nids install\u00e9s dans la charpente du man\u00e8ge&nbsp;! Je le mis dans une serviette de bain (dont je me sers l&rsquo;\u00e9t\u00e9 pour s\u00e9cher Kolina), dans ma bombe, pour qu&rsquo;il ait un petit nid douillet&#8230; Puis, apr\u00e8s avoir rentr\u00e9 Kolina, je l&rsquo;ai ramen\u00e9 \u00e0 la maison&#8230; J&rsquo;ai grand espoir de le sauver.&nbsp;\u00bb<\/p>\n\n\n\n<p>Maman, elle avait l&rsquo;instinct maternel aussi avec les animaux&#8230;<\/p>\n\n\n\n<p>\u00ab&nbsp;Je lui ai donn\u00e9 de l&rsquo;eau dans une de tes pipettes de liquide physio, vide. Puis je lui ai pr\u00e9par\u00e9 de la bouillie d&rsquo;oeuf dur, bien cuit, et lui ai donn\u00e9 \u00e0 manger. Il avait tr\u00e8s faim&nbsp;! Par moment, il piaillait et ouvrait grand son bec pour avoir la b\u00e9quet\u00e9. Je lui enfournais un peu de cette p\u00e2te nourrissante, \u00e7a avait l&rsquo;air l&rsquo;air de dr\u00f4lement lui plaire&nbsp;! J&rsquo;esp\u00e8re qu&rsquo;elle va lui profiter&#8230;\u00bb<\/p>\n\n\n\n<p>L&rsquo;apr\u00e8s-midi, nous sommes retourn\u00e9s tous les trois \u00e0 la falaise, sans porte-b\u00e9b\u00e9 ce coup-ci. C&rsquo;\u00e9tait cool, j&rsquo;\u00e9tais dans leur bras, je voyais le paysage, les murets en pierre, les autres promeneurs et la mer, en contre bas, au loin&#8230;<\/p>\n\n\n\n<p>Lors de mon premier r\u00e9veil pour t\u00e9ter, cette nuit-l\u00e0, Maman me raconta la suite de l&rsquo;histoire.&nbsp;<\/p>\n\n\n\n<p>\u00ab&nbsp;Le soir, le petit piaf \u00e9tait encore bien. Je lui ai fait un nid avec du coton, dans la cage de transport de Yuki, afin que le chat, justement, n&rsquo;ai pas l&rsquo;id\u00e9e de le croquer pendant notre sommeil. En d\u00e9but de nuit, j&rsquo;ai trouv\u00e9 qu&rsquo;il avait le corps frais. Je l&rsquo;ai couvert de coton et lui ai fait un v\u00e9ritable \u00ab&nbsp;nid-cocon-couffin&nbsp;\u00bb douillet. Et l\u00e0, je vais lui redonner \u00e0 manger, apr\u00e8s ta t\u00e9t\u00e9e&#8230;&nbsp;\u00bb<\/p>\n\n\n\n<p>Lors de la t\u00e9t\u00e9e du matin, elle me raconta la suite&#8230;<\/p>\n\n\n\n<p>\u00ab&nbsp;Le coton n&rsquo;a pas remplac\u00e9 la chaleur et le duvet d&rsquo;une maman et d&rsquo;une couv\u00e9e&#8230; Je l&rsquo;ai trouv\u00e9 sans vie, au petit matin&#8230; Il est mort pendant la nuit&#8230;sans doute de froid, pauvrette&nbsp;\u00bb.<\/p>\n\n\n\n<p>Je sentais \u00e0 quel point Maman \u00e9tait triste de son \u00e9chec&#8230;&nbsp;<\/p>\n\n\n\n<p>\u00ab&nbsp;Il est comme tous les b\u00e9b\u00e9s, en fait&nbsp;: incapable de se thermor\u00e9guler seul. Je m&rsquo;en veux beaucoup, Titou, tu sais&#8230; Avec le recul, je me dis que j&rsquo;aurais d\u00fb mettre une lampe&nbsp;juste au dessus du \u00ab&nbsp;nid&nbsp;\u00bb pour qu&rsquo;il reste bien chaud. Un an plus t\u00f4t, pour les chiots, j&rsquo;avais mis des bouillottes dans leur couffin improvis\u00e9, alors qu&rsquo;ils \u00e9taient huit et pouvaient d\u00e9j\u00e0 un peu se r\u00e9chauffer mutuellement.L&rsquo;association qui les avaient pris en charge, ensuite, les avaient mis sous des lampes chauffantes. (voir&nbsp;tome II des \u00ab<em>Conversat<\/em><em>ions entre Maylen&rsquo; et Kaolin&rsquo;<\/em>&nbsp;\u00bb). Eux, ils ont surv\u00e9cu&#8230;&nbsp;\u00bb<\/p>\n\n\n\n<p>Je ne savais pas trop quoi lui r\u00e9pondre pour la r\u00e9conforter, \u00e0 part qu&rsquo;elle avait fait de son mieux, ma petite maman&#8230;<\/p>\n\n\n\n<p>\u00ab&nbsp;J&rsquo;ai prolong\u00e9 sa vie de quelques heures&#8230; A quoi bon&nbsp;? Il est mort d&rsquo;hypothermie au lieu de se faire \u00e9craser par un cheval ou d\u00e9vorer par un chien. J&rsquo;esp\u00e8re au moins que mon attention et mes douces intentions auront rendu son d\u00e9part plus doux. Pauvre petit qui n&rsquo;aura v\u00e9cu que quelques jours&#8230;&nbsp;\u00bb<\/p>\n\n\n\n<p>Silence. Je pensai qu&rsquo;elle se recueillait, se concentrait&#8230;<\/p>\n\n\n\n<p>\u00ab&nbsp;Je me demande pour quelle raison cet \u00e9v\u00e9nement me marque tant, alors qu&rsquo;il semblerait anecdotique pour n&rsquo;importe qui d&rsquo;autre. Pourquoi est-il tomb\u00e9 juste \u00e0 mes pieds&nbsp;? Avait-il un message \u00e0 me transmettre, lui aussi&nbsp;? Voulait-il tester ma qualit\u00e9 de maman&nbsp;? Dans ce cas, j&rsquo;ai \u00e9chou\u00e9&#8230; En fait, il me rappelle \u00e9trangement une autre histoire d&rsquo;oiseau qui m&rsquo;est arriv\u00e9e il y a deux mois, presque jour pour jour. Je t&rsquo;avais parl\u00e9 de ce go\u00e9land pot de colle&nbsp;!&nbsp;Tu t&rsquo;en souviens mon Titounet&nbsp;? \u00bb<\/p>\n\n\n\n<p>Oui, je m&rsquo;en rappelait tr\u00e8s bien. Mais j&rsquo;avais totalement omis de vous en parler en temps et en heure. Voil\u00e0 ce que Maman m&rsquo;avait racont\u00e9 \u00e0 l&rsquo;\u00e9poque.&nbsp;<\/p>\n\n\n\n<div class=\"wp-block-image\"><figure class=\"aligncenter is-resized\"><img loading=\"lazy\" decoding=\"async\" src=\"http:\/\/lisarose-moonpearl.com\/wp-content\/uploads\/2019\/05\/20-mai-2018-goeland--948x1024.jpg\" alt=\"\" class=\"wp-image-1176\" width=\"429\" height=\"463\" srcset=\"https:\/\/lisarose-moonpearl.com\/wp-content\/uploads\/2019\/05\/20-mai-2018-goeland-.jpg 948w, https:\/\/lisarose-moonpearl.com\/wp-content\/uploads\/2019\/05\/20-mai-2018-goeland--278x300.jpg 278w, https:\/\/lisarose-moonpearl.com\/wp-content\/uploads\/2019\/05\/20-mai-2018-goeland--768x830.jpg 768w, https:\/\/lisarose-moonpearl.com\/wp-content\/uploads\/2019\/05\/20-mai-2018-goeland--600x648.jpg 600w\" sizes=\"(max-width: 429px) 100vw, 429px\" \/><\/figure><\/div>\n\n\n\n<p>C&rsquo;\u00e9tait 19 mars dernier, presque le jour du printemps. Le jour de l&rsquo;anniversaire de Grand-Pa&#8230; Maman tirait son lait, \u00e0 son bureau, quand elle avait entendu frapper \u00e0 la v\u00e9randa. Elle avait regard\u00e9 et vu un go\u00e9land tapant avec son bac contre la vitre&nbsp;! Quelle id\u00e9e&nbsp;? Jamais un go\u00e9land ne s&rsquo;\u00e9tait approch\u00e9 si pr\u00e8s. Que lui voulait-il donc&nbsp;? Pour elle, c&rsquo;\u00e9tait clair, il voulait communiquer ou, en tout cas, manifester sa pr\u00e9sence. Il \u00e9tait rest\u00e9 sur la terrasse toute l&rsquo;apr\u00e8s-midi. Lorsqu&rsquo;elle ouvrait la porte, il s&rsquo;\u00e9loignait, de 3-4 m\u00e8tres, pas plus&#8230;<\/p>\n\n\n\n<p>Le soir, lorsque Papa \u00e9tait rentr\u00e9 du travail, il avait dit \u00e0 Maman qu&rsquo;il lui semblait que le go\u00e9land avait une aile cass\u00e9e. Et, en effet, dans les jours qui suivirent, lorsque Maman l&rsquo;avait vu ouvrir les ailes pour les nettoyer, elle avait constat\u00e9 que son aile droite \u00e9tait cass\u00e9e. C&rsquo;\u00e9tait sans doute pour cette raison qu&rsquo;il ne pouvait plus partir de la terrasse. Mais comment \u00e9tait-il arriv\u00e9 jusqu&rsquo;ici\u00a0? A la nage\u00a0? Myst\u00e8re&#8230;<\/p>\n\n\n\n<p>Il \u00e9tait rest\u00e9 quelques temps. Maman lui donnait \u00e0 manger. Des restes, en g\u00e9n\u00e9ral. Elle lui avait m\u00eame achet\u00e9 des boites de p\u00e2t\u00e9e pour chats. D\u00e8s qu&rsquo;elle ouvrait la porte, il venait et se pr\u00e9cipitait vers elle, impatient de voir ce qu&rsquo;elle allait lui donner. Il vivait sur la terrasse. Le chat, Yuki, le surveillait de pr\u00e8s, mais sans oser le toucher. Malgr\u00e9 son infirmit\u00e9, il devait b\u00e9n\u00e9ficier d&rsquo;une aura protectrice.&nbsp;<\/p>\n\n\n\n<p>Comme avec Monkey, (voir&nbsp;tome II des \u00ab<em>Conversat<\/em><em>ions entre Maylen&rsquo; et Kaolin&rsquo;<\/em>&nbsp;\u00bb), Maman eut l&rsquo;impression qu&rsquo;il \u00e9tait un messager. Elle me confia m\u00eame qu&rsquo;il lui semblait qu&rsquo;il \u00e9tait la r\u00e9incarnation de Monkey. Comme si Monkey venait voir si tout allait bien depuis ma naissance&#8230; Et puis un beau jour, au bout de trois ou quatre semaines, il disparut&#8230; Exactement comme Monkey&nbsp;! Comment \u00e9tait-il reparti&nbsp;? Maman se le demandait toujours&#8230;<\/p>\n\n\n\n<p><strong>Semaine du 21 au 27 mai 2018<\/strong><\/p>\n\n\n\n<p><strong>Lundi 21 mai<\/strong><\/p>\n\n\n\n<p>Depuis quelques temps, je faisais plein de nouveaux trucs, pas seulement chez Nanou, mais aussi avec Maman. Elle ne me posait, par exemple, plus syst\u00e9matiquement dans le transat lorsque je quittais ses bras ou mon coin dodo. J&rsquo;avais inaugur\u00e9 mon tapis d&rsquo;\u00e9veil sur lequel je pouvais bouger \u00e0 loisir, attraper les peluches qui pendaient des arches, passer du ventre au dos de plus en plus ais\u00e9ment&#8230; Maman m&rsquo;avait montr\u00e9 aussi comment je pouvais me retourner quand j&rsquo;\u00e9tais sur le ventre pour revenir sur le dos. Je dois avouer, que sur le ventre, je n&rsquo;\u00e9tais pas \u00e0 l&rsquo;aise du tout depuis le d\u00e9but, contrairement \u00e0 d&rsquo;autres b\u00e9b\u00e9s qui adoraient \u00e7a&nbsp;! Comme Maman, et Nanou aussi, m&rsquo;entrain\u00e8rent toutes les deux, r\u00e9guli\u00e8rement, je parvins \u00e0 me remettre tout seul sur le dos, et, du coup, la position ventrale me parut moins anxiog\u00e8ne et inconfortable.<\/p>\n\n\n\n<div class=\"wp-block-image\"><figure class=\"aligncenter is-resized\"><img loading=\"lazy\" decoding=\"async\" src=\"http:\/\/lisarose-moonpearl.com\/wp-content\/uploads\/2019\/05\/21-19-mai-2018-tapis-\u00e9veil-1024x576.jpg\" alt=\"\" class=\"wp-image-1177\" width=\"482\" height=\"271\" srcset=\"https:\/\/lisarose-moonpearl.com\/wp-content\/uploads\/2019\/05\/21-19-mai-2018-tapis-\u00e9veil-1024x576.jpg 1024w, https:\/\/lisarose-moonpearl.com\/wp-content\/uploads\/2019\/05\/21-19-mai-2018-tapis-\u00e9veil-300x169.jpg 300w, https:\/\/lisarose-moonpearl.com\/wp-content\/uploads\/2019\/05\/21-19-mai-2018-tapis-\u00e9veil-768x432.jpg 768w, https:\/\/lisarose-moonpearl.com\/wp-content\/uploads\/2019\/05\/21-19-mai-2018-tapis-\u00e9veil-1080x608.jpg 1080w, https:\/\/lisarose-moonpearl.com\/wp-content\/uploads\/2019\/05\/21-19-mai-2018-tapis-\u00e9veil-600x338.jpg 600w, https:\/\/lisarose-moonpearl.com\/wp-content\/uploads\/2019\/05\/21-19-mai-2018-tapis-\u00e9veil.jpg 1182w\" sizes=\"(max-width: 482px) 100vw, 482px\" \/><\/figure><\/div>\n\n\n\n<p>Maman m&rsquo;avait aussi initi\u00e9 \u00e0 un nouveau jeu qui me plaisait beaucoup. Elle appuyait ses pieds contre les miens et moi, en r\u00e9ponse, je poussais fort, fort, fort&#8230; Au d\u00e9but, je ne comprenais pas bien ce que je devais faire. Mais, au bout de deux ou trois fois, surtout quand elle mit le transat par terre et s&rsquo;assit sur sa chaise de bureau, j&rsquo;ai trouv\u00e9 \u00e7a super rigolo&nbsp;! J&rsquo;arrivais \u00e0 la faisais reculer, Maman, sur sa chaise \u00e0 roulettes&nbsp;! Moi, j&rsquo;\u00e9tais tranquillement cal\u00e9 dans mon transat, et hop, je poussais, je poussais, je poussais et Maman s&rsquo;\u00e9loignait. J&rsquo;\u00e9tait fier comme Artaban&nbsp;! Trop fort, petit ange&nbsp;!<\/p>\n\n\n\n<div class=\"wp-block-image\"><figure class=\"aligncenter is-resized\"><img loading=\"lazy\" decoding=\"async\" src=\"http:\/\/lisarose-moonpearl.com\/wp-content\/uploads\/2019\/05\/21-25-mai-2018-pieds-b-1024x765.jpg\" alt=\"\" class=\"wp-image-1178\" width=\"431\" height=\"321\" srcset=\"https:\/\/lisarose-moonpearl.com\/wp-content\/uploads\/2019\/05\/21-25-mai-2018-pieds-b-1024x765.jpg 1024w, https:\/\/lisarose-moonpearl.com\/wp-content\/uploads\/2019\/05\/21-25-mai-2018-pieds-b-300x224.jpg 300w, https:\/\/lisarose-moonpearl.com\/wp-content\/uploads\/2019\/05\/21-25-mai-2018-pieds-b-768x573.jpg 768w, https:\/\/lisarose-moonpearl.com\/wp-content\/uploads\/2019\/05\/21-25-mai-2018-pieds-b-600x448.jpg 600w, https:\/\/lisarose-moonpearl.com\/wp-content\/uploads\/2019\/05\/21-25-mai-2018-pieds-b.jpg 1026w\" sizes=\"(max-width: 431px) 100vw, 431px\" \/><\/figure><\/div>\n\n\n\n<div class=\"wp-block-image\"><figure class=\"aligncenter is-resized\"><img loading=\"lazy\" decoding=\"async\" src=\"http:\/\/lisarose-moonpearl.com\/wp-content\/uploads\/2019\/05\/21-mai-28-juin-2018-pieds-b--973x1024.jpg\" alt=\"\" class=\"wp-image-1179\" width=\"425\" height=\"448\" srcset=\"https:\/\/lisarose-moonpearl.com\/wp-content\/uploads\/2019\/05\/21-mai-28-juin-2018-pieds-b--973x1024.jpg 973w, https:\/\/lisarose-moonpearl.com\/wp-content\/uploads\/2019\/05\/21-mai-28-juin-2018-pieds-b--285x300.jpg 285w, https:\/\/lisarose-moonpearl.com\/wp-content\/uploads\/2019\/05\/21-mai-28-juin-2018-pieds-b--768x808.jpg 768w, https:\/\/lisarose-moonpearl.com\/wp-content\/uploads\/2019\/05\/21-mai-28-juin-2018-pieds-b--1080x1137.jpg 1080w, https:\/\/lisarose-moonpearl.com\/wp-content\/uploads\/2019\/05\/21-mai-28-juin-2018-pieds-b--600x632.jpg 600w, https:\/\/lisarose-moonpearl.com\/wp-content\/uploads\/2019\/05\/21-mai-28-juin-2018-pieds-b-.jpg 1847w\" sizes=\"(max-width: 425px) 100vw, 425px\" \/><\/figure><\/div>\n\n\n\n<p>Ce matin, Maman me montra un nouveau joujou&nbsp;: mes pieds&nbsp;! En fait, elle inventa une variante du jeu dont je viens de vous parler. Avec ses pieds, elle monta les miens vers mon ventre. Du coup, je les vis \u00e0 port\u00e9e de main, et hop, je pus les attraper&nbsp;! J&rsquo;adorai ce nouveau joujou, hochet et doudou, tout \u00e0 la fois. Je ne savais pas encore vraiment que c&rsquo;\u00e9tait \u00e0 moi, m\u00eame si je percevais certaines sensations sur mes pieds lorsque je les agrippais avec mes puissantes menottes.<\/p>\n\n\n\n<div class=\"wp-block-image\"><figure class=\"aligncenter is-resized\"><img loading=\"lazy\" decoding=\"async\" src=\"http:\/\/lisarose-moonpearl.com\/wp-content\/uploads\/2019\/05\/21-25-mai-2018-pieds-1024x992.jpg\" alt=\"\" class=\"wp-image-1180\" width=\"418\" height=\"405\" srcset=\"https:\/\/lisarose-moonpearl.com\/wp-content\/uploads\/2019\/05\/21-25-mai-2018-pieds.jpg 1024w, https:\/\/lisarose-moonpearl.com\/wp-content\/uploads\/2019\/05\/21-25-mai-2018-pieds-300x291.jpg 300w, https:\/\/lisarose-moonpearl.com\/wp-content\/uploads\/2019\/05\/21-25-mai-2018-pieds-768x744.jpg 768w, https:\/\/lisarose-moonpearl.com\/wp-content\/uploads\/2019\/05\/21-25-mai-2018-pieds-600x581.jpg 600w\" sizes=\"(max-width: 418px) 100vw, 418px\" \/><\/figure><\/div>\n\n\n\n<div class=\"wp-block-image\"><figure class=\"aligncenter is-resized\"><img loading=\"lazy\" decoding=\"async\" src=\"http:\/\/lisarose-moonpearl.com\/wp-content\/uploads\/2019\/05\/21-mai-3-juin-2018-pieds-c-1024x918.jpg\" alt=\"\" class=\"wp-image-1181\" width=\"415\" height=\"372\" srcset=\"https:\/\/lisarose-moonpearl.com\/wp-content\/uploads\/2019\/05\/21-mai-3-juin-2018-pieds-c.jpg 1024w, https:\/\/lisarose-moonpearl.com\/wp-content\/uploads\/2019\/05\/21-mai-3-juin-2018-pieds-c-300x269.jpg 300w, https:\/\/lisarose-moonpearl.com\/wp-content\/uploads\/2019\/05\/21-mai-3-juin-2018-pieds-c-768x689.jpg 768w, https:\/\/lisarose-moonpearl.com\/wp-content\/uploads\/2019\/05\/21-mai-3-juin-2018-pieds-c-600x538.jpg 600w\" sizes=\"(max-width: 415px) 100vw, 415px\" \/><\/figure><\/div>\n\n\n\n<p><strong>Mardi 22 mai<\/strong><\/p>\n\n\n\n<p>Depuis le d\u00e9but de la semaine, je n&rsquo;avais pas toujours envie de boire au sein. (voir texte \u00ab&nbsp;<strong><em>MON EXPERIENCE DE L\u2019ALLAITEMENT PARTIE I&nbsp;: allaitement exclusif<\/em><\/strong><strong><em>\/ de la naissance \u00e0 6 mois \/&nbsp;<\/em><\/strong><em>premiers temps,&nbsp;don au lactarium,&nbsp;gr\u00e8ve du sein)<\/em>&nbsp;\u00bb<strong>,<\/strong>\u00e9crit par Maman).A vrai dire, j&rsquo;\u00e9tais partag\u00e9&#8230; J&rsquo;aimais \u00eatre dans les bras de Maman, coll\u00e9 fort contre elle, comme quand j&rsquo;\u00e9tais tout petit&#8230; M&rsquo;endormir son t\u00e9ton dans la bouche, les yeux ferm\u00e9s, dans ses bras&#8230; Surtout la nuit et le matin, quand j&rsquo;\u00e9tais fatigu\u00e9&#8230;&nbsp;<\/p>\n\n\n\n<p>Mais dans la journ\u00e9e, parfois, je n&rsquo;en avais plus du tout envie&nbsp;! Je pr\u00e9f\u00e9rais le bibi&nbsp;! Le lait sortait plus vite quand j&rsquo;avais tr\u00e8s faim. Et je voyais ce qui m&rsquo;entourait, assis, comme un grand. Chez la nounou et avec Papa, c&rsquo;\u00e9tait toujours bibi comme \u00e7a et j&rsquo;aimais bien aussi. Les repas, avec Maman, \u00e7a devenait vraiment compliqu\u00e9. Parfois, elle me donnait le sein, parfois le biberon. Et quand c&rsquo;\u00e9tait moi qui voulait le biberon, elle me proposait le sein et vice et versa&nbsp;! Toute la semaine, donc, ce fut difficile d&rsquo;avoir envie de t\u00e9ter lorsque Maman le voulait. Dans ma t\u00eate, c&rsquo;\u00e9tait de plus en plus conflictuel&#8230;<\/p>\n\n\n\n<p><strong>Jeudi 24 mai<\/strong><\/p>\n\n\n\n<div class=\"wp-block-image\"><figure class=\"aligncenter is-resized\"><img loading=\"lazy\" decoding=\"async\" src=\"http:\/\/lisarose-moonpearl.com\/wp-content\/uploads\/2019\/05\/24-mai-2018-poussette-1024x768.jpg\" alt=\"\" class=\"wp-image-1184\" width=\"447\" height=\"335\" srcset=\"https:\/\/lisarose-moonpearl.com\/wp-content\/uploads\/2019\/05\/24-mai-2018-poussette.jpg 1024w, https:\/\/lisarose-moonpearl.com\/wp-content\/uploads\/2019\/05\/24-mai-2018-poussette-300x225.jpg 300w, https:\/\/lisarose-moonpearl.com\/wp-content\/uploads\/2019\/05\/24-mai-2018-poussette-768x576.jpg 768w, https:\/\/lisarose-moonpearl.com\/wp-content\/uploads\/2019\/05\/24-mai-2018-poussette-510x382.jpg 510w, https:\/\/lisarose-moonpearl.com\/wp-content\/uploads\/2019\/05\/24-mai-2018-poussette-600x450.jpg 600w\" sizes=\"(max-width: 447px) 100vw, 447px\" \/><\/figure><\/div>\n\n\n\n<p>Aujourd&rsquo;hui, Maman m&rsquo;amena de nouveau partout avec elle, comme mardi, journ\u00e9e pour laquelle je vous avais \u00e9pargn\u00e9 la liste de nos activit\u00e9s&nbsp;! Nous sommes retourn\u00e9s \u00e0 Feu Vert pour la vidange du \u00ab&nbsp;carrosse&nbsp;\u00bb. J&rsquo;\u00e9tais super sage, dans la poussette. Ensuite, Maman a fait une pause au bord de la route et m&rsquo;a donn\u00e9 le sein&nbsp;! Il fallait encha\u00eener ensuite avec la s\u00e9ance hebdomadaire chez le kin\u00e9 de Rivesaltes. J&rsquo;avais faim, mais comme ce n&rsquo;\u00e9tait pas comme d&rsquo;habitude, ni l&rsquo;endroit, ni le moment, je ne bus pas beaucoup&#8230; Du coup, en rentrant, Maman fut oblig\u00e9e de me faire un biberon avant de m&rsquo;amener chez Nanou, car je r\u00e9clamai alors qu&rsquo;elle venait juste de tirer son lait&#8230;<\/p>\n\n\n\n<div class=\"wp-block-image\"><figure class=\"aligncenter is-resized\"><img loading=\"lazy\" decoding=\"async\" src=\"http:\/\/lisarose-moonpearl.com\/wp-content\/uploads\/2019\/05\/24-mai-2018-bibi-seul-b-2-768x1024.jpg\" alt=\"\" class=\"wp-image-1185\" width=\"457\" height=\"609\" srcset=\"https:\/\/lisarose-moonpearl.com\/wp-content\/uploads\/2019\/05\/24-mai-2018-bibi-seul-b-2.jpg 768w, https:\/\/lisarose-moonpearl.com\/wp-content\/uploads\/2019\/05\/24-mai-2018-bibi-seul-b-2-225x300.jpg 225w, https:\/\/lisarose-moonpearl.com\/wp-content\/uploads\/2019\/05\/24-mai-2018-bibi-seul-b-2-600x800.jpg 600w\" sizes=\"(max-width: 457px) 100vw, 457px\" \/><\/figure><\/div>\n\n\n\n<p>J&rsquo;avais conscience que c&rsquo;\u00e9tait compliqu\u00e9 pour Maman, car elle n&rsquo;avait pas de lait tout le temps, dans ses seins. Et je vous avoue que c&rsquo;\u00e9tait cela qui me stressait aussi&#8230; Parfois, il y avait beaucoup de lait, je buvais jusqu&rsquo;\u00e0 \u00eatre repu. Mais d&rsquo;autres fois, je devais tirer fort, fort, fort, et \u00e7a ne venait pas bien, et tr\u00e8s vite plus du tout. \u00c7a m&rsquo;\u00e9nervait au plus haut point, lorsque j&rsquo;avais faim. Et puis, sans que je comprenne au d\u00e9part pourquoi, certaines fois, quand je criais famine, Maman n&rsquo;essayait m\u00eame pas le sein et me faisais directement un biberon&#8230;<\/p>\n\n\n\n<p>Heureusement, elle me donna quelques explications par la suite, un peu complexes cependant pour le petit b\u00e9b\u00e9 que j&rsquo;\u00e9tais&#8230;&nbsp;<\/p>\n\n\n\n<p>\u00ab&nbsp;J&rsquo;ai \u00e9t\u00e9 oblig\u00e9e de te faire un bibi, mon petit Angelo, parce que je ne pensais pas que tu aurais faim si vite&nbsp;! Du coup, j&rsquo;ai vid\u00e9 le lait de mes seins dans des bibis pour pouvoir les amener \u00e0 Nanou&nbsp;! Tu sais, mon petit c\u0153ur, ce n&rsquo;est pas facile pour moi non plus de te donner mon lait et du coup de t&rsquo;allaiter comme tu le souhaiterais. Je dois toujours pr\u00e9voir pour que tu aies de quoi te nourrir quand nous sommes s\u00e9par\u00e9s.&nbsp;\u00bb<\/p>\n\n\n\n<p>Je lui r\u00e9pondis dans mon c\u0153ur&nbsp;:<\/p>\n\n\n\n<p>\u00ab&nbsp;Je sais que tu fais de ton mieux, ma petite maman, et je ne t&rsquo;en veux pas. Je r\u00e9agis de fa\u00e7on instinctive. Quand j&rsquo;ai tr\u00e8s faim, j&rsquo;ai besoin de manger vite et beaucoup. Et, d&rsquo;autre part, cela me perturbe assez que les rituels soient si diff\u00e9rents, avec toi, le jour. J&rsquo;ai trois \u00ab&nbsp;parents nourriciers&nbsp;\u00bb diff\u00e9rents, avec lesquels les horaires de \u00ab&nbsp;repas&nbsp;\u00bb varient selon les jours. Je ne sais jamais avec qui je prendrais mon prochain bibi, et encore moins si ce ne sera pas une t\u00e9t\u00e9e&nbsp;! Il a fallu que je m&rsquo;habitue \u00e0 la fa\u00e7on de faire de chacun, ce n&rsquo;\u00e9tait pas inn\u00e9&nbsp;! Nanou et Papa ont chacun leur rituel, assez r\u00e9gulier, en ce qui concerne le lieu dans la maison, la position position dans leurs bras, etc&#8230; Et surtout, c&rsquo;est toujours le biberon, bien plein et qui coule vite&nbsp;! Avec toi, par contre, j&rsquo;ai du mal \u00e0 suivre&nbsp;! Il n&rsquo;y a pas de rituel, \u00e7a change tout le temps&nbsp;! Je fais ce que je peux, mais pour moi c&rsquo;est vraiment hyper perturbant et stressant, Maman&#8230;&nbsp;\u00bb<\/p>\n\n\n\n<p>Je percevais qu&rsquo;elle me comprenait parfaitement mais se sentait impuissante.&nbsp;<\/p>\n\n\n\n<p>\u00ab&nbsp;Mon petit Titou, j&rsquo;aimerais bien que mes seins soient toujours pr\u00eats et pleins, comme un biberon. Mais je ne suis pas une m\u00e9canique suisse ! Pour que Maman fasse du bon lait, en grande quantit\u00e9, elle a besoin de repos. Mon corps est une bonne machine solide et g\u00e9n\u00e9reuse, mais il n&rsquo;est pas surhumain. Moins je dors, plus je suis fatigu\u00e9e, et moins mes seins produisent de lait. Avec ta toux ces derni\u00e8res semaines, j&rsquo;ai, comme toi, tr\u00e8s, tr\u00e8s mal dormi. C&rsquo;est une des raisons qui fait que mes seins ne te donnaient pas toujours autant que tu en avais envie, pour petit amour &lt;3. Pas facile d&rsquo;\u00eatre toujours \u00e0 fond, sur tous les fronts&nbsp;! Je ne suis pas une superwoman&nbsp;!&nbsp;\u00bb&nbsp;<\/p>\n\n\n\n<p><strong>Vendredi 25 mai<\/strong><\/p>\n\n\n\n<p>Aujourd&rsquo;hui, c&rsquo;\u00e9tait l&rsquo;anniversaire de Koko. Elle a eu 11 ans. Apr\u00e8s m&rsquo;avoir laiss\u00e9 chez Nanou, Maman est all\u00e9e la voir et elles ont fait une balade jusqu&rsquo;au terrain de Maman. Balade soft, car depuis hier soir Maman souffrait d&rsquo;une grosse contracture du dos en haut \u00e0 droite. Pas \u00e9tonnant, \u00e0 force de porter partout dans mon cosy, mon transat, sans oublier l&rsquo;allaitement, le tirage de lait. Comme elle est droiti\u00e8re, elle fait tout et force surtout avec le bras droit&#8230; Duende a f\u00eat\u00e9 son anniversaire il y a une semaine, le jeudi 17. Il a eu 5 ans. Maman a fait avec lui une belle balade lundi et une s\u00e9ance en carri\u00e8re le lendemain de son anniversaire.<\/p>\n\n\n\n<p>Cette apr\u00e8s-midi, Papa ne travaillait pas, parce qu&rsquo;il y avait un chantier dans le jardin. William, le papa d&rsquo;une \u00e9l\u00e8ve de Maman, passionn\u00e9 de b\u00fbcheronnage, est venu couper des arbres qui g\u00eanaient. Papa devait \u00eatre l\u00e0 pour superviser les choses&nbsp;! Maman, quant \u00e0 elle, partit en cours, en commen\u00e7ant par Loreena, apr\u00e8s son retour de balade et sa sacro-sainte \u00ab&nbsp;traite&nbsp;\u00bb de midi&nbsp;!<\/p>\n\n\n\n<p><strong>Samedi 26 mai&nbsp;<\/strong><\/p>\n\n\n\n<p>Le samedi, c&rsquo;\u00e9tait, comme souvent, avec Papa. Du coup, pour les repas, ce n&rsquo;\u00e9tait pas compliqu\u00e9&nbsp;: bibi, bibi et rebibi. Maman m&rsquo;avait expliqu\u00e9 le matin, avant de partir travailler, qu&rsquo;elle tirerait son lait chez des \u00e9l\u00e8ves sympas qui lui pr\u00eataient leur salle de bain. Je fus super content de la retrouver, le soir, \u00e0 son retour et de faire une bonne \u00ab&nbsp;t\u00e9t\u00e9e-retrouvailles&nbsp;\u00bb avant d&rsquo;aller au dodo. J&rsquo;avais t\u00e9t\u00e9 aussi dans la nuit de vendredi \u00e0 samedi, comme toutes les nuits, encore&#8230;<\/p>\n\n\n\n<p><strong>Dimanche 27 mai<\/strong><\/p>\n\n\n\n<p>Cette nuit, \u00e7a n&rsquo;allait pas du tout&#8230; Je n&rsquo;ai pas arr\u00eat\u00e9 de tousser, j&rsquo;avais le nez bouch\u00e9, impossible de dormir. Mes deux parents se relay\u00e8rent un long moment pour me bercer, dans l&rsquo;espoir que je trouve enfin&nbsp;le sommeil. Finalement, totalement d\u00e9sempar\u00e9 face \u00e0 leur incapacit\u00e9 \u00e0 m&rsquo;endormir, Papa eut comme id\u00e9e de me faire faire un tour de poussette, dehors, en pleine nuit, pour que je me calme&nbsp;! Mais cela me fit l&rsquo;effet inverse&nbsp;! Je fus terroris\u00e9 par le d\u00e9cor que je n&rsquo;avais jamais vu sans la lumi\u00e8re du soleil&#8230; Il y avait des ombres partout, je ne reconnaissais rien.&nbsp;<\/p>\n\n\n\n<p>Je t\u00e9tais vers 4h, comme d&rsquo;habitude&#8230; et me rendormis enfin jusqu&rsquo;au matin. Au r\u00e9veil, je refis une petite t\u00e9t\u00e9e. Mais ce ne fut pas long, on \u00e9tait crev\u00e9 Maman et moi. Elle n&rsquo;avait pas \u00e9norm\u00e9ment de lait et moi pas la force de pers\u00e9v\u00e9rer&#8230; Je refis une bonne t\u00e9t\u00e9e un peu plus tard dans la matin\u00e9e, \u00e7a allait un peu mieux. Je me rendormis au sein, \u00e9puis\u00e9 mais rassasi\u00e9 et serein.&nbsp;<\/p>\n\n\n\n<p>Dans la suite de la journ\u00e9e, Maman profita d&rsquo;\u00eatre \u00e0 la maison pour me proposer r\u00e9guli\u00e8rement de t\u00e9ter, mais, \u00e0 chaque fois, j&rsquo;avais du mal. Le lait ne venait pas assez vite, j&rsquo;\u00e9tais fatigu\u00e9 et pas bien. Maman se dit qu&rsquo;elle n&rsquo;avait pas assez de lait, du fait de la fatigue, et Papa finit par me faire un bibi dans l&rsquo;apr\u00e8s-midi. Ce rhume m&rsquo;an\u00e9antissait litt\u00e9ralement&#8230; Il m&rsquo;\u00e9puisait, me rendait grognon, ronchon, ce qui \u00e9tait tout \u00e0 fait contraire \u00e0 mon temp\u00e9rament. Je toussais tr\u00e8s souvent, ce qui me faisait \u00e9norm\u00e9ment r\u00e9gurgiter. Mes parents&nbsp;\u00e9taient inquiets&#8230;.&nbsp;<\/p>\n\n\n\n<p>Dans la matin\u00e9e, Maman profita de la douceur de cette fin de mois de mai pour m&rsquo;amener au jardin. On a cueilli des fraises ensemble, des dizaines de petites fruits rouges qui poussaient au milieu des feuillages verts. Maman me dit que l&rsquo;ann\u00e9e prochaine je pourrais les ramasser et les manger tout seul&nbsp;!&nbsp;<\/p>\n\n\n\n<div class=\"wp-block-image\"><figure class=\"aligncenter is-resized\"><img loading=\"lazy\" decoding=\"async\" src=\"http:\/\/lisarose-moonpearl.com\/wp-content\/uploads\/2019\/05\/27-mai-2018-fraises--706x1024.jpg\" alt=\"\" class=\"wp-image-1187\" width=\"447\" height=\"648\" srcset=\"https:\/\/lisarose-moonpearl.com\/wp-content\/uploads\/2019\/05\/27-mai-2018-fraises--706x1024.jpg 706w, https:\/\/lisarose-moonpearl.com\/wp-content\/uploads\/2019\/05\/27-mai-2018-fraises--207x300.jpg 207w, https:\/\/lisarose-moonpearl.com\/wp-content\/uploads\/2019\/05\/27-mai-2018-fraises--600x871.jpg 600w, https:\/\/lisarose-moonpearl.com\/wp-content\/uploads\/2019\/05\/27-mai-2018-fraises-.jpg 736w\" sizes=\"(max-width: 447px) 100vw, 447px\" \/><\/figure><\/div>\n\n\n\n<p>Dans l&rsquo;apr\u00e8s-midi, pour se changer les id\u00e9es et continuer \u00e0 profiter du beau temps, avec Papa et Maman, on est retourn\u00e9 voir Duende. Maman le montait et Papa me baladait dans la poussette. C&rsquo;\u00e9tait cool de retrouver mon pote Dudu&nbsp;! J&rsquo;en oubliais presque ma vilaine toux.<\/p>\n\n\n\n<div class=\"wp-block-image\"><figure class=\"aligncenter is-resized\"><img loading=\"lazy\" decoding=\"async\" src=\"http:\/\/lisarose-moonpearl.com\/wp-content\/uploads\/2019\/05\/27-mai-2018-Duende-c-691x1024.jpg\" alt=\"\" class=\"wp-image-1189\" width=\"444\" height=\"657\" srcset=\"https:\/\/lisarose-moonpearl.com\/wp-content\/uploads\/2019\/05\/27-mai-2018-Duende-c-691x1024.jpg 691w, https:\/\/lisarose-moonpearl.com\/wp-content\/uploads\/2019\/05\/27-mai-2018-Duende-c-202x300.jpg 202w, https:\/\/lisarose-moonpearl.com\/wp-content\/uploads\/2019\/05\/27-mai-2018-Duende-c-768x1139.jpg 768w, https:\/\/lisarose-moonpearl.com\/wp-content\/uploads\/2019\/05\/27-mai-2018-Duende-c-1080x1601.jpg 1080w, https:\/\/lisarose-moonpearl.com\/wp-content\/uploads\/2019\/05\/27-mai-2018-Duende-c.jpg 1836w\" sizes=\"(max-width: 444px) 100vw, 444px\" \/><\/figure><\/div>\n\n\n\n<p>Mais le soir, rebelote, j&rsquo;ai t\u00e9t\u00e9 tr\u00e8s peu et Papa m&rsquo;a fait un bibi&#8230; Par la suite, impossible de dormir, jusqu&rsquo;\u00e0 minuit. J&rsquo;ai finis par tomber, enfin, dans un profond sommeil pour ne me r\u00e9veiller qu&rsquo;au petit matin&nbsp;!!! J&rsquo;avais besoin de r\u00e9cup\u00e9rer. Papa et Maman aussi&nbsp;!<\/p>\n\n\n\n<p>J&rsquo;ai oubli\u00e9 de vous pr\u00e9ciser qu&rsquo;aujourd&rsquo;hui, c&rsquo;\u00e9tait la f\u00eate des m\u00e8res&#8230; Je lui en fait une sacr\u00e9e f\u00eate, moi, \u00e0 ma maman&nbsp;! Mais ce n&rsquo;\u00e9tait pas volontaire. La preuve, c&rsquo;est qu&rsquo;avec Nanou, on lui avait pr\u00e9par\u00e9 un joli cadeau, son premier cadeau de f\u00eate des m\u00e8res \u00e0 ma maman d&rsquo;amour &lt;3. Un cadre, en forme de c\u0153ur, avec des photos de moi qui lui souriait de mon sourire ang\u00e9lique ;-). Cela lui fit super plaisir. Nanou avait marqu\u00e9 sous les photos \u00ab&nbsp;Je t&rsquo;aime, Maman&nbsp;\u00bb&#8230; Ce que Maman ne savait pas, c&rsquo;est qu&rsquo;au d\u00e9part, Nanou avait pr\u00e9vu que je mette mes empreintes de mains sur le tableau. Mais j&rsquo;\u00e9tais un peu trop dissip\u00e9 pour \u00e7a&nbsp;! Et j&rsquo;avoue aussi que le contact de la peinture gluante sur ma peau ne m&rsquo;enchanta pas des masses&nbsp;! Du coup, Nanou avait d\u00fb modifier son projet initial. Mais le principal, c&rsquo;\u00e9tait que mon cadeau plaise \u00e0 Maman et lui fasse chaud au c\u0153ur&nbsp;; un peu de lumi\u00e8re dans cette terne journ\u00e9e&#8230;<\/p>\n\n\n\n<p><strong>Semaine du 28 mai au 3 juin<\/strong><\/p>\n\n\n\n<p><strong>Lundi 28 mai<\/strong><\/p>\n\n\n\n<p>Journ\u00e9e terrible pour moi&#8230; Ce matin, j&rsquo;ai totalement refus\u00e9 de t\u00e9ter. J&rsquo;avais envie d&rsquo;un gros bibi, pas d&rsquo;un peu de lait difficile \u00e0 gagner. Maman se plia \u00e0 mon d\u00e9sir, d\u00e9sesp\u00e9r\u00e9e..<\/p>\n\n\n\n<div class=\"wp-block-image\"><figure class=\"aligncenter is-resized\"><img loading=\"lazy\" decoding=\"async\" src=\"http:\/\/lisarose-moonpearl.com\/wp-content\/uploads\/2019\/05\/28-mai-2018-bii-maman-1024x768.jpg\" alt=\"\" class=\"wp-image-1190\" width=\"416\" height=\"312\" srcset=\"https:\/\/lisarose-moonpearl.com\/wp-content\/uploads\/2019\/05\/28-mai-2018-bii-maman.jpg 1024w, https:\/\/lisarose-moonpearl.com\/wp-content\/uploads\/2019\/05\/28-mai-2018-bii-maman-300x225.jpg 300w, https:\/\/lisarose-moonpearl.com\/wp-content\/uploads\/2019\/05\/28-mai-2018-bii-maman-768x576.jpg 768w, https:\/\/lisarose-moonpearl.com\/wp-content\/uploads\/2019\/05\/28-mai-2018-bii-maman-510x382.jpg 510w, https:\/\/lisarose-moonpearl.com\/wp-content\/uploads\/2019\/05\/28-mai-2018-bii-maman-600x450.jpg 600w\" sizes=\"(max-width: 416px) 100vw, 416px\" \/><\/figure><\/div>\n\n\n\n<p>L&rsquo;apr\u00e8s midi, chez Nanou, je fut aussi mal que la veille. Mal, mal, mal&#8230; Ronchon, yeux rouges, je pleurais&nbsp;beaucoup. Je n&rsquo;\u00e9tais vraiment pas dans mon \u00e9tat normal. Du coup, Nanou fut tr\u00e8s inqui\u00e8te, \u00e0 son tour. Maman n&rsquo;avait pas du tout envie de revoir mon ancienne p\u00e9diatre&nbsp;; elle en appela d&rsquo;autres pour essayer d&rsquo;avoir un rendez-vous. Mais aucun ne prenait de nouveau patient&#8230; Finalement Maman contacta son docteur habituel. Il n&rsquo;avait pas de place avant jeudi&#8230;<\/p>\n\n\n\n<div class=\"wp-block-image\"><figure class=\"aligncenter is-resized\"><img loading=\"lazy\" decoding=\"async\" src=\"http:\/\/lisarose-moonpearl.com\/wp-content\/uploads\/2019\/05\/28-20-mai-2018-kolina-768x1024.jpg\" alt=\"\" class=\"wp-image-1191\" width=\"425\" height=\"567\" srcset=\"https:\/\/lisarose-moonpearl.com\/wp-content\/uploads\/2019\/05\/28-20-mai-2018-kolina.jpg 768w, https:\/\/lisarose-moonpearl.com\/wp-content\/uploads\/2019\/05\/28-20-mai-2018-kolina-225x300.jpg 225w, https:\/\/lisarose-moonpearl.com\/wp-content\/uploads\/2019\/05\/28-20-mai-2018-kolina-600x800.jpg 600w\" sizes=\"(max-width: 425px) 100vw, 425px\" \/><\/figure><\/div>\n\n\n\n<p>Le soir, alors que Papa \u00e9tait d\u00e9j\u00e0 venu me chercher chez Nanou, Maman rentra de chez Koko qu&rsquo;elle avait eu le temps d&rsquo;aller voir apr\u00e8s ses cours. Elle \u00e9tait zen, il \u00e9tait t\u00f4t par rapport \u00e0 l&rsquo;heure o\u00f9 elle rentrait d&rsquo;habitude. Du coup, elle tenta de me donner le sein. Mais non&nbsp;! non&nbsp;! non, je n&rsquo;en voulais pas&nbsp;!!! Pourtant, ils s&rsquo;y mirent tous les deux avec Papa et essay\u00e8rent toutes les positions&nbsp;possibles et imaginables, pensant que je finirais peut-\u00eatre par changer d&rsquo;avis ! Peine perdue&#8230;<\/p>\n\n\n\n<p>La nuit, j&rsquo;aimais bien t\u00e9ter, c&rsquo;\u00e9tait notre moment \u00e0 nous. \u00c7a coulait doucement&#8230; Je m&rsquo;endormais \u00e0 moiti\u00e9. J&rsquo;\u00e9tais presque dans un autre monde&#8230; Mais La journ\u00e9e, je ne voulais plus \u00eatre ce nourrisson. J&rsquo;avais tr\u00e8s faim. Je voulais manger assis, que \u00e7a coule vite, beaucoup, fort, sans que j&rsquo;aie \u00e0 forcer.<\/p>\n\n\n\n<p>Et puis, je ne comprenais pas pourquoi Maman mettais du lait de c\u00f4t\u00e9 pour d&rsquo;autres b\u00e9b\u00e9s&#8230;<\/p>\n\n\n\n<p><strong>Mardi 29 mai<\/strong><\/p>\n\n\n\n<p>R\u00e9veill\u00e9 \u00e0 5h, j&rsquo;ai bien t\u00e9t\u00e9, car, pour moi, c&rsquo;\u00e9tait encore la nuit. Mais \u00e0 9h, il faisait jour, hors de question&nbsp;!&nbsp;<\/p>\n\n\n\n<div class=\"wp-block-image\"><figure class=\"aligncenter is-resized\"><img loading=\"lazy\" decoding=\"async\" src=\"http:\/\/lisarose-moonpearl.com\/wp-content\/uploads\/2019\/05\/29-mai-2018-bibi-maman-1024x768.jpg\" alt=\"\" class=\"wp-image-1192\" width=\"441\" height=\"331\" srcset=\"https:\/\/lisarose-moonpearl.com\/wp-content\/uploads\/2019\/05\/29-mai-2018-bibi-maman.jpg 1024w, https:\/\/lisarose-moonpearl.com\/wp-content\/uploads\/2019\/05\/29-mai-2018-bibi-maman-300x225.jpg 300w, https:\/\/lisarose-moonpearl.com\/wp-content\/uploads\/2019\/05\/29-mai-2018-bibi-maman-768x576.jpg 768w, https:\/\/lisarose-moonpearl.com\/wp-content\/uploads\/2019\/05\/29-mai-2018-bibi-maman-510x382.jpg 510w, https:\/\/lisarose-moonpearl.com\/wp-content\/uploads\/2019\/05\/29-mai-2018-bibi-maman-600x450.jpg 600w\" sizes=\"(max-width: 441px) 100vw, 441px\" \/><\/figure><\/div>\n\n\n\n<p>Ce matin, Maman m&rsquo;amena dans un nouvel endroit, m\u00e9dical aussi, comme chez la p\u00e9diatre, chez le m\u00e9decin, chez les kin\u00e9s, etc. Il y avait la salle o\u00f9 on attendait notre tour en arrivant, puis la salle de \u00ab&nbsp;consultation-manipulation&nbsp;\u00bb, o\u00f9 le professionnel s&rsquo;occupait personnellement de nous.<\/p>\n\n\n\n<p>C\u00e9cile, la dentiste, \u00e9tait une amie de Maman. Elle avait un cadeau pour moi, trop mignon&nbsp;! Un ours en peluche avec des ailes blanches&#8230; Parce que je m&rsquo;appelle Angelo.<\/p>\n\n\n\n<p>C&rsquo;\u00e9tait marrant dans son cabinet, tout \u00e9tait rose, du plancher au plafond&nbsp;! M\u00eame le clavier de son ordinateur et le si\u00e8ge pour le patient&nbsp;! Une vraie fille, jusqu&rsquo;au bout des ongles&nbsp;!<\/p>\n\n\n\n<p>Ensuite, Maman m&rsquo;amena chez Nanou. Lorsqu&rsquo;elle lui parla de la soir\u00e9e d&rsquo;hier et de mon refus de t\u00e9ter, Nanou lui demanda si elle m&rsquo;avait expliqu\u00e9 pourquoi elle tirait du lait pour d&rsquo;autres b\u00e9b\u00e9s&#8230; Nanou, elle me connaissait presque mieux que Maman maintenant. Elle avait senti que cela me perturbait. Je ressentais tellement de choses&#8230;&nbsp;<\/p>\n\n\n\n<p>Maman fut d&rsquo;abord un peu sid\u00e9r\u00e9e par cette proposition. Mais en y r\u00e9fl\u00e9chissant, elle la trouva tout \u00e0 fait pertinente. Kolina avait, elle aussi, \u00e9t\u00e9 tr\u00e8s perturb\u00e9e lorsque Maman avait eu Duende, sans qu&rsquo;elle le sache. Bien qu&rsquo;elle ne lui en ait pas parl\u00e9 au d\u00e9but, Kolina avait senti ce qui se passait. Elle devait partager sa Maman, qui n&rsquo;\u00e9tait plus comme avant. Et lorsque Maman \u00e9tait partie en vacances sans lui dire, elle s&rsquo;\u00e9tait sentie abandonn\u00e9e au point de somatiser et de se rendre malade, for\u00e7ant Papa et Maman \u00e0 rentrer au plus vite&#8230;&nbsp;! Et bien s\u00fbr, lorsque j&rsquo;\u00e9tais dans son ventre, les chevaux avaient sentis que Maman avait chang\u00e9 et ils avaient, dans les premiers temps, \u00e9t\u00e9 tr\u00e8s stress\u00e9s. Puis, lorsqu&rsquo;elle avait pris le temps de leur expliquer, ils avaient, l&rsquo;un comme l&rsquo;autre, chang\u00e9 du tout au tout&nbsp;! Des agneaux, doux et respectueux comme jamais auparavant, avec Maman&#8230;et donc avec moi &lt;3&lt;3.<\/p>\n\n\n\n<p><strong>Mercredi 30 mai<\/strong><\/p>\n\n\n\n<p>Cette nuit, pendant la t\u00e9t\u00e9e de 5h, Maman m&rsquo;expliqua enfin pourquoi elle donnait du lait \u00e0 d&rsquo;autres b\u00e9b\u00e9s&#8230;<\/p>\n\n\n\n<p>\u00ab&nbsp;Tu sais Angelo, j&rsquo;ai bien r\u00e9fl\u00e9chi \u00e0 ce que m&rsquo;a dit Nanou. Il faut que je t&rsquo;explique explicitement pourquoi je tire mon lait aussi pour le donner au lactarium. En fait, mes seins produisent beaucoup de lait, m\u00eame si tu as parfois l&rsquo;impression qu&rsquo;il ne t&rsquo;en donnent pas assez et surtout pas assez vite. Il y en a largement assez pour toi. Or, depuis que nous sommes all\u00e9s \u00e0 l&rsquo;h\u00f4pital apr\u00e8s ta naissance, j&rsquo;ai pris conscience qu&rsquo;il existait de nombreux petits b\u00e9b\u00e9s fragiles qui en avaient besoin pour survivre<strong>&#8230;&nbsp;\u00bb<\/strong><\/p>\n\n\n\n<p>Je l&rsquo;\u00e9coutais attentivement, me rappelant ces longues et p\u00e9nibles journ\u00e9es et nuits pass\u00e9es dans le service p\u00e9diatrie&#8230;<\/p>\n\n\n\n<p>\u00ab&nbsp;Certains b\u00e9b\u00e9s naissent trop t\u00f4t que pr\u00e9vu, parce que leurs maman n&rsquo;arrivent pas \u00e0 les garder dans leur ventre jusqu&rsquo;au bout, alors qu&rsquo;ils en auraient besoin&#8230; Parfois, elles ont des probl\u00e8mes de sant\u00e9, parfois ce sont eux. Les causes sont multiples, impr\u00e9visibles&#8230; En tout cas, il manque souvent un mois \u00e0 ces petits loulous, parfois plus&#8230; Ils doivent soudain se nourrir de lait, alors que dans le ventre ils auraient \u00e9t\u00e9 aliment\u00e9s tranquillement par le cordon et le sang de leur maman&#8230; Il arrive malheureusement que leur maman n&rsquo;aient pas du tout de lait, pour tout un tas de raisons, physiques, psychologiques&#8230; Or le seul lait qui ne fait pas mal au ventre, \u00e0 ces petits b\u00e9b\u00e9s fragiles, et leur permet de grandir et d&rsquo;\u00eatre en bonne sant\u00e9, c&rsquo;est du lait de mamans&#8230; S&rsquo;ils ne peuvent pas avoir celui de leur maman, il faut que d&rsquo;autres mamans, comme moi, leur en donnent. Tu comprends mon Titounet&nbsp;? Je ne te cache rien. Je souhaite juste aider d&rsquo;autres b\u00e9b\u00e9s qui ont moins de chance que toi&#8230;&nbsp;\u00bb<\/p>\n\n\n\n<p>D&rsquo;un coup, ce fut comme si un grand rideau, derri\u00e8re lequel je percevais des ombres et des bruits inqui\u00e9tants depuis plus d&rsquo;une semaine, s&rsquo;ouvrait et me d\u00e9voilait un spectacle magnifique. Car voil\u00e0 exactement mon ressenti&nbsp;: ce que Maman faisait n&rsquo;\u00e9tait pas un complot contre moi, mais un magnifique action pour l&rsquo;humanit\u00e9&#8230; Je sentis un poids quitter ma petite poitrine de b\u00e9b\u00e9 et mon c\u0153ur se remplir d&rsquo;amour et de r\u00e9confort.<\/p>\n\n\n\n<p>\u00ab&nbsp;Je te promets que je continuerai \u00e0 leur en donner qu&rsquo;\u00e0 la seule et unique condition que j&rsquo;en aie toujours encore assez pour toi. Et que si jamais, un jour o\u00f9 l&rsquo;autre, je n&rsquo;en avais plus assez, j&rsquo;arr\u00eaterais mon don&#8230; Mon sein et mon lait sont \u00e0 toi, en priorit\u00e9.&nbsp;\u00bb<\/p>\n\n\n\n<p>En fait, plus ou moins consciemment, j&rsquo;avais per\u00e7u chez Maman une certaine culpabilit\u00e9, de me cacher ce qu&rsquo;elle faisait, et un stress de ne peut-\u00eatre plus avoir assez de lait pour moi&#8230; Elle conclus son doux discours&nbsp;:<\/p>\n\n\n\n<p>\u00ab&nbsp;Et justement, mon Titou, en parlant de lait fait pour toi. Je voudrais que tu comprennes et prennes bien conscience que le lait qui sort directement de mon sein est bien meilleur pour toi que celui qui vient du biberon. Il est produit directement en r\u00e9ponse \u00e0 tes besoins du moment. Alors que dans le bibi, on met du lait que mes seins ont produits au minimum un mois plus t\u00f4t. Ce qu&rsquo;il contient correspond en r\u00e9alit\u00e9 \u00e0 tes besoins des semaines pass\u00e9es&#8230; C&rsquo;est donc dommage que tu ne profites pas, quand je suis l\u00e0 en journ\u00e9e, de ce lait \u00ab&nbsp;frais&nbsp;\u00bb, fait tout expr\u00e8s pour toi&#8230;&nbsp;<\/p>\n\n\n\n<p>Je me promis d&rsquo;y r\u00e9fl\u00e9chir&#8230; Cela faisait beaucoup d&rsquo;infos en m\u00eame temps. Je commen\u00e7ait \u00e0 m&rsquo;endormir, le bon go\u00fbt du lait chaud plein la bouche.<\/p>\n\n\n\n<p>Le soir, \u00e0 son retour du travail, j&rsquo;ai t\u00e9t\u00e9 comme un bienheureux. C&rsquo;\u00e9tait ma fa\u00e7on de lui exprimer le fait que j&rsquo;avais compris&nbsp;tout ce qu&rsquo;elle m&rsquo;avait dit !<\/p>\n\n\n\n<div class=\"wp-block-image\"><figure class=\"aligncenter is-resized\"><img loading=\"lazy\" decoding=\"async\" src=\"http:\/\/lisarose-moonpearl.com\/wp-content\/uploads\/2019\/05\/30-14-mai-2018-a-1024x801.jpg\" alt=\"\" class=\"wp-image-1193\" width=\"407\" height=\"318\" srcset=\"https:\/\/lisarose-moonpearl.com\/wp-content\/uploads\/2019\/05\/30-14-mai-2018-a.jpg 1024w, https:\/\/lisarose-moonpearl.com\/wp-content\/uploads\/2019\/05\/30-14-mai-2018-a-300x235.jpg 300w, https:\/\/lisarose-moonpearl.com\/wp-content\/uploads\/2019\/05\/30-14-mai-2018-a-768x601.jpg 768w, https:\/\/lisarose-moonpearl.com\/wp-content\/uploads\/2019\/05\/30-14-mai-2018-a-600x469.jpg 600w\" sizes=\"(max-width: 407px) 100vw, 407px\" \/><\/figure><\/div>\n\n\n\n<p><strong>Jeudi 31 mai.<\/strong><\/p>\n\n\n\n<p>Ce matin, comme il faisait tr\u00e8s beau, Maman m&rsquo;essaya la nouvelle salopette offerte par Oma. Ma premi\u00e8re salopette&nbsp;! Je ne mettais que des pyjamas, courts ou longs, depuis ma naissance. Elle m&rsquo;allait super bien, un vrai baroudeur :-).&nbsp;<\/p>\n\n\n\n<div class=\"wp-block-image\"><figure class=\"aligncenter is-resized\"><img loading=\"lazy\" decoding=\"async\" src=\"http:\/\/lisarose-moonpearl.com\/wp-content\/uploads\/2019\/05\/31-mai-2018-salopette-691x1024.jpg\" alt=\"\" class=\"wp-image-1194\" width=\"446\" height=\"660\" srcset=\"https:\/\/lisarose-moonpearl.com\/wp-content\/uploads\/2019\/05\/31-mai-2018-salopette-691x1024.jpg 691w, https:\/\/lisarose-moonpearl.com\/wp-content\/uploads\/2019\/05\/31-mai-2018-salopette-202x300.jpg 202w, https:\/\/lisarose-moonpearl.com\/wp-content\/uploads\/2019\/05\/31-mai-2018-salopette-600x889.jpg 600w, https:\/\/lisarose-moonpearl.com\/wp-content\/uploads\/2019\/05\/31-mai-2018-salopette.jpg 728w\" sizes=\"(max-width: 446px) 100vw, 446px\" \/><\/figure><\/div>\n\n\n\n<p>Comme je toussais et r\u00e9gurgitais beaucoup, Papa m&rsquo;amena chez le m\u00e9decin pour le troisi\u00e8me fois (c&rsquo;\u00e9tait, souvenez-vous, le rendez-vous que Maman avait pris en d\u00e9but de semaine). Monsieur le Docteur ne savait pas trop quoi faire contre ma toux, qui persistait malgr\u00e9 les nettoyages de nez dont j&rsquo;avait une sainte horreur&nbsp;!<\/p>\n\n\n\n<p>Heureusement, le lendemain Maman avait aussi rendez-vous avec Laure, sa sage-femme, qu&rsquo;elle aimait beaucoup et qui \u00e9tait sp\u00e9cialis\u00e9e en allaitement. Elle souhaitait surtout la rencontrer pour tenter de trouver des solutions \u00e0 ce qu&rsquo;elle appelait ma \u00ab&nbsp;gr\u00e8ve du sein&nbsp;\u00bb.<\/p>\n\n\n\n<p>Ce soir, pour la premi\u00e8re fois depuis l&rsquo;instauration du rituel au retour de l&rsquo;h\u00f4pital, mes parents ne me firent pas dormir dans mon couffin, mais me paus\u00e8rent dans mon lit de grand&#8230; Il \u00e9tait temps&nbsp;! Je commen\u00e7ais \u00e0 me sentir \u00e0 l&rsquo;\u00e9troit dans le couffin. Je tapais sur les bords avec mes mains et au fond avec les pieds&nbsp;! A l&rsquo;\u00e9poque, Maman savait que j&rsquo;avais besoin de me sentir entour\u00e9 pour \u00eatre rassur\u00e9. Mais avec les semaines, j&rsquo;avais grandi en taille et en ind\u00e9pendance. Je r\u00eavais d\u00e9sormais d&rsquo;\u00e9tirer mes bras et mes jambes \u00e0 l&rsquo;infini&nbsp;! Je n&rsquo;avais plus peur du vide autour de moi lorsque je m&rsquo;endormais.<\/p>\n\n\n\n<p>Je me sentis, \u00e0 vrai dire, tout de suite super bien dans mon grand lit. Comme le couffin se trouvait d\u00e9j\u00e0 dans le m\u00eame lit, mes rep\u00e8res rest\u00e8rent inchang\u00e9s. J&rsquo;avais le m\u00eame point de vue, je percevais les m\u00eames odeurs, bruits et lumi\u00e8res. Je m&rsquo;y sentis tellement \u00e0 mon aise que je dormis presque toute la nuit&nbsp;d&rsquo;un trait !<\/p>\n\n\n\n<div class=\"wp-block-image\"><figure class=\"aligncenter is-resized\"><img loading=\"lazy\" decoding=\"async\" src=\"http:\/\/lisarose-moonpearl.com\/wp-content\/uploads\/2019\/05\/31-29-mai-2018-lit-sieste-804x1024.jpg\" alt=\"\" class=\"wp-image-1195\" width=\"441\" height=\"561\" srcset=\"https:\/\/lisarose-moonpearl.com\/wp-content\/uploads\/2019\/05\/31-29-mai-2018-lit-sieste.jpg 804w, https:\/\/lisarose-moonpearl.com\/wp-content\/uploads\/2019\/05\/31-29-mai-2018-lit-sieste-236x300.jpg 236w, https:\/\/lisarose-moonpearl.com\/wp-content\/uploads\/2019\/05\/31-29-mai-2018-lit-sieste-768x978.jpg 768w, https:\/\/lisarose-moonpearl.com\/wp-content\/uploads\/2019\/05\/31-29-mai-2018-lit-sieste-600x764.jpg 600w\" sizes=\"(max-width: 441px) 100vw, 441px\" \/><\/figure><\/div>\n\n\n\n<p>J&rsquo;ai oubli\u00e9 de vous pr\u00e9ciser que Maman avait fait des essais pr\u00e9liminaires les deux jours pass\u00e9s. Elle m&rsquo;avait mis dans le grand lit pour les siestes, plut\u00f4t que de me laisser dans mon transat ou dans mon coin cocooning avec le coussin d&rsquo;allaitement. Je n&rsquo;avais pas vu la diff\u00e9rence&nbsp;! Elle avait mis le coussin d&rsquo;allaitement et toutes mes peluches dedans, j&rsquo;\u00e9tais comme un pacha&nbsp;!<\/p>\n\n\n\n<div class=\"wp-block-image\"><figure class=\"aligncenter is-resized\"><img loading=\"lazy\" decoding=\"async\" src=\"http:\/\/lisarose-moonpearl.com\/wp-content\/uploads\/2019\/05\/31-29-mai-2018-lit-768x1024.jpg\" alt=\"\" class=\"wp-image-1196\" width=\"443\" height=\"591\" srcset=\"https:\/\/lisarose-moonpearl.com\/wp-content\/uploads\/2019\/05\/31-29-mai-2018-lit.jpg 768w, https:\/\/lisarose-moonpearl.com\/wp-content\/uploads\/2019\/05\/31-29-mai-2018-lit-225x300.jpg 225w, https:\/\/lisarose-moonpearl.com\/wp-content\/uploads\/2019\/05\/31-29-mai-2018-lit-600x800.jpg 600w\" sizes=\"(max-width: 443px) 100vw, 443px\" \/><\/figure><\/div>\n\n\n\n<p><strong>Vendredi 1er juin<\/strong><\/p>\n\n\n\n<p>Rendez-vous, donc, avec Laure. Maman lui expliqua les derni\u00e8res semaines compliqu\u00e9es pour nous tous. Moi qui toussait, qui r\u00e9gurgitait, qui me r\u00e9veillait beaucoup la nuit, qui avait mal au ventre, qui ne voulait plus t\u00e9ter le jour&#8230; Elle qui \u00e9tait fatigu\u00e9e, qui ne savait pas comment calmer ma toux, ni pourquoi je ne t\u00e9tais plus que la nuit&#8230; Elle trouva tr\u00e8s vite le n\u0153ud du probl\u00e8me et, du coup, la solution que Maman mit en application le jour m\u00eame.<\/p>\n\n\n\n<p>D\u00e8s que l&rsquo;entrevue avec Laure fut termin\u00e9e, Maman me d\u00e9posa chez Nanou, car elle devait partir travailler. Au moment de mon biberon de 16h, je connus une grosse d\u00e9sillusion&nbsp;! Le lait ne coulait pas comme avant, je devais forcer plus, pour en avoir moins&nbsp;! Nanou avait fait un truc pas gentil. Le bibi ressemblait au sein de Maman que, justement, je refusais car il me m&rsquo;\u00e9nervait&nbsp;! Trop fatiguant et trop long pour me remplir l&rsquo;estomac&nbsp;! Je me mis \u00e0 hurler, pour lui faire comprendre que je n&rsquo;\u00e9tais pas du tout d&rsquo;accord avec le changement&nbsp;qu&rsquo;elle voulait m&rsquo;imposer ! Nanou, elle me comprenait presque aussi bien que Maman et Papa. Face \u00e0 ma col\u00e8re, elle m&rsquo;expliqua le pourquoi du comment&nbsp;!<\/p>\n\n\n\n<p>\u00ab Je sais, Angelo, tu n&rsquo;es pas content car on a remis une t\u00e9tine avec un trou plus petit. Moi aussi, cela m&rsquo;\u00e9nerverait et me mettrait tr\u00e8s en col\u00e8re si j&rsquo;\u00e9tais \u00e0 ta place. Mais si Maman et moi avons d\u00e9cid\u00e9 cela, ce n&rsquo;est pas pour t&#8217;emb\u00eater&#8230; C&rsquo;est au contraire pour que tu ailles mieux&#8230;&nbsp;\u00bb<\/p>\n\n\n\n<p>Je l&rsquo;\u00e9coutais avec attention, en la fixant droit dans les yeux, avec mon regard bleu intense. Elle poursuivit&nbsp;:<\/p>\n\n\n\n<p>\u00ab&nbsp;Il faut que tu arr\u00eates de tousser et de r\u00e9gurgiter le lait que tu bois. Comme le trou du biberon \u00e9tait plus gros que celui du t\u00e9ton de Maman, quand tu tirais fort, le lait venait tr\u00e8s vite et tu buvais tr\u00e8s, tr\u00e8s vite&nbsp;! Tu te remplissait trop l&rsquo;estomac, du coup, et \u00e7a ressortait tout seul. Tout ce lait qui remontait, en sens inverse, te faisait alors bobo \u00e0 la gorge&nbsp;!Apr\u00e8s, tu avais la gorge qui piquait et \u00e7a te faisait tousser.&nbsp;\u00bb<\/p>\n\n\n\n<p>Peut-\u00eatre qu&rsquo;elle avait raison Nanou, finalement&#8230; Elle n&rsquo;avait jamais rien fait de m\u00e9chant envers moi, au contraire. J&rsquo;avais confiance en elle, je croyais sinc\u00e8rement que, m\u00eame si c&rsquo;\u00e9tait extr\u00eamement frustrant pour moi, elle le faisait pour mon bien. Je me calmais. Mes soubresauts de sanglots s&rsquo;arr\u00eat\u00e8rent, eux aussi. Nanou r\u00e9essaya le biberon. Je le pris et tirai sur cette maudite t\u00e9tine, non sans maugr\u00e9er, entre mes gencives \u00e9dent\u00e9es&nbsp;! Je ne suis pas un mec facile, moi&nbsp;! Elle me f\u00e9licita.<\/p>\n\n\n\n<p>\u00ab&nbsp;C&rsquo;est bien, mon petit Angelo \ud83d\ude42 Je suis fi\u00e8re de toi&nbsp;! Tu va voir, tr\u00e8s vite tu vas te sentir mieux. Tu dig\u00e8reras mieux, tu ne vomiras et ne tousseras plus. Tu dormiras bien la nuit.&nbsp;\u00bb<\/p>\n\n\n\n<p>Elle fit une pause, je cessai de bougonner<\/p>\n\n\n\n<p>\u00ab&nbsp;Et puis, tu pourras t\u00e9ter plus facilement le lait de Maman. Cela te para\u00eetra moins fatiguant. Le lait directement du sein de maman, c&rsquo;est bien meilleur, quand m\u00eame, pour toi, tu sais !&nbsp;\u00bb<\/p>\n\n\n\n<p>Je lui souris, elle avait gagn\u00e9. Trop forte cette Nanou&nbsp;!<\/p>\n\n\n\n<p><strong>Samedi 2 juin<\/strong><\/p>\n\n\n\n<p>Ce matin, branle-bas-de-combat. Maman m&#8217;embarqua pour une longue route, juste apr\u00e8s la t\u00e9t\u00e9e. Car oui, ce matin j&rsquo;ai t\u00e9t\u00e9, bien qu&rsquo;il fasse d\u00e9j\u00e0 jour :-). Nanou avait raison, c&rsquo;\u00e9tait comme le bibi, pas plus difficile, d\u00e9sormais.&nbsp;<\/p>\n\n\n\n<div class=\"wp-block-image\"><figure class=\"aligncenter is-resized\"><img loading=\"lazy\" decoding=\"async\" src=\"http:\/\/lisarose-moonpearl.com\/wp-content\/uploads\/2019\/05\/2-juin-2018-salon-du-livre-1024x818.jpg\" alt=\"\" class=\"wp-image-1198\" width=\"442\" height=\"353\" srcset=\"https:\/\/lisarose-moonpearl.com\/wp-content\/uploads\/2019\/05\/2-juin-2018-salon-du-livre.jpg 1024w, https:\/\/lisarose-moonpearl.com\/wp-content\/uploads\/2019\/05\/2-juin-2018-salon-du-livre-300x240.jpg 300w, https:\/\/lisarose-moonpearl.com\/wp-content\/uploads\/2019\/05\/2-juin-2018-salon-du-livre-768x614.jpg 768w, https:\/\/lisarose-moonpearl.com\/wp-content\/uploads\/2019\/05\/2-juin-2018-salon-du-livre-600x479.jpg 600w\" sizes=\"(max-width: 442px) 100vw, 442px\" \/><\/figure><\/div>\n\n\n\n<p>Nous sommes arriv\u00e9s dans une grande salle, dans laquelle Maman m&rsquo;installa, ainsi que tout mon barda et ses livres. Nous \u00e9tions au salon du livre d&rsquo;Am\u00e9lie-les-bains. Je fus tr\u00e8s admir\u00e9 et peut-\u00eatre ai-je suscit\u00e9 bien plus d&rsquo;int\u00e9r\u00eat aupr\u00e8s du public, comme d&rsquo;ailleurs des exposants, que tous les livres r\u00e9unis, ceux de Maman compris&nbsp;! Mais n&rsquo;\u00e9tais-je pas son plus bel ouvrage&nbsp;??? Y a pas photo&nbsp;!<\/p>\n\n\n\n<div class=\"wp-block-image\"><figure class=\"aligncenter is-resized\"><img loading=\"lazy\" decoding=\"async\" src=\"http:\/\/lisarose-moonpearl.com\/wp-content\/uploads\/2019\/05\/2-juin-10-mai-2018-transat-1024x686.jpg\" alt=\"\" class=\"wp-image-1199\" width=\"434\" height=\"290\" srcset=\"https:\/\/lisarose-moonpearl.com\/wp-content\/uploads\/2019\/05\/2-juin-10-mai-2018-transat-1024x686.jpg 1024w, https:\/\/lisarose-moonpearl.com\/wp-content\/uploads\/2019\/05\/2-juin-10-mai-2018-transat-300x201.jpg 300w, https:\/\/lisarose-moonpearl.com\/wp-content\/uploads\/2019\/05\/2-juin-10-mai-2018-transat-768x515.jpg 768w, https:\/\/lisarose-moonpearl.com\/wp-content\/uploads\/2019\/05\/2-juin-10-mai-2018-transat-1080x724.jpg 1080w, https:\/\/lisarose-moonpearl.com\/wp-content\/uploads\/2019\/05\/2-juin-10-mai-2018-transat-600x402.jpg 600w, https:\/\/lisarose-moonpearl.com\/wp-content\/uploads\/2019\/05\/2-juin-10-mai-2018-transat.jpg 1083w\" sizes=\"(max-width: 434px) 100vw, 434px\" \/><\/figure><\/div>\n\n\n\n<p>Au cours de cette journ\u00e9e, je pris deux repas en bibi. Maman savait que la foule risquait de me perturber pour une reprise optimale de la t\u00e9t\u00e9e en journ\u00e9e. D&rsquo;autre part, elle n&rsquo;avait peut-\u00eatre pas envie de me donner le sein, avec cette foule&#8230; En rentrant, \u00e9puis\u00e9s tous les deux, nous sommes all\u00e9s directement au dodo, l&rsquo;un comme l&rsquo;autre&#8230;<\/p>\n\n\n\n<p><strong>Dimanche 3 juin<\/strong><\/p>\n\n\n\n<p>Je me suis r\u00e9veill\u00e9, affam\u00e9, \u00e0 minuit pass\u00e9. J&rsquo;avais saut\u00e9 mon d\u00eener&nbsp;! J&rsquo;ai t\u00e9t\u00e9, tr\u00e8s heureux. Et toute la journ\u00e9e du dimanche, j&rsquo;ai t\u00e9t\u00e9 \u00e0 tous les repas&nbsp;! Finalement, c&rsquo;\u00e9tait bien. J&rsquo;avais la proximit\u00e9 et la douceur de Maman, pour le m\u00eame flux de lait qu&rsquo;au biberon&#8230; Et il s&rsquo;av\u00e9ra que je vomis moins de lait apr\u00e8s le repas, car mon estomac ne devint pas aussi plein, aussi rapidement qu&rsquo;avant. Je me sentais mieux. Mais je redemandais plus souvent \u00e0 manger, du coup.&nbsp;<\/p>\n\n\n\n<p>Maman, heureuse de retrouver cette harmonie entre nous, s&rsquo;\u00e9clipsa quand m\u00eame un moment pour aller voir Koko. Il ne faisait pas tr\u00e8s beau, elles firent tout de m\u00eame une jolie balade, un peu raccourcie par la pluie&#8230;<\/p>\n\n\n\n<p>A 21h, apr\u00e8s un gros dodo, j&rsquo;ai r\u00e9clam\u00e9 \u00e0 manger, Maman me donna le sein, dans ma chambre, dans le calme et l&rsquo;obscurit\u00e9. J&rsquo;ai t\u00e9t\u00e9 un bon quart d&rsquo;heure, me d\u00e9crochant par moment, un instant, pour la regarder&nbsp;:<\/p>\n\n\n\n<p>\u00ab&nbsp;Es-tu contente, Maman&nbsp;?&nbsp;Est-ce que c&rsquo;est mieux aussi pour toi&nbsp;?&nbsp;Tu vois, je t&rsquo;ai compris, je ne veux pas te f\u00e2cherou te stresser.&nbsp;J&rsquo;avais seulement besoin que tu m&rsquo;expliques&#8230;<\/p>\n\n\n\n<p>&#8211; Oui mon b\u00e9b\u00e9 d&rsquo;amour, c&rsquo;est beaucoup mieux ainsi, je suis heureuse. Continue, mon petit c\u0153ur. Je voulais te dire qu&rsquo;aujourd&rsquo;hui, j&rsquo;ai recommenc\u00e9 \u00e0 donner le lait au lactarium. Mais j&rsquo;ai d\u00e9cid\u00e9 de ne le faire qu&rsquo;un jour sur deux d\u00e9sormais, et non plus tous les jours comme au d\u00e9but.&nbsp;Voil\u00e0, comme \u00e7a je ne te cache rien. Tu peux \u00eatre en paix&#8230;\u00bb<\/p>\n\n\n\n<p><strong>Semaine du 4 au 10 juin<\/strong><\/p>\n\n\n\n<p>Je t\u00e9tais \u00e0 chaque fois que j&rsquo;\u00e9tais avec Maman et je ne toussais quasiment plus. Laure \u00e9tait une v\u00e9ritable magicienne&nbsp;!<\/p>\n\n\n\n<p><strong>Lundi 4 juin<\/strong><\/p>\n\n\n\n<div class=\"wp-block-image\"><figure class=\"aligncenter is-resized\"><img loading=\"lazy\" decoding=\"async\" src=\"http:\/\/lisarose-moonpearl.com\/wp-content\/uploads\/2019\/05\/4-juin-2018-t\u00e9t\u00e9e-784x1024.jpg\" alt=\"\" class=\"wp-image-1200\" width=\"389\" height=\"507\" srcset=\"https:\/\/lisarose-moonpearl.com\/wp-content\/uploads\/2019\/05\/4-juin-2018-t\u00e9t\u00e9e.jpg 784w, https:\/\/lisarose-moonpearl.com\/wp-content\/uploads\/2019\/05\/4-juin-2018-t\u00e9t\u00e9e-230x300.jpg 230w, https:\/\/lisarose-moonpearl.com\/wp-content\/uploads\/2019\/05\/4-juin-2018-t\u00e9t\u00e9e-768x1003.jpg 768w, https:\/\/lisarose-moonpearl.com\/wp-content\/uploads\/2019\/05\/4-juin-2018-t\u00e9t\u00e9e-600x784.jpg 600w\" sizes=\"(max-width: 389px) 100vw, 389px\" \/><\/figure><\/div>\n\n\n\n<p>Top t\u00e9t\u00e9e le matin avec Maman. Puis top journ\u00e9e au top chez Nanou&nbsp;! Je suis de nouveau devenu le b\u00e9b\u00e9 heureux et souriant que j&rsquo;ai toujours \u00e9t\u00e9 :-).<\/p>\n\n\n\n<div class=\"wp-block-image\"><figure class=\"aligncenter is-resized\"><img loading=\"lazy\" decoding=\"async\" src=\"http:\/\/lisarose-moonpearl.com\/wp-content\/uploads\/2019\/05\/4-juin-2018-nanou-642x1024.jpg\" alt=\"\" class=\"wp-image-1201\" width=\"415\" height=\"662\" srcset=\"https:\/\/lisarose-moonpearl.com\/wp-content\/uploads\/2019\/05\/4-juin-2018-nanou-642x1024.jpg 642w, https:\/\/lisarose-moonpearl.com\/wp-content\/uploads\/2019\/05\/4-juin-2018-nanou-188x300.jpg 188w, https:\/\/lisarose-moonpearl.com\/wp-content\/uploads\/2019\/05\/4-juin-2018-nanou-600x957.jpg 600w, https:\/\/lisarose-moonpearl.com\/wp-content\/uploads\/2019\/05\/4-juin-2018-nanou.jpg 702w\" sizes=\"(max-width: 415px) 100vw, 415px\" \/><\/figure><\/div>\n\n\n\n<p><strong>Mardi 5 juin<\/strong><\/p>\n\n\n\n<p>Hier soir, apr\u00e8s la t\u00e9t\u00e9e, j&rsquo;avais encore faim. Pourtant, j&rsquo;avais bien t\u00e9t\u00e9. Je devais refaire un pic de croissance ou peut-\u00eatre mon corps essayait-il de rattraper ce dont il avait manqu\u00e9 pendant mes semaines de toux et de r\u00e9gurgitation&nbsp;! Je me mis \u00e0 hurler&nbsp;! Papa et Maman crurent d&rsquo;abord que j&rsquo;avais mal au ventre et me berc\u00e8rent \u00e0 tour de r\u00f4le. Ils all\u00e8rent m\u00eame me balader en poussette. Cela m&rsquo;a distrait un moment et je me suis calm\u00e9 un peu. Mais j&rsquo;avais toujours faim&nbsp;! Maman finit par comprendre&#8230; Ils durent me faire un second bibi apr\u00e8s le premier, tellement j&rsquo;\u00e9tais affam\u00e9&nbsp;! Apr\u00e8s m&rsquo;\u00eatre enfin rempli le bidou, j&rsquo;ai de nouveau passer la nuit compl\u00e8te sans me r\u00e9veiller, m\u00eame s&rsquo;il me fallut du temps pour m&rsquo;endormir&#8230;<\/p>\n\n\n\n<div class=\"wp-block-image\"><figure class=\"aligncenter is-resized\"><img loading=\"lazy\" decoding=\"async\" src=\"http:\/\/lisarose-moonpearl.com\/wp-content\/uploads\/2019\/05\/5-juin-2018-nanou-Maelys-a-853x1024.jpg\" alt=\"\" class=\"wp-image-1202\" width=\"394\" height=\"473\" srcset=\"https:\/\/lisarose-moonpearl.com\/wp-content\/uploads\/2019\/05\/5-juin-2018-nanou-Maelys-a-853x1024.jpg 853w, https:\/\/lisarose-moonpearl.com\/wp-content\/uploads\/2019\/05\/5-juin-2018-nanou-Maelys-a-250x300.jpg 250w, https:\/\/lisarose-moonpearl.com\/wp-content\/uploads\/2019\/05\/5-juin-2018-nanou-Maelys-a-768x922.jpg 768w, https:\/\/lisarose-moonpearl.com\/wp-content\/uploads\/2019\/05\/5-juin-2018-nanou-Maelys-a-1080x1297.jpg 1080w, https:\/\/lisarose-moonpearl.com\/wp-content\/uploads\/2019\/05\/5-juin-2018-nanou-Maelys-a-600x720.jpg 600w, https:\/\/lisarose-moonpearl.com\/wp-content\/uploads\/2019\/05\/5-juin-2018-nanou-Maelys-a.jpg 1695w\" sizes=\"(max-width: 394px) 100vw, 394px\" \/><\/figure><\/div>\n\n\n\n<p>Ce matin, en m&rsquo;amenant chez Nanou, Maman a fait une petit s\u00e9ance photo, pour f\u00eater ma \u00ab&nbsp;renaissance&nbsp;\u00bb qui faisait plaisir \u00e0 tout le monde. J&rsquo;\u00e9tais fier de poser, pour une fois, avec ma 2\u00e8me Maman, La\u00ebticia, et ma ch\u00e9rie, Ma\u00eblys&nbsp;! On a fait une super balade tous les trois ensuite, pour profiter du beau temps. Tenue de \u00ab&nbsp;plagiste&nbsp;\u00bb de rigueur&nbsp;: body, chapeau, lunettes&nbsp;de star&nbsp;!<\/p>\n\n\n\n<div class=\"wp-block-image\"><figure class=\"aligncenter is-resized\"><img loading=\"lazy\" decoding=\"async\" src=\"http:\/\/lisarose-moonpearl.com\/wp-content\/uploads\/2019\/05\/5-juin-2018-poussette-576x1024.jpg\" alt=\"\" class=\"wp-image-1203\" width=\"399\" height=\"709\" srcset=\"https:\/\/lisarose-moonpearl.com\/wp-content\/uploads\/2019\/05\/5-juin-2018-poussette-576x1024.jpg 576w, https:\/\/lisarose-moonpearl.com\/wp-content\/uploads\/2019\/05\/5-juin-2018-poussette-169x300.jpg 169w, https:\/\/lisarose-moonpearl.com\/wp-content\/uploads\/2019\/05\/5-juin-2018-poussette-600x1066.jpg 600w, https:\/\/lisarose-moonpearl.com\/wp-content\/uploads\/2019\/05\/5-juin-2018-poussette.jpg 665w\" sizes=\"(max-width: 399px) 100vw, 399px\" \/><\/figure><\/div>\n\n\n\n<p>Ensuite, Maman et Loreena sont all\u00e9es voir Duende. Elles ont surtout fait du travail \u00e0 pied, puis un peu de travail mont\u00e9. Maman trouva Loreena super dou\u00e9e. Elle avait tout de suite compris comment utiliser son \u00e9nergie pour faire acc\u00e9l\u00e9rer ou ralentir Duende ou pour le faire s&rsquo;approcher ou s&rsquo;\u00e9loigner. Elle \u00e9tait vraiment connect\u00e9e et \u00e9veill\u00e9e&#8230; Sa grande sensibilit\u00e9 fonctionnait aussi avec les chevaux &lt;3 Maman \u00e9tait super heureuse d&rsquo;avoir trouv\u00e9 quelqu&rsquo;un avec qui partager sa magnifique relation \u00e9quine&#8230;<\/p>\n\n\n\n<p>Ce soir, j&rsquo;ai fais un gros gros bibi avec Papa, en deux fois. Je me suis endormis dessus, rassasi\u00e9. D&rsquo;habitude, je ne m&rsquo;endormais qu&rsquo;au sein&#8230; Je commen\u00e7ais \u00e0 confondre les deux, quand je fermais les yeux&nbsp;!<\/p>\n\n\n\n<p><strong>Mercredi 6 juin<\/strong><\/p>\n\n\n\n<p>Je dormis de nouveau d&rsquo;un trait, jusqu&rsquo;au lendemain,\u00a0quand il faisait d\u00e9j\u00e0 jour. Papa et Maman me f\u00e9licit\u00e8rent de commencer \u00e0 faire mes nuits. A presque 5 mois, je crus comprendre qu&rsquo;il leur tardait un peu\u00a0! Mais, du coup, je n&rsquo;avais pas vu Maman pendant presque 24h\u00a0! Je crois que je lui en ai un peu voulu&#8230; Du coup, j&rsquo;ai refus\u00e9 de t\u00e9ter, le matin\u00a0! Je lui fis une m\u00e9ga crise de nerf\u00a0! Comme elle devait imp\u00e9rativement vider ses seins, elle me donna un bibi pendant qu&rsquo;elle tirait son lait. Papa \u00e9tait d\u00e9j\u00e0 parti travailler. Maman m&rsquo;installa dans les coussins et me mit les mains sur le biberon. Pour bien le caler, elle ajouta mon gros Duendinou\u00a0! Le biberon \u00e9tait suffisamment inclin\u00e9 et maintenu pour que je puisse le boire enti\u00e8rement seul, mes deux mains ne servant qu&rsquo;\u00e0 le stabiliser un peu\u00a0!<\/p>\n\n\n\n<div class=\"wp-block-image\"><figure class=\"aligncenter is-resized\"><img loading=\"lazy\" decoding=\"async\" src=\"http:\/\/lisarose-moonpearl.com\/wp-content\/uploads\/2019\/05\/7-juin-2018-bibi-seul-768x1024.jpg\" alt=\"\" class=\"wp-image-1212\" width=\"423\" height=\"564\" srcset=\"https:\/\/lisarose-moonpearl.com\/wp-content\/uploads\/2019\/05\/7-juin-2018-bibi-seul-768x1024.jpg 768w, https:\/\/lisarose-moonpearl.com\/wp-content\/uploads\/2019\/05\/7-juin-2018-bibi-seul-225x300.jpg 225w, https:\/\/lisarose-moonpearl.com\/wp-content\/uploads\/2019\/05\/7-juin-2018-bibi-seul-1080x1440.jpg 1080w, https:\/\/lisarose-moonpearl.com\/wp-content\/uploads\/2019\/05\/7-juin-2018-bibi-seul-600x800.jpg 600w, https:\/\/lisarose-moonpearl.com\/wp-content\/uploads\/2019\/05\/7-juin-2018-bibi-seul.jpg 1944w\" sizes=\"(max-width: 423px) 100vw, 423px\" \/><\/figure><\/div>\n\n\n\n<p>Le reste de la journ\u00e9e, je pris deux biberons avec Nanou, un avec Papa, le soir. Je dormais quand Maman revint du travail&#8230; Elle rentra dans ma chambre et me fit une caresse sur la t\u00eate pour me signaler qu&rsquo;elle \u00e9tait revenue.Je bougeais dans mon sommeil pour lui signifier que je l&rsquo;avais comprise&#8230;<\/p>\n\n\n\n<p><strong>Jeudi 7 juin<\/strong><\/p>\n\n\n\n<p>Nous sommes all\u00e9s voir parrain, tous les deux, avec Maman. Il s&rsquo;occupa d&rsquo;abord de moi. Maintenant je le connaissais mieux, je n&rsquo;avais plus peur quand il me malaxait comme de la p\u00e2te \u00e0 pain ! Je le laissais faire sans me d\u00e9fendre, du coup \u00e7a me faisait moins mal et \u00e7a me g\u00eanait m\u00eame presque plus. Ensuite, il manipula Maman. Elle en avait besoin. L&rsquo;allaitement, l&rsquo;obligeait \u00e0 rester un peu courb\u00e9e en avant, immobile, pendant presqu&rsquo;une heure, \u00e0 chaque t\u00e9t\u00e9e. Et comme, tr\u00e8s souvent, je ne voulais pas rester tranquille dans mon transat pendant qu&rsquo;elle s&rsquo;affairait \u00e0 d&rsquo;autres t\u00e2ches, je pleurais ou chouinais si elle me prenais pas dans ses bras. Du coup, elle me portait, tr\u00e8s fr\u00e9quemment, d&rsquo;un bras, tout en continuant \u00e0 avancer dans sa besogne, avec l&rsquo;autre main&nbsp;! Son dos n&rsquo;appr\u00e9ciait pas ces tours de force \u00e0 r\u00e9p\u00e9tition et la mena\u00e7ait \u00e0 tout moment d&rsquo;un vilain tour de rein&nbsp;! Un v\u00e9ritable sac de n\u0153ud. Dur, dur, d&rsquo;\u00eatre Maman&nbsp;!<\/p>\n\n\n\n<p>L&rsquo;apr\u00e8s-midi, ce ne fut pas comme d&rsquo;habitude. Je suis rest\u00e9 avec Papa, car Nanou \u00e9tait en formation. Je n&rsquo;ai pas r\u00e9ussi \u00e0 dormir comme chez elle et le soir arrivant, j&rsquo;\u00e9tais \u00e0 bout de nerf. Je d\u00e9chargeais, d\u00e9chargeais&#8230; Quand Maman rentra, elle prit le relai. Papa n&rsquo;en pouvait plus&#8230; Je finis par tomber dans un sommeil de plomb vers 22h, rassur\u00e9 par le retour des rituels bien connus, avec Maman.<\/p>\n\n\n\n<p><strong>Vendredi 8 juin.<\/strong><\/p>\n\n\n\n<p>Ce matin Maman m&rsquo;a de nouveau amen\u00e9 dans un cabinet m\u00e9dical que je ne connaissais pas. Depuis ma conception, elle passait, malgr\u00e9 elle, une (trop) grande partie de sa vie dans l&rsquo;univers m\u00e9dical&nbsp;! Il lui tardait que \u00e7a se calme, car ce n&rsquo;\u00e9tait pas les lieux qu&rsquo;elle pr\u00e9f\u00e9rait. Et moins non plus, d&rsquo;ailleurs&nbsp;! Au d\u00e9part, on \u00e9tait seul dans la salle d&rsquo;attente. Pour attendre, on a attendu&#8230; Comme souvent, comme chez la p\u00e9diatre, notamment.&nbsp;<\/p>\n\n\n\n<p>Mais j&rsquo;aimais bien cette pi\u00e8ce. C&rsquo;\u00e9tait calme. Par la fen\u00eatre, qui allait du sol au plafond, on voyait la place M\u00e9diterran\u00e9e, \u00e0 nos pieds, et les gens qui la traversaient, sous ce beau soleil de d\u00e9but juin. Nous \u00e9tions comme sur un doux nuage, au dessus de la Terre. Au bout d&rsquo;un moment, cependant, ma t\u00e9t\u00e9e du petit d\u00e9jeuner commen\u00e7a \u00e0 \u00eatre lointaine et je sentis la faim&nbsp;venir me tirailler !&nbsp;<\/p>\n\n\n\n<p>Maman me parla d&rsquo;un ton \u00e0 la fois doux et ferme, dans lequel je sentis une d\u00e9termination sans faille.&nbsp;<\/p>\n\n\n\n<p>\u00ab&nbsp;Mon Titounet, je n&rsquo;ai pas amen\u00e9 de biberon. Si tu as faim, il n&rsquo;y a que le sein. Ici, c&rsquo;est bien plus tranquille qu&rsquo;au salon du livre, tu n&rsquo;auras aucune d&rsquo;excuse. Cela fait une semaine que tu t\u00e8tes comme un petit chef quand tu es avec moi, m\u00eame en journ\u00e9e, du coup j&rsquo;ai d\u00e9cid\u00e9 que le biberon resterait \u00e0 la maison.&nbsp;\u00bb<\/p>\n\n\n\n<p>C&rsquo;\u00e9tait, clair, net et pr\u00e9cis. Je n&rsquo;avais rien \u00e0 redire. Elle s&rsquo;installa par terre, jambes crois\u00e9es, dans un coin de la pi\u00e8ce, un peu en retrait et me prit, assis, sur ses genoux. Pas du tout comme la nuit ou le matin. Plut\u00f4t comme Papa ou Nanou. Moi, \u00e7a m&rsquo;allait :-). Je t\u00e9tai comme un bien-heureux, un long moment. Nous \u00e9tions seuls tous les deux, tranquilles&#8230; Je me remplis la panse lentement, mais s\u00fbrement.&nbsp;<\/p>\n\n\n\n<p>Maman m&rsquo;expliqua pourquoi elle avait tenu \u00e0 prendre rendez-vous chez une hom\u00e9opathe pour moi.&nbsp;<\/p>\n\n\n\n<p>\u00ab&nbsp;Tu sais, mon amour, Maman a beaucoup souffert, d\u00e8s son plus jeune \u00e2ge, d&rsquo;ex\u00e9ma, puis, plus tard, d&rsquo;asthme. Ces deux pathologies ne m&rsquo;ont jamais quitt\u00e9e depuis ma naissance. J&rsquo;ai v\u00e9cu avec, de nombreuses ann\u00e9es, et j&rsquo;ai petit \u00e0 petit compris d&rsquo;o\u00f9 elles venaient, ce qui les provoquait. Bref, je les ai apprivois\u00e9es&#8230; Mais elles reviennent me faire coucou d\u00e8s que je ne respecte pas les besoins de mon corps. Quand j&rsquo;ai trop de stress notamment, quand je tire sur la corde&#8230; Depuis ta naissance, j&rsquo;ai de nouveau un ex\u00e9ma purulent et chronique aux mains. Mon corps me dit de l\u00e2cher prise, au sens propre, comme au sens figur\u00e9. Mais moi, maintenant, je passe en second. Ce qui m&rsquo;importe, c&rsquo;est de faire tout mon possible pour t&rsquo;\u00e9viter de pareilles souffrances&#8230; Je souhaite que ton syst\u00e8me immunitaire soit le plus \u00e9quilibr\u00e9 et le plus \u00ab&nbsp;raisonnable&nbsp;\u00bb possible. Qu&rsquo;il s&rsquo;attaque aux vilaines maladies, mais qu&rsquo;il ne d\u00e9clenche pas de r\u00e9actions inflammatoires \u00e0 tout bout de champ, comme il fait chez moi depuis ma naissance. Si je tiens absolument \u00e0 ce que tu boive mon lait le plus longtemps possible, c&rsquo;est surtout pour cette raison. Je sais qu&rsquo;il te prot\u00e8ge d&rsquo;un d\u00e9r\u00e8glement immunitaire, pour lequel tu as peut-\u00eatre quelques pr\u00e9dispositions g\u00e9n\u00e9tiques. Sache que je suis d\u00e9sol\u00e9e, si tel \u00e9tait le cas, de te l\u00e9guer cet h\u00e9ritage&#8230;&nbsp;\u00bb<\/p>\n\n\n\n<p>&#8211; Mais non, Maman, ne sois pas d\u00e9sol\u00e9e, avais-je envie de lui r\u00e9pondre&#8230; Tu fais des miracles pour moi. Je t&rsquo;en remercie du plus profond de mon c\u0153ur. La plus belle r\u00e9compense que je puisse te donner, c&rsquo;est de rayonner de sant\u00e9&nbsp;!&nbsp;\u00bb<\/p>\n\n\n\n<p>Je savais qu&rsquo;elle m&rsquo;avait compris&#8230; Elle me sourit avant de poursuivre.<\/p>\n\n\n\n<p>\u00ab Et puis, il faudra bien que j&rsquo;accepte de te faire vacciner, un de ces jours&#8230; Je vais demander \u00e0 l&rsquo;hom\u00e9opathe un traitement pour limiter les effets secondaires nocifs des vaccins et pour aider ton corps \u00e0 ne pas \u00eatre trop d\u00e9boussol\u00e9 par ces intrusions toxiques&#8230;&nbsp;\u00bb&nbsp;<\/p>\n\n\n\n<p>Voici ce qu&rsquo;elle expliqua \u00e0 l&rsquo;hom\u00e9opathe, lorsqu&rsquo;elle nous re\u00e7ut enfin. A force de blablas entre Maman et la m\u00e9decin, je finis par m&rsquo;ennuyer et avoir sommeil. Je me manifestais en chouinant, de plus en plus. Finalement, heureusement, on est parti&#8230;<\/p>\n\n\n\n<p>Il faisait grand soleil, Maman m&rsquo;avait mis la casquette et les lunettes de soleil. J&rsquo;avais la classe&nbsp;! Les passants se retournaient sur moi, dans la rue&nbsp;! Avant de retourner \u00e0 la voiture, on s&rsquo;est arr\u00eat\u00e9 5 minutes faire un coucou \u00e0 marraine Graziella, qui travaillait justement dans le quartier. Elle fut toute contente de me voir&nbsp;!&nbsp;\u00bb<\/p>\n\n\n\n<p>De retour \u00e0 la maison, je fus adorable. J&rsquo;entendais raisonner dans ma t\u00eate la pens\u00e9e dominante qui habitait celle de Maman&nbsp;: \u00ab&nbsp;Le biberon n&rsquo;existe pas&nbsp;!&nbsp;\u00bb Je la regardais, en t\u00e9tant. Comme elle me f\u00e9licitait en souriant, je lui souriais aussi. J&rsquo;\u00e9tais tellement heureux qu&rsquo;elle soit heureuse, que j&rsquo;ai m\u00eame, \u00e0 un moment, l\u00e2ch\u00e9 le sein pour lui p\u00e9ter un \u00e9norme sourire. Et, l&rsquo;instant d&rsquo;apr\u00e8s, je fus m\u00eame pris d&rsquo;un \u00e9norme fou-rire&nbsp;! Maman \u00e9clata de rire \u00e0 son tour :-). J&rsquo;ai t\u00e9t\u00e9 comme \u00e7a une demi-heure, de super bonne humeur. Maman me parlait, je comprenais parfaitement \u00e0 quel point elle \u00e9tait heureuse et fi\u00e8re de moi. Elle radotait un peu, me r\u00e9expliquant bien que son lait \u00e9tait super bon pour moi, tout frais, tout chaud, fait sur mesure pour mes besoins du jour&#8230;<\/p>\n\n\n\n<p>Lorsque Maman raconta, par SMS, \u00e0 Nanou notre super d\u00e9but de journ\u00e9e, cette derni\u00e8re lui donna son point de vue. Elle \u00e9tait persuad\u00e9e que le fait que Maman soit si d\u00e9cid\u00e9e \u00e0 ne pas c\u00e9der m&rsquo;avait aid\u00e9 \u00e0 reprendre \u00ab&nbsp;la&nbsp;route du sein&nbsp;\u00bb&nbsp;! Nanou \u00e9tait super fi\u00e8re que je me sois remis \u00e0 t\u00e9ter comme cela &lt;3<\/p>\n\n\n\n<p>L&rsquo;apr\u00e8s-midi et le soir, biberons avec Papa. La\u00ebticia \u00e9tait encore formation, comme la veille. Je fus adorable avec Papa, car j&rsquo;\u00e9tais pr\u00eat, ce coup-ci.\u00a0Apr\u00e8s la sieste, on a fait une super belle balade \u00e0 la plage, tous les deux, pour profiter de ce merveilleux temps estival avant l&rsquo;heure. Comme quoi, les jours se succ\u00e9daient mais ne se ressemblaient jamais\u00a0!<\/p>\n\n\n\n<div class=\"wp-block-image\"><figure class=\"aligncenter is-resized\"><img loading=\"lazy\" decoding=\"async\" src=\"http:\/\/lisarose-moonpearl.com\/wp-content\/uploads\/2019\/05\/8-juin-2018-plage-576x1024.jpg\" alt=\"\" class=\"wp-image-1214\" width=\"396\" height=\"703\" srcset=\"https:\/\/lisarose-moonpearl.com\/wp-content\/uploads\/2019\/05\/8-juin-2018-plage-576x1024.jpg 576w, https:\/\/lisarose-moonpearl.com\/wp-content\/uploads\/2019\/05\/8-juin-2018-plage-169x300.jpg 169w, https:\/\/lisarose-moonpearl.com\/wp-content\/uploads\/2019\/05\/8-juin-2018-plage-600x1066.jpg 600w, https:\/\/lisarose-moonpearl.com\/wp-content\/uploads\/2019\/05\/8-juin-2018-plage.jpg 665w\" sizes=\"(max-width: 396px) 100vw, 396px\" \/><\/figure><\/div>\n\n\n\n<p><strong>Samedi 9 juin<\/strong><\/p>\n\n\n\n<p>J&rsquo;ai de nouveau \u00ab&nbsp;fait ma nuit&nbsp;\u00bb, comme ils disent&nbsp;! C&rsquo;\u00e9tait de plus en plus fr\u00e9quent, depuis que j&rsquo;\u00e9tais dans mon lit, mon grand lit, m\u00eame si je me r\u00e9veillais souvent plusieurs fois dans la nuit, en maugr\u00e9ant. Maman ou Papa venaient alors, tels de petites f\u00e9es, ou des anges gardiens, me redonner mon doudou et, si besoin, ma su\u00e7u. Et c&rsquo;\u00e9tait reparti&nbsp;! Je me rendormais instantan\u00e9ment. Ce n&rsquo;\u00e9taient pas du tout les m\u00eames r\u00e9veils que lorsque j&rsquo;avais faim. Dans ces derniers cas, impossible de me rendormir. Je finissais en pleurs, si on ne venait pas me sortir du lit, puis me nourrir&#8230;<\/p>\n\n\n\n<p>Cette nuit, j&rsquo;ai super bien \u00e9cout\u00e9&nbsp;Maman ! Elle m&rsquo;avait dit la veille au soir&nbsp;:&nbsp;<\/p>\n\n\n\n<p>\u00ab Demain, on se l\u00e8ve plus tard, \u00e0 8h moins le quart&nbsp;!&nbsp;\u00bb&nbsp;<\/p>\n\n\n\n<p>Eh ben, croyez moi ou pas, je n&rsquo;ai commenc\u00e9 \u00e0 pleurer qu&rsquo;\u00e0 7h44 (pr\u00e9cise !) alors que je babillais dans mon lit depuis 6h, me rendormant par intermittence.&nbsp;<\/p>\n\n\n\n<p>Je veux montrer \u00e0 Maman que non seulement je comprends tout ce qu&rsquo;elle me dit, mais qu&rsquo;en plus je veux l&rsquo;\u00e9couter et lui faire plaisir &lt;3. Hier midi, avant son d\u00e9part, elle m&rsquo;avait dit, en me mettant au lit&nbsp;:&nbsp;<\/p>\n\n\n\n<p>\u00ab&nbsp;Mon petit ange, maintenant que Maman part travailler, tu vas faire un gros dodo, pour te reposer et \u00eatre de bonne humeur, ensuite. Et pour laisser Papa se reposer&nbsp;!&nbsp;\u00bb Lorsqu&rsquo;elle quitta la maison, \u00e0 14 heures, je venais de m&rsquo;endormir. Je sus, n\u00e9anmoins, dans mon sommeil, qu&rsquo;elle dit \u00e0 Papa :&nbsp;<\/p>\n\n\n\n<p>\u00ab&nbsp;Tu vas voir, il va dormir jusqu&rsquo;\u00e0 16h30. Chez Nanou, il dort souvent 2-3 heures en d\u00e9but d&rsquo;apr\u00e8s-midi.&nbsp;\u00bb&nbsp;<\/p>\n\n\n\n<p>Je me suis r\u00e9veill\u00e9 \u00e0 16h25, pile\u00a0! Et Papa a pu faire une m\u00e9ga sieste r\u00e9cup\u00e9ratrice, avant de me faire prendre l&rsquo;air sur la terrasse, tous les deux. Il me f\u00e9licita\u00a0:<\/p>\n\n\n\n<p>\u00ab&nbsp;Tu est trop, trop top, mon petit&nbsp;! &lt;3&nbsp;\u00bb<\/p>\n\n\n\n<div class=\"wp-block-image\"><figure class=\"aligncenter is-resized\"><img loading=\"lazy\" decoding=\"async\" src=\"http:\/\/lisarose-moonpearl.com\/wp-content\/uploads\/2019\/05\/21-mai-2018-terrasse-862x1024.jpg\" alt=\"\" class=\"wp-image-1210\" width=\"372\" height=\"441\" srcset=\"https:\/\/lisarose-moonpearl.com\/wp-content\/uploads\/2019\/05\/21-mai-2018-terrasse.jpg 862w, https:\/\/lisarose-moonpearl.com\/wp-content\/uploads\/2019\/05\/21-mai-2018-terrasse-253x300.jpg 253w, https:\/\/lisarose-moonpearl.com\/wp-content\/uploads\/2019\/05\/21-mai-2018-terrasse-768x912.jpg 768w, https:\/\/lisarose-moonpearl.com\/wp-content\/uploads\/2019\/05\/21-mai-2018-terrasse-600x713.jpg 600w\" sizes=\"(max-width: 372px) 100vw, 372px\" \/><\/figure><\/div>\n\n\n\n<p>Ce samedi matin, Maman me prit dans le lit de ma chambre et me fit t\u00e9ter \u00e0 moiti\u00e9 assis. Grosse t\u00e9t\u00e9e de plus de 30 minutes, j&rsquo;ai pris ma dose&nbsp;! Le sein de Maman passa de la forme \u00ab&nbsp;obus&nbsp;\u00bb \u00e0 la forme \u00ab&nbsp;gant de toilette&nbsp;\u00bb&nbsp;! Mais il y en avait encore, comme elle put le constater, en tirant son lait, une heure plus tard. Biberon avec Papa \u00e0 midi, car Maman travaillait. Re-grosse t\u00e9t\u00e9e au go\u00fbter, qui dura presqu&rsquo;une heure et au cours de laquelle nous nous endorm\u00eemes tous les deux&nbsp;! Re-bibi le soir avec Papa, car Maman alla faire une belle balade avec Kolina. Quand elle rentra \u00e0 21h30, je dormais d\u00e9j\u00e0.<\/p>\n\n\n\n<p><strong>Dimanche 10 juin<\/strong><\/p>\n\n\n\n<p>J&rsquo;aifait ma nuit et j&rsquo;ai super bien t\u00e9t\u00e9 le matin, le midi, au go\u00fbter et le soir&nbsp;! Trop chouette une journ\u00e9e enti\u00e8re avec Papa et Maman ensemble&#8230; J&rsquo;ai cependant eu besoin d&rsquo;un petit compl\u00e9ment le soir (bibi avec Papa) car Maman n&rsquo;avait pas assez de lait pour que j&rsquo;aie mon compte pour la nuit. Comme elle tirait apr\u00e8s chaque t\u00e9t\u00e9e, parfois ses seins n&rsquo;avaient pas le temps de \u00ab&nbsp;recharger&nbsp;\u00bb assez avant mon repas suivant. En plus, en fin de journ\u00e9e, elle \u00e9tait plus fatigu\u00e9e et produisait moins de lat. Alors que, de mon c\u00f4t\u00e9, le go\u00fbter et le d\u00eener \u00e9taient assez rapproch\u00e9s et j&rsquo;avais besoin de faire le plein pour tenir, si possible, toute la nuit&#8230;<\/p>\n\n\n\n<div class=\"wp-block-image\"><figure class=\"aligncenter is-resized\"><img loading=\"lazy\" decoding=\"async\" src=\"http:\/\/lisarose-moonpearl.com\/wp-content\/uploads\/2019\/05\/10-juin-2018-ongles-b-942x1024.jpg\" alt=\"\" class=\"wp-image-1205\" width=\"371\" height=\"403\" srcset=\"https:\/\/lisarose-moonpearl.com\/wp-content\/uploads\/2019\/05\/10-juin-2018-ongles-b.jpg 942w, https:\/\/lisarose-moonpearl.com\/wp-content\/uploads\/2019\/05\/10-juin-2018-ongles-b-276x300.jpg 276w, https:\/\/lisarose-moonpearl.com\/wp-content\/uploads\/2019\/05\/10-juin-2018-ongles-b-768x835.jpg 768w, https:\/\/lisarose-moonpearl.com\/wp-content\/uploads\/2019\/05\/10-juin-2018-ongles-b-600x652.jpg 600w\" sizes=\"(max-width: 371px) 100vw, 371px\" \/><\/figure><\/div>\n\n\n\n<p>Le matin, on est all\u00e9 sur la terrasse avec Maman, profiter encore un peu du soleil. Elle m&rsquo;a coup\u00e9 les ongles&#8230; J&rsquo;aime pas trop \u00e7a, ce truc froid sur ma peau toute douce et sensible, \u00e7a me donne plein de frissons dans le dos&nbsp;! Maman n&rsquo;a pas l&rsquo;air de comprendre que c&rsquo;est d\u00e9sagr\u00e9able pour moi, elle r\u00e9cidive chaque semaine&nbsp;!<\/p>\n\n\n\n<div class=\"wp-block-image\"><figure class=\"aligncenter is-resized\"><img loading=\"lazy\" decoding=\"async\" src=\"http:\/\/lisarose-moonpearl.com\/wp-content\/uploads\/2019\/05\/10-juin-2018-ongles-978x1024.jpg\" alt=\"\" class=\"wp-image-1206\" width=\"367\" height=\"384\" srcset=\"https:\/\/lisarose-moonpearl.com\/wp-content\/uploads\/2019\/05\/10-juin-2018-ongles.jpg 978w, https:\/\/lisarose-moonpearl.com\/wp-content\/uploads\/2019\/05\/10-juin-2018-ongles-287x300.jpg 287w, https:\/\/lisarose-moonpearl.com\/wp-content\/uploads\/2019\/05\/10-juin-2018-ongles-768x804.jpg 768w, https:\/\/lisarose-moonpearl.com\/wp-content\/uploads\/2019\/05\/10-juin-2018-ongles-600x628.jpg 600w\" sizes=\"(max-width: 367px) 100vw, 367px\" \/><\/figure><\/div>\n\n\n\n<p>L&rsquo;apr\u00e8s-midi, belle balade en poussette \u00e0 la mer avec Papa et Maman. Petit \u00e0 petit je me familiarisais avec nos deux balades les plus fr\u00e9quentes. Duende (et Kolina, mais moins souvent) avec Maman, et parfois Papa quand il pouvait nous accompagner, ou alors avec des amis de Maman. La mer, au Barcar\u00e8s, avec Papa, et Maman quand elle \u00e9tait l\u00e0. Finalement, dans ma t\u00eate, balade avec Maman rimait avec chevaux et balade avec Papa avec mer. Ils avaient chacun leur domaine, leur passion.<\/p>\n\n\n\n<div class=\"wp-block-image\"><figure class=\"aligncenter is-resized\"><img loading=\"lazy\" decoding=\"async\" src=\"http:\/\/lisarose-moonpearl.com\/wp-content\/uploads\/2019\/05\/10-juin-poussette-a-1024x1024.jpg\" alt=\"\" class=\"wp-image-1209\" width=\"432\" height=\"432\" srcset=\"https:\/\/lisarose-moonpearl.com\/wp-content\/uploads\/2019\/05\/10-juin-poussette-a-1024x1024.jpg 1024w, https:\/\/lisarose-moonpearl.com\/wp-content\/uploads\/2019\/05\/10-juin-poussette-a-150x150.jpg 150w, https:\/\/lisarose-moonpearl.com\/wp-content\/uploads\/2019\/05\/10-juin-poussette-a-300x300.jpg 300w, https:\/\/lisarose-moonpearl.com\/wp-content\/uploads\/2019\/05\/10-juin-poussette-a-768x769.jpg 768w, https:\/\/lisarose-moonpearl.com\/wp-content\/uploads\/2019\/05\/10-juin-poussette-a-1080x1081.jpg 1080w, https:\/\/lisarose-moonpearl.com\/wp-content\/uploads\/2019\/05\/10-juin-poussette-a-600x600.jpg 600w, https:\/\/lisarose-moonpearl.com\/wp-content\/uploads\/2019\/05\/10-juin-poussette-a-100x100.jpg 100w, https:\/\/lisarose-moonpearl.com\/wp-content\/uploads\/2019\/05\/10-juin-poussette-a.jpg 1465w\" sizes=\"(max-width: 432px) 100vw, 432px\" \/><\/figure><\/div>\n\n\n\n<p>J&rsquo;ai oubli\u00e9 de vous pr\u00e9ciser que, depuis l&rsquo;arriv\u00e9e des beaux jours, Papa me baladait souvent en poussette jusqu&rsquo;\u00e0 la mer, apr\u00e8s m&rsquo;avoir r\u00e9cup\u00e9r\u00e9 chez Nanou. C&rsquo;\u00e9tait un bon moment \u00e0 nous deux. Apr\u00e8s, on rentrait, je mangeais et souvent je m&rsquo;endormais avant l&rsquo;arriv\u00e9e de Maman.<\/p>\n\n\n\n<p>Du coup, ce dimanche cl\u00f4tura une semaine de r\u00eave&nbsp;! Je dormais toute la nuit, t\u00e9tais super bien le matin au r\u00e9veil. Puis dans journ\u00e9e, quand Maman \u00e9tait l\u00e0. J&rsquo;\u00e9tais de super humeur et en top forme&nbsp;! \u00ab&nbsp;Un amour de b\u00e9b\u00e9&#8230;allait\u00e9&nbsp;! &lt;3&nbsp;\u00bb, comme dirait Maman&nbsp;!<\/p>\n\n\n\n<p><strong>Lundi 11 juin<\/strong><\/p>\n\n\n\n<p>Super journ\u00e9e chez Nanou. RAS&#8230; Ah si&nbsp;! Mes princesses m&rsquo;ont fait de la lecture, j&rsquo;adore \u00e7a &lt;3&nbsp;! Et ce soir, j&rsquo;aurai 5 mois&#8230;&nbsp;<\/p>\n\n\n\n<figure class=\"wp-block-image\"><img loading=\"lazy\" decoding=\"async\" width=\"1024\" height=\"576\" src=\"http:\/\/lisarose-moonpearl.com\/wp-content\/uploads\/2019\/05\/11-juin-2018-lecture-nounou-1024x576.jpg\" alt=\"\" class=\"wp-image-1207\" srcset=\"https:\/\/lisarose-moonpearl.com\/wp-content\/uploads\/2019\/05\/11-juin-2018-lecture-nounou-1024x576.jpg 1024w, https:\/\/lisarose-moonpearl.com\/wp-content\/uploads\/2019\/05\/11-juin-2018-lecture-nounou-300x169.jpg 300w, https:\/\/lisarose-moonpearl.com\/wp-content\/uploads\/2019\/05\/11-juin-2018-lecture-nounou-768x432.jpg 768w, https:\/\/lisarose-moonpearl.com\/wp-content\/uploads\/2019\/05\/11-juin-2018-lecture-nounou-1080x608.jpg 1080w, https:\/\/lisarose-moonpearl.com\/wp-content\/uploads\/2019\/05\/11-juin-2018-lecture-nounou-600x338.jpg 600w, https:\/\/lisarose-moonpearl.com\/wp-content\/uploads\/2019\/05\/11-juin-2018-lecture-nounou.jpg 1182w\" sizes=\"(max-width: 1024px) 100vw, 1024px\" \/><\/figure>\n","protected":false},"excerpt":{"rendered":"<p>EPISODE 5\u00a0: MON 5\u00e8me MOIS &#8211; je p\u00e8se 8kg et je mesure 60 cm, environ &#8211;&nbsp; Vendredi 11 mai 2018 au soir, j&rsquo;ai eu exactement 4 mois. Maman et Papa dorment tout pr\u00e8s&#8230; J&rsquo;ai totalement oubli\u00e9 de vous parler de notre nouvelle configuration, la nuit, depuis le mois dernier. Papa et Maman ont chang\u00e9 le [&hellip;]<\/p>\n","protected":false},"author":1,"featured_media":1144,"comment_status":"open","ping_status":"closed","template":"","meta":{"_et_pb_use_builder":"off","_et_pb_old_content":"","_et_gb_content_width":"","_mi_skip_tracking":false,"footnotes":""},"project_category":[119],"project_tag":[],"_links":{"self":[{"href":"https:\/\/lisarose-moonpearl.com\/index.php\/wp-json\/wp\/v2\/project\/1171"}],"collection":[{"href":"https:\/\/lisarose-moonpearl.com\/index.php\/wp-json\/wp\/v2\/project"}],"about":[{"href":"https:\/\/lisarose-moonpearl.com\/index.php\/wp-json\/wp\/v2\/types\/project"}],"author":[{"embeddable":true,"href":"https:\/\/lisarose-moonpearl.com\/index.php\/wp-json\/wp\/v2\/users\/1"}],"replies":[{"embeddable":true,"href":"https:\/\/lisarose-moonpearl.com\/index.php\/wp-json\/wp\/v2\/comments?post=1171"}],"version-history":[{"count":9,"href":"https:\/\/lisarose-moonpearl.com\/index.php\/wp-json\/wp\/v2\/project\/1171\/revisions"}],"predecessor-version":[{"id":1215,"href":"https:\/\/lisarose-moonpearl.com\/index.php\/wp-json\/wp\/v2\/project\/1171\/revisions\/1215"}],"wp:featuredmedia":[{"embeddable":true,"href":"https:\/\/lisarose-moonpearl.com\/index.php\/wp-json\/wp\/v2\/media\/1144"}],"wp:attachment":[{"href":"https:\/\/lisarose-moonpearl.com\/index.php\/wp-json\/wp\/v2\/media?parent=1171"}],"wp:term":[{"taxonomy":"project_category","embeddable":true,"href":"https:\/\/lisarose-moonpearl.com\/index.php\/wp-json\/wp\/v2\/project_category?post=1171"},{"taxonomy":"project_tag","embeddable":true,"href":"https:\/\/lisarose-moonpearl.com\/index.php\/wp-json\/wp\/v2\/project_tag?post=1171"}],"curies":[{"name":"wp","href":"https:\/\/api.w.org\/{rel}","templated":true}]}}